{"id":5650,"date":"2020-08-11T16:04:49","date_gmt":"2020-08-11T16:04:49","guid":{"rendered":"https:\/\/becooltravel.com\/?post_type=product&#038;p=5650"},"modified":"2022-04-07T16:06:33","modified_gmt":"2022-04-07T16:06:33","slug":"highlights-of-lisbon-porto-11201g","status":"publish","type":"product","link":"https:\/\/becooltravel.com\/de\/produkt\/hohepunkte-von-lissabon-porto-11201g\/","title":{"rendered":"H\u00f6hepunkte von Lissabon &amp; Porto - Gruppenbesichtigungsurlaub in Portugal"},"content":{"rendered":"<p><strong>Gruppen mit mindestens 6 Personen akzeptiert.<\/strong><\/p>\n<p>&nbsp;<\/p>\n<p>Diese Tour bietet das Beste aus den beiden gro\u00dfen St\u00e4dten Portugals, beide geschichtstr\u00e4chtig und gleichzeitig lebendig und modern.<\/p>\n<p>&nbsp;<\/p>\n<p>Lissabon<\/p>\n<p>Lissabon hat so viele besondere Dinge zu bieten; Es ist das Ger\u00e4usch von Oldtimer-Stra\u00dfenbahnen, die kopfsteingepflasterte Stra\u00dfen hinauf und hinunter schlendern, ein Medley von herzlichen Fado-Songs, eine Open-Air-Galerie mit historischem Erbe, eine Oase f\u00fcr Freigeister, eine \u00dcberraschung f\u00fcr modische K\u00e4ufer und Portugals &quot;coolste Stadt&quot;.<\/p>\n<div id=\"attachment_2505\" style=\"width: 1034px\" class=\"wp-caption alignnone\"><img data-recalc-dims=\"1\" decoding=\"async\" aria-describedby=\"caption-attachment-2505\" class=\"wp-image-2505 size-large\" title=\"Comercio-Platz, Lissabon Von Geschichte und Kultur gepr\u00e4gt\" src=\"https:\/\/i0.wp.com\/legendatours.net\/wp-content\/uploads\/2020\/03\/Comercio_square_Lisbon-1024x683.jpg?resize=1024%2C683&#038;ssl=1\" alt=\"Comercio-Platz, Lissabon Von Geschichte und Kultur gepr\u00e4gt\" width=\"1024\" height=\"683\" \/><p id=\"caption-attachment-2505\" class=\"wp-caption-text\">Comercio-Platz, Lissabon Von Geschichte und Kultur gepr\u00e4gt<\/p><\/div>\n<p>Diese bezaubernde \u201eStadt des Lichts\u201c ist reich an Geschichte und Kultur und verf\u00fcgt \u00fcber eine nat\u00fcrliche Leuchtkraft und einen m\u00fchelosen Charme wie keine andere im Land und ist zu einem beliebten europ\u00e4ischen Reiseziel f\u00fcr seine aufregende Vielfalt, sch\u00f6ne Sehensw\u00fcrdigkeiten und sein beneidenswertes sonniges Klima geworden.<\/p>\n<p>Lissabon pr\u00e4gt jeden Ort der Stadt mit einem Hauch von Tradition und bewahrt die Sch\u00f6nheit des &quot;Alten&quot;, sei es verk\u00f6rpert durch freundliche Blumenverk\u00e4ufer und Kastanienverk\u00e4ufer auf den Stra\u00dfen, seine majest\u00e4tische Azulejo-geschm\u00fcckte Architektur und typische Konditoreien oder charmante, Tavernen inspirierte Restaurants.<\/p>\n<p>&nbsp;<\/p>\n<p>Porto<\/p>\n<p>Porto liegt dramatisch an der M\u00fcndung des Rio Douro und hat eine wundervolle Atmosph\u00e4re. Es ist voll von alten und gro\u00dfartigen Denkm\u00e4lern, die sich mit dem portugiesischen Alltag abfinden.<\/p>\n<p>Die Altstadt ist ein UNESCO-Weltkulturerbe voller historischer Geb\u00e4ude und herausragender Denkm\u00e4ler sowie malerischer mittelalterlicher Stra\u00dfen.<\/p>\n<div id=\"attachment_1946\" style=\"width: 1034px\" class=\"wp-caption alignnone\"><img data-recalc-dims=\"1\" decoding=\"async\" aria-describedby=\"caption-attachment-1946\" class=\"wp-image-1946 size-large\" title=\"Das Rabelo-Boot Porto thront dramatisch an der M\u00fcndung des Rio Douro\" src=\"https:\/\/i0.wp.com\/legendatours.net\/wp-content\/uploads\/2020\/03\/Rabelo-boat-Porto-1024x683.jpg?resize=1024%2C683&#038;ssl=1\" alt=\"Das Rabelo-Boot Porto thront dramatisch an der M\u00fcndung des Rio Douro\" width=\"1024\" height=\"683\" \/><p id=\"caption-attachment-1946\" class=\"wp-caption-text\">Das Rabelo-Boot Porto thront dramatisch an der M\u00fcndung des Rio Douro<\/p><\/div>\n<p>Zu den Highlights dieser wundersch\u00f6nen Stadt z\u00e4hlen die beeindruckende Kathedrale von Porto, der Torre dos Cl\u00e9rigos und die ber\u00fchmten Portweinh\u00fctten, die den Hang der Vila Nova de Gaia dominieren.<\/p>\n<p>Porto bietet eine \u00fcberzeugende Synthese aus antiken und zeitgen\u00f6ssischen Attraktionen und es ist eine Freude, sanft durch die abwechslungsreiche Landschaft zu schlendern.<\/p>\n<div class=\"row\" style=\"display: flex;\">\n<div class=\"column\" style=\"flex: 45%;\">\n<p><iframe title=\"IN DER STIMMUNG F\u00dcR LISSABON | Ihr Lissabon Travel-Handbuch 2019 | Warum ich nach Lissabon gezogen bin, Portugal \ud83c\uddf5\ud83c\uddf9\" width=\"1080\" height=\"608\" src=\"https:\/\/www.youtube.com\/embed\/Qv7CtN1mOlc?feature=oembed\" frameborder=\"0\" allow=\"accelerometer; autoplay; clipboard-write; encrypted-media; gyroscope; picture-in-picture\" allowfullscreen><\/iframe><\/p>\n<\/div>\n<div class=\"column\" style=\"flex: 10%;\"><\/div>\n<div class=\"column\" style=\"flex: 45%;\">\n<p><iframe title=\"IN DER STIMMUNG F\u00dcR PORTO (Ep 2) | Porto Sehensw\u00fcrdigkeiten, Essen &amp; Wein | Travel-Handbuch\" width=\"1080\" height=\"608\" src=\"https:\/\/www.youtube.com\/embed\/6PRWBBrmsOE?feature=oembed\" frameborder=\"0\" allow=\"accelerometer; autoplay; clipboard-write; encrypted-media; gyroscope; picture-in-picture\" allowfullscreen><\/iframe><\/p>\n<\/div>\n<\/div>","protected":false},"excerpt":{"rendered":"<p>Diese Tour bietet das Beste aus den beiden gro\u00dfen St\u00e4dten Portugals, beide geschichtstr\u00e4chtig und gleichzeitig lebendig und modern.<\/p>","protected":false},"featured_media":5195,"comment_status":"closed","ping_status":"closed","template":"","meta":{"_acf_changed":false,"inline_featured_image":false},"product_brand":[],"product_cat":[343,340,342,344],"product_tag":[215,694,850,204,744,593,113,851,699,1116,1117,508,958,959,907,104,815,1092,1093,459,222,953,1129,702,223,908,261,1095,224,1118,755,1015,144,915,58,1119,1037,687,265,980,911,912,922,1011,1120,226,690,724,543,886,281,87,691,709],"class_list":{"0":"post-5650","1":"product","2":"type-product","3":"status-publish","4":"has-post-thumbnail","6":"product_cat-cultural-tours-and-holidays-in-portugal","7":"product_cat-guided-group-tours","8":"product_cat-portugal-guided-historical-holidays","9":"product_cat-guided-sightseeing-holidays-portugal","10":"product_tag-alfama","11":"product_tag-belem-tower","12":"product_tag-coimbra","13":"product_tag-cultural-heritage","14":"product_tag-douro","15":"product_tag-douro-river","16":"product_tag-douro-valley","17":"product_tag-fado","18":"product_tag-fado-music","19":"product_tag-fado-songs","20":"product_tag-fashionable-shoppers","21":"product_tag-gastronomy-and-wines","22":"product_tag-guided-holidays","23":"product_tag-guided-tours","24":"product_tag-heritage-in-lisbon","25":"product_tag-hidden-landscapes","26":"product_tag-historic","27":"product_tag-historic-heritage","28":"product_tag-historic-monuments-in-lisbon","29":"product_tag-historic-town","30":"product_tag-historical-monuments-in-lisbon","31":"product_tag-historical-tour","32":"product_tag-holidays-in-portugal","33":"product_tag-jeronimos-monastery","34":"product_tag-lisbon","35":"product_tag-lisbon-holidays","36":"product_tag-local-gastronomy","37":"product_tag-major-cities-of-portugal","38":"product_tag-monastery-of-jeronimos","39":"product_tag-open-air-gallery","40":"product_tag-oporto","41":"product_tag-pasteis-de-belem","42":"product_tag-porto","43":"product_tag-porto-world-heritage","44":"product_tag-portugal","45":"product_tag-portugals-coolest-city","46":"product_tag-private-group","47":"product_tag-rio-douro","48":"product_tag-roman-and-arab-vestiges","49":"product_tag-roman-vestiges","50":"product_tag-shopping-in-lisbon","51":"product_tag-sightseeing-lisbon","52":"product_tag-sightseeing-tour","53":"product_tag-sintra","54":"product_tag-tavern-inspired-restaurants","55":"product_tag-torre-de-belem","56":"product_tag-torre-dos-clerigos","57":"product_tag-tours-in-portugal","58":"product_tag-traditional-portuguese","59":"product_tag-traditions","60":"product_tag-typical-quarters-of-lisbon","61":"product_tag-unesco-world-heritage-site","62":"product_tag-vila-nova-de-gaia","63":"product_tag-vintage-trams","65":"first","66":"instock","67":"virtual","68":"product-type-simple"},"acf":[],"yoast_head":"<!-- This site is optimized with the Yoast SEO Premium plugin v26.8 (Yoast SEO v27.5) - https:\/\/yoast.com\/product\/yoast-seo-premium-wordpress\/ -->\n<title>Highlights of Lisbon &amp; Porto - Group Sightseeing Holidays in Portugal<\/title>\n<meta name=\"description\" content=\"This Tour will give the best of the two major cities of Portugal, both steeped in history, yet vibrant and modern at the same time. Lisbon and Porto\" \/>\n<meta name=\"robots\" content=\"index, follow, max-snippet:-1, max-image-preview:large, max-video-preview:-1\" \/>\n<link rel=\"canonical\" href=\"https:\/\/becooltravel.com\/de\/produkt\/hohepunkte-von-lissabon-porto-11201g\/\" \/>\n<meta property=\"og:locale\" content=\"de_DE\" \/>\n<meta property=\"og:type\" content=\"article\" \/>\n<meta property=\"og:title\" content=\"Highlights of Lisbon &amp; Porto Group Sightseeing Holidays in Portugal\" \/>\n<meta property=\"og:description\" content=\"This Tour will give the best of the two major cities of Portugal, both steeped in history, yet vibrant and modern at the same time.\" \/>\n<meta property=\"og:url\" content=\"https:\/\/becooltravel.com\/de\/produkt\/hohepunkte-von-lissabon-porto-11201g\/\" \/>\n<meta property=\"og:site_name\" content=\"BeCool Travel\" \/>\n<meta property=\"article:publisher\" content=\"https:\/\/www.facebook.com\/becooltravelagency\/\" \/>\n<meta property=\"article:modified_time\" content=\"2022-04-07T16:06:33+00:00\" \/>\n<meta property=\"og:image\" content=\"https:\/\/i0.wp.com\/becooltravel.com\/wp-content\/uploads\/sites\/5\/2020\/06\/jeronimos_monastery_lisbon.jpg?fit=1200%2C750&ssl=1\" \/>\n\t<meta property=\"og:image:width\" content=\"1200\" \/>\n\t<meta property=\"og:image:height\" content=\"750\" \/>\n\t<meta property=\"og:image:type\" content=\"image\/jpeg\" \/>\n<meta name=\"twitter:card\" content=\"summary_large_image\" \/>\n<meta name=\"twitter:title\" content=\"Highlights of Lisbon &amp; Porto Group Sightseeing Holidays in Portugal\" \/>\n<meta name=\"twitter:description\" content=\"This Tour will give the best of the two major cities of Portugal, both steeped in history, yet vibrant and modern at the same time.\" \/>\n<meta name=\"twitter:image\" content=\"https:\/\/i0.wp.com\/becooltravel.com\/wp-content\/uploads\/sites\/5\/2020\/06\/jeronimos_monastery_lisbon.jpg?fit=1200%2C750&ssl=1\" \/>\n<meta name=\"twitter:site\" content=\"@becool_travel\" \/>\n<meta name=\"twitter:label1\" content=\"Gesch\u00e4tzte Lesezeit\" \/>\n\t<meta name=\"twitter:data1\" content=\"2\u00a0Minuten\" \/>\n<script type=\"application\/ld+json\" class=\"yoast-schema-graph\">{\"@context\":\"https:\\\/\\\/schema.org\",\"@graph\":[{\"@type\":\"WebPage\",\"@id\":\"https:\\\/\\\/becooltravel.com\\\/product\\\/highlights-of-lisbon-porto-11201g\\\/\",\"url\":\"https:\\\/\\\/becooltravel.com\\\/product\\\/highlights-of-lisbon-porto-11201g\\\/\",\"name\":\"Highlights of Lisbon &amp; Porto - Group Sightseeing Holidays in Portugal\",\"isPartOf\":{\"@id\":\"https:\\\/\\\/becooltravel.com\\\/#website\"},\"primaryImageOfPage\":{\"@id\":\"https:\\\/\\\/becooltravel.com\\\/product\\\/highlights-of-lisbon-porto-11201g\\\/#primaryimage\"},\"image\":{\"@id\":\"https:\\\/\\\/becooltravel.com\\\/product\\\/highlights-of-lisbon-porto-11201g\\\/#primaryimage\"},\"thumbnailUrl\":\"https:\\\/\\\/i0.wp.com\\\/becooltravel.com\\\/wp-content\\\/uploads\\\/sites\\\/5\\\/2020\\\/06\\\/jeronimos_monastery_lisbon.jpg?fit=1200%2C750&ssl=1\",\"datePublished\":\"2020-08-11T16:04:49+00:00\",\"dateModified\":\"2022-04-07T16:06:33+00:00\",\"description\":\"This Tour will give the best of the two major cities of Portugal, both steeped in history, yet vibrant and modern at the same time. Lisbon and Porto\",\"breadcrumb\":{\"@id\":\"https:\\\/\\\/becooltravel.com\\\/product\\\/highlights-of-lisbon-porto-11201g\\\/#breadcrumb\"},\"inLanguage\":\"de\",\"potentialAction\":[{\"@type\":\"ReadAction\",\"target\":[\"https:\\\/\\\/becooltravel.com\\\/product\\\/highlights-of-lisbon-porto-11201g\\\/\"]}]},{\"@type\":\"ImageObject\",\"inLanguage\":\"de\",\"@id\":\"https:\\\/\\\/becooltravel.com\\\/product\\\/highlights-of-lisbon-porto-11201g\\\/#primaryimage\",\"url\":\"https:\\\/\\\/i0.wp.com\\\/becooltravel.com\\\/wp-content\\\/uploads\\\/sites\\\/5\\\/2020\\\/06\\\/jeronimos_monastery_lisbon.jpg?fit=1200%2C750&ssl=1\",\"contentUrl\":\"https:\\\/\\\/i0.wp.com\\\/becooltravel.com\\\/wp-content\\\/uploads\\\/sites\\\/5\\\/2020\\\/06\\\/jeronimos_monastery_lisbon.jpg?fit=1200%2C750&ssl=1\",\"width\":1200,\"height\":750,\"caption\":\"Jeronimos Lisboa\"},{\"@type\":\"BreadcrumbList\",\"@id\":\"https:\\\/\\\/becooltravel.com\\\/product\\\/highlights-of-lisbon-porto-11201g\\\/#breadcrumb\",\"itemListElement\":[{\"@type\":\"ListItem\",\"position\":1,\"name\":\"Home\",\"item\":\"https:\\\/\\\/becooltravel.com\\\/\"},{\"@type\":\"ListItem\",\"position\":2,\"name\":\"Shop\",\"item\":\"https:\\\/\\\/becooltravel.com\\\/?page_id=5\"},{\"@type\":\"ListItem\",\"position\":3,\"name\":\"Alfama is the oldest district of Lisbon\\\/Lisboa (Portugal), spreading on the slope between the S\u00e3o Jorge Castle and the Tagus\\\/Tejo river. Its name comes from the Arabic Al-hamma, meaning \\\"hot fountains\\\" or \\\"baths\\\". It contains many important historical attractions.\",\"item\":\"https:\\\/\\\/becooltravel.com\\\/product-tag\\\/alfama\\\/\"},{\"@type\":\"ListItem\",\"position\":4,\"name\":\"Highlights of Lisbon & Porto Group Sightseeing Holidays in Portugal\"}]},{\"@type\":\"WebSite\",\"@id\":\"https:\\\/\\\/becooltravel.com\\\/#website\",\"url\":\"https:\\\/\\\/becooltravel.com\\\/\",\"name\":\"BeCool Travel\",\"description\":\"Sustainable holidays in Portugal for independent travelers\",\"publisher\":{\"@id\":\"https:\\\/\\\/becooltravel.com\\\/#organization\"},\"potentialAction\":[{\"@type\":\"SearchAction\",\"target\":{\"@type\":\"EntryPoint\",\"urlTemplate\":\"https:\\\/\\\/becooltravel.com\\\/?s={search_term_string}\"},\"query-input\":{\"@type\":\"PropertyValueSpecification\",\"valueRequired\":true,\"valueName\":\"search_term_string\"}}],\"inLanguage\":\"de\"},{\"@type\":\"Organization\",\"@id\":\"https:\\\/\\\/becooltravel.com\\\/#organization\",\"name\":\"BecoolTravel. com- Portugal\",\"url\":\"https:\\\/\\\/becooltravel.com\\\/\",\"logo\":{\"@type\":\"ImageObject\",\"inLanguage\":\"de\",\"@id\":\"https:\\\/\\\/becooltravel.com\\\/#\\\/schema\\\/logo\\\/image\\\/\",\"url\":\"https:\\\/\\\/becooltravel.com\\\/wp-content\\\/uploads\\\/sites\\\/5\\\/2020\\\/03\\\/Logo_BeCool.jpg\",\"contentUrl\":\"https:\\\/\\\/becooltravel.com\\\/wp-content\\\/uploads\\\/sites\\\/5\\\/2020\\\/03\\\/Logo_BeCool.jpg\",\"width\":534,\"height\":534,\"caption\":\"BecoolTravel. com- Portugal\"},\"image\":{\"@id\":\"https:\\\/\\\/becooltravel.com\\\/#\\\/schema\\\/logo\\\/image\\\/\"},\"sameAs\":[\"https:\\\/\\\/www.facebook.com\\\/becooltravelagency\\\/\",\"https:\\\/\\\/x.com\\\/becool_travel\",\"https:\\\/\\\/www.instagram.com\\\/becooltravel_com\\\/\",\"https:\\\/\\\/www.linkedin.com\\\/company\\\/becool-travel\\\/\",\"https:\\\/\\\/www.youtube.com\\\/channel\\\/UCE7zRU3EVG1PgfXwQo-5uJw\"]}]}<\/script>\n<!-- \/ Yoast SEO Premium plugin. -->","yoast_head_json":{"title":"H\u00f6hepunkte von Lissabon und Porto - Gruppen-Sightseeing-Urlaub in Portugal","description":"Diese Tour bietet das Beste der beiden gro\u00dfen St\u00e4dte Portugals, die beide geschichtstr\u00e4chtig und gleichzeitig lebendig und modern sind. Lissabon und Porto","robots":{"index":"index","follow":"follow","max-snippet":"max-snippet:-1","max-image-preview":"max-image-preview:large","max-video-preview":"max-video-preview:-1"},"canonical":"https:\/\/becooltravel.com\/de\/produkt\/hohepunkte-von-lissabon-porto-11201g\/","og_locale":"de_DE","og_type":"article","og_title":"Highlights of Lisbon & Porto Group Sightseeing Holidays in Portugal","og_description":"This Tour will give the best of the two major cities of Portugal, both steeped in history, yet vibrant and modern at the same time.","og_url":"https:\/\/becooltravel.com\/de\/produkt\/hohepunkte-von-lissabon-porto-11201g\/","og_site_name":"BeCool Travel","article_publisher":"https:\/\/www.facebook.com\/becooltravelagency\/","article_modified_time":"2022-04-07T16:06:33+00:00","og_image":[{"width":1200,"height":750,"url":"https:\/\/i0.wp.com\/becooltravel.com\/wp-content\/uploads\/sites\/5\/2020\/06\/jeronimos_monastery_lisbon.jpg?fit=1200%2C750&ssl=1","type":"image\/jpeg"}],"twitter_card":"summary_large_image","twitter_title":"Highlights of Lisbon & Porto Group Sightseeing Holidays in Portugal","twitter_description":"This Tour will give the best of the two major cities of Portugal, both steeped in history, yet vibrant and modern at the same time.","twitter_image":"https:\/\/i0.wp.com\/becooltravel.com\/wp-content\/uploads\/sites\/5\/2020\/06\/jeronimos_monastery_lisbon.jpg?fit=1200%2C750&ssl=1","twitter_site":"@becool_travel","twitter_misc":{"Gesch\u00e4tzte Lesezeit":"2\u00a0Minuten"},"schema":{"@context":"https:\/\/schema.org","@graph":[{"@type":"WebPage","@id":"https:\/\/becooltravel.com\/product\/highlights-of-lisbon-porto-11201g\/","url":"https:\/\/becooltravel.com\/product\/highlights-of-lisbon-porto-11201g\/","name":"H\u00f6hepunkte von Lissabon und Porto - Gruppen-Sightseeing-Urlaub in Portugal","isPartOf":{"@id":"https:\/\/becooltravel.com\/#website"},"primaryImageOfPage":{"@id":"https:\/\/becooltravel.com\/product\/highlights-of-lisbon-porto-11201g\/#primaryimage"},"image":{"@id":"https:\/\/becooltravel.com\/product\/highlights-of-lisbon-porto-11201g\/#primaryimage"},"thumbnailUrl":"https:\/\/i0.wp.com\/becooltravel.com\/wp-content\/uploads\/sites\/5\/2020\/06\/jeronimos_monastery_lisbon.jpg?fit=1200%2C750&ssl=1","datePublished":"2020-08-11T16:04:49+00:00","dateModified":"2022-04-07T16:06:33+00:00","description":"Diese Tour bietet das Beste der beiden gro\u00dfen St\u00e4dte Portugals, die beide geschichtstr\u00e4chtig und gleichzeitig lebendig und modern sind. Lissabon und Porto","breadcrumb":{"@id":"https:\/\/becooltravel.com\/product\/highlights-of-lisbon-porto-11201g\/#breadcrumb"},"inLanguage":"de","potentialAction":[{"@type":"ReadAction","target":["https:\/\/becooltravel.com\/product\/highlights-of-lisbon-porto-11201g\/"]}]},{"@type":"ImageObject","inLanguage":"de","@id":"https:\/\/becooltravel.com\/product\/highlights-of-lisbon-porto-11201g\/#primaryimage","url":"https:\/\/i0.wp.com\/becooltravel.com\/wp-content\/uploads\/sites\/5\/2020\/06\/jeronimos_monastery_lisbon.jpg?fit=1200%2C750&ssl=1","contentUrl":"https:\/\/i0.wp.com\/becooltravel.com\/wp-content\/uploads\/sites\/5\/2020\/06\/jeronimos_monastery_lisbon.jpg?fit=1200%2C750&ssl=1","width":1200,"height":750,"caption":"Jeronimos Lisboa"},{"@type":"BreadcrumbList","@id":"https:\/\/becooltravel.com\/product\/highlights-of-lisbon-porto-11201g\/#breadcrumb","itemListElement":[{"@type":"ListItem","position":1,"name":"Home","item":"https:\/\/becooltravel.com\/"},{"@type":"ListItem","position":2,"name":"Shop","item":"https:\/\/becooltravel.com\/?page_id=5"},{"@type":"ListItem","position":3,"name":"Alfama is the oldest district of Lisbon\/Lisboa (Portugal), spreading on the slope between the S\u00e3o Jorge Castle and the Tagus\/Tejo river. Its name comes from the Arabic Al-hamma, meaning \"hot fountains\" or \"baths\". It contains many important historical attractions.","item":"https:\/\/becooltravel.com\/product-tag\/alfama\/"},{"@type":"ListItem","position":4,"name":"Highlights of Lisbon & Porto Group Sightseeing Holidays in Portugal"}]},{"@type":"WebSite","@id":"https:\/\/becooltravel.com\/#website","url":"https:\/\/becooltravel.com\/","name":"BeCool Travel","description":"Nachhaltiger Urlaub in Portugal f\u00fcr Individualreisende","publisher":{"@id":"https:\/\/becooltravel.com\/#organization"},"potentialAction":[{"@type":"SearchAction","target":{"@type":"EntryPoint","urlTemplate":"https:\/\/becooltravel.com\/?s={search_term_string}"},"query-input":{"@type":"PropertyValueSpecification","valueRequired":true,"valueName":"search_term_string"}}],"inLanguage":"de"},{"@type":"Organization","@id":"https:\/\/becooltravel.com\/#organization","name":"BecoolTravel. com- Portugal","url":"https:\/\/becooltravel.com\/","logo":{"@type":"ImageObject","inLanguage":"de","@id":"https:\/\/becooltravel.com\/#\/schema\/logo\/image\/","url":"https:\/\/becooltravel.com\/wp-content\/uploads\/sites\/5\/2020\/03\/Logo_BeCool.jpg","contentUrl":"https:\/\/becooltravel.com\/wp-content\/uploads\/sites\/5\/2020\/03\/Logo_BeCool.jpg","width":534,"height":534,"caption":"BecoolTravel. com- Portugal"},"image":{"@id":"https:\/\/becooltravel.com\/#\/schema\/logo\/image\/"},"sameAs":["https:\/\/www.facebook.com\/becooltravelagency\/","https:\/\/x.com\/becool_travel","https:\/\/www.instagram.com\/becooltravel_com\/","https:\/\/www.linkedin.com\/company\/becool-travel\/","https:\/\/www.youtube.com\/channel\/UCE7zRU3EVG1PgfXwQo-5uJw"]}]}},"jetpack_sharing_enabled":true,"_links":{"self":[{"href":"https:\/\/becooltravel.com\/de\/wp-json\/wp\/v2\/product\/5650","targetHints":{"allow":["GET"]}}],"collection":[{"href":"https:\/\/becooltravel.com\/de\/wp-json\/wp\/v2\/product"}],"about":[{"href":"https:\/\/becooltravel.com\/de\/wp-json\/wp\/v2\/types\/product"}],"replies":[{"embeddable":true,"href":"https:\/\/becooltravel.com\/de\/wp-json\/wp\/v2\/comments?post=5650"}],"wp:featuredmedia":[{"embeddable":true,"href":"https:\/\/becooltravel.com\/de\/wp-json\/wp\/v2\/media\/5195"}],"wp:attachment":[{"href":"https:\/\/becooltravel.com\/de\/wp-json\/wp\/v2\/media?parent=5650"}],"wp:term":[{"taxonomy":"product_brand","embeddable":true,"href":"https:\/\/becooltravel.com\/de\/wp-json\/wp\/v2\/product_brand?post=5650"},{"taxonomy":"product_cat","embeddable":true,"href":"https:\/\/becooltravel.com\/de\/wp-json\/wp\/v2\/product_cat?post=5650"},{"taxonomy":"product_tag","embeddable":true,"href":"https:\/\/becooltravel.com\/de\/wp-json\/wp\/v2\/product_tag?post=5650"}],"curies":[{"name":"wp","href":"https:\/\/api.w.org\/{rel}","templated":true}]}}