{"id":7424,"date":"2024-11-04T23:19:35","date_gmt":"2024-11-04T23:19:35","guid":{"rendered":"https:\/\/becooltravel.com\/?page_id=7424"},"modified":"2024-12-15T22:11:38","modified_gmt":"2024-12-15T22:11:38","slug":"holiday-packs","status":"publish","type":"page","link":"https:\/\/becooltravel.com\/fr\/packs-vacances\/","title":{"rendered":"Packs de vacances"},"content":{"rendered":"<div id=\"fws_69ef5987667d6\"  data-column-margin=\"default\" data-midnight=\"dark\"  class=\"wpb_row vc_row-fluid vc_row\"  style=\"padding-top: 0px; padding-bottom: 0px; \"><div class=\"row-bg-wrap\" data-bg-animation=\"none\" data-bg-animation-delay=\"\" data-bg-overlay=\"false\"><div class=\"inner-wrap row-bg-layer\" ><div class=\"row-bg viewport-desktop\"  style=\"\"><\/div><\/div><\/div><div class=\"row_col_wrap_12 col span_12 dark left\">\n\t<div  class=\"vc_col-sm-3 wpb_column column_container vc_column_container col no-extra-padding inherit_tablet inherit_phone\"  data-padding-pos=\"all\" data-has-bg-color=\"false\" data-bg-color=\"\" data-bg-opacity=\"1\" data-animation=\"\" data-delay=\"0\" >\n\t\t<div class=\"vc_column-inner\" >\n\t\t\t<div class=\"wpb_wrapper\">\n\t\t\t\t<div class=\"wpb_wmca_accordion_wrapper wpb_wmca_accordion_wrapper_7658 wpb_wmca_accordion_wrapper_theme_minimal wpb_wmca_accordion_indicator_position_right wpb_wmca_depth_spacing_yes wpb_wmca_keyboard_accessibility_no wpb_wmca_control_max_height_no\" ><h4>Cat\u00e9gories<\/h4>\n<div class=\"wpb_wmca_accordion_inner\"><div class=\"wpb_wmca_accordion_shortcode_7658 wpb_wmca_fire_accordion wpb_the_menu_accordion wpb_wmca_menu_1308 wpb_category_n_menu_accordion wpb_wmca_theme_minimal wpb_wcma_manu_parent_open_off wpb_wcma_all_level_manu_open_off wpb_wmca_current_menu_open_off wpb_wmca_jc_submenu_no\" data-accordion=\"true\" data-save=\"true\" data-duration=\"400\" data-trigger=\"click\" data-indicator_icon=\"fas fa-plus\">\n\t<ul id=\"menu-becool-menu-lateral-tours\" class=\"wpb_category_n_menu_accordion_list\"><li id='menu-item-7402'  class=\"menu-item menu-item-type-post_type menu-item-object-page wpb-wmca-menu-item-has-children\"><a  href=\"https:\/\/becooltravel.com\/fr\/visites-autoguidees-2\/\">VISITES AUTOGUID\u00c9ES<\/a> \n<ul class=\"sub-menu\">\n<li id='menu-item-7405'  class=\"menu-item menu-item-type-post_type menu-item-object-page\"><a  href=\"https:\/\/becooltravel.com\/fr\/visites-autoguidees-2\/randonnee-autoguidee\/\">Marche autoguid\u00e9e<\/a> <\/li>\n<li id='menu-item-7408'  class=\"menu-item menu-item-type-post_type menu-item-object-page\"><a  href=\"https:\/\/becooltravel.com\/fr\/visites-autoguidees-2\/velo-autoguide\/\">Cyclisme autoguid\u00e9<\/a> <\/li>\n<li id='menu-item-7411'  class=\"menu-item menu-item-type-post_type menu-item-object-page\"><a  href=\"https:\/\/becooltravel.com\/fr\/visites-autoguidees-2\/observation-autoguidee-des-oiseaux\/\">Observation d&#039;oiseaux autoguid\u00e9e<\/a> <\/li>\n<li id='menu-item-7414'  class=\"menu-item menu-item-type-post_type menu-item-object-page\"><a  href=\"https:\/\/becooltravel.com\/fr\/visites-autoguidees-2\/auto-entrainement\/\">Conduite autonome<\/a> <\/li>\n<li id='menu-item-7417'  class=\"menu-item menu-item-type-post_type menu-item-object-page\"><a  href=\"https:\/\/becooltravel.com\/fr\/visites-autoguidees-2\/visites-autoguidees-en-train\/\">Visites en train autoguid\u00e9es<\/a> <\/li>\n<li id='menu-item-7420'  class=\"menu-item menu-item-type-post_type menu-item-object-page\"><a  href=\"https:\/\/becooltravel.com\/fr\/visites-autoguidees-2\/plage-de-soleil-autoguidee\/\">Visite autoguid\u00e9e du soleil et de la plage<\/a> <\/li>\n<li id='menu-item-7423'  class=\"menu-item menu-item-type-post_type menu-item-object-page\"><a  href=\"https:\/\/becooltravel.com\/fr\/visites-autoguidees-2\/visite-autoguidee\/\">Visite autoguid\u00e9e<\/a> <\/li>\n<\/ul>\n<\/li>\n<li id='menu-item-7426'  class=\"menu-item menu-item-type-post_type menu-item-object-page wpb-wmca-menu-item-has-children\"><a  href=\"https:\/\/becooltravel.com\/fr\/packs-vacances\/\">FORFAITS VACANCES<\/a> \n<ul class=\"sub-menu\">\n<li id='menu-item-7431'  class=\"menu-item menu-item-type-post_type menu-item-object-page\"><a  href=\"https:\/\/becooltravel.com\/fr\/packs-vacances\/pack-evasion-4-jours\/\">Evasion\u2026 (Pack 4 jours)<\/a> <\/li>\n<li id='menu-item-7434'  class=\"menu-item menu-item-type-post_type menu-item-object-page\"><a  href=\"https:\/\/becooltravel.com\/fr\/packs-vacances\/profitez-du-pack-de-6-jours\/\">Profitez\u2026 (Pack 6 jours)<\/a> <\/li>\n<li id='menu-item-7437'  class=\"menu-item menu-item-type-post_type menu-item-object-page\"><a  href=\"https:\/\/becooltravel.com\/fr\/packs-vacances\/pack-relax-8-jours\/\">D\u00e9tendez-vous\u2026 (Pack 8 jours)<\/a> <\/li>\n<li id='menu-item-7441'  class=\"menu-item menu-item-type-post_type menu-item-object-page\"><a  href=\"https:\/\/becooltravel.com\/fr\/packs-vacances\/pack-d-exploration-de-11-jours\/\">Explorez\u2026 (Pack 11 jours)<\/a> <\/li>\n<li id='menu-item-7444'  class=\"menu-item menu-item-type-post_type menu-item-object-page\"><a  href=\"https:\/\/becooltravel.com\/fr\/packs-vacances\/longs-sejours\/\">Longs s\u00e9jours<\/a> <\/li>\n<\/ul>\n<\/li>\n<\/ul><\/div>\n<\/div><\/div>\n\t\t\t<\/div> \n\t\t<\/div>\n\t<\/div> \n\n\t<div  class=\"vc_col-sm-9 wpb_column column_container vc_column_container col no-extra-padding inherit_tablet inherit_phone\"  data-padding-pos=\"all\" data-has-bg-color=\"false\" data-bg-color=\"\" data-bg-opacity=\"1\" data-animation=\"\" data-delay=\"0\" >\n\t\t<div class=\"vc_column-inner\" >\n\t\t\t<div class=\"wpb_wrapper\">\n\t\t\t\t\n<div class=\"wpb_text_column wpb_content_element\" >\n\t<p>Nous avons des offres int\u00e9ressantes sur les forfaits vacances! \u00c9conomisez sur les voyages vers les destinations les plus pris\u00e9es et profitez de vacances culturelles aux stations baln\u00e9aires ensoleill\u00e9es.<\/p>\n<p>BeCool Travel a une escapade relaxante pour vous et votre famille. Reserve maintenant!<\/p>\n<\/div>\n\n\n\n<div class='nectar-post-grid-wrap text-color-dark spacing-10px' data-el-settings='{\"post_type\":\"custom\",\"pagination\":\"none\",\"image_size\":\"large\",\"parallax_scrolling\":\"\",\"aspect_ratio_image_size\":\"\",\"category_position\":\"below_title\",\"category_display\":\"default\",\"display_categories\":\"0\",\"display_excerpt\":\"0\",\"excerpt_length\":\"20\",\"content_next_to_image_excerpt_pos\":\"default\",\"display_date\":\"0\",\"display_estimated_reading_time\":\"0\",\"display_author\":\"0\",\"author_functionality\":\"default\",\"author_position\":\"default\",\"color_overlay\":\"\",\"color_overlay_opacity\":\"\",\"color_overlay_hover_opacity\":\"\",\"card_bg_color\":\"\",\"grid_style\":\"content_under_image\",\"hover_effect\":\"zoom\",\"post_title_overlay\":\"\",\"heading_tag\":\"h2\",\"heading_tag_render\":\"default\",\"enable_gallery_lightbox\":\"0\",\"remove_links\":\"0\",\"category_style\":\"underline\",\"overlay_secondary_project_image\":\"\",\"vertical_list_hover_effect\":\"none\",\"vertical_list_read_more\":\"\",\"vertical_list_read_more_style\":\"text\",\"read_more_button\":\"0\",\"animation\":\"none\",\"custom_fields\":\"%5B%7B%22meta_key%22%3A%22tourcms_wp_custom_tcategoria%22%2C%22use_custom_format%22%3A%22%22%2C%22custom_format%22%3A%22%25s%22%2C%22render_tag%22%3A%22div%22%7D%2C%7B%22meta_key%22%3A%22tourcms_wp_available%22%2C%22use_custom_format%22%3A%22%22%2C%22custom_format%22%3A%22%25s%22%2C%22render_tag%22%3A%22div%22%7D%2C%7B%22meta_key%22%3A%22tourcms_wp_custom_tgrade%22%2C%22use_custom_format%22%3A%22%22%2C%22custom_format%22%3A%22%25s%22%2C%22render_tag%22%3A%22div%22%7D%2C%7B%22meta_key%22%3A%22tourcms_wp_from_price_display%22%2C%22use_custom_format%22%3A%22%22%2C%22custom_format%22%3A%22From%3A%20%25s%20pp%22%2C%22render_tag%22%3A%22h4%22%7D%5D\",\"custom_fields_location\":\"after_post_meta\",\"display_type\":\"grid\",\"text_content_layout\":\"top_left\"}' data-style='content_under_image' data-query='{\"post_type\":\"custom\",\"posts_per_page\":\"500\",\"order\":\"DESC\",\"orderby\":\"date\",\"offset\":\"0\",\"cpt_name\":\"tour\",\"custom_query_tax\":\"1363\",\"ignore_sticky_posts\":\"\",\"exclude_current_post\":\"\"}' data-load-more-color='black' data-load-more-text='Load More'><div class=\"nectar-post-grid-filters\" data-active-color=\"default\" data-align=\"default\" data-animation=\"none\" data-sortable=\"\"><div><a href=\"#\" class=\"active all-filter\" data-filter=\"1363\" data-total-count=\"0\">Tout<\/a><a href=\"#\" data-filter=\"1363\" data-total-count=\"0\">Packs de vacances<\/a><\/div><\/div><div class=\"nectar-post-grid custom_font_size_16px category-position-after-title\" data-indicator=\"\" data-indicator-style=\"default\" data-indicator-text-color=\"#fff\" data-indicator-color=\"#000\" data-indicator-text=\"View\" data-columns=\"4\" data-hover-effect=\"zoom\" data-text-style=\"default\" data-border-radius=\"none\" data-grid-item-height=\"40vh\" data-grid-spacing=\"10px\" data-text-layout=\"top_left\" data-text-color=\"dark\" data-text-hover-color=\"dark\" data-shadow-hover=\"\" data-animation=\"none\" data-animation-stagger=\"90\" data-cat-click=\"default\"  data-lock-aspect=\"\"  data-text-align=\"left\" data-card=\"\" ><\/div><\/div><div class=\"woocommerce columns-4\">\n  <ul class=\"products columns-4\" data-n-lazy=\"1\" data-rm-m-hover=\"off\" data-n-desktop-columns=\"4\" data-n-desktop-small-columns=\"4\" data-n-tablet-columns=\"2\" data-n-phone-columns=\"1\" data-product-style=\"classic\">\n\n\n\n\t<li class=\"classic product type-product post-3731 status-publish first instock product_cat-enjoy-6-days-tour-portugal product_cat-holiday-packs-tours-portugal product_tag-albufeira product_tag-albufeira-beautiful-historic-centre product_tag-algarve product_tag-algarve-coast product_tag-algarve-private-tour product_tag-beaches-of-albufeira product_tag-beautiful-beaches-algarve product_tag-gastronomy product_tag-holidays product_tag-self-catering-hotel-albufeira product_tag-tours-in-portugal product_tag-west-of-albufeira has-post-thumbnail virtual product-type-simple\" >\n\n\n\t\n\n\t\t\t   <div class=\"product-wrap\">\n\t\t\t<a href=\"https:\/\/becooltravel.com\/fr\/produit\/profitez-albufeira-6100pk\/\" aria-label=\"Profitez d&#039;Albufeira\"><img decoding=\"async\" width=\"300\" height=\"300\" src=\"https:\/\/i0.wp.com\/becooltravel.com\/wp-content\/uploads\/sites\/5\/2020\/05\/Albufeira_beach.jpg?resize=300%2C300&amp;ssl=1\" class=\"attachment-woocommerce_thumbnail size-woocommerce_thumbnail\" alt=\"Vacances \u00e0 Albufeira\" srcset=\"https:\/\/i0.wp.com\/becooltravel.com\/wp-content\/uploads\/sites\/5\/2020\/05\/Albufeira_beach.jpg?resize=150%2C150&amp;ssl=1 150w, https:\/\/i0.wp.com\/becooltravel.com\/wp-content\/uploads\/sites\/5\/2020\/05\/Albufeira_beach.jpg?resize=100%2C100&amp;ssl=1 100w, https:\/\/i0.wp.com\/becooltravel.com\/wp-content\/uploads\/sites\/5\/2020\/05\/Albufeira_beach.jpg?resize=140%2C140&amp;ssl=1 140w, https:\/\/i0.wp.com\/becooltravel.com\/wp-content\/uploads\/sites\/5\/2020\/05\/Albufeira_beach.jpg?resize=500%2C500&amp;ssl=1 500w, https:\/\/i0.wp.com\/becooltravel.com\/wp-content\/uploads\/sites\/5\/2020\/05\/Albufeira_beach.jpg?resize=350%2C350&amp;ssl=1 350w, https:\/\/i0.wp.com\/becooltravel.com\/wp-content\/uploads\/sites\/5\/2020\/05\/Albufeira_beach.jpg?resize=800%2C800&amp;ssl=1 800w, https:\/\/i0.wp.com\/becooltravel.com\/wp-content\/uploads\/sites\/5\/2020\/05\/Albufeira_beach.jpg?resize=300%2C300&amp;ssl=1 300w, https:\/\/i0.wp.com\/becooltravel.com\/wp-content\/uploads\/sites\/5\/2020\/05\/Albufeira_beach.jpg?zoom=2&amp;resize=300%2C300&amp;ssl=1 600w, https:\/\/i0.wp.com\/becooltravel.com\/wp-content\/uploads\/sites\/5\/2020\/05\/Albufeira_beach.jpg?zoom=3&amp;resize=300%2C300&amp;ssl=1 900w\" sizes=\"(max-width: 300px) 100vw, 300px\" \/><\/a>\n\t\t\t<div class=\"product-add-to-cart\" data-nectar-quickview=\"true\"><a href=\"https:\/\/becooltravel.com\/fr\/produit\/profitez-albufeira-6100pk\/\" aria-describedby=\"woocommerce_loop_add_to_cart_link_describedby_3731\" data-quantity=\"1\" class=\"button product_type_simple\" data-product_id=\"3731\" data-product_sku=\"\" aria-label=\"En savoir plus sur \u201cEnjoy Albufeira\u201d\" rel=\"nofollow\" data-success_message=\"\" data-no-translation=\"\" data-trp-gettext=\"\" data-no-translation-aria-label=\"\">Lire la suite<\/a>\t<span id=\"woocommerce_loop_add_to_cart_link_describedby_3731\" class=\"screen-reader-text\">\n\t\t\t<\/span>\n<a class=\"nectar_quick_view no-ajaxy button\" data-product-id=\"3731\"> <i class=\"normal icon-salient-m-eye\"><\/i>\n\t    <span>Aper\u00e7u rapide<\/span><\/a><\/div>\t\t   <\/div>\n\t\t\t\t\n\t  \n\n\t\t<h2 class=\"woocommerce-loop-product__title\">Profitez d&#039;Albufeira<\/h2><h3>Pack vacances<\/h3><p class=\"product-duration\"><strong>Dur\u00e9e:<\/strong> 6 jours \/ 5 nuits<\/p><p class=\"product-duration availability\"><strong>Disponibilit\u00e9:<\/strong> Janvier - d\u00e9cembre<\/p>\n<a href=\"https:\/\/becooltravel.com\/fr\/produit\/profitez-albufeira-6100pk\/\" class=\"price\">Demande de prix<\/a>\n\t\n\n\t\n<\/li>\n\t<li class=\"classic product type-product post-4884 status-publish instock product_cat-enjoy-6-days-tour-portugal product_cat-holiday-packs-tours-portugal has-post-thumbnail virtual product-type-simple\" >\n\n\n\t\n\n\t\t\t   <div class=\"product-wrap\">\n\t\t\t<a href=\"https:\/\/becooltravel.com\/fr\/produit\/profitez-albufeira-6101pk\/\" aria-label=\"Profitez d&#039;Albufeira\"><img decoding=\"async\" width=\"300\" height=\"300\" src=\"https:\/\/i0.wp.com\/becooltravel.com\/wp-content\/uploads\/sites\/5\/2020\/05\/Olhos_Agua_Albufeira.jpg?resize=300%2C300&amp;ssl=1\" class=\"attachment-woocommerce_thumbnail size-woocommerce_thumbnail\" alt=\"Vacances \u00e0 Albufeira\" srcset=\"https:\/\/i0.wp.com\/becooltravel.com\/wp-content\/uploads\/sites\/5\/2020\/05\/Olhos_Agua_Albufeira.jpg?resize=150%2C150&amp;ssl=1 150w, https:\/\/i0.wp.com\/becooltravel.com\/wp-content\/uploads\/sites\/5\/2020\/05\/Olhos_Agua_Albufeira.jpg?resize=100%2C100&amp;ssl=1 100w, https:\/\/i0.wp.com\/becooltravel.com\/wp-content\/uploads\/sites\/5\/2020\/05\/Olhos_Agua_Albufeira.jpg?resize=140%2C140&amp;ssl=1 140w, https:\/\/i0.wp.com\/becooltravel.com\/wp-content\/uploads\/sites\/5\/2020\/05\/Olhos_Agua_Albufeira.jpg?resize=500%2C500&amp;ssl=1 500w, https:\/\/i0.wp.com\/becooltravel.com\/wp-content\/uploads\/sites\/5\/2020\/05\/Olhos_Agua_Albufeira.jpg?resize=350%2C350&amp;ssl=1 350w, https:\/\/i0.wp.com\/becooltravel.com\/wp-content\/uploads\/sites\/5\/2020\/05\/Olhos_Agua_Albufeira.jpg?resize=800%2C800&amp;ssl=1 800w, https:\/\/i0.wp.com\/becooltravel.com\/wp-content\/uploads\/sites\/5\/2020\/05\/Olhos_Agua_Albufeira.jpg?resize=300%2C300&amp;ssl=1 300w, https:\/\/i0.wp.com\/becooltravel.com\/wp-content\/uploads\/sites\/5\/2020\/05\/Olhos_Agua_Albufeira.jpg?zoom=2&amp;resize=300%2C300&amp;ssl=1 600w, https:\/\/i0.wp.com\/becooltravel.com\/wp-content\/uploads\/sites\/5\/2020\/05\/Olhos_Agua_Albufeira.jpg?zoom=3&amp;resize=300%2C300&amp;ssl=1 900w\" sizes=\"(max-width: 300px) 100vw, 300px\" \/><\/a>\n\t\t\t<div class=\"product-add-to-cart\" data-nectar-quickview=\"true\"><a href=\"https:\/\/becooltravel.com\/fr\/produit\/profitez-albufeira-6101pk\/\" aria-describedby=\"woocommerce_loop_add_to_cart_link_describedby_4884\" data-quantity=\"1\" class=\"button product_type_simple\" data-product_id=\"4884\" data-product_sku=\"\" aria-label=\"En savoir plus sur \u201cEnjoy Albufeira\u201d\" rel=\"nofollow\" data-success_message=\"\" data-no-translation=\"\" data-trp-gettext=\"\" data-no-translation-aria-label=\"\">Lire la suite<\/a>\t<span id=\"woocommerce_loop_add_to_cart_link_describedby_4884\" class=\"screen-reader-text\">\n\t\t\t<\/span>\n<a class=\"nectar_quick_view no-ajaxy button\" data-product-id=\"4884\"> <i class=\"normal icon-salient-m-eye\"><\/i>\n\t    <span>Aper\u00e7u rapide<\/span><\/a><\/div>\t\t   <\/div>\n\t\t\t\t\n\t  \n\n\t\t<h2 class=\"woocommerce-loop-product__title\">Profitez d&#039;Albufeira<\/h2><h3>Pack vacances \u00e0 petit budget<\/h3><p class=\"product-duration\"><strong>Dur\u00e9e:<\/strong> 6 jours \/ 5 nuits<\/p><p class=\"product-duration availability\"><strong>Disponibilit\u00e9:<\/strong> Janvier - d\u00e9cembre<\/p>\n<a href=\"https:\/\/becooltravel.com\/fr\/produit\/profitez-albufeira-6101pk\/\" class=\"price\">Demande de prix<\/a>\n\t\n\n\t\n<\/li>\n\t<li class=\"classic product type-product post-4885 status-publish instock product_cat-enjoy-6-days-tour-portugal product_cat-holiday-packs-tours-portugal product_tag-albufeira product_tag-albufeira-beautiful-historic-centre product_tag-beaches product_tag-beaches-of-albufeira product_tag-beautiful-landscapes-albufeira product_tag-family-holidays product_tag-holiday product_tag-holidays-in-portugal product_tag-holidays-in-the-algarve product_tag-night product_tag-relaxation-albufeira product_tag-self-guided-holidays has-post-thumbnail virtual product-type-simple\" >\n\n\n\t\n\n\t\t\t   <div class=\"product-wrap\">\n\t\t\t<a href=\"https:\/\/becooltravel.com\/fr\/produit\/profitez-albufeira-6102pk\/\" aria-label=\"Profitez d&#039;Albufeira\"><img decoding=\"async\" width=\"300\" height=\"300\" src=\"https:\/\/i0.wp.com\/becooltravel.com\/wp-content\/uploads\/sites\/5\/2020\/05\/Albufeira_bluocean.jpg?resize=300%2C300&amp;ssl=1\" class=\"attachment-woocommerce_thumbnail size-woocommerce_thumbnail\" alt=\"Vacances \u00e0 Albufeira\" srcset=\"https:\/\/i0.wp.com\/becooltravel.com\/wp-content\/uploads\/sites\/5\/2020\/05\/Albufeira_bluocean.jpg?resize=150%2C150&amp;ssl=1 150w, https:\/\/i0.wp.com\/becooltravel.com\/wp-content\/uploads\/sites\/5\/2020\/05\/Albufeira_bluocean.jpg?resize=100%2C100&amp;ssl=1 100w, https:\/\/i0.wp.com\/becooltravel.com\/wp-content\/uploads\/sites\/5\/2020\/05\/Albufeira_bluocean.jpg?resize=140%2C140&amp;ssl=1 140w, https:\/\/i0.wp.com\/becooltravel.com\/wp-content\/uploads\/sites\/5\/2020\/05\/Albufeira_bluocean.jpg?resize=500%2C500&amp;ssl=1 500w, https:\/\/i0.wp.com\/becooltravel.com\/wp-content\/uploads\/sites\/5\/2020\/05\/Albufeira_bluocean.jpg?resize=350%2C350&amp;ssl=1 350w, https:\/\/i0.wp.com\/becooltravel.com\/wp-content\/uploads\/sites\/5\/2020\/05\/Albufeira_bluocean.jpg?resize=300%2C300&amp;ssl=1 300w, https:\/\/i0.wp.com\/becooltravel.com\/wp-content\/uploads\/sites\/5\/2020\/05\/Albufeira_bluocean.jpg?zoom=2&amp;resize=300%2C300&amp;ssl=1 600w, https:\/\/i0.wp.com\/becooltravel.com\/wp-content\/uploads\/sites\/5\/2020\/05\/Albufeira_bluocean.jpg?zoom=3&amp;resize=300%2C300&amp;ssl=1 900w\" sizes=\"(max-width: 300px) 100vw, 300px\" \/><\/a>\n\t\t\t<div class=\"product-add-to-cart\" data-nectar-quickview=\"true\"><a href=\"https:\/\/becooltravel.com\/fr\/produit\/profitez-albufeira-6102pk\/\" aria-describedby=\"woocommerce_loop_add_to_cart_link_describedby_4885\" data-quantity=\"1\" class=\"button product_type_simple\" data-product_id=\"4885\" data-product_sku=\"\" aria-label=\"En savoir plus sur \u201cEnjoy Albufeira\u201d\" rel=\"nofollow\" data-success_message=\"\" data-no-translation=\"\" data-trp-gettext=\"\" data-no-translation-aria-label=\"\">Lire la suite<\/a>\t<span id=\"woocommerce_loop_add_to_cart_link_describedby_4885\" class=\"screen-reader-text\">\n\t\t\t<\/span>\n<a class=\"nectar_quick_view no-ajaxy button\" data-product-id=\"4885\"> <i class=\"normal icon-salient-m-eye\"><\/i>\n\t    <span>Aper\u00e7u rapide<\/span><\/a><\/div>\t\t   <\/div>\n\t\t\t\t\n\t  \n\n\t\t<h2 class=\"woocommerce-loop-product__title\">Profitez d&#039;Albufeira<\/h2><h3>Pack vacances premium <\/h3><p class=\"product-duration\"><strong>Dur\u00e9e:<\/strong> 6 jours \/ 5 nuits<\/p><p class=\"product-duration availability\"><strong>Disponibilit\u00e9:<\/strong> Janvier - d\u00e9cembre<\/p>\n<a href=\"https:\/\/becooltravel.com\/fr\/produit\/profitez-albufeira-6102pk\/\" class=\"price\">Demande de prix<\/a>\n\t\n\n\t\n<\/li>\n\t<li class=\"classic product type-product post-5382 status-publish last instock product_cat-enjoy-6-days-tour-portugal product_cat-holiday-packs-tours-portugal product_tag-algarve product_tag-casino product_tag-castro-marim product_tag-cultural-heritage product_tag-east-algarve product_tag-gastronomy-and-wines product_tag-history-and-heritage product_tag-holidays product_tag-ideal-for-families-with-children product_tag-individuelle-touren product_tag-large-promenade product_tag-local-gastronomy product_tag-magnificent-beach product_tag-mature-visitors product_tag-monte-gordo product_tag-monte-gordos-glorious-beach product_tag-old-town product_tag-portugal product_tag-ria-formosa-natural-park product_tag-sandy-beach product_tag-sightseeing product_tag-spring product_tag-summer product_tag-sun-beach product_tag-sunny-days product_tag-the-safest-of-the-algarve product_tag-vast-beach product_tag-vila-real-sto-antonio product_tag-walking-along-quiet-paths product_tag-walking-range has-post-thumbnail virtual product-type-simple\" >\n\n\n\t\n\n\t\t\t   <div class=\"product-wrap\">\n\t\t\t<a href=\"https:\/\/becooltravel.com\/fr\/produit\/profitez-de-monte-gordo-6500pk\/\" aria-label=\"Profitez de Monte Gordo\"><img decoding=\"async\" width=\"300\" height=\"300\" src=\"https:\/\/i0.wp.com\/becooltravel.com\/wp-content\/uploads\/sites\/5\/2020\/06\/montegordo_beach.jpg?resize=300%2C300&amp;ssl=1\" class=\"attachment-woocommerce_thumbnail size-woocommerce_thumbnail\" alt=\"Monte Gordo est un excellent choix de vacances pour les familles\" srcset=\"https:\/\/i0.wp.com\/becooltravel.com\/wp-content\/uploads\/sites\/5\/2020\/06\/montegordo_beach.jpg?resize=150%2C150&amp;ssl=1 150w, https:\/\/i0.wp.com\/becooltravel.com\/wp-content\/uploads\/sites\/5\/2020\/06\/montegordo_beach.jpg?resize=100%2C100&amp;ssl=1 100w, https:\/\/i0.wp.com\/becooltravel.com\/wp-content\/uploads\/sites\/5\/2020\/06\/montegordo_beach.jpg?resize=140%2C140&amp;ssl=1 140w, https:\/\/i0.wp.com\/becooltravel.com\/wp-content\/uploads\/sites\/5\/2020\/06\/montegordo_beach.jpg?resize=500%2C500&amp;ssl=1 500w, https:\/\/i0.wp.com\/becooltravel.com\/wp-content\/uploads\/sites\/5\/2020\/06\/montegordo_beach.jpg?resize=350%2C350&amp;ssl=1 350w, https:\/\/i0.wp.com\/becooltravel.com\/wp-content\/uploads\/sites\/5\/2020\/06\/montegordo_beach.jpg?resize=800%2C800&amp;ssl=1 800w, https:\/\/i0.wp.com\/becooltravel.com\/wp-content\/uploads\/sites\/5\/2020\/06\/montegordo_beach.jpg?resize=300%2C300&amp;ssl=1 300w, https:\/\/i0.wp.com\/becooltravel.com\/wp-content\/uploads\/sites\/5\/2020\/06\/montegordo_beach.jpg?zoom=2&amp;resize=300%2C300&amp;ssl=1 600w, https:\/\/i0.wp.com\/becooltravel.com\/wp-content\/uploads\/sites\/5\/2020\/06\/montegordo_beach.jpg?zoom=3&amp;resize=300%2C300&amp;ssl=1 900w\" sizes=\"(max-width: 300px) 100vw, 300px\" \/><\/a>\n\t\t\t<div class=\"product-add-to-cart\" data-nectar-quickview=\"true\"><a href=\"https:\/\/becooltravel.com\/fr\/produit\/profitez-de-monte-gordo-6500pk\/\" aria-describedby=\"woocommerce_loop_add_to_cart_link_describedby_5382\" data-quantity=\"1\" class=\"button product_type_simple\" data-product_id=\"5382\" data-product_sku=\"\" aria-label=\"En savoir plus sur \u201cEnjoy Monte Gordo\u201d\" rel=\"nofollow\" data-success_message=\"\" data-no-translation=\"\" data-trp-gettext=\"\" data-no-translation-aria-label=\"\">Lire la suite<\/a>\t<span id=\"woocommerce_loop_add_to_cart_link_describedby_5382\" class=\"screen-reader-text\">\n\t\t\t<\/span>\n<a class=\"nectar_quick_view no-ajaxy button\" data-product-id=\"5382\"> <i class=\"normal icon-salient-m-eye\"><\/i>\n\t    <span>Aper\u00e7u rapide<\/span><\/a><\/div>\t\t   <\/div>\n\t\t\t\t\n\t  \n\n\t\t<h2 class=\"woocommerce-loop-product__title\">Profitez de Monte Gordo<\/h2><h3>Pack vacances<\/h3><p class=\"product-duration\"><strong>Dur\u00e9e:<\/strong> 6 jours \/ 5 nuits<\/p><p class=\"product-duration availability\"><strong>Disponibilit\u00e9:<\/strong> Janvier - d\u00e9cembre<\/p>\n<a href=\"https:\/\/becooltravel.com\/fr\/produit\/profitez-de-monte-gordo-6500pk\/\" class=\"price\">Demande de prix<\/a>\n\t\n\n\t\n<\/li>\n\t<li class=\"classic product type-product post-5142 status-publish first instock product_cat-enjoy-6-days-tour-portugal product_cat-holiday-packs-tours-portugal product_tag-algarve product_tag-algarves-west-coast product_tag-alvor product_tag-alvor-estuary product_tag-cultural-heritage product_tag-discover-the-west-algarve product_tag-gastronomy product_tag-gastronomy-and-wines product_tag-historic product_tag-history-and-heritage product_tag-holidays product_tag-lagos product_tag-monchique product_tag-night product_tag-portimao product_tag-praia-da-rocha product_tag-ria-de-alvor product_tag-sandy-beach product_tag-sightseeing product_tag-silves product_tag-spring product_tag-summer product_tag-sun-beach product_tag-sunny-days product_tag-west-algarve product_tag-west-algarve-coast product_tag-western-algarve has-post-thumbnail virtual product-type-simple\" >\n\n\n\t\n\n\t\t\t   <div class=\"product-wrap\">\n\t\t\t<a href=\"https:\/\/becooltravel.com\/fr\/produit\/profitez-de-praia-da-rocha-6600pk\/\" aria-label=\"Profitez de Praia Da Rocha\"><img decoding=\"async\" width=\"300\" height=\"300\" src=\"https:\/\/i0.wp.com\/becooltravel.com\/wp-content\/uploads\/sites\/5\/2020\/06\/Praia_rocha_beach.jpg?resize=300%2C300&amp;ssl=1\" class=\"attachment-woocommerce_thumbnail size-woocommerce_thumbnail\" alt=\"C&#039;est un endroit id\u00e9al pour se pr\u00e9lasser sur la plage pendant la journ\u00e9e\" srcset=\"https:\/\/i0.wp.com\/becooltravel.com\/wp-content\/uploads\/sites\/5\/2020\/06\/Praia_rocha_beach.jpg?resize=150%2C150&amp;ssl=1 150w, https:\/\/i0.wp.com\/becooltravel.com\/wp-content\/uploads\/sites\/5\/2020\/06\/Praia_rocha_beach.jpg?resize=100%2C100&amp;ssl=1 100w, https:\/\/i0.wp.com\/becooltravel.com\/wp-content\/uploads\/sites\/5\/2020\/06\/Praia_rocha_beach.jpg?resize=140%2C140&amp;ssl=1 140w, https:\/\/i0.wp.com\/becooltravel.com\/wp-content\/uploads\/sites\/5\/2020\/06\/Praia_rocha_beach.jpg?resize=500%2C500&amp;ssl=1 500w, https:\/\/i0.wp.com\/becooltravel.com\/wp-content\/uploads\/sites\/5\/2020\/06\/Praia_rocha_beach.jpg?resize=350%2C350&amp;ssl=1 350w, https:\/\/i0.wp.com\/becooltravel.com\/wp-content\/uploads\/sites\/5\/2020\/06\/Praia_rocha_beach.jpg?resize=800%2C800&amp;ssl=1 800w, https:\/\/i0.wp.com\/becooltravel.com\/wp-content\/uploads\/sites\/5\/2020\/06\/Praia_rocha_beach.jpg?resize=300%2C300&amp;ssl=1 300w, https:\/\/i0.wp.com\/becooltravel.com\/wp-content\/uploads\/sites\/5\/2020\/06\/Praia_rocha_beach.jpg?zoom=2&amp;resize=300%2C300&amp;ssl=1 600w, https:\/\/i0.wp.com\/becooltravel.com\/wp-content\/uploads\/sites\/5\/2020\/06\/Praia_rocha_beach.jpg?zoom=3&amp;resize=300%2C300&amp;ssl=1 900w\" sizes=\"(max-width: 300px) 100vw, 300px\" \/><\/a>\n\t\t\t<div class=\"product-add-to-cart\" data-nectar-quickview=\"true\"><a href=\"https:\/\/becooltravel.com\/fr\/produit\/profitez-de-praia-da-rocha-6600pk\/\" aria-describedby=\"woocommerce_loop_add_to_cart_link_describedby_5142\" data-quantity=\"1\" class=\"button product_type_simple\" data-product_id=\"5142\" data-product_sku=\"\" aria-label=\"En savoir plus sur \u201cEnjoy Praia Da Rocha\u201d\" rel=\"nofollow\" data-success_message=\"\" data-no-translation=\"\" data-trp-gettext=\"\" data-no-translation-aria-label=\"\">Lire la suite<\/a>\t<span id=\"woocommerce_loop_add_to_cart_link_describedby_5142\" class=\"screen-reader-text\">\n\t\t\t<\/span>\n<a class=\"nectar_quick_view no-ajaxy button\" data-product-id=\"5142\"> <i class=\"normal icon-salient-m-eye\"><\/i>\n\t    <span>Aper\u00e7u rapide<\/span><\/a><\/div>\t\t   <\/div>\n\t\t\t\t\n\t  \n\n\t\t<h2 class=\"woocommerce-loop-product__title\">Profitez de Praia Da Rocha<\/h2><h3>Pack vacances<\/h3><p class=\"product-duration\"><strong>Dur\u00e9e:<\/strong> 6 jours \/ 5 nuits<\/p><p class=\"product-duration availability\"><strong>Disponibilit\u00e9:<\/strong> Janvier - d\u00e9cembre<\/p>\n<a href=\"https:\/\/becooltravel.com\/fr\/produit\/profitez-de-praia-da-rocha-6600pk\/\" class=\"price\">Demande de prix<\/a>\n\t\n\n\t\n<\/li>\n\t<li class=\"classic product type-product post-3729 status-publish instock product_cat-enjoy-6-days-tour-portugal product_cat-holiday-packs-tours-portugal product_tag-algarve product_tag-beaches product_tag-birds product_tag-birdwatching product_tag-boat-tours product_tag-cabanas-de-tavira product_tag-east-algarve product_tag-holidays product_tag-island-of-tavira product_tag-nature-holidays product_tag-ria-formosa product_tag-ria-formosa-boat-tour product_tag-sightseeing product_tag-sun-beach product_tag-sunny-days product_tag-tavira product_tag-tavira-castle product_tag-vacations has-post-thumbnail virtual product-type-simple\" >\n\n\n\t\n\n\t\t\t   <div class=\"product-wrap\">\n\t\t\t<a href=\"https:\/\/becooltravel.com\/fr\/produit\/profiter-tavira-6300pk\/\" aria-label=\"Profitez de Tavira\"><img decoding=\"async\" width=\"300\" height=\"300\" src=\"https:\/\/i0.wp.com\/becooltravel.com\/wp-content\/uploads\/sites\/5\/2020\/05\/Anchor-cemetery-in-Barril-Beach.jpg?resize=300%2C300&amp;ssl=1\" class=\"attachment-woocommerce_thumbnail size-woocommerce_thumbnail\" alt=\"Villages de p\u00eacheurs typiques et modes de vie\" srcset=\"https:\/\/i0.wp.com\/becooltravel.com\/wp-content\/uploads\/sites\/5\/2020\/05\/Anchor-cemetery-in-Barril-Beach.jpg?resize=150%2C150&amp;ssl=1 150w, https:\/\/i0.wp.com\/becooltravel.com\/wp-content\/uploads\/sites\/5\/2020\/05\/Anchor-cemetery-in-Barril-Beach.jpg?resize=100%2C100&amp;ssl=1 100w, https:\/\/i0.wp.com\/becooltravel.com\/wp-content\/uploads\/sites\/5\/2020\/05\/Anchor-cemetery-in-Barril-Beach.jpg?resize=140%2C140&amp;ssl=1 140w, https:\/\/i0.wp.com\/becooltravel.com\/wp-content\/uploads\/sites\/5\/2020\/05\/Anchor-cemetery-in-Barril-Beach.jpg?resize=500%2C500&amp;ssl=1 500w, https:\/\/i0.wp.com\/becooltravel.com\/wp-content\/uploads\/sites\/5\/2020\/05\/Anchor-cemetery-in-Barril-Beach.jpg?resize=350%2C350&amp;ssl=1 350w, https:\/\/i0.wp.com\/becooltravel.com\/wp-content\/uploads\/sites\/5\/2020\/05\/Anchor-cemetery-in-Barril-Beach.jpg?resize=800%2C800&amp;ssl=1 800w, https:\/\/i0.wp.com\/becooltravel.com\/wp-content\/uploads\/sites\/5\/2020\/05\/Anchor-cemetery-in-Barril-Beach.jpg?resize=300%2C300&amp;ssl=1 300w, https:\/\/i0.wp.com\/becooltravel.com\/wp-content\/uploads\/sites\/5\/2020\/05\/Anchor-cemetery-in-Barril-Beach.jpg?zoom=2&amp;resize=300%2C300&amp;ssl=1 600w, https:\/\/i0.wp.com\/becooltravel.com\/wp-content\/uploads\/sites\/5\/2020\/05\/Anchor-cemetery-in-Barril-Beach.jpg?zoom=3&amp;resize=300%2C300&amp;ssl=1 900w\" sizes=\"(max-width: 300px) 100vw, 300px\" \/><\/a>\n\t\t\t<div class=\"product-add-to-cart\" data-nectar-quickview=\"true\"><a href=\"https:\/\/becooltravel.com\/fr\/produit\/profiter-tavira-6300pk\/\" aria-describedby=\"woocommerce_loop_add_to_cart_link_describedby_3729\" data-quantity=\"1\" class=\"button product_type_simple\" data-product_id=\"3729\" data-product_sku=\"\" aria-label=\"En savoir plus sur \u201cEnjoy Tavira\u201d\" rel=\"nofollow\" data-success_message=\"\" data-no-translation=\"\" data-trp-gettext=\"\" data-no-translation-aria-label=\"\">Lire la suite<\/a>\t<span id=\"woocommerce_loop_add_to_cart_link_describedby_3729\" class=\"screen-reader-text\">\n\t\t\t<\/span>\n<a class=\"nectar_quick_view no-ajaxy button\" data-product-id=\"3729\"> <i class=\"normal icon-salient-m-eye\"><\/i>\n\t    <span>Aper\u00e7u rapide<\/span><\/a><\/div>\t\t   <\/div>\n\t\t\t\t\n\t  \n\n\t\t<h2 class=\"woocommerce-loop-product__title\">Profitez de Tavira<\/h2><h3>Pack vacances<\/h3><p class=\"product-duration\"><strong>Dur\u00e9e:<\/strong> 6 jours \/ 5 nuits<\/p><p class=\"product-duration availability\"><strong>Disponibilit\u00e9:<\/strong> Janvier - d\u00e9cembre<\/p>\n<a href=\"https:\/\/becooltravel.com\/fr\/produit\/profiter-tavira-6300pk\/\" class=\"price\">Demande de prix<\/a>\n\t\n\n\t\n<\/li>\n\t<li class=\"classic product type-product post-5165 status-publish instock product_cat-enjoy-6-days-tour-portugal product_cat-holiday-packs-tours-portugal product_tag-algarve product_tag-cultural-heritage product_tag-gastronomy product_tag-gastronomy-and-wines product_tag-historic product_tag-history-and-heritage product_tag-holidays product_tag-lagos product_tag-night product_tag-praia-da-falesia product_tag-sandy-beach product_tag-sightseeing product_tag-silves product_tag-spring product_tag-summer product_tag-sun-beach product_tag-sunny-days product_tag-vilamoura product_tag-wildlife product_tag-wildlife-algarve has-post-thumbnail virtual product-type-simple\" >\n\n\n\t\n\n\t\t\t   <div class=\"product-wrap\">\n\t\t\t<a href=\"https:\/\/becooltravel.com\/fr\/produit\/profitez-vilamoura-6700pk\/\" aria-label=\"Profitez de Vilamoura\"><img decoding=\"async\" width=\"300\" height=\"300\" src=\"https:\/\/i0.wp.com\/becooltravel.com\/wp-content\/uploads\/sites\/5\/2020\/06\/Scenic_view_Falesia.jpg?resize=300%2C300&amp;ssl=1\" class=\"attachment-woocommerce_thumbnail size-woocommerce_thumbnail\" alt=\"Falesia\" srcset=\"https:\/\/i0.wp.com\/becooltravel.com\/wp-content\/uploads\/sites\/5\/2020\/06\/Scenic_view_Falesia.jpg?resize=150%2C150&amp;ssl=1 150w, https:\/\/i0.wp.com\/becooltravel.com\/wp-content\/uploads\/sites\/5\/2020\/06\/Scenic_view_Falesia.jpg?resize=100%2C100&amp;ssl=1 100w, https:\/\/i0.wp.com\/becooltravel.com\/wp-content\/uploads\/sites\/5\/2020\/06\/Scenic_view_Falesia.jpg?resize=140%2C140&amp;ssl=1 140w, https:\/\/i0.wp.com\/becooltravel.com\/wp-content\/uploads\/sites\/5\/2020\/06\/Scenic_view_Falesia.jpg?resize=500%2C500&amp;ssl=1 500w, https:\/\/i0.wp.com\/becooltravel.com\/wp-content\/uploads\/sites\/5\/2020\/06\/Scenic_view_Falesia.jpg?resize=350%2C350&amp;ssl=1 350w, https:\/\/i0.wp.com\/becooltravel.com\/wp-content\/uploads\/sites\/5\/2020\/06\/Scenic_view_Falesia.jpg?resize=300%2C300&amp;ssl=1 300w, https:\/\/i0.wp.com\/becooltravel.com\/wp-content\/uploads\/sites\/5\/2020\/06\/Scenic_view_Falesia.jpg?zoom=2&amp;resize=300%2C300&amp;ssl=1 600w, https:\/\/i0.wp.com\/becooltravel.com\/wp-content\/uploads\/sites\/5\/2020\/06\/Scenic_view_Falesia.jpg?zoom=3&amp;resize=300%2C300&amp;ssl=1 900w\" sizes=\"(max-width: 300px) 100vw, 300px\" \/><\/a>\n\t\t\t<div class=\"product-add-to-cart\" data-nectar-quickview=\"true\"><a href=\"https:\/\/becooltravel.com\/fr\/produit\/profitez-vilamoura-6700pk\/\" aria-describedby=\"woocommerce_loop_add_to_cart_link_describedby_5165\" data-quantity=\"1\" class=\"button product_type_simple\" data-product_id=\"5165\" data-product_sku=\"\" aria-label=\"En savoir plus sur \u201cEnjoy Vilamoura\u201d\" rel=\"nofollow\" data-success_message=\"\" data-no-translation=\"\" data-trp-gettext=\"\" data-no-translation-aria-label=\"\">Lire la suite<\/a>\t<span id=\"woocommerce_loop_add_to_cart_link_describedby_5165\" class=\"screen-reader-text\">\n\t\t\t<\/span>\n<a class=\"nectar_quick_view no-ajaxy button\" data-product-id=\"5165\"> <i class=\"normal icon-salient-m-eye\"><\/i>\n\t    <span>Aper\u00e7u rapide<\/span><\/a><\/div>\t\t   <\/div>\n\t\t\t\t\n\t  \n\n\t\t<h2 class=\"woocommerce-loop-product__title\">Profitez de Vilamoura<\/h2><h3>Pack vacances<\/h3><p class=\"product-duration\"><strong>Dur\u00e9e:<\/strong> 6 jours \/ 5 nuits<\/p><p class=\"product-duration availability\"><strong>Disponibilit\u00e9:<\/strong> Janvier - d\u00e9cembre<\/p>\n<a href=\"https:\/\/becooltravel.com\/fr\/produit\/profitez-vilamoura-6700pk\/\" class=\"price\">Demande de prix<\/a>\n\t\n\n\t\n<\/li>\n\t<li class=\"classic product type-product post-3734 status-publish last instock product_cat-escape-4-days-tour-portugal product_cat-holiday-packs-tours-portugal product_tag-albufeira product_tag-algarve product_tag-autumn product_tag-bars product_tag-beaches-of-albufeira product_tag-blue-beaches product_tag-escape product_tag-gastronomy product_tag-holidays product_tag-portugal product_tag-relax product_tag-sightseeing product_tag-spring product_tag-summer product_tag-sun-and-beach product_tag-sunny-days product_tag-vacations product_tag-winter has-post-thumbnail virtual product-type-simple\" >\n\n\n\t\n\n\t\t\t   <div class=\"product-wrap\">\n\t\t\t<a href=\"https:\/\/becooltravel.com\/fr\/produit\/evasion-a-albufeira-4-jours-4100pk\/\" aria-label=\"\u00c9vadez-vous \u00e0 Albufeira\"><img decoding=\"async\" width=\"300\" height=\"300\" src=\"https:\/\/i0.wp.com\/becooltravel.com\/wp-content\/uploads\/sites\/5\/2020\/05\/Albufeira_beach.jpg?resize=300%2C300&amp;ssl=1\" class=\"attachment-woocommerce_thumbnail size-woocommerce_thumbnail\" alt=\"Vacances \u00e0 Albufeira\" srcset=\"https:\/\/i0.wp.com\/becooltravel.com\/wp-content\/uploads\/sites\/5\/2020\/05\/Albufeira_beach.jpg?resize=150%2C150&amp;ssl=1 150w, https:\/\/i0.wp.com\/becooltravel.com\/wp-content\/uploads\/sites\/5\/2020\/05\/Albufeira_beach.jpg?resize=100%2C100&amp;ssl=1 100w, https:\/\/i0.wp.com\/becooltravel.com\/wp-content\/uploads\/sites\/5\/2020\/05\/Albufeira_beach.jpg?resize=140%2C140&amp;ssl=1 140w, https:\/\/i0.wp.com\/becooltravel.com\/wp-content\/uploads\/sites\/5\/2020\/05\/Albufeira_beach.jpg?resize=500%2C500&amp;ssl=1 500w, https:\/\/i0.wp.com\/becooltravel.com\/wp-content\/uploads\/sites\/5\/2020\/05\/Albufeira_beach.jpg?resize=350%2C350&amp;ssl=1 350w, https:\/\/i0.wp.com\/becooltravel.com\/wp-content\/uploads\/sites\/5\/2020\/05\/Albufeira_beach.jpg?resize=800%2C800&amp;ssl=1 800w, https:\/\/i0.wp.com\/becooltravel.com\/wp-content\/uploads\/sites\/5\/2020\/05\/Albufeira_beach.jpg?resize=300%2C300&amp;ssl=1 300w, https:\/\/i0.wp.com\/becooltravel.com\/wp-content\/uploads\/sites\/5\/2020\/05\/Albufeira_beach.jpg?zoom=2&amp;resize=300%2C300&amp;ssl=1 600w, https:\/\/i0.wp.com\/becooltravel.com\/wp-content\/uploads\/sites\/5\/2020\/05\/Albufeira_beach.jpg?zoom=3&amp;resize=300%2C300&amp;ssl=1 900w\" sizes=\"(max-width: 300px) 100vw, 300px\" \/><\/a>\n\t\t\t<div class=\"product-add-to-cart\" data-nectar-quickview=\"true\"><a href=\"https:\/\/becooltravel.com\/fr\/produit\/evasion-a-albufeira-4-jours-4100pk\/\" aria-describedby=\"woocommerce_loop_add_to_cart_link_describedby_3734\" data-quantity=\"1\" class=\"button product_type_simple\" data-product_id=\"3734\" data-product_sku=\"\" aria-label=\"En savoir plus sur \u201cEscape to Albufeira\u201d\" rel=\"nofollow\" data-success_message=\"\" data-no-translation=\"\" data-trp-gettext=\"\" data-no-translation-aria-label=\"\">Lire la suite<\/a>\t<span id=\"woocommerce_loop_add_to_cart_link_describedby_3734\" class=\"screen-reader-text\">\n\t\t\t<\/span>\n<a class=\"nectar_quick_view no-ajaxy button\" data-product-id=\"3734\"> <i class=\"normal icon-salient-m-eye\"><\/i>\n\t    <span>Aper\u00e7u rapide<\/span><\/a><\/div>\t\t   <\/div>\n\t\t\t\t\n\t  \n\n\t\t<h2 class=\"woocommerce-loop-product__title\">\u00c9vadez-vous \u00e0 Albufeira<\/h2><h3>Pack vacances<\/h3><p class=\"product-duration\"><strong>Dur\u00e9e:<\/strong> 4 jours \/ 3 nuits<\/p><p class=\"product-duration availability\"><strong>Disponibilit\u00e9:<\/strong> Janvier - d\u00e9cembre<\/p>\n<a href=\"https:\/\/becooltravel.com\/fr\/produit\/evasion-a-albufeira-4-jours-4100pk\/\" class=\"price\">Demande de prix<\/a>\n\t\n\n\t\n<\/li>\n\t<li class=\"classic product type-product post-4441 status-publish first instock product_cat-escape-4-days-tour-portugal product_cat-holiday-packs-tours-portugal product_tag-albufeira product_tag-algarve product_tag-beaches product_tag-coastal-algarve product_tag-east-algarve product_tag-escape product_tag-europe product_tag-relax product_tag-summer product_tag-sun-and-beach product_tag-sunny-days product_tag-tourist-destination product_tag-vacations has-post-thumbnail virtual product-type-simple\" >\n\n\n\t\n\n\t\t\t   <div class=\"product-wrap\">\n\t\t\t<a href=\"https:\/\/becooltravel.com\/fr\/produit\/evasion-a-albufeira-sun-beach-4-jours-4101pk\/\" aria-label=\"\u00c9vadez-vous \u00e0 Albufeira\"><img decoding=\"async\" width=\"300\" height=\"300\" src=\"https:\/\/i0.wp.com\/becooltravel.com\/wp-content\/uploads\/sites\/5\/2020\/05\/praia-oura-albufeira.jpg?resize=300%2C300&amp;ssl=1\" class=\"attachment-woocommerce_thumbnail size-woocommerce_thumbnail\" alt=\"Vacances \u00e0 Albufeira\" srcset=\"https:\/\/i0.wp.com\/becooltravel.com\/wp-content\/uploads\/sites\/5\/2020\/05\/praia-oura-albufeira.jpg?resize=150%2C150&amp;ssl=1 150w, https:\/\/i0.wp.com\/becooltravel.com\/wp-content\/uploads\/sites\/5\/2020\/05\/praia-oura-albufeira.jpg?resize=100%2C100&amp;ssl=1 100w, https:\/\/i0.wp.com\/becooltravel.com\/wp-content\/uploads\/sites\/5\/2020\/05\/praia-oura-albufeira.jpg?resize=140%2C140&amp;ssl=1 140w, https:\/\/i0.wp.com\/becooltravel.com\/wp-content\/uploads\/sites\/5\/2020\/05\/praia-oura-albufeira.jpg?resize=500%2C500&amp;ssl=1 500w, https:\/\/i0.wp.com\/becooltravel.com\/wp-content\/uploads\/sites\/5\/2020\/05\/praia-oura-albufeira.jpg?resize=350%2C350&amp;ssl=1 350w, https:\/\/i0.wp.com\/becooltravel.com\/wp-content\/uploads\/sites\/5\/2020\/05\/praia-oura-albufeira.jpg?resize=300%2C300&amp;ssl=1 300w, https:\/\/i0.wp.com\/becooltravel.com\/wp-content\/uploads\/sites\/5\/2020\/05\/praia-oura-albufeira.jpg?zoom=2&amp;resize=300%2C300&amp;ssl=1 600w, https:\/\/i0.wp.com\/becooltravel.com\/wp-content\/uploads\/sites\/5\/2020\/05\/praia-oura-albufeira.jpg?zoom=3&amp;resize=300%2C300&amp;ssl=1 900w\" sizes=\"(max-width: 300px) 100vw, 300px\" \/><\/a>\n\t\t\t<div class=\"product-add-to-cart\" data-nectar-quickview=\"true\"><a href=\"https:\/\/becooltravel.com\/fr\/produit\/evasion-a-albufeira-sun-beach-4-jours-4101pk\/\" aria-describedby=\"woocommerce_loop_add_to_cart_link_describedby_4441\" data-quantity=\"1\" class=\"button product_type_simple\" data-product_id=\"4441\" data-product_sku=\"\" aria-label=\"En savoir plus sur \u201cEscape to Albufeira\u201d\" rel=\"nofollow\" data-success_message=\"\" data-no-translation=\"\" data-trp-gettext=\"\" data-no-translation-aria-label=\"\">Lire la suite<\/a>\t<span id=\"woocommerce_loop_add_to_cart_link_describedby_4441\" class=\"screen-reader-text\">\n\t\t\t<\/span>\n<a class=\"nectar_quick_view no-ajaxy button\" data-product-id=\"4441\"> <i class=\"normal icon-salient-m-eye\"><\/i>\n\t    <span>Aper\u00e7u rapide<\/span><\/a><\/div>\t\t   <\/div>\n\t\t\t\t\n\t  \n\n\t\t<h2 class=\"woocommerce-loop-product__title\">\u00c9vadez-vous \u00e0 Albufeira<\/h2><h3>Pack vacances \u00e0 petit budget<\/h3><p class=\"product-duration\"><strong>Dur\u00e9e:<\/strong> 4 jours \/ 3 nuits<\/p><p class=\"product-duration availability\"><strong>Disponibilit\u00e9:<\/strong> Janvier - d\u00e9cembre<\/p>\n<a href=\"https:\/\/becooltravel.com\/fr\/produit\/evasion-a-albufeira-sun-beach-4-jours-4101pk\/\" class=\"price\">Demande de prix<\/a>\n\t\n\n\t\n<\/li>\n\t<li class=\"classic product type-product post-4442 status-publish instock product_cat-escape-4-days-tour-portugal product_cat-holiday-packs-tours-portugal product_tag-albufeira product_tag-algarve product_tag-beaches product_tag-europe product_tag-gastronomy product_tag-natural-scenery product_tag-portugal-great-food-and-wine product_tag-spring product_tag-sun-and-beach product_tag-sunny-days product_tag-vacations product_tag-wild-flowers product_tag-winter has-post-thumbnail virtual product-type-simple\" >\n\n\n\t\n\n\t\t\t   <div class=\"product-wrap\">\n\t\t\t<a href=\"https:\/\/becooltravel.com\/fr\/produit\/escape-to-albufeira-sun-beach-4-days-4102pk\/\" aria-label=\"\u00c9vadez-vous \u00e0 Albufeira\"><img decoding=\"async\" width=\"300\" height=\"300\" src=\"https:\/\/i0.wp.com\/becooltravel.com\/wp-content\/uploads\/sites\/5\/2020\/05\/Albufeira_bluocean.jpg?resize=300%2C300&amp;ssl=1\" class=\"attachment-woocommerce_thumbnail size-woocommerce_thumbnail\" alt=\"Vacances \u00e0 Albufeira\" srcset=\"https:\/\/i0.wp.com\/becooltravel.com\/wp-content\/uploads\/sites\/5\/2020\/05\/Albufeira_bluocean.jpg?resize=150%2C150&amp;ssl=1 150w, https:\/\/i0.wp.com\/becooltravel.com\/wp-content\/uploads\/sites\/5\/2020\/05\/Albufeira_bluocean.jpg?resize=100%2C100&amp;ssl=1 100w, https:\/\/i0.wp.com\/becooltravel.com\/wp-content\/uploads\/sites\/5\/2020\/05\/Albufeira_bluocean.jpg?resize=140%2C140&amp;ssl=1 140w, https:\/\/i0.wp.com\/becooltravel.com\/wp-content\/uploads\/sites\/5\/2020\/05\/Albufeira_bluocean.jpg?resize=500%2C500&amp;ssl=1 500w, https:\/\/i0.wp.com\/becooltravel.com\/wp-content\/uploads\/sites\/5\/2020\/05\/Albufeira_bluocean.jpg?resize=350%2C350&amp;ssl=1 350w, https:\/\/i0.wp.com\/becooltravel.com\/wp-content\/uploads\/sites\/5\/2020\/05\/Albufeira_bluocean.jpg?resize=300%2C300&amp;ssl=1 300w, https:\/\/i0.wp.com\/becooltravel.com\/wp-content\/uploads\/sites\/5\/2020\/05\/Albufeira_bluocean.jpg?zoom=2&amp;resize=300%2C300&amp;ssl=1 600w, https:\/\/i0.wp.com\/becooltravel.com\/wp-content\/uploads\/sites\/5\/2020\/05\/Albufeira_bluocean.jpg?zoom=3&amp;resize=300%2C300&amp;ssl=1 900w\" sizes=\"(max-width: 300px) 100vw, 300px\" \/><\/a>\n\t\t\t<div class=\"product-add-to-cart\" data-nectar-quickview=\"true\"><a href=\"https:\/\/becooltravel.com\/fr\/produit\/escape-to-albufeira-sun-beach-4-days-4102pk\/\" aria-describedby=\"woocommerce_loop_add_to_cart_link_describedby_4442\" data-quantity=\"1\" class=\"button product_type_simple\" data-product_id=\"4442\" data-product_sku=\"\" aria-label=\"En savoir plus sur \u201cEscape to Albufeira\u201d\" rel=\"nofollow\" data-success_message=\"\" data-no-translation=\"\" data-trp-gettext=\"\" data-no-translation-aria-label=\"\">Lire la suite<\/a>\t<span id=\"woocommerce_loop_add_to_cart_link_describedby_4442\" class=\"screen-reader-text\">\n\t\t\t<\/span>\n<a class=\"nectar_quick_view no-ajaxy button\" data-product-id=\"4442\"> <i class=\"normal icon-salient-m-eye\"><\/i>\n\t    <span>Aper\u00e7u rapide<\/span><\/a><\/div>\t\t   <\/div>\n\t\t\t\t\n\t  \n\n\t\t<h2 class=\"woocommerce-loop-product__title\">\u00c9vadez-vous \u00e0 Albufeira<\/h2><h3>Pack vacances premium <\/h3><p class=\"product-duration\"><strong>Dur\u00e9e:<\/strong> 4 jours \/ 3 nuits<\/p><p class=\"product-duration availability\"><strong>Disponibilit\u00e9:<\/strong> Janvier - d\u00e9cembre<\/p>\n<a href=\"https:\/\/becooltravel.com\/fr\/produit\/escape-to-albufeira-sun-beach-4-days-4102pk\/\" class=\"price\">Demande de prix<\/a>\n\t\n\n\t\n<\/li>\n\t<li class=\"classic product type-product post-5374 status-publish instock product_cat-escape-4-days-tour-portugal product_cat-holiday-packs-tours-portugal product_tag-4-days-tour product_tag-activities-algarve product_tag-algarve product_tag-algarve-coast product_tag-algarve-east-cost product_tag-algarve-sightseeing-tours product_tag-ayamonte product_tag-casino product_tag-castro-marim product_tag-coastal-east-algarve product_tag-cultural-heritage product_tag-east-algarve product_tag-escape product_tag-gastronomy-and-wines product_tag-holidays product_tag-local-gastronomy product_tag-monte-gordo product_tag-monte-gordos-glorious-beach product_tag-old-town product_tag-ria-formosa-natural-park product_tag-sandy-beach product_tag-sightseeing product_tag-spring product_tag-summer product_tag-sun-beach product_tag-sunny-days product_tag-vila-real-de-santo-antonio product_tag-vila-real-sto-antonio has-post-thumbnail virtual product-type-simple\" >\n\n\n\t\n\n\t\t\t   <div class=\"product-wrap\">\n\t\t\t<a href=\"https:\/\/becooltravel.com\/fr\/produit\/escape-to-monte-gordo-4500pk\/\" aria-label=\"\u00c9vadez-vous \u00e0 Monte Gordo\"><img decoding=\"async\" width=\"300\" height=\"300\" src=\"https:\/\/i0.wp.com\/becooltravel.com\/wp-content\/uploads\/sites\/5\/2020\/06\/monte_gordo_beach.jpg?resize=300%2C300&amp;ssl=1\" class=\"attachment-woocommerce_thumbnail size-woocommerce_thumbnail\" alt=\"Le plus s\u00fbr de l&#039;Algarve\" srcset=\"https:\/\/i0.wp.com\/becooltravel.com\/wp-content\/uploads\/sites\/5\/2020\/06\/monte_gordo_beach.jpg?resize=150%2C150&amp;ssl=1 150w, https:\/\/i0.wp.com\/becooltravel.com\/wp-content\/uploads\/sites\/5\/2020\/06\/monte_gordo_beach.jpg?resize=100%2C100&amp;ssl=1 100w, https:\/\/i0.wp.com\/becooltravel.com\/wp-content\/uploads\/sites\/5\/2020\/06\/monte_gordo_beach.jpg?resize=140%2C140&amp;ssl=1 140w, https:\/\/i0.wp.com\/becooltravel.com\/wp-content\/uploads\/sites\/5\/2020\/06\/monte_gordo_beach.jpg?resize=500%2C500&amp;ssl=1 500w, https:\/\/i0.wp.com\/becooltravel.com\/wp-content\/uploads\/sites\/5\/2020\/06\/monte_gordo_beach.jpg?resize=350%2C350&amp;ssl=1 350w, https:\/\/i0.wp.com\/becooltravel.com\/wp-content\/uploads\/sites\/5\/2020\/06\/monte_gordo_beach.jpg?resize=800%2C800&amp;ssl=1 800w, https:\/\/i0.wp.com\/becooltravel.com\/wp-content\/uploads\/sites\/5\/2020\/06\/monte_gordo_beach.jpg?resize=300%2C300&amp;ssl=1 300w, https:\/\/i0.wp.com\/becooltravel.com\/wp-content\/uploads\/sites\/5\/2020\/06\/monte_gordo_beach.jpg?zoom=2&amp;resize=300%2C300&amp;ssl=1 600w, https:\/\/i0.wp.com\/becooltravel.com\/wp-content\/uploads\/sites\/5\/2020\/06\/monte_gordo_beach.jpg?zoom=3&amp;resize=300%2C300&amp;ssl=1 900w\" sizes=\"(max-width: 300px) 100vw, 300px\" \/><\/a>\n\t\t\t<div class=\"product-add-to-cart\" data-nectar-quickview=\"true\"><a href=\"https:\/\/becooltravel.com\/fr\/produit\/escape-to-monte-gordo-4500pk\/\" aria-describedby=\"woocommerce_loop_add_to_cart_link_describedby_5374\" data-quantity=\"1\" class=\"button product_type_simple\" data-product_id=\"5374\" data-product_sku=\"\" aria-label=\"En savoir plus sur \u201cEscape to Monte Gordo\u201d\" rel=\"nofollow\" data-success_message=\"\" data-no-translation=\"\" data-trp-gettext=\"\" data-no-translation-aria-label=\"\">Lire la suite<\/a>\t<span id=\"woocommerce_loop_add_to_cart_link_describedby_5374\" class=\"screen-reader-text\">\n\t\t\t<\/span>\n<a class=\"nectar_quick_view no-ajaxy button\" data-product-id=\"5374\"> <i class=\"normal icon-salient-m-eye\"><\/i>\n\t    <span>Aper\u00e7u rapide<\/span><\/a><\/div>\t\t   <\/div>\n\t\t\t\t\n\t  \n\n\t\t<h2 class=\"woocommerce-loop-product__title\">\u00c9vadez-vous \u00e0 Monte Gordo<\/h2><h3>Pack vacances<\/h3><p class=\"product-duration\"><strong>Dur\u00e9e:<\/strong> 4 jours \/ 3 nuits<\/p><p class=\"product-duration availability\"><strong>Disponibilit\u00e9:<\/strong> Janvier - d\u00e9cembre<\/p>\n<a href=\"https:\/\/becooltravel.com\/fr\/produit\/escape-to-monte-gordo-4500pk\/\" class=\"price\">Demande de prix<\/a>\n\t\n\n\t\n<\/li>\n\t<li class=\"classic product type-product post-5141 status-publish last instock product_cat-escape-4-days-tour-portugal product_cat-holiday-packs-tours-portugal product_tag-4-days-tour product_tag-algarve product_tag-alvor product_tag-alvor-estuary product_tag-cultural-heritage product_tag-family-holidays product_tag-gastronomy product_tag-gastronomy-and-wines product_tag-historic product_tag-history-and-heritage product_tag-holiday product_tag-holidays product_tag-holidays-in-the-algarve product_tag-lagos product_tag-monchique product_tag-night product_tag-portimao product_tag-praia-da-rocha product_tag-ria-de-alvor product_tag-sandy-beach product_tag-sightseeing product_tag-silves product_tag-spring product_tag-summer product_tag-sun-beach product_tag-sunny-days has-post-thumbnail virtual product-type-simple\" >\n\n\n\t\n\n\t\t\t   <div class=\"product-wrap\">\n\t\t\t<a href=\"https:\/\/becooltravel.com\/fr\/produit\/evasion-a-praia-da-rocha-4600pk-2\/\" aria-label=\"\u00c9vadez-vous \u00e0 Praia Da Rocha\"><img decoding=\"async\" width=\"300\" height=\"300\" src=\"https:\/\/i0.wp.com\/becooltravel.com\/wp-content\/uploads\/sites\/5\/2020\/06\/Praia_Rocha.jpg?resize=300%2C300&amp;ssl=1\" class=\"attachment-woocommerce_thumbnail size-woocommerce_thumbnail\" alt=\"La vaste bande de sable de Praia da Rocha\" srcset=\"https:\/\/i0.wp.com\/becooltravel.com\/wp-content\/uploads\/sites\/5\/2020\/06\/Praia_Rocha.jpg?resize=150%2C150&amp;ssl=1 150w, https:\/\/i0.wp.com\/becooltravel.com\/wp-content\/uploads\/sites\/5\/2020\/06\/Praia_Rocha.jpg?resize=100%2C100&amp;ssl=1 100w, https:\/\/i0.wp.com\/becooltravel.com\/wp-content\/uploads\/sites\/5\/2020\/06\/Praia_Rocha.jpg?resize=140%2C140&amp;ssl=1 140w, https:\/\/i0.wp.com\/becooltravel.com\/wp-content\/uploads\/sites\/5\/2020\/06\/Praia_Rocha.jpg?resize=500%2C500&amp;ssl=1 500w, https:\/\/i0.wp.com\/becooltravel.com\/wp-content\/uploads\/sites\/5\/2020\/06\/Praia_Rocha.jpg?resize=350%2C350&amp;ssl=1 350w, https:\/\/i0.wp.com\/becooltravel.com\/wp-content\/uploads\/sites\/5\/2020\/06\/Praia_Rocha.jpg?resize=300%2C300&amp;ssl=1 300w, https:\/\/i0.wp.com\/becooltravel.com\/wp-content\/uploads\/sites\/5\/2020\/06\/Praia_Rocha.jpg?zoom=2&amp;resize=300%2C300&amp;ssl=1 600w, https:\/\/i0.wp.com\/becooltravel.com\/wp-content\/uploads\/sites\/5\/2020\/06\/Praia_Rocha.jpg?zoom=3&amp;resize=300%2C300&amp;ssl=1 900w\" sizes=\"(max-width: 300px) 100vw, 300px\" \/><\/a>\n\t\t\t<div class=\"product-add-to-cart\" data-nectar-quickview=\"true\"><a href=\"https:\/\/becooltravel.com\/contact\/\" target=\"_blank\" class=\"button add_to_cart_button\">Contactez-nous<\/a>\t<span id=\"woocommerce_loop_add_to_cart_link_describedby_5141\" class=\"screen-reader-text\">\n\t\t\t<\/span>\n<a class=\"nectar_quick_view no-ajaxy button\" data-product-id=\"5141\"> <i class=\"normal icon-salient-m-eye\"><\/i>\n\t    <span>Aper\u00e7u rapide<\/span><\/a><\/div>\t\t   <\/div>\n\t\t\t\t\n\t  \n\n\t\t<h2 class=\"woocommerce-loop-product__title\">\u00c9vadez-vous \u00e0 Praia Da Rocha<\/h2><h3>Pack vacances<\/h3><p class=\"product-duration\"><strong>Dur\u00e9e:<\/strong> 4 jours \/ 3 nuits<\/p><p class=\"product-duration availability\"><strong>Disponibilit\u00e9:<\/strong> Janvier - d\u00e9cembre<\/p>\n<a href=\"https:\/\/becooltravel.com\/fr\/produit\/evasion-a-praia-da-rocha-4600pk-2\/\" class=\"price\">Demande de prix<\/a>\n\t\n\n\t\n<\/li>\n\t<li class=\"classic product type-product post-3732 status-publish first instock product_cat-escape-4-days-tour-portugal product_cat-holiday-packs-tours-portugal product_tag-4-days-tour product_tag-algarve product_tag-birdwatching product_tag-east-algarve product_tag-holidays product_tag-island-of-tavira product_tag-medieval-castle-of-tavira product_tag-old-town product_tag-ria-formosa-natural-park product_tag-sandy-beach product_tag-sightseeing product_tag-spoonbills product_tag-spring product_tag-summer product_tag-sun-beach product_tag-sunny-days product_tag-tavira product_tag-tavira-island has-post-thumbnail virtual product-type-simple\" >\n\n\n\t\n\n\t\t\t   <div class=\"product-wrap\">\n\t\t\t<a href=\"https:\/\/becooltravel.com\/fr\/produit\/escape-to-tavira-4-days-4300pk\/\" aria-label=\"\u00c9vadez-vous \u00e0 Tavira\"><img decoding=\"async\" width=\"300\" height=\"300\" src=\"https:\/\/i0.wp.com\/becooltravel.com\/wp-content\/uploads\/sites\/5\/2020\/05\/Roman-bridge-in-Tavira-Venice-of-Algarve-2.jpg?resize=300%2C300&amp;ssl=1\" class=\"attachment-woocommerce_thumbnail size-woocommerce_thumbnail\" alt=\"Tavira, ville c\u00f4ti\u00e8re paisible de l&#039;est de l&#039;Algarve.\" srcset=\"https:\/\/i0.wp.com\/becooltravel.com\/wp-content\/uploads\/sites\/5\/2020\/05\/Roman-bridge-in-Tavira-Venice-of-Algarve-2.jpg?resize=150%2C150&amp;ssl=1 150w, https:\/\/i0.wp.com\/becooltravel.com\/wp-content\/uploads\/sites\/5\/2020\/05\/Roman-bridge-in-Tavira-Venice-of-Algarve-2.jpg?resize=100%2C100&amp;ssl=1 100w, https:\/\/i0.wp.com\/becooltravel.com\/wp-content\/uploads\/sites\/5\/2020\/05\/Roman-bridge-in-Tavira-Venice-of-Algarve-2.jpg?resize=140%2C140&amp;ssl=1 140w, https:\/\/i0.wp.com\/becooltravel.com\/wp-content\/uploads\/sites\/5\/2020\/05\/Roman-bridge-in-Tavira-Venice-of-Algarve-2.jpg?resize=500%2C500&amp;ssl=1 500w, https:\/\/i0.wp.com\/becooltravel.com\/wp-content\/uploads\/sites\/5\/2020\/05\/Roman-bridge-in-Tavira-Venice-of-Algarve-2.jpg?resize=350%2C350&amp;ssl=1 350w, https:\/\/i0.wp.com\/becooltravel.com\/wp-content\/uploads\/sites\/5\/2020\/05\/Roman-bridge-in-Tavira-Venice-of-Algarve-2.jpg?resize=800%2C800&amp;ssl=1 800w, https:\/\/i0.wp.com\/becooltravel.com\/wp-content\/uploads\/sites\/5\/2020\/05\/Roman-bridge-in-Tavira-Venice-of-Algarve-2.jpg?resize=300%2C300&amp;ssl=1 300w, https:\/\/i0.wp.com\/becooltravel.com\/wp-content\/uploads\/sites\/5\/2020\/05\/Roman-bridge-in-Tavira-Venice-of-Algarve-2.jpg?zoom=2&amp;resize=300%2C300&amp;ssl=1 600w, https:\/\/i0.wp.com\/becooltravel.com\/wp-content\/uploads\/sites\/5\/2020\/05\/Roman-bridge-in-Tavira-Venice-of-Algarve-2.jpg?zoom=3&amp;resize=300%2C300&amp;ssl=1 900w\" sizes=\"(max-width: 300px) 100vw, 300px\" \/><\/a>\n\t\t\t<div class=\"product-add-to-cart\" data-nectar-quickview=\"true\"><a href=\"https:\/\/becooltravel.com\/fr\/produit\/escape-to-tavira-4-days-4300pk\/\" aria-describedby=\"woocommerce_loop_add_to_cart_link_describedby_3732\" data-quantity=\"1\" class=\"button product_type_simple\" data-product_id=\"3732\" data-product_sku=\"\" aria-label=\"En savoir plus sur \u201cEscape to Tavira\u201d\" rel=\"nofollow\" data-success_message=\"\" data-no-translation=\"\" data-trp-gettext=\"\" data-no-translation-aria-label=\"\">Lire la suite<\/a>\t<span id=\"woocommerce_loop_add_to_cart_link_describedby_3732\" class=\"screen-reader-text\">\n\t\t\t<\/span>\n<a class=\"nectar_quick_view no-ajaxy button\" data-product-id=\"3732\"> <i class=\"normal icon-salient-m-eye\"><\/i>\n\t    <span>Aper\u00e7u rapide<\/span><\/a><\/div>\t\t   <\/div>\n\t\t\t\t\n\t  \n\n\t\t<h2 class=\"woocommerce-loop-product__title\">\u00c9vadez-vous \u00e0 Tavira<\/h2><h3>Pack vacances<\/h3><p class=\"product-duration\"><strong>Dur\u00e9e:<\/strong> 4 jours \/ 3 nuits<\/p><p class=\"product-duration availability\"><strong>Disponibilit\u00e9:<\/strong> Janvier - d\u00e9cembre<\/p>\n<a href=\"https:\/\/becooltravel.com\/fr\/produit\/escape-to-tavira-4-days-4300pk\/\" class=\"price\">Demande de prix<\/a>\n\t\n\n\t\n<\/li>\n\t<li class=\"classic product type-product post-5164 status-publish instock product_cat-escape-4-days-tour-portugal product_cat-holiday-packs-tours-portugal product_tag-4-days-tour product_tag-algarve product_tag-cultural-heritage product_tag-gastronomy product_tag-gastronomy-and-wines product_tag-historic product_tag-history-and-heritage product_tag-holidays product_tag-lagos product_tag-night product_tag-praia-da-falesia product_tag-sandy-beach product_tag-sightseeing product_tag-silves product_tag-spring product_tag-summer product_tag-sun-beach product_tag-sunny-days product_tag-vilamoura product_tag-wildlife product_tag-wildlife-algarve has-post-thumbnail virtual product-type-simple\" >\n\n\n\t\n\n\t\t\t   <div class=\"product-wrap\">\n\t\t\t<a href=\"https:\/\/becooltravel.com\/fr\/produit\/evasion-a-vilamoura-4700pk\/\" aria-label=\"\u00c9vadez-vous \u00e0 Vilamoura\"><img decoding=\"async\" width=\"300\" height=\"300\" src=\"https:\/\/i0.wp.com\/becooltravel.com\/wp-content\/uploads\/sites\/5\/2020\/06\/beach_vilamoura_holidays.jpg?resize=300%2C300&amp;ssl=1\" class=\"attachment-woocommerce_thumbnail size-woocommerce_thumbnail\" alt=\"Vilamoura est une station baln\u00e9aire glamour\" srcset=\"https:\/\/i0.wp.com\/becooltravel.com\/wp-content\/uploads\/sites\/5\/2020\/06\/beach_vilamoura_holidays.jpg?resize=150%2C150&amp;ssl=1 150w, https:\/\/i0.wp.com\/becooltravel.com\/wp-content\/uploads\/sites\/5\/2020\/06\/beach_vilamoura_holidays.jpg?resize=100%2C100&amp;ssl=1 100w, https:\/\/i0.wp.com\/becooltravel.com\/wp-content\/uploads\/sites\/5\/2020\/06\/beach_vilamoura_holidays.jpg?resize=140%2C140&amp;ssl=1 140w, https:\/\/i0.wp.com\/becooltravel.com\/wp-content\/uploads\/sites\/5\/2020\/06\/beach_vilamoura_holidays.jpg?resize=500%2C500&amp;ssl=1 500w, https:\/\/i0.wp.com\/becooltravel.com\/wp-content\/uploads\/sites\/5\/2020\/06\/beach_vilamoura_holidays.jpg?resize=350%2C350&amp;ssl=1 350w, https:\/\/i0.wp.com\/becooltravel.com\/wp-content\/uploads\/sites\/5\/2020\/06\/beach_vilamoura_holidays.jpg?resize=800%2C800&amp;ssl=1 800w, https:\/\/i0.wp.com\/becooltravel.com\/wp-content\/uploads\/sites\/5\/2020\/06\/beach_vilamoura_holidays.jpg?resize=300%2C300&amp;ssl=1 300w, https:\/\/i0.wp.com\/becooltravel.com\/wp-content\/uploads\/sites\/5\/2020\/06\/beach_vilamoura_holidays.jpg?zoom=2&amp;resize=300%2C300&amp;ssl=1 600w, https:\/\/i0.wp.com\/becooltravel.com\/wp-content\/uploads\/sites\/5\/2020\/06\/beach_vilamoura_holidays.jpg?zoom=3&amp;resize=300%2C300&amp;ssl=1 900w\" sizes=\"(max-width: 300px) 100vw, 300px\" \/><\/a>\n\t\t\t<div class=\"product-add-to-cart\" data-nectar-quickview=\"true\"><a href=\"https:\/\/becooltravel.com\/fr\/produit\/evasion-a-vilamoura-4700pk\/\" aria-describedby=\"woocommerce_loop_add_to_cart_link_describedby_5164\" data-quantity=\"1\" class=\"button product_type_simple\" data-product_id=\"5164\" data-product_sku=\"\" aria-label=\"En savoir plus sur \u201cEscape to Vilamoura\u201d\" rel=\"nofollow\" data-success_message=\"\" data-no-translation=\"\" data-trp-gettext=\"\" data-no-translation-aria-label=\"\">Lire la suite<\/a>\t<span id=\"woocommerce_loop_add_to_cart_link_describedby_5164\" class=\"screen-reader-text\">\n\t\t\t<\/span>\n<a class=\"nectar_quick_view no-ajaxy button\" data-product-id=\"5164\"> <i class=\"normal icon-salient-m-eye\"><\/i>\n\t    <span>Aper\u00e7u rapide<\/span><\/a><\/div>\t\t   <\/div>\n\t\t\t\t\n\t  \n\n\t\t<h2 class=\"woocommerce-loop-product__title\">\u00c9vadez-vous \u00e0 Vilamoura<\/h2><h3>Pack vacances<\/h3><p class=\"product-duration\"><strong>Dur\u00e9e:<\/strong> 4 jours \/ 3 nuits<\/p><p class=\"product-duration availability\"><strong>Disponibilit\u00e9:<\/strong> Janvier - d\u00e9cembre<\/p>\n<a href=\"https:\/\/becooltravel.com\/fr\/produit\/evasion-a-vilamoura-4700pk\/\" class=\"price\">Demande de prix<\/a>\n\t\n\n\t\n<\/li>\n\t<li class=\"classic product type-product post-3725 status-publish instock product_cat-explore-11-days-tour-portugal product_cat-holiday-packs-tours-portugal product_tag-albufeira-beautiful-historic-centre product_tag-algarve product_tag-beaches-of-albufeira product_tag-beautiful-beaches-algarve product_tag-caves product_tag-coastal-algarve product_tag-east-algarve product_tag-holidays product_tag-natural-scenery product_tag-night product_tag-number-one-tourist-destination-in-the-algarve product_tag-portugal product_tag-portugal-great-food-and-wine product_tag-relaxation-albufeira product_tag-self-catering-hotel-albufeira product_tag-sun-and-beach product_tag-the-number-one-tourist-destination product_tag-victoria-sports-beach-hotel product_tag-western-europe has-post-thumbnail virtual product-type-simple\" >\n\n\n\t\n\n\t\t\t   <div class=\"product-wrap\">\n\t\t\t<a href=\"https:\/\/becooltravel.com\/fr\/produit\/relax-in-tavira-8-days-8300pk-2\/\" aria-label=\"Explorez Albufeira\"><img decoding=\"async\" width=\"300\" height=\"300\" src=\"https:\/\/i0.wp.com\/becooltravel.com\/wp-content\/uploads\/sites\/5\/2020\/05\/Albufeira_bluocean.jpg?resize=300%2C300&amp;ssl=1\" class=\"attachment-woocommerce_thumbnail size-woocommerce_thumbnail\" alt=\"Vacances \u00e0 Albufeira\" srcset=\"https:\/\/i0.wp.com\/becooltravel.com\/wp-content\/uploads\/sites\/5\/2020\/05\/Albufeira_bluocean.jpg?resize=150%2C150&amp;ssl=1 150w, https:\/\/i0.wp.com\/becooltravel.com\/wp-content\/uploads\/sites\/5\/2020\/05\/Albufeira_bluocean.jpg?resize=100%2C100&amp;ssl=1 100w, https:\/\/i0.wp.com\/becooltravel.com\/wp-content\/uploads\/sites\/5\/2020\/05\/Albufeira_bluocean.jpg?resize=140%2C140&amp;ssl=1 140w, https:\/\/i0.wp.com\/becooltravel.com\/wp-content\/uploads\/sites\/5\/2020\/05\/Albufeira_bluocean.jpg?resize=500%2C500&amp;ssl=1 500w, https:\/\/i0.wp.com\/becooltravel.com\/wp-content\/uploads\/sites\/5\/2020\/05\/Albufeira_bluocean.jpg?resize=350%2C350&amp;ssl=1 350w, https:\/\/i0.wp.com\/becooltravel.com\/wp-content\/uploads\/sites\/5\/2020\/05\/Albufeira_bluocean.jpg?resize=300%2C300&amp;ssl=1 300w, https:\/\/i0.wp.com\/becooltravel.com\/wp-content\/uploads\/sites\/5\/2020\/05\/Albufeira_bluocean.jpg?zoom=2&amp;resize=300%2C300&amp;ssl=1 600w, https:\/\/i0.wp.com\/becooltravel.com\/wp-content\/uploads\/sites\/5\/2020\/05\/Albufeira_bluocean.jpg?zoom=3&amp;resize=300%2C300&amp;ssl=1 900w\" sizes=\"(max-width: 300px) 100vw, 300px\" \/><\/a>\n\t\t\t<div class=\"product-add-to-cart\" data-nectar-quickview=\"true\"><a href=\"https:\/\/becooltravel.com\/fr\/produit\/relax-in-tavira-8-days-8300pk-2\/\" aria-describedby=\"woocommerce_loop_add_to_cart_link_describedby_3725\" data-quantity=\"1\" class=\"button product_type_simple\" data-product_id=\"3725\" data-product_sku=\"\" aria-label=\"En savoir plus sur \u201cExplore Albufeira\u201d\" rel=\"nofollow\" data-success_message=\"\" data-no-translation=\"\" data-trp-gettext=\"\" data-no-translation-aria-label=\"\">Lire la suite<\/a>\t<span id=\"woocommerce_loop_add_to_cart_link_describedby_3725\" class=\"screen-reader-text\">\n\t\t\t<\/span>\n<a class=\"nectar_quick_view no-ajaxy button\" data-product-id=\"3725\"> <i class=\"normal icon-salient-m-eye\"><\/i>\n\t    <span>Aper\u00e7u rapide<\/span><\/a><\/div>\t\t   <\/div>\n\t\t\t\t\n\t  \n\n\t\t<h2 class=\"woocommerce-loop-product__title\">Explorez Albufeira<\/h2><h3>Pack vacances<\/h3><p class=\"product-duration\"><strong>Dur\u00e9e:<\/strong> 11 jours \/ 10 nuits<\/p><p class=\"product-duration availability\"><strong>Disponibilit\u00e9:<\/strong> Janvier - d\u00e9cembre<\/p>\n<a href=\"https:\/\/becooltravel.com\/fr\/produit\/relax-in-tavira-8-days-8300pk-2\/\" class=\"price\">Demande de prix<\/a>\n\t\n\n\t\n<\/li>\n\t<li class=\"classic product type-product post-4483 status-publish last instock product_cat-explore-11-days-tour-portugal product_cat-holiday-packs-tours-portugal has-post-thumbnail virtual product-type-simple\" >\n\n\n\t\n\n\t\t\t   <div class=\"product-wrap\">\n\t\t\t<a href=\"https:\/\/becooltravel.com\/fr\/produit\/explorer-albufeira-sun-beach-11-jours-11101pk\/\" aria-label=\"Explorez Albufeira\"><img decoding=\"async\" width=\"300\" height=\"300\" src=\"https:\/\/i0.wp.com\/becooltravel.com\/wp-content\/uploads\/sites\/5\/2020\/05\/FalesiaBeachBoardwalk.jpg?resize=300%2C300&amp;ssl=1\" class=\"attachment-woocommerce_thumbnail size-woocommerce_thumbnail\" alt=\"Vacances \u00e0 Albufeira\" srcset=\"https:\/\/i0.wp.com\/becooltravel.com\/wp-content\/uploads\/sites\/5\/2020\/05\/FalesiaBeachBoardwalk.jpg?resize=150%2C150&amp;ssl=1 150w, https:\/\/i0.wp.com\/becooltravel.com\/wp-content\/uploads\/sites\/5\/2020\/05\/FalesiaBeachBoardwalk.jpg?resize=100%2C100&amp;ssl=1 100w, https:\/\/i0.wp.com\/becooltravel.com\/wp-content\/uploads\/sites\/5\/2020\/05\/FalesiaBeachBoardwalk.jpg?resize=140%2C140&amp;ssl=1 140w, https:\/\/i0.wp.com\/becooltravel.com\/wp-content\/uploads\/sites\/5\/2020\/05\/FalesiaBeachBoardwalk.jpg?resize=500%2C500&amp;ssl=1 500w, https:\/\/i0.wp.com\/becooltravel.com\/wp-content\/uploads\/sites\/5\/2020\/05\/FalesiaBeachBoardwalk.jpg?resize=350%2C350&amp;ssl=1 350w, https:\/\/i0.wp.com\/becooltravel.com\/wp-content\/uploads\/sites\/5\/2020\/05\/FalesiaBeachBoardwalk.jpg?resize=800%2C800&amp;ssl=1 800w, https:\/\/i0.wp.com\/becooltravel.com\/wp-content\/uploads\/sites\/5\/2020\/05\/FalesiaBeachBoardwalk.jpg?resize=300%2C300&amp;ssl=1 300w, https:\/\/i0.wp.com\/becooltravel.com\/wp-content\/uploads\/sites\/5\/2020\/05\/FalesiaBeachBoardwalk.jpg?zoom=2&amp;resize=300%2C300&amp;ssl=1 600w, https:\/\/i0.wp.com\/becooltravel.com\/wp-content\/uploads\/sites\/5\/2020\/05\/FalesiaBeachBoardwalk.jpg?zoom=3&amp;resize=300%2C300&amp;ssl=1 900w\" sizes=\"(max-width: 300px) 100vw, 300px\" \/><\/a>\n\t\t\t<div class=\"product-add-to-cart\" data-nectar-quickview=\"true\"><a href=\"https:\/\/becooltravel.com\/fr\/produit\/explorer-albufeira-sun-beach-11-jours-11101pk\/\" aria-describedby=\"woocommerce_loop_add_to_cart_link_describedby_4483\" data-quantity=\"1\" class=\"button product_type_simple\" data-product_id=\"4483\" data-product_sku=\"\" aria-label=\"En savoir plus sur \u201cExplore Albufeira\u201d\" rel=\"nofollow\" data-success_message=\"\" data-no-translation=\"\" data-trp-gettext=\"\" data-no-translation-aria-label=\"\">Lire la suite<\/a>\t<span id=\"woocommerce_loop_add_to_cart_link_describedby_4483\" class=\"screen-reader-text\">\n\t\t\t<\/span>\n<a class=\"nectar_quick_view no-ajaxy button\" data-product-id=\"4483\"> <i class=\"normal icon-salient-m-eye\"><\/i>\n\t    <span>Aper\u00e7u rapide<\/span><\/a><\/div>\t\t   <\/div>\n\t\t\t\t\n\t  \n\n\t\t<h2 class=\"woocommerce-loop-product__title\">Explorez Albufeira<\/h2><h3>Pack vacances \u00e0 petit budget<\/h3><p class=\"product-duration\"><strong>Dur\u00e9e:<\/strong> 11 jours \/ 10 nuits<\/p><p class=\"product-duration availability\"><strong>Disponibilit\u00e9:<\/strong> Janvier - d\u00e9cembre<\/p>\n<a href=\"https:\/\/becooltravel.com\/fr\/produit\/explorer-albufeira-sun-beach-11-jours-11101pk\/\" class=\"price\">Demande de prix<\/a>\n\t\n\n\t\n<\/li>\n\t<li class=\"classic product type-product post-4484 status-publish first instock product_cat-explore-11-days-tour-portugal product_cat-holiday-packs-tours-portugal product_tag-algarve product_tag-algarve-jeep-safari product_tag-beaches product_tag-beautiful-landscapes-albufeira product_tag-beautiful-local-beaches product_tag-coastal-algarve product_tag-east-algarve product_tag-europe product_tag-falesia-beach product_tag-family-holidays product_tag-gastronomy product_tag-half-board-hotel-albufeira product_tag-lagoon-nature-reserve product_tag-natural-scenery product_tag-nature-paradise product_tag-pure-relaxation product_tag-romantic-break-algarve product_tag-sandy-beach product_tag-sun-and-beach product_tag-sunny-days product_tag-west-of-albufeira product_tag-western-europe product_tag-winery-algarve has-post-thumbnail virtual product-type-simple\" >\n\n\n\t\n\n\t\t\t   <div class=\"product-wrap\">\n\t\t\t<a href=\"https:\/\/becooltravel.com\/fr\/produit\/explorer-albufeira-sun-beach-11-jours-11102pk\/\" aria-label=\"Explorez Albufeira\"><img decoding=\"async\" width=\"300\" height=\"300\" src=\"https:\/\/i0.wp.com\/becooltravel.com\/wp-content\/uploads\/sites\/5\/2020\/05\/Albufeira_beach.jpg?resize=300%2C300&amp;ssl=1\" class=\"attachment-woocommerce_thumbnail size-woocommerce_thumbnail\" alt=\"Vacances \u00e0 Albufeira\" srcset=\"https:\/\/i0.wp.com\/becooltravel.com\/wp-content\/uploads\/sites\/5\/2020\/05\/Albufeira_beach.jpg?resize=150%2C150&amp;ssl=1 150w, https:\/\/i0.wp.com\/becooltravel.com\/wp-content\/uploads\/sites\/5\/2020\/05\/Albufeira_beach.jpg?resize=100%2C100&amp;ssl=1 100w, https:\/\/i0.wp.com\/becooltravel.com\/wp-content\/uploads\/sites\/5\/2020\/05\/Albufeira_beach.jpg?resize=140%2C140&amp;ssl=1 140w, https:\/\/i0.wp.com\/becooltravel.com\/wp-content\/uploads\/sites\/5\/2020\/05\/Albufeira_beach.jpg?resize=500%2C500&amp;ssl=1 500w, https:\/\/i0.wp.com\/becooltravel.com\/wp-content\/uploads\/sites\/5\/2020\/05\/Albufeira_beach.jpg?resize=350%2C350&amp;ssl=1 350w, https:\/\/i0.wp.com\/becooltravel.com\/wp-content\/uploads\/sites\/5\/2020\/05\/Albufeira_beach.jpg?resize=800%2C800&amp;ssl=1 800w, https:\/\/i0.wp.com\/becooltravel.com\/wp-content\/uploads\/sites\/5\/2020\/05\/Albufeira_beach.jpg?resize=300%2C300&amp;ssl=1 300w, https:\/\/i0.wp.com\/becooltravel.com\/wp-content\/uploads\/sites\/5\/2020\/05\/Albufeira_beach.jpg?zoom=2&amp;resize=300%2C300&amp;ssl=1 600w, https:\/\/i0.wp.com\/becooltravel.com\/wp-content\/uploads\/sites\/5\/2020\/05\/Albufeira_beach.jpg?zoom=3&amp;resize=300%2C300&amp;ssl=1 900w\" sizes=\"(max-width: 300px) 100vw, 300px\" \/><\/a>\n\t\t\t<div class=\"product-add-to-cart\" data-nectar-quickview=\"true\"><a href=\"https:\/\/becooltravel.com\/fr\/produit\/explorer-albufeira-sun-beach-11-jours-11102pk\/\" aria-describedby=\"woocommerce_loop_add_to_cart_link_describedby_4484\" data-quantity=\"1\" class=\"button product_type_simple\" data-product_id=\"4484\" data-product_sku=\"\" aria-label=\"En savoir plus sur \u201cExplore Albufeira\u201d\" rel=\"nofollow\" data-success_message=\"\" data-no-translation=\"\" data-trp-gettext=\"\" data-no-translation-aria-label=\"\">Lire la suite<\/a>\t<span id=\"woocommerce_loop_add_to_cart_link_describedby_4484\" class=\"screen-reader-text\">\n\t\t\t<\/span>\n<a class=\"nectar_quick_view no-ajaxy button\" data-product-id=\"4484\"> <i class=\"normal icon-salient-m-eye\"><\/i>\n\t    <span>Aper\u00e7u rapide<\/span><\/a><\/div>\t\t   <\/div>\n\t\t\t\t\n\t  \n\n\t\t<h2 class=\"woocommerce-loop-product__title\">Explorez Albufeira<\/h2><h3>Pack vacances premium <\/h3><p class=\"product-duration\"><strong>Dur\u00e9e:<\/strong> 11 jours \/ 10 nuits<\/p><p class=\"product-duration availability\"><strong>Disponibilit\u00e9:<\/strong> Janvier - d\u00e9cembre<\/p>\n<a href=\"https:\/\/becooltravel.com\/fr\/produit\/explorer-albufeira-sun-beach-11-jours-11102pk\/\" class=\"price\">Demande de prix<\/a>\n\t\n\n\t\n<\/li>\n\t<li class=\"classic product type-product post-5384 status-publish instock product_cat-explore-11-days-tour-portugal product_cat-holiday-packs-tours-portugal product_tag-algarve product_tag-ayamonte product_tag-beautiful-landscapes product_tag-cacela-velha product_tag-castle-of-castro-marim product_tag-castro-marim product_tag-castro-marim-natural-reserve product_tag-cultural-heritage product_tag-delicious-food product_tag-east-algarve product_tag-gastronomy product_tag-gastronomy-and-wines product_tag-holidays product_tag-individuelle-touren product_tag-local-gastronomy product_tag-longstay product_tag-monte-gordo product_tag-monte-gordos-glorious-beach product_tag-natural-scenery product_tag-old-town product_tag-portugal product_tag-ria-formosa product_tag-ria-formosa-natural-park product_tag-sandy-beach product_tag-self-guided product_tag-sightseeing product_tag-spring product_tag-summer product_tag-sun-beach product_tag-sunny-days product_tag-sunny-winters product_tag-vila-real-sto-antonio has-post-thumbnail virtual product-type-simple\" >\n\n\n\t\n\n\t\t\t   <div class=\"product-wrap\">\n\t\t\t<a href=\"https:\/\/becooltravel.com\/fr\/produit\/explore-monte-gordo-11500pk\/\" aria-label=\"Explorez Monte Gordo\"><img decoding=\"async\" width=\"300\" height=\"300\" src=\"https:\/\/i0.wp.com\/becooltravel.com\/wp-content\/uploads\/sites\/5\/2020\/06\/monte-gordo-beach.jpg?resize=300%2C300&amp;ssl=1\" class=\"attachment-woocommerce_thumbnail size-woocommerce_thumbnail\" alt=\"Monte Gordo est un excellent choix de vacances\" srcset=\"https:\/\/i0.wp.com\/becooltravel.com\/wp-content\/uploads\/sites\/5\/2020\/06\/monte-gordo-beach.jpg?resize=150%2C150&amp;ssl=1 150w, https:\/\/i0.wp.com\/becooltravel.com\/wp-content\/uploads\/sites\/5\/2020\/06\/monte-gordo-beach.jpg?resize=100%2C100&amp;ssl=1 100w, https:\/\/i0.wp.com\/becooltravel.com\/wp-content\/uploads\/sites\/5\/2020\/06\/monte-gordo-beach.jpg?resize=140%2C140&amp;ssl=1 140w, https:\/\/i0.wp.com\/becooltravel.com\/wp-content\/uploads\/sites\/5\/2020\/06\/monte-gordo-beach.jpg?resize=500%2C500&amp;ssl=1 500w, https:\/\/i0.wp.com\/becooltravel.com\/wp-content\/uploads\/sites\/5\/2020\/06\/monte-gordo-beach.jpg?resize=350%2C350&amp;ssl=1 350w, https:\/\/i0.wp.com\/becooltravel.com\/wp-content\/uploads\/sites\/5\/2020\/06\/monte-gordo-beach.jpg?resize=800%2C800&amp;ssl=1 800w, https:\/\/i0.wp.com\/becooltravel.com\/wp-content\/uploads\/sites\/5\/2020\/06\/monte-gordo-beach.jpg?resize=300%2C300&amp;ssl=1 300w, https:\/\/i0.wp.com\/becooltravel.com\/wp-content\/uploads\/sites\/5\/2020\/06\/monte-gordo-beach.jpg?zoom=2&amp;resize=300%2C300&amp;ssl=1 600w, https:\/\/i0.wp.com\/becooltravel.com\/wp-content\/uploads\/sites\/5\/2020\/06\/monte-gordo-beach.jpg?zoom=3&amp;resize=300%2C300&amp;ssl=1 900w\" sizes=\"(max-width: 300px) 100vw, 300px\" \/><\/a>\n\t\t\t<div class=\"product-add-to-cart\" data-nectar-quickview=\"true\"><a href=\"https:\/\/becooltravel.com\/fr\/produit\/explore-monte-gordo-11500pk\/\" aria-describedby=\"woocommerce_loop_add_to_cart_link_describedby_5384\" data-quantity=\"1\" class=\"button product_type_simple\" data-product_id=\"5384\" data-product_sku=\"\" aria-label=\"En savoir plus sur \u201cExplore Monte Gordo\u201d\" rel=\"nofollow\" data-success_message=\"\" data-no-translation=\"\" data-trp-gettext=\"\" data-no-translation-aria-label=\"\">Lire la suite<\/a>\t<span id=\"woocommerce_loop_add_to_cart_link_describedby_5384\" class=\"screen-reader-text\">\n\t\t\t<\/span>\n<a class=\"nectar_quick_view no-ajaxy button\" data-product-id=\"5384\"> <i class=\"normal icon-salient-m-eye\"><\/i>\n\t    <span>Aper\u00e7u rapide<\/span><\/a><\/div>\t\t   <\/div>\n\t\t\t\t\n\t  \n\n\t\t<h2 class=\"woocommerce-loop-product__title\">Explorez Monte Gordo<\/h2><h3>Pack vacances<\/h3><p class=\"product-duration\"><strong>Dur\u00e9e:<\/strong> 11 jours \/ 10 nuits<\/p><p class=\"product-duration availability\"><strong>Disponibilit\u00e9:<\/strong> Janvier - d\u00e9cembre<\/p>\n<a href=\"https:\/\/becooltravel.com\/fr\/produit\/explore-monte-gordo-11500pk\/\" class=\"price\">Demande de prix<\/a>\n\t\n\n\t\n<\/li>\n\t<li class=\"classic product type-product post-5144 status-publish instock product_cat-explore-11-days-tour-portugal product_cat-holiday-packs-tours-portugal product_tag-activities-algarve product_tag-algarve product_tag-algarve-coast product_tag-algarve-private-tour product_tag-alvor-estuary product_tag-cultural-heritage product_tag-exp product_tag-gastronomy product_tag-gastronomy-and-wines product_tag-historic product_tag-history-and-heritage product_tag-holidays product_tag-lagos product_tag-monchique product_tag-night product_tag-portimao product_tag-praia-da-rocha product_tag-ria-de-alvor product_tag-sandy-beach product_tag-sightseeing product_tag-silves product_tag-spring product_tag-summer product_tag-sun-beach product_tag-sunny-days has-post-thumbnail virtual product-type-simple\" >\n\n\n\t\n\n\t\t\t   <div class=\"product-wrap\">\n\t\t\t<a href=\"https:\/\/becooltravel.com\/fr\/produit\/explorer-praia-da-rocha-11600pk\/\" aria-label=\"Explorez Praia Da Rocha\"><img decoding=\"async\" width=\"300\" height=\"300\" src=\"https:\/\/i0.wp.com\/becooltravel.com\/wp-content\/uploads\/sites\/5\/2020\/06\/Praia_rocha_low_season.jpg?resize=300%2C300&amp;ssl=1\" class=\"attachment-woocommerce_thumbnail size-woocommerce_thumbnail\" alt=\"Sites les plus embl\u00e9matiques de l&#039;Algarve.\" srcset=\"https:\/\/i0.wp.com\/becooltravel.com\/wp-content\/uploads\/sites\/5\/2020\/06\/Praia_rocha_low_season.jpg?resize=150%2C150&amp;ssl=1 150w, https:\/\/i0.wp.com\/becooltravel.com\/wp-content\/uploads\/sites\/5\/2020\/06\/Praia_rocha_low_season.jpg?resize=100%2C100&amp;ssl=1 100w, https:\/\/i0.wp.com\/becooltravel.com\/wp-content\/uploads\/sites\/5\/2020\/06\/Praia_rocha_low_season.jpg?resize=140%2C140&amp;ssl=1 140w, https:\/\/i0.wp.com\/becooltravel.com\/wp-content\/uploads\/sites\/5\/2020\/06\/Praia_rocha_low_season.jpg?resize=500%2C500&amp;ssl=1 500w, https:\/\/i0.wp.com\/becooltravel.com\/wp-content\/uploads\/sites\/5\/2020\/06\/Praia_rocha_low_season.jpg?resize=350%2C350&amp;ssl=1 350w, https:\/\/i0.wp.com\/becooltravel.com\/wp-content\/uploads\/sites\/5\/2020\/06\/Praia_rocha_low_season.jpg?resize=300%2C300&amp;ssl=1 300w, https:\/\/i0.wp.com\/becooltravel.com\/wp-content\/uploads\/sites\/5\/2020\/06\/Praia_rocha_low_season.jpg?zoom=2&amp;resize=300%2C300&amp;ssl=1 600w, https:\/\/i0.wp.com\/becooltravel.com\/wp-content\/uploads\/sites\/5\/2020\/06\/Praia_rocha_low_season.jpg?zoom=3&amp;resize=300%2C300&amp;ssl=1 900w\" sizes=\"(max-width: 300px) 100vw, 300px\" \/><\/a>\n\t\t\t<div class=\"product-add-to-cart\" data-nectar-quickview=\"true\"><a href=\"https:\/\/becooltravel.com\/fr\/produit\/explorer-praia-da-rocha-11600pk\/\" aria-describedby=\"woocommerce_loop_add_to_cart_link_describedby_5144\" data-quantity=\"1\" class=\"button product_type_simple\" data-product_id=\"5144\" data-product_sku=\"\" aria-label=\"En savoir plus sur \u201cExplore Praia Da Rocha\u201d\" rel=\"nofollow\" data-success_message=\"\" data-no-translation=\"\" data-trp-gettext=\"\" data-no-translation-aria-label=\"\">Lire la suite<\/a>\t<span id=\"woocommerce_loop_add_to_cart_link_describedby_5144\" class=\"screen-reader-text\">\n\t\t\t<\/span>\n<a class=\"nectar_quick_view no-ajaxy button\" data-product-id=\"5144\"> <i class=\"normal icon-salient-m-eye\"><\/i>\n\t    <span>Aper\u00e7u rapide<\/span><\/a><\/div>\t\t   <\/div>\n\t\t\t\t\n\t  \n\n\t\t<h2 class=\"woocommerce-loop-product__title\">Explorez Praia Da Rocha<\/h2><h3>Pack vacances<\/h3><p class=\"product-duration\"><strong>Dur\u00e9e:<\/strong> 11 jours \/ 10 nuits<\/p><p class=\"product-duration availability\"><strong>Disponibilit\u00e9:<\/strong> Janvier - d\u00e9cembre<\/p>\n<a href=\"https:\/\/becooltravel.com\/fr\/produit\/explorer-praia-da-rocha-11600pk\/\" class=\"price\">Demande de prix<\/a>\n\t\n\n\t\n<\/li>\n\t<li class=\"classic product type-product post-3723 status-publish last instock product_cat-explore-11-days-tour-portugal product_cat-holiday-packs-tours-portugal product_tag--transfers-from-faro-airport product_tag-4-aguas product_tag-algarve product_tag-barril-beach product_tag-beaches product_tag-bird-watching product_tag-boat-in-tavira product_tag-boat-in-tavira-docks product_tag-coastal-algarve product_tag-fishing-village product_tag-flamingos product_tag-medieval-castle product_tag-natural-park product_tag-portugal product_tag-portugal-great-food-and-wine product_tag-ria-formosa product_tag-ria-formosa-boat-tour product_tag-salt-from-the-reservoirs product_tag-sandy-beach product_tag-santa-luzia product_tag-spoonbills product_tag-tavira product_tag-tavira-castle product_tag-tavira-island product_tag-wading-birds has-post-thumbnail virtual product-type-simple\" >\n\n\n\t\n\n\t\t\t   <div class=\"product-wrap\">\n\t\t\t<a href=\"https:\/\/becooltravel.com\/fr\/produit\/explore-tavira-11-days-11300pk\/\" aria-label=\"Explorez Tavira\"><img decoding=\"async\" width=\"300\" height=\"300\" src=\"https:\/\/i0.wp.com\/becooltravel.com\/wp-content\/uploads\/sites\/5\/2020\/05\/Amazing-and-relax-island-Tavira-beach.jpg?resize=300%2C300&amp;ssl=1\" class=\"attachment-woocommerce_thumbnail size-woocommerce_thumbnail\" alt=\"\u00cele de Tavira\" srcset=\"https:\/\/i0.wp.com\/becooltravel.com\/wp-content\/uploads\/sites\/5\/2020\/05\/Amazing-and-relax-island-Tavira-beach.jpg?resize=150%2C150&amp;ssl=1 150w, https:\/\/i0.wp.com\/becooltravel.com\/wp-content\/uploads\/sites\/5\/2020\/05\/Amazing-and-relax-island-Tavira-beach.jpg?resize=100%2C100&amp;ssl=1 100w, https:\/\/i0.wp.com\/becooltravel.com\/wp-content\/uploads\/sites\/5\/2020\/05\/Amazing-and-relax-island-Tavira-beach.jpg?resize=140%2C140&amp;ssl=1 140w, https:\/\/i0.wp.com\/becooltravel.com\/wp-content\/uploads\/sites\/5\/2020\/05\/Amazing-and-relax-island-Tavira-beach.jpg?resize=500%2C500&amp;ssl=1 500w, https:\/\/i0.wp.com\/becooltravel.com\/wp-content\/uploads\/sites\/5\/2020\/05\/Amazing-and-relax-island-Tavira-beach.jpg?resize=350%2C350&amp;ssl=1 350w, https:\/\/i0.wp.com\/becooltravel.com\/wp-content\/uploads\/sites\/5\/2020\/05\/Amazing-and-relax-island-Tavira-beach.jpg?resize=800%2C800&amp;ssl=1 800w, https:\/\/i0.wp.com\/becooltravel.com\/wp-content\/uploads\/sites\/5\/2020\/05\/Amazing-and-relax-island-Tavira-beach.jpg?resize=300%2C300&amp;ssl=1 300w, https:\/\/i0.wp.com\/becooltravel.com\/wp-content\/uploads\/sites\/5\/2020\/05\/Amazing-and-relax-island-Tavira-beach.jpg?zoom=2&amp;resize=300%2C300&amp;ssl=1 600w, https:\/\/i0.wp.com\/becooltravel.com\/wp-content\/uploads\/sites\/5\/2020\/05\/Amazing-and-relax-island-Tavira-beach.jpg?zoom=3&amp;resize=300%2C300&amp;ssl=1 900w\" sizes=\"(max-width: 300px) 100vw, 300px\" \/><\/a>\n\t\t\t<div class=\"product-add-to-cart\" data-nectar-quickview=\"true\"><a href=\"https:\/\/becooltravel.com\/fr\/produit\/explore-tavira-11-days-11300pk\/\" aria-describedby=\"woocommerce_loop_add_to_cart_link_describedby_3723\" data-quantity=\"1\" class=\"button product_type_simple\" data-product_id=\"3723\" data-product_sku=\"\" aria-label=\"En savoir plus sur \u201cExplore Tavira\u201d\" rel=\"nofollow\" data-success_message=\"\" data-no-translation=\"\" data-trp-gettext=\"\" data-no-translation-aria-label=\"\">Lire la suite<\/a>\t<span id=\"woocommerce_loop_add_to_cart_link_describedby_3723\" class=\"screen-reader-text\">\n\t\t\t<\/span>\n<a class=\"nectar_quick_view no-ajaxy button\" data-product-id=\"3723\"> <i class=\"normal icon-salient-m-eye\"><\/i>\n\t    <span>Aper\u00e7u rapide<\/span><\/a><\/div>\t\t   <\/div>\n\t\t\t\t\n\t  \n\n\t\t<h2 class=\"woocommerce-loop-product__title\">Explorez Tavira<\/h2><h3>Pack vacances<\/h3><p class=\"product-duration\"><strong>Dur\u00e9e:<\/strong> 11 jours \/ 10 nuits<\/p><p class=\"product-duration availability\"><strong>Disponibilit\u00e9:<\/strong> Janvier - d\u00e9cembre<\/p>\n<a href=\"https:\/\/becooltravel.com\/fr\/produit\/explore-tavira-11-days-11300pk\/\" class=\"price\">Demande de prix<\/a>\n\t\n\n\t\n<\/li>\n\t<li class=\"classic product type-product post-5167 status-publish first instock product_cat-explore-11-days-tour-portugal product_cat-holiday-packs-tours-portugal product_tag-algarve product_tag-algarve-city product_tag-cultural-heritage product_tag-gastronomy product_tag-gastronomy-and-wines product_tag-historic product_tag-history-and-heritage product_tag-holidays product_tag-lagos product_tag-night product_tag-praia-da-falesia product_tag-sandy-beach product_tag-sightseeing product_tag-spring product_tag-summer product_tag-sun-beach product_tag-sunny-days product_tag-vilamoura product_tag-wildlife product_tag-wildlife-algarve has-post-thumbnail virtual product-type-simple\" >\n\n\n\t\n\n\t\t\t   <div class=\"product-wrap\">\n\t\t\t<a href=\"https:\/\/becooltravel.com\/fr\/produit\/explorez-vilamoura-11700pk\/\" aria-label=\"Explorez Vilamoura\"><img decoding=\"async\" width=\"300\" height=\"300\" src=\"https:\/\/i0.wp.com\/becooltravel.com\/wp-content\/uploads\/sites\/5\/2020\/06\/vilamoura_marina_boats.jpg?resize=300%2C300&amp;ssl=1\" class=\"attachment-woocommerce_thumbnail size-woocommerce_thumbnail\" alt=\"Vilamoura est une station baln\u00e9aire glamour construite \u00e0 partir de z\u00e9ro avec une seule chose en t\u00eate: les vacances!\" srcset=\"https:\/\/i0.wp.com\/becooltravel.com\/wp-content\/uploads\/sites\/5\/2020\/06\/vilamoura_marina_boats.jpg?resize=150%2C150&amp;ssl=1 150w, https:\/\/i0.wp.com\/becooltravel.com\/wp-content\/uploads\/sites\/5\/2020\/06\/vilamoura_marina_boats.jpg?resize=100%2C100&amp;ssl=1 100w, https:\/\/i0.wp.com\/becooltravel.com\/wp-content\/uploads\/sites\/5\/2020\/06\/vilamoura_marina_boats.jpg?resize=140%2C140&amp;ssl=1 140w, https:\/\/i0.wp.com\/becooltravel.com\/wp-content\/uploads\/sites\/5\/2020\/06\/vilamoura_marina_boats.jpg?resize=500%2C500&amp;ssl=1 500w, https:\/\/i0.wp.com\/becooltravel.com\/wp-content\/uploads\/sites\/5\/2020\/06\/vilamoura_marina_boats.jpg?resize=350%2C350&amp;ssl=1 350w, https:\/\/i0.wp.com\/becooltravel.com\/wp-content\/uploads\/sites\/5\/2020\/06\/vilamoura_marina_boats.jpg?resize=800%2C800&amp;ssl=1 800w, https:\/\/i0.wp.com\/becooltravel.com\/wp-content\/uploads\/sites\/5\/2020\/06\/vilamoura_marina_boats.jpg?resize=300%2C300&amp;ssl=1 300w, https:\/\/i0.wp.com\/becooltravel.com\/wp-content\/uploads\/sites\/5\/2020\/06\/vilamoura_marina_boats.jpg?zoom=2&amp;resize=300%2C300&amp;ssl=1 600w, https:\/\/i0.wp.com\/becooltravel.com\/wp-content\/uploads\/sites\/5\/2020\/06\/vilamoura_marina_boats.jpg?zoom=3&amp;resize=300%2C300&amp;ssl=1 900w\" sizes=\"(max-width: 300px) 100vw, 300px\" \/><\/a>\n\t\t\t<div class=\"product-add-to-cart\" data-nectar-quickview=\"true\"><a href=\"https:\/\/becooltravel.com\/fr\/produit\/explorez-vilamoura-11700pk\/\" aria-describedby=\"woocommerce_loop_add_to_cart_link_describedby_5167\" data-quantity=\"1\" class=\"button product_type_simple\" data-product_id=\"5167\" data-product_sku=\"\" aria-label=\"En savoir plus sur \u201cExplore Vilamoura\u201d\" rel=\"nofollow\" data-success_message=\"\" data-no-translation=\"\" data-trp-gettext=\"\" data-no-translation-aria-label=\"\">Lire la suite<\/a>\t<span id=\"woocommerce_loop_add_to_cart_link_describedby_5167\" class=\"screen-reader-text\">\n\t\t\t<\/span>\n<a class=\"nectar_quick_view no-ajaxy button\" data-product-id=\"5167\"> <i class=\"normal icon-salient-m-eye\"><\/i>\n\t    <span>Aper\u00e7u rapide<\/span><\/a><\/div>\t\t   <\/div>\n\t\t\t\t\n\t  \n\n\t\t<h2 class=\"woocommerce-loop-product__title\">Explorez Vilamoura<\/h2><h3>Pack vacances<\/h3><p class=\"product-duration\"><strong>Dur\u00e9e:<\/strong> 11 jours \/ 10 nuits<\/p><p class=\"product-duration availability\"><strong>Disponibilit\u00e9:<\/strong> Janvier - d\u00e9cembre<\/p>\n<a href=\"https:\/\/becooltravel.com\/fr\/produit\/explorez-vilamoura-11700pk\/\" class=\"price\">Demande de prix<\/a>\n\t\n\n\t\n<\/li>\n\t<li class=\"classic product type-product post-4896 status-publish instock product_cat-holiday-packs-tours-portugal product_cat-long-stays-portugal product_tag-albufeira product_tag-algarve product_tag-beaches product_tag-beaches-of-albufeira product_tag-beautiful-beaches-algarve product_tag-gastronomy-and-wines product_tag-holidays product_tag-longstay product_tag-packages product_tag-retirement product_tag-seniors product_tag-sun-beach product_tag-sunny-winters product_tag-traditional-villages product_tag-vacations has-post-thumbnail virtual product-type-simple\" >\n\n\n\t\n\n\t\t\t   <div class=\"product-wrap\">\n\t\t\t<a href=\"https:\/\/becooltravel.com\/fr\/produit\/long-sejour-a-albufeira-avec-voiture-de-location-ls102pk\/\" aria-label=\"Long s\u00e9jour Albufeira Portugal, \u00e0 l&#039;Aparthotel Cheerfulway Balaia Plaza\"><img decoding=\"async\" width=\"300\" height=\"300\" src=\"https:\/\/i0.wp.com\/becooltravel.com\/wp-content\/uploads\/sites\/5\/2020\/05\/Long-stay-algarve.jpg?resize=300%2C300&amp;ssl=1\" class=\"attachment-woocommerce_thumbnail size-woocommerce_thumbnail\" alt=\"Vacances de longue dur\u00e9e en Algarve\" srcset=\"https:\/\/i0.wp.com\/becooltravel.com\/wp-content\/uploads\/sites\/5\/2020\/05\/Long-stay-algarve.jpg?resize=150%2C150&amp;ssl=1 150w, https:\/\/i0.wp.com\/becooltravel.com\/wp-content\/uploads\/sites\/5\/2020\/05\/Long-stay-algarve.jpg?resize=100%2C100&amp;ssl=1 100w, https:\/\/i0.wp.com\/becooltravel.com\/wp-content\/uploads\/sites\/5\/2020\/05\/Long-stay-algarve.jpg?resize=140%2C140&amp;ssl=1 140w, https:\/\/i0.wp.com\/becooltravel.com\/wp-content\/uploads\/sites\/5\/2020\/05\/Long-stay-algarve.jpg?resize=500%2C500&amp;ssl=1 500w, https:\/\/i0.wp.com\/becooltravel.com\/wp-content\/uploads\/sites\/5\/2020\/05\/Long-stay-algarve.jpg?resize=350%2C350&amp;ssl=1 350w, https:\/\/i0.wp.com\/becooltravel.com\/wp-content\/uploads\/sites\/5\/2020\/05\/Long-stay-algarve.jpg?resize=800%2C800&amp;ssl=1 800w, https:\/\/i0.wp.com\/becooltravel.com\/wp-content\/uploads\/sites\/5\/2020\/05\/Long-stay-algarve.jpg?resize=300%2C300&amp;ssl=1 300w, https:\/\/i0.wp.com\/becooltravel.com\/wp-content\/uploads\/sites\/5\/2020\/05\/Long-stay-algarve.jpg?zoom=2&amp;resize=300%2C300&amp;ssl=1 600w, https:\/\/i0.wp.com\/becooltravel.com\/wp-content\/uploads\/sites\/5\/2020\/05\/Long-stay-algarve.jpg?zoom=3&amp;resize=300%2C300&amp;ssl=1 900w\" sizes=\"(max-width: 300px) 100vw, 300px\" \/><\/a>\n\t\t\t<div class=\"product-add-to-cart\" data-nectar-quickview=\"true\"><a href=\"https:\/\/becooltravel.com\/fr\/produit\/long-sejour-a-albufeira-avec-voiture-de-location-ls102pk\/\" aria-describedby=\"woocommerce_loop_add_to_cart_link_describedby_4896\" data-quantity=\"1\" class=\"button product_type_simple\" data-product_id=\"4896\" data-product_sku=\"\" aria-label=\"En savoir plus sur \u201cLong-Stay Albufeira Portugal, at Aparthotel Cheerfulway Balaia Plaza\u201d\" rel=\"nofollow\" data-success_message=\"\" data-no-translation=\"\" data-trp-gettext=\"\" data-no-translation-aria-label=\"\">Lire la suite<\/a>\t<span id=\"woocommerce_loop_add_to_cart_link_describedby_4896\" class=\"screen-reader-text\">\n\t\t\t<\/span>\n<a class=\"nectar_quick_view no-ajaxy button\" data-product-id=\"4896\"> <i class=\"normal icon-salient-m-eye\"><\/i>\n\t    <span>Aper\u00e7u rapide<\/span><\/a><\/div>\t\t   <\/div>\n\t\t\t\t\n\t  \n\n\t\t<h2 class=\"woocommerce-loop-product__title\">Long s\u00e9jour Albufeira Portugal, \u00e0 l&#039;Aparthotel Cheerfulway Balaia Plaza<\/h2><h3>Pack vacances long s\u00e9jour<\/h3><p class=\"product-duration\"><strong>Dur\u00e9e:<\/strong> 22 jours<\/p><p class=\"product-duration availability\"><strong>Disponibilit\u00e9:<\/strong> Novembre - avril<\/p>\n<a href=\"https:\/\/becooltravel.com\/fr\/produit\/long-sejour-a-albufeira-avec-voiture-de-location-ls102pk\/\" class=\"price\">Demande de prix<\/a>\n\t\n\n\t\n<\/li>\n\t<li class=\"classic product type-product post-4997 status-publish instock product_cat-holiday-packs-tours-portugal product_cat-long-stays-portugal product_tag-albufeira product_tag-algarve product_tag-algarve-coastline product_tag-algarve-spectacular-coastline product_tag-beaches product_tag-beaches-of-albufeira product_tag-beautiful-beaches-algarve product_tag-delicious-food product_tag-family-holidays product_tag-gastronomy-and-wines product_tag-holiday product_tag-holidays product_tag-individuelle-touren product_tag-longstay product_tag-packages product_tag-retirement product_tag-seniors product_tag-sun-beach product_tag-sunny-winters product_tag-tours-in-portugal product_tag-vacations has-post-thumbnail virtual product-type-simple\" >\n\n\n\t\n\n\t\t\t   <div class=\"product-wrap\">\n\t\t\t<a href=\"https:\/\/becooltravel.com\/fr\/produit\/long-sejour-albufeira-ls103pk\/\" aria-label=\"Long s\u00e9jour Albufeira Portugal, \u00e0 l&#039;Aparthotel Clube Maria Luisa\"><img decoding=\"async\" width=\"300\" height=\"300\" src=\"https:\/\/i0.wp.com\/becooltravel.com\/wp-content\/uploads\/sites\/5\/2020\/05\/low-season-holiday-algarve.jpg?resize=300%2C300&amp;ssl=1\" class=\"attachment-woocommerce_thumbnail size-woocommerce_thumbnail\" alt=\"vacances de longue dur\u00e9e\" srcset=\"https:\/\/i0.wp.com\/becooltravel.com\/wp-content\/uploads\/sites\/5\/2020\/05\/low-season-holiday-algarve.jpg?resize=150%2C150&amp;ssl=1 150w, https:\/\/i0.wp.com\/becooltravel.com\/wp-content\/uploads\/sites\/5\/2020\/05\/low-season-holiday-algarve.jpg?resize=100%2C100&amp;ssl=1 100w, https:\/\/i0.wp.com\/becooltravel.com\/wp-content\/uploads\/sites\/5\/2020\/05\/low-season-holiday-algarve.jpg?resize=140%2C140&amp;ssl=1 140w, https:\/\/i0.wp.com\/becooltravel.com\/wp-content\/uploads\/sites\/5\/2020\/05\/low-season-holiday-algarve.jpg?resize=500%2C500&amp;ssl=1 500w, https:\/\/i0.wp.com\/becooltravel.com\/wp-content\/uploads\/sites\/5\/2020\/05\/low-season-holiday-algarve.jpg?resize=350%2C350&amp;ssl=1 350w, https:\/\/i0.wp.com\/becooltravel.com\/wp-content\/uploads\/sites\/5\/2020\/05\/low-season-holiday-algarve.jpg?resize=800%2C800&amp;ssl=1 800w, https:\/\/i0.wp.com\/becooltravel.com\/wp-content\/uploads\/sites\/5\/2020\/05\/low-season-holiday-algarve.jpg?resize=300%2C300&amp;ssl=1 300w, https:\/\/i0.wp.com\/becooltravel.com\/wp-content\/uploads\/sites\/5\/2020\/05\/low-season-holiday-algarve.jpg?zoom=2&amp;resize=300%2C300&amp;ssl=1 600w, https:\/\/i0.wp.com\/becooltravel.com\/wp-content\/uploads\/sites\/5\/2020\/05\/low-season-holiday-algarve.jpg?zoom=3&amp;resize=300%2C300&amp;ssl=1 900w\" sizes=\"(max-width: 300px) 100vw, 300px\" \/><\/a>\n\t\t\t<div class=\"product-add-to-cart\" data-nectar-quickview=\"true\"><a href=\"https:\/\/becooltravel.com\/fr\/produit\/long-sejour-albufeira-ls103pk\/\" aria-describedby=\"woocommerce_loop_add_to_cart_link_describedby_4997\" data-quantity=\"1\" class=\"button product_type_simple\" data-product_id=\"4997\" data-product_sku=\"\" aria-label=\"En savoir plus sur \u201cLong-Stay Albufeira Portugal, at Aparthotel Clube Maria Luisa\u201d\" rel=\"nofollow\" data-success_message=\"\" data-no-translation=\"\" data-trp-gettext=\"\" data-no-translation-aria-label=\"\">Lire la suite<\/a>\t<span id=\"woocommerce_loop_add_to_cart_link_describedby_4997\" class=\"screen-reader-text\">\n\t\t\t<\/span>\n<a class=\"nectar_quick_view no-ajaxy button\" data-product-id=\"4997\"> <i class=\"normal icon-salient-m-eye\"><\/i>\n\t    <span>Aper\u00e7u rapide<\/span><\/a><\/div>\t\t   <\/div>\n\t\t\t\t\n\t  \n\n\t\t<h2 class=\"woocommerce-loop-product__title\">Long s\u00e9jour Albufeira Portugal, \u00e0 l&#039;Aparthotel Clube Maria Luisa<\/h2><h3>Pack vacances long s\u00e9jour<\/h3><p class=\"product-duration\"><strong>Dur\u00e9e:<\/strong> 22 jours<\/p><p class=\"product-duration availability\"><strong>Disponibilit\u00e9:<\/strong> Novembre - mars<\/p>\n<a href=\"https:\/\/becooltravel.com\/fr\/produit\/long-sejour-albufeira-ls103pk\/\" class=\"price\">Demande de prix<\/a>\n\t\n\n\t\n<\/li>\n\t<li class=\"classic product type-product post-4990 status-publish last instock product_cat-holiday-packs-tours-portugal product_cat-long-stays-portugal product_tag-albufeira product_tag-algarve product_tag-algarve-secluded-beaches product_tag-algarve-spectacular-coastline product_tag-beaches product_tag-beaches-of-albufeira product_tag-beautiful-beaches-algarve product_tag-beautiful-landscapes product_tag-cultural-heritage product_tag-family-holidays product_tag-gastronomy-and-wines product_tag-holiday product_tag-holidays product_tag-longstay product_tag-packages product_tag-retirement product_tag-seniors product_tag-sightseeing product_tag-sun-beach product_tag-sunny-winters product_tag-tours-in-portugal product_tag-vacations has-post-thumbnail virtual product-type-simple\" >\n\n\n\t\n\n\t\t\t   <div class=\"product-wrap\">\n\t\t\t<a href=\"https:\/\/becooltravel.com\/fr\/produit\/long-sejour-albufeira-ls101pk\/\" aria-label=\"Long s\u00e9jour Albufeira Portugal, \u00e0 l&#039;Aparthotel Quinta Pedra dos Bicos\"><img decoding=\"async\" width=\"300\" height=\"300\" src=\"https:\/\/i0.wp.com\/becooltravel.com\/wp-content\/uploads\/sites\/5\/2020\/05\/long-stay-holidays-algarve.jpg?resize=300%2C300&amp;ssl=1\" class=\"attachment-woocommerce_thumbnail size-woocommerce_thumbnail\" alt=\"Vacances de longue dur\u00e9e en Algarve\" srcset=\"https:\/\/i0.wp.com\/becooltravel.com\/wp-content\/uploads\/sites\/5\/2020\/05\/long-stay-holidays-algarve.jpg?resize=150%2C150&amp;ssl=1 150w, https:\/\/i0.wp.com\/becooltravel.com\/wp-content\/uploads\/sites\/5\/2020\/05\/long-stay-holidays-algarve.jpg?resize=100%2C100&amp;ssl=1 100w, https:\/\/i0.wp.com\/becooltravel.com\/wp-content\/uploads\/sites\/5\/2020\/05\/long-stay-holidays-algarve.jpg?resize=140%2C140&amp;ssl=1 140w, https:\/\/i0.wp.com\/becooltravel.com\/wp-content\/uploads\/sites\/5\/2020\/05\/long-stay-holidays-algarve.jpg?resize=500%2C500&amp;ssl=1 500w, https:\/\/i0.wp.com\/becooltravel.com\/wp-content\/uploads\/sites\/5\/2020\/05\/long-stay-holidays-algarve.jpg?resize=350%2C350&amp;ssl=1 350w, https:\/\/i0.wp.com\/becooltravel.com\/wp-content\/uploads\/sites\/5\/2020\/05\/long-stay-holidays-algarve.jpg?resize=1000%2C1000&amp;ssl=1 1000w, https:\/\/i0.wp.com\/becooltravel.com\/wp-content\/uploads\/sites\/5\/2020\/05\/long-stay-holidays-algarve.jpg?resize=800%2C800&amp;ssl=1 800w, https:\/\/i0.wp.com\/becooltravel.com\/wp-content\/uploads\/sites\/5\/2020\/05\/long-stay-holidays-algarve.jpg?resize=300%2C300&amp;ssl=1 300w, https:\/\/i0.wp.com\/becooltravel.com\/wp-content\/uploads\/sites\/5\/2020\/05\/long-stay-holidays-algarve.jpg?zoom=2&amp;resize=300%2C300&amp;ssl=1 600w, https:\/\/i0.wp.com\/becooltravel.com\/wp-content\/uploads\/sites\/5\/2020\/05\/long-stay-holidays-algarve.jpg?zoom=3&amp;resize=300%2C300&amp;ssl=1 900w\" sizes=\"(max-width: 300px) 100vw, 300px\" \/><\/a>\n\t\t\t<div class=\"product-add-to-cart\" data-nectar-quickview=\"true\"><a href=\"https:\/\/becooltravel.com\/contact\/\" target=\"_blank\" class=\"button add_to_cart_button\">Contactez-nous<\/a>\t<span id=\"woocommerce_loop_add_to_cart_link_describedby_4990\" class=\"screen-reader-text\">\n\t\t\t<\/span>\n<a class=\"nectar_quick_view no-ajaxy button\" data-product-id=\"4990\"> <i class=\"normal icon-salient-m-eye\"><\/i>\n\t    <span>Aper\u00e7u rapide<\/span><\/a><\/div>\t\t   <\/div>\n\t\t\t\t\n\t  \n\n\t\t<h2 class=\"woocommerce-loop-product__title\">Long s\u00e9jour Albufeira Portugal, \u00e0 l&#039;Aparthotel Quinta Pedra dos Bicos<\/h2><h3>Pack vacances long s\u00e9jour<\/h3><p class=\"product-duration\"><strong>Dur\u00e9e:<\/strong> 22 jours<\/p><p class=\"product-duration availability\"><strong>Disponibilit\u00e9:<\/strong> Novembre - mars<\/p>\n<a href=\"https:\/\/becooltravel.com\/fr\/produit\/long-sejour-albufeira-ls101pk\/\" class=\"price\">Demande de prix<\/a>\n\t\n\n\t\n<\/li>\n\t<li class=\"classic product type-product post-5025 status-publish first instock product_cat-holiday-packs-tours-portugal product_cat-long-stays-portugal product_tag-beaches product_tag-beautiful-beaches-algarve product_tag-cabo-de-sao-vicente product_tag-cliff-top product_tag-cultural-heritage product_tag-dramatic-cliffs product_tag-gastronomy-and-wines product_tag-historic-centre product_tag-history-and-heritage product_tag-holidays product_tag-holidays-in-portugal product_tag-holidays-in-the-algarve product_tag-impressive-cliffs product_tag-lago product_tag-lagos product_tag-longstay product_tag-natural-scenery product_tag-packages product_tag-ponta-da-piedade product_tag-portugal product_tag-retirement product_tag-seniors product_tag-sightseeing product_tag-slave-market-lagos product_tag-spectacular-cliffs product_tag-sun-beach product_tag-sunny-days product_tag-sunny-winters product_tag-vacations product_tag-voyage-en-liberte has-post-thumbnail virtual product-type-simple\" >\n\n\n\t\n\n\t\t\t   <div class=\"product-wrap\">\n\t\t\t<a href=\"https:\/\/becooltravel.com\/fr\/produit\/long-sejour-lagos-aqualuz-suite-hotel-apartments-ls400pk\/\" aria-label=\"Long-Stay Portugal Lagos, Aqualuz Suite Hotel Apartments\"><img decoding=\"async\" width=\"300\" height=\"300\" src=\"https:\/\/i0.wp.com\/becooltravel.com\/wp-content\/uploads\/sites\/5\/2020\/06\/long-stay-holidays-tavira.jpg?resize=300%2C300&amp;ssl=1\" class=\"attachment-woocommerce_thumbnail size-woocommerce_thumbnail\" alt=\"Paysages c\u00f4tiers spectaculaires\" srcset=\"https:\/\/i0.wp.com\/becooltravel.com\/wp-content\/uploads\/sites\/5\/2020\/06\/long-stay-holidays-tavira.jpg?resize=150%2C150&amp;ssl=1 150w, https:\/\/i0.wp.com\/becooltravel.com\/wp-content\/uploads\/sites\/5\/2020\/06\/long-stay-holidays-tavira.jpg?resize=100%2C100&amp;ssl=1 100w, https:\/\/i0.wp.com\/becooltravel.com\/wp-content\/uploads\/sites\/5\/2020\/06\/long-stay-holidays-tavira.jpg?resize=140%2C140&amp;ssl=1 140w, https:\/\/i0.wp.com\/becooltravel.com\/wp-content\/uploads\/sites\/5\/2020\/06\/long-stay-holidays-tavira.jpg?resize=500%2C500&amp;ssl=1 500w, https:\/\/i0.wp.com\/becooltravel.com\/wp-content\/uploads\/sites\/5\/2020\/06\/long-stay-holidays-tavira.jpg?resize=350%2C350&amp;ssl=1 350w, https:\/\/i0.wp.com\/becooltravel.com\/wp-content\/uploads\/sites\/5\/2020\/06\/long-stay-holidays-tavira.jpg?resize=300%2C300&amp;ssl=1 300w, https:\/\/i0.wp.com\/becooltravel.com\/wp-content\/uploads\/sites\/5\/2020\/06\/long-stay-holidays-tavira.jpg?zoom=2&amp;resize=300%2C300&amp;ssl=1 600w, https:\/\/i0.wp.com\/becooltravel.com\/wp-content\/uploads\/sites\/5\/2020\/06\/long-stay-holidays-tavira.jpg?zoom=3&amp;resize=300%2C300&amp;ssl=1 900w\" sizes=\"(max-width: 300px) 100vw, 300px\" \/><\/a>\n\t\t\t<div class=\"product-add-to-cart\" data-nectar-quickview=\"true\"><a href=\"https:\/\/becooltravel.com\/fr\/produit\/long-sejour-lagos-aqualuz-suite-hotel-apartments-ls400pk\/\" aria-describedby=\"woocommerce_loop_add_to_cart_link_describedby_5025\" data-quantity=\"1\" class=\"button product_type_simple\" data-product_id=\"5025\" data-product_sku=\"\" aria-label=\"En savoir plus sur \u201cLong-Stay Portugal Lagos, Aqualuz Suite Hotel Apartments\u201d\" rel=\"nofollow\" data-success_message=\"\" data-no-translation=\"\" data-trp-gettext=\"\" data-no-translation-aria-label=\"\">Lire la suite<\/a>\t<span id=\"woocommerce_loop_add_to_cart_link_describedby_5025\" class=\"screen-reader-text\">\n\t\t\t<\/span>\n<a class=\"nectar_quick_view no-ajaxy button\" data-product-id=\"5025\"> <i class=\"normal icon-salient-m-eye\"><\/i>\n\t    <span>Aper\u00e7u rapide<\/span><\/a><\/div>\t\t   <\/div>\n\t\t\t\t\n\t  \n\n\t\t<h2 class=\"woocommerce-loop-product__title\">Long-Stay Portugal Lagos, Aqualuz Suite Hotel Apartments<\/h2><h3>Pack vacances long s\u00e9jour<\/h3><p class=\"product-duration\"><strong>Dur\u00e9e:<\/strong> 22 jours<\/p><p class=\"product-duration availability\"><strong>Disponibilit\u00e9:<\/strong> Novembre - mars<\/p>\n<a href=\"https:\/\/becooltravel.com\/fr\/produit\/long-sejour-lagos-aqualuz-suite-hotel-apartments-ls400pk\/\" class=\"price\">Demande de prix<\/a>\n\t\n\n\t\n<\/li>\n\t<li class=\"classic product type-product post-5036 status-publish instock product_cat-holiday-packs-tours-portugal product_cat-long-stays-portugal product_tag-a product_tag-activities-algarve product_tag-algarve product_tag-algarve-glorious-countryside product_tag-along-the-coast product_tag-ayamonte product_tag-beaches product_tag-beautiful-beaches-algarve product_tag-birdwatching product_tag-casino product_tag-castle-of-castro-marim product_tag-castro-marim product_tag-castro-marim-natural-reserve product_tag-cultural-heritage product_tag-delicious-food product_tag-gastronomy-and-wines product_tag-holidays product_tag-impressive-cliffs product_tag-longstay product_tag-monte-gordo product_tag-monte-gordos-glorious-beach product_tag-natural-reserves product_tag-packages product_tag-portugal product_tag-portugal-great-food-and-wine product_tag-retirement product_tag-ria-formosa product_tag-seniors product_tag-sightseeing product_tag-spectacular-cliffs product_tag-sun-beach product_tag-sunny-winters product_tag-tours-in-portugal product_tag-traditional-fishing-boats product_tag-vacations product_tag-vila-real-de-santo-antonio has-post-thumbnail virtual product-type-simple\" >\n\n\n\t\n\n\t\t\t   <div class=\"product-wrap\">\n\t\t\t<a href=\"https:\/\/becooltravel.com\/fr\/produit\/long-sejour-monte-gordo-a-hotel-le-pr1me-energize-ls500pk\/\" aria-label=\"Long-Stay Portugal Monte Gordo, \u00e0 l&#039;h\u00f4tel The Pr1me Energize\"><img decoding=\"async\" width=\"300\" height=\"300\" src=\"https:\/\/i0.wp.com\/becooltravel.com\/wp-content\/uploads\/sites\/5\/2020\/05\/holiday-pack-long-stay.jpg?resize=300%2C300&amp;ssl=1\" class=\"attachment-woocommerce_thumbnail size-woocommerce_thumbnail\" alt=\"Long S\u00e9jour Vacances Montegordo\" srcset=\"https:\/\/i0.wp.com\/becooltravel.com\/wp-content\/uploads\/sites\/5\/2020\/05\/holiday-pack-long-stay.jpg?resize=150%2C150&amp;ssl=1 150w, https:\/\/i0.wp.com\/becooltravel.com\/wp-content\/uploads\/sites\/5\/2020\/05\/holiday-pack-long-stay.jpg?resize=100%2C100&amp;ssl=1 100w, https:\/\/i0.wp.com\/becooltravel.com\/wp-content\/uploads\/sites\/5\/2020\/05\/holiday-pack-long-stay.jpg?resize=140%2C140&amp;ssl=1 140w, https:\/\/i0.wp.com\/becooltravel.com\/wp-content\/uploads\/sites\/5\/2020\/05\/holiday-pack-long-stay.jpg?resize=500%2C500&amp;ssl=1 500w, https:\/\/i0.wp.com\/becooltravel.com\/wp-content\/uploads\/sites\/5\/2020\/05\/holiday-pack-long-stay.jpg?resize=350%2C350&amp;ssl=1 350w, https:\/\/i0.wp.com\/becooltravel.com\/wp-content\/uploads\/sites\/5\/2020\/05\/holiday-pack-long-stay.jpg?resize=800%2C800&amp;ssl=1 800w, https:\/\/i0.wp.com\/becooltravel.com\/wp-content\/uploads\/sites\/5\/2020\/05\/holiday-pack-long-stay.jpg?resize=300%2C300&amp;ssl=1 300w, https:\/\/i0.wp.com\/becooltravel.com\/wp-content\/uploads\/sites\/5\/2020\/05\/holiday-pack-long-stay.jpg?zoom=2&amp;resize=300%2C300&amp;ssl=1 600w, https:\/\/i0.wp.com\/becooltravel.com\/wp-content\/uploads\/sites\/5\/2020\/05\/holiday-pack-long-stay.jpg?zoom=3&amp;resize=300%2C300&amp;ssl=1 900w\" sizes=\"(max-width: 300px) 100vw, 300px\" \/><\/a>\n\t\t\t<div class=\"product-add-to-cart\" data-nectar-quickview=\"true\"><a href=\"https:\/\/becooltravel.com\/contact\/\" target=\"_blank\" class=\"button add_to_cart_button\">Contactez-nous<\/a>\t<span id=\"woocommerce_loop_add_to_cart_link_describedby_5036\" class=\"screen-reader-text\">\n\t\t\t<\/span>\n<a class=\"nectar_quick_view no-ajaxy button\" data-product-id=\"5036\"> <i class=\"normal icon-salient-m-eye\"><\/i>\n\t    <span>Aper\u00e7u rapide<\/span><\/a><\/div>\t\t   <\/div>\n\t\t\t\t\n\t  \n\n\t\t<h2 class=\"woocommerce-loop-product__title\">Long-Stay Portugal Monte Gordo, \u00e0 l&#039;h\u00f4tel The Pr1me Energize<\/h2><h3>Pack vacances long s\u00e9jour<\/h3><p class=\"product-duration\"><strong>Dur\u00e9e:<\/strong> 22 jours<\/p><p class=\"product-duration availability\"><strong>Disponibilit\u00e9:<\/strong> Novembre - mars<\/p>\n<a href=\"https:\/\/becooltravel.com\/fr\/produit\/long-sejour-monte-gordo-a-hotel-le-pr1me-energize-ls500pk\/\" class=\"price\">Demande de prix<\/a>\n\t\n\n\t\n<\/li>\n\t<li class=\"classic product type-product post-5008 status-publish instock product_cat-holiday-packs-tours-portugal product_cat-long-stays-portugal product_tag-albufeira product_tag-algarve product_tag-algarve-city product_tag-algarve-coast product_tag-beaches product_tag-beaches-of-albufeira product_tag-beautiful-beaches-algarve product_tag-family-holidays product_tag-gastronomy-and-wines product_tag-holidays product_tag-local-gastronomy product_tag-longstay product_tag-packages product_tag-retirement product_tag-seniors product_tag-sun-beach product_tag-sunny-winters product_tag-tours-in-portugal product_tag-vacations has-post-thumbnail virtual product-type-simple\" >\n\n\n\t\n\n\t\t\t   <div class=\"product-wrap\">\n\t\t\t<a href=\"https:\/\/becooltravel.com\/fr\/produit\/long-sejour-albufeira-ls102pk\/\" aria-label=\"Portugal Long S\u00e9jour Albufeira, \u00e0 l&#039;H\u00f4tel Victoria Sport &amp; Beach\"><img decoding=\"async\" width=\"300\" height=\"300\" src=\"https:\/\/i0.wp.com\/becooltravel.com\/wp-content\/uploads\/sites\/5\/2020\/05\/enjoy_holidays_algarve.jpg?resize=300%2C300&amp;ssl=1\" class=\"attachment-woocommerce_thumbnail size-woocommerce_thumbnail\" alt=\"Profitez de vos vacances en Algarve\" srcset=\"https:\/\/i0.wp.com\/becooltravel.com\/wp-content\/uploads\/sites\/5\/2020\/05\/enjoy_holidays_algarve.jpg?resize=150%2C150&amp;ssl=1 150w, https:\/\/i0.wp.com\/becooltravel.com\/wp-content\/uploads\/sites\/5\/2020\/05\/enjoy_holidays_algarve.jpg?resize=100%2C100&amp;ssl=1 100w, https:\/\/i0.wp.com\/becooltravel.com\/wp-content\/uploads\/sites\/5\/2020\/05\/enjoy_holidays_algarve.jpg?resize=140%2C140&amp;ssl=1 140w, https:\/\/i0.wp.com\/becooltravel.com\/wp-content\/uploads\/sites\/5\/2020\/05\/enjoy_holidays_algarve.jpg?resize=500%2C500&amp;ssl=1 500w, https:\/\/i0.wp.com\/becooltravel.com\/wp-content\/uploads\/sites\/5\/2020\/05\/enjoy_holidays_algarve.jpg?resize=350%2C350&amp;ssl=1 350w, https:\/\/i0.wp.com\/becooltravel.com\/wp-content\/uploads\/sites\/5\/2020\/05\/enjoy_holidays_algarve.jpg?resize=300%2C300&amp;ssl=1 300w, https:\/\/i0.wp.com\/becooltravel.com\/wp-content\/uploads\/sites\/5\/2020\/05\/enjoy_holidays_algarve.jpg?zoom=2&amp;resize=300%2C300&amp;ssl=1 600w, https:\/\/i0.wp.com\/becooltravel.com\/wp-content\/uploads\/sites\/5\/2020\/05\/enjoy_holidays_algarve.jpg?zoom=3&amp;resize=300%2C300&amp;ssl=1 900w\" sizes=\"(max-width: 300px) 100vw, 300px\" \/><\/a>\n\t\t\t<div class=\"product-add-to-cart\" data-nectar-quickview=\"true\"><a href=\"https:\/\/becooltravel.com\/contact\/\" target=\"_blank\" class=\"button add_to_cart_button\">Contactez-nous<\/a>\t<span id=\"woocommerce_loop_add_to_cart_link_describedby_5008\" class=\"screen-reader-text\">\n\t\t\t<\/span>\n<a class=\"nectar_quick_view no-ajaxy button\" data-product-id=\"5008\"> <i class=\"normal icon-salient-m-eye\"><\/i>\n\t    <span>Aper\u00e7u rapide<\/span><\/a><\/div>\t\t   <\/div>\n\t\t\t\t\n\t  \n\n\t\t<h2 class=\"woocommerce-loop-product__title\">Portugal Long-Stay Albufeira, \u00e0 l&#039;h\u00f4tel Victoria Sport &amp; Beach<\/h2><h3>Pack vacances long s\u00e9jour<\/h3><p class=\"product-duration\"><strong>Dur\u00e9e:<\/strong> 22 jours<\/p><p class=\"product-duration availability\"><strong>Disponibilit\u00e9:<\/strong> Novembre - mars<\/p>\n<a href=\"https:\/\/becooltravel.com\/fr\/produit\/long-sejour-albufeira-ls102pk\/\" class=\"price\">Demande de prix<\/a>\n\t\n\n\t\n<\/li>\n\t<li class=\"classic product type-product post-5019 status-publish last instock product_cat-holiday-packs-tours-portugal product_cat-long-stays-portugal product_tag-algarve product_tag-algarve-villages product_tag-beaches product_tag-beautiful-beaches-algarve product_tag-birdwatching product_tag-cabanas-de-tavira product_tag-family-holidays product_tag-gastronomy product_tag-gastronomy-and-wines product_tag-holiday product_tag-holidays product_tag-longstay product_tag-natural-scenery product_tag-packages product_tag-portugal product_tag-retirement product_tag-ria-formosa product_tag-ria-formosa-natural-park product_tag-ria-formosa-natural-reserve product_tag-seniors product_tag-sun-beach product_tag-sunny-winters product_tag-traditional-villages product_tag-vacations has-post-thumbnail virtual product-type-simple\" >\n\n\n\t\n\n\t\t\t   <div class=\"product-wrap\">\n\t\t\t<a href=\"https:\/\/becooltravel.com\/fr\/produit\/long-sejour-cabanas-de-tavira-ls200pk\/\" aria-label=\"Portugal Long S\u00e9jour Vacances \u00e0 Cabanas de Tavira, \u00e0 l&#039;Aparthotel Golden Club\"><img decoding=\"async\" width=\"300\" height=\"300\" src=\"https:\/\/i0.wp.com\/becooltravel.com\/wp-content\/uploads\/sites\/5\/2020\/05\/winter-long-stay-algarve.jpg?resize=300%2C300&amp;ssl=1\" class=\"attachment-woocommerce_thumbnail size-woocommerce_thumbnail\" alt=\"Long s\u00e9jour en Algarve\" srcset=\"https:\/\/i0.wp.com\/becooltravel.com\/wp-content\/uploads\/sites\/5\/2020\/05\/winter-long-stay-algarve.jpg?resize=150%2C150&amp;ssl=1 150w, https:\/\/i0.wp.com\/becooltravel.com\/wp-content\/uploads\/sites\/5\/2020\/05\/winter-long-stay-algarve.jpg?resize=100%2C100&amp;ssl=1 100w, https:\/\/i0.wp.com\/becooltravel.com\/wp-content\/uploads\/sites\/5\/2020\/05\/winter-long-stay-algarve.jpg?resize=140%2C140&amp;ssl=1 140w, https:\/\/i0.wp.com\/becooltravel.com\/wp-content\/uploads\/sites\/5\/2020\/05\/winter-long-stay-algarve.jpg?resize=500%2C500&amp;ssl=1 500w, https:\/\/i0.wp.com\/becooltravel.com\/wp-content\/uploads\/sites\/5\/2020\/05\/winter-long-stay-algarve.jpg?resize=350%2C350&amp;ssl=1 350w, https:\/\/i0.wp.com\/becooltravel.com\/wp-content\/uploads\/sites\/5\/2020\/05\/winter-long-stay-algarve.jpg?resize=800%2C800&amp;ssl=1 800w, https:\/\/i0.wp.com\/becooltravel.com\/wp-content\/uploads\/sites\/5\/2020\/05\/winter-long-stay-algarve.jpg?resize=300%2C300&amp;ssl=1 300w, https:\/\/i0.wp.com\/becooltravel.com\/wp-content\/uploads\/sites\/5\/2020\/05\/winter-long-stay-algarve.jpg?zoom=2&amp;resize=300%2C300&amp;ssl=1 600w, https:\/\/i0.wp.com\/becooltravel.com\/wp-content\/uploads\/sites\/5\/2020\/05\/winter-long-stay-algarve.jpg?zoom=3&amp;resize=300%2C300&amp;ssl=1 900w\" sizes=\"(max-width: 300px) 100vw, 300px\" \/><\/a>\n\t\t\t<div class=\"product-add-to-cart\" data-nectar-quickview=\"true\"><a href=\"https:\/\/becooltravel.com\/fr\/produit\/long-sejour-cabanas-de-tavira-ls200pk\/\" aria-describedby=\"woocommerce_loop_add_to_cart_link_describedby_5019\" data-quantity=\"1\" class=\"button product_type_simple\" data-product_id=\"5019\" data-product_sku=\"\" aria-label=\"En savoir plus sur \u201cPortugal Long-Stay Holidays in Cabanas de Tavira, at Aparthotel Golden Club\u201d\" rel=\"nofollow\" data-success_message=\"\" data-no-translation=\"\" data-trp-gettext=\"\" data-no-translation-aria-label=\"\">Lire la suite<\/a>\t<span id=\"woocommerce_loop_add_to_cart_link_describedby_5019\" class=\"screen-reader-text\">\n\t\t\t<\/span>\n<a class=\"nectar_quick_view no-ajaxy button\" data-product-id=\"5019\"> <i class=\"normal icon-salient-m-eye\"><\/i>\n\t    <span>Aper\u00e7u rapide<\/span><\/a><\/div>\t\t   <\/div>\n\t\t\t\t\n\t  \n\n\t\t<h2 class=\"woocommerce-loop-product__title\">Portugal Long S\u00e9jour Vacances \u00e0 Cabanas de Tavira, \u00e0 l&#039;Aparthotel Golden Club<\/h2><h3>Pack vacances long s\u00e9jour<\/h3><p class=\"product-duration\"><strong>Dur\u00e9e:<\/strong> 22 jours<\/p><p class=\"product-duration availability\"><strong>Disponibilit\u00e9:<\/strong> Novembre - mars<\/p>\n<a href=\"https:\/\/becooltravel.com\/fr\/produit\/long-sejour-cabanas-de-tavira-ls200pk\/\" class=\"price\">Demande de prix<\/a>\n\t\n\n\t\n<\/li>\n\t<li class=\"classic product type-product post-3728 status-publish first instock product_cat-holiday-packs-tours-portugal product_cat-relax-8-days-holidays-portugal product_tag-albufeira product_tag-algarve product_tag-beaches product_tag-beautiful-beaches product_tag-coastal-algarve product_tag-flamingos product_tag-gastronomy product_tag-portugal product_tag-portugal-great-food-and-wine product_tag-self-catering-hotel-albufeira product_tag-self-drive-holiday product_tag-self-guided-tour product_tag-sun-and-beach product_tag-sunny-days product_tag-tastes-of-algarve product_tag-victoria-sports-beach-hotel product_tag-western-europe has-post-thumbnail virtual product-type-simple\" >\n\n\n\t\n\n\t\t\t   <div class=\"product-wrap\">\n\t\t\t<a href=\"https:\/\/becooltravel.com\/fr\/produit\/detente-a-albufeira-8100pk\/\" aria-label=\"D\u00e9tendez-vous \u00e0 Albufeira\"><img decoding=\"async\" width=\"300\" height=\"300\" src=\"https:\/\/i0.wp.com\/becooltravel.com\/wp-content\/uploads\/sites\/5\/2020\/05\/praia-oura-albufeira.jpg?resize=300%2C300&amp;ssl=1\" class=\"attachment-woocommerce_thumbnail size-woocommerce_thumbnail\" alt=\"Vacances \u00e0 Albufeira\" srcset=\"https:\/\/i0.wp.com\/becooltravel.com\/wp-content\/uploads\/sites\/5\/2020\/05\/praia-oura-albufeira.jpg?resize=150%2C150&amp;ssl=1 150w, https:\/\/i0.wp.com\/becooltravel.com\/wp-content\/uploads\/sites\/5\/2020\/05\/praia-oura-albufeira.jpg?resize=100%2C100&amp;ssl=1 100w, https:\/\/i0.wp.com\/becooltravel.com\/wp-content\/uploads\/sites\/5\/2020\/05\/praia-oura-albufeira.jpg?resize=140%2C140&amp;ssl=1 140w, https:\/\/i0.wp.com\/becooltravel.com\/wp-content\/uploads\/sites\/5\/2020\/05\/praia-oura-albufeira.jpg?resize=500%2C500&amp;ssl=1 500w, https:\/\/i0.wp.com\/becooltravel.com\/wp-content\/uploads\/sites\/5\/2020\/05\/praia-oura-albufeira.jpg?resize=350%2C350&amp;ssl=1 350w, https:\/\/i0.wp.com\/becooltravel.com\/wp-content\/uploads\/sites\/5\/2020\/05\/praia-oura-albufeira.jpg?resize=300%2C300&amp;ssl=1 300w, https:\/\/i0.wp.com\/becooltravel.com\/wp-content\/uploads\/sites\/5\/2020\/05\/praia-oura-albufeira.jpg?zoom=2&amp;resize=300%2C300&amp;ssl=1 600w, https:\/\/i0.wp.com\/becooltravel.com\/wp-content\/uploads\/sites\/5\/2020\/05\/praia-oura-albufeira.jpg?zoom=3&amp;resize=300%2C300&amp;ssl=1 900w\" sizes=\"(max-width: 300px) 100vw, 300px\" \/><\/a>\n\t\t\t<div class=\"product-add-to-cart\" data-nectar-quickview=\"true\"><a href=\"https:\/\/becooltravel.com\/fr\/produit\/detente-a-albufeira-8100pk\/\" aria-describedby=\"woocommerce_loop_add_to_cart_link_describedby_3728\" data-quantity=\"1\" class=\"button product_type_simple\" data-product_id=\"3728\" data-product_sku=\"\" aria-label=\"En savoir plus sur \u201cRelax in Albufeira\u201d\" rel=\"nofollow\" data-success_message=\"\" data-no-translation=\"\" data-trp-gettext=\"\" data-no-translation-aria-label=\"\">Lire la suite<\/a>\t<span id=\"woocommerce_loop_add_to_cart_link_describedby_3728\" class=\"screen-reader-text\">\n\t\t\t<\/span>\n<a class=\"nectar_quick_view no-ajaxy button\" data-product-id=\"3728\"> <i class=\"normal icon-salient-m-eye\"><\/i>\n\t    <span>Aper\u00e7u rapide<\/span><\/a><\/div>\t\t   <\/div>\n\t\t\t\t\n\t  \n\n\t\t<h2 class=\"woocommerce-loop-product__title\">D\u00e9tendez-vous \u00e0 Albufeira<\/h2><h3>Pack vacances<\/h3><p class=\"product-duration\"><strong>Dur\u00e9e:<\/strong> 8 jours \/ 7 nuits<\/p><p class=\"product-duration availability\"><strong>Disponibilit\u00e9:<\/strong> Janvier - d\u00e9cembre<\/p>\n<a href=\"https:\/\/becooltravel.com\/fr\/produit\/detente-a-albufeira-8100pk\/\" class=\"price\">Demande de prix<\/a>\n\t\n\n\t\n<\/li>\n\t<li class=\"classic product type-product post-4888 status-publish instock product_cat-holiday-packs-tours-portugal product_cat-relax-8-days-holidays-portugal product_tag-albufeira product_tag-algarve product_tag-beaches product_tag-beautiful-beaches product_tag-coastal-algarve product_tag-flamingos product_tag-gastronomy product_tag-portugal product_tag-portugal-great-food-and-wine product_tag-self-catering-hotel-albufeira product_tag-sun-and-beach product_tag-sunny-days product_tag-tastes-of-algarve product_tag-victoria-sports-beach-hotel product_tag-western-europe has-post-thumbnail virtual product-type-simple\" >\n\n\n\t\n\n\t\t\t   <div class=\"product-wrap\">\n\t\t\t<a href=\"https:\/\/becooltravel.com\/fr\/produit\/detente-a-albufeira-8101pk\/\" aria-label=\"D\u00e9tendez-vous \u00e0 Albufeira\"><img decoding=\"async\" width=\"300\" height=\"300\" src=\"https:\/\/i0.wp.com\/becooltravel.com\/wp-content\/uploads\/sites\/5\/2020\/05\/Albufeira_beaches.jpg?resize=300%2C300&amp;ssl=1\" class=\"attachment-woocommerce_thumbnail size-woocommerce_thumbnail\" alt=\"Vacances \u00e0 Albufeira\" srcset=\"https:\/\/i0.wp.com\/becooltravel.com\/wp-content\/uploads\/sites\/5\/2020\/05\/Albufeira_beaches.jpg?resize=150%2C150&amp;ssl=1 150w, https:\/\/i0.wp.com\/becooltravel.com\/wp-content\/uploads\/sites\/5\/2020\/05\/Albufeira_beaches.jpg?resize=100%2C100&amp;ssl=1 100w, https:\/\/i0.wp.com\/becooltravel.com\/wp-content\/uploads\/sites\/5\/2020\/05\/Albufeira_beaches.jpg?resize=140%2C140&amp;ssl=1 140w, https:\/\/i0.wp.com\/becooltravel.com\/wp-content\/uploads\/sites\/5\/2020\/05\/Albufeira_beaches.jpg?resize=500%2C500&amp;ssl=1 500w, https:\/\/i0.wp.com\/becooltravel.com\/wp-content\/uploads\/sites\/5\/2020\/05\/Albufeira_beaches.jpg?resize=350%2C350&amp;ssl=1 350w, https:\/\/i0.wp.com\/becooltravel.com\/wp-content\/uploads\/sites\/5\/2020\/05\/Albufeira_beaches.jpg?resize=800%2C800&amp;ssl=1 800w, https:\/\/i0.wp.com\/becooltravel.com\/wp-content\/uploads\/sites\/5\/2020\/05\/Albufeira_beaches.jpg?resize=300%2C300&amp;ssl=1 300w, https:\/\/i0.wp.com\/becooltravel.com\/wp-content\/uploads\/sites\/5\/2020\/05\/Albufeira_beaches.jpg?zoom=2&amp;resize=300%2C300&amp;ssl=1 600w\" sizes=\"(max-width: 300px) 100vw, 300px\" \/><\/a>\n\t\t\t<div class=\"product-add-to-cart\" data-nectar-quickview=\"true\"><a href=\"https:\/\/becooltravel.com\/fr\/produit\/detente-a-albufeira-8101pk\/\" aria-describedby=\"woocommerce_loop_add_to_cart_link_describedby_4888\" data-quantity=\"1\" class=\"button product_type_simple\" data-product_id=\"4888\" data-product_sku=\"\" aria-label=\"En savoir plus sur \u201cRelax in Albufeira\u201d\" rel=\"nofollow\" data-success_message=\"\" data-no-translation=\"\" data-trp-gettext=\"\" data-no-translation-aria-label=\"\">Lire la suite<\/a>\t<span id=\"woocommerce_loop_add_to_cart_link_describedby_4888\" class=\"screen-reader-text\">\n\t\t\t<\/span>\n<a class=\"nectar_quick_view no-ajaxy button\" data-product-id=\"4888\"> <i class=\"normal icon-salient-m-eye\"><\/i>\n\t    <span>Aper\u00e7u rapide<\/span><\/a><\/div>\t\t   <\/div>\n\t\t\t\t\n\t  \n\n\t\t<h2 class=\"woocommerce-loop-product__title\">D\u00e9tendez-vous \u00e0 Albufeira<\/h2><h3>Pack vacances \u00e0 petit budget<\/h3><p class=\"product-duration\"><strong>Dur\u00e9e:<\/strong> 8 jours \/ 7 nuits<\/p><p class=\"product-duration availability\"><strong>Disponibilit\u00e9:<\/strong> Janvier - d\u00e9cembre<\/p>\n<a href=\"https:\/\/becooltravel.com\/fr\/produit\/detente-a-albufeira-8101pk\/\" class=\"price\">Demande de prix<\/a>\n\t\n\n\t\n<\/li>\n\t<li class=\"classic product type-product post-4889 status-publish instock product_cat-holiday-packs-tours-portugal product_cat-relax-8-days-holidays-portugal product_tag-albufeira product_tag-algarve product_tag-beaches product_tag-beautiful-beaches product_tag-coastal-algarve product_tag-flamingos product_tag-gastronomy product_tag-orange product_tag-orange-groves product_tag-portugal product_tag-portugal-great-food-and-wine product_tag-relax product_tag-relaxation-albufeira product_tag-self-catering-hotel-albufeira product_tag-self-guide-tour product_tag-sun-and-beach product_tag-sunny-days product_tag-sunny-winters product_tag-tastes-of-algarve product_tag-victoria-sports-beach-hotel product_tag-western-europe product_tag-winter product_tag-winter-break has-post-thumbnail virtual product-type-simple\" >\n\n\n\t\n\n\t\t\t   <div class=\"product-wrap\">\n\t\t\t<a href=\"https:\/\/becooltravel.com\/fr\/produit\/detente-a-albufeira-8102pk\/\" aria-label=\"D\u00e9tendez-vous \u00e0 Albufeira\"><img decoding=\"async\" width=\"300\" height=\"300\" src=\"https:\/\/i0.wp.com\/becooltravel.com\/wp-content\/uploads\/sites\/5\/2020\/05\/Olhos_Agua_Albufeira.jpg?resize=300%2C300&amp;ssl=1\" class=\"attachment-woocommerce_thumbnail size-woocommerce_thumbnail\" alt=\"Vacances \u00e0 Albufeira\" srcset=\"https:\/\/i0.wp.com\/becooltravel.com\/wp-content\/uploads\/sites\/5\/2020\/05\/Olhos_Agua_Albufeira.jpg?resize=150%2C150&amp;ssl=1 150w, https:\/\/i0.wp.com\/becooltravel.com\/wp-content\/uploads\/sites\/5\/2020\/05\/Olhos_Agua_Albufeira.jpg?resize=100%2C100&amp;ssl=1 100w, https:\/\/i0.wp.com\/becooltravel.com\/wp-content\/uploads\/sites\/5\/2020\/05\/Olhos_Agua_Albufeira.jpg?resize=140%2C140&amp;ssl=1 140w, https:\/\/i0.wp.com\/becooltravel.com\/wp-content\/uploads\/sites\/5\/2020\/05\/Olhos_Agua_Albufeira.jpg?resize=500%2C500&amp;ssl=1 500w, https:\/\/i0.wp.com\/becooltravel.com\/wp-content\/uploads\/sites\/5\/2020\/05\/Olhos_Agua_Albufeira.jpg?resize=350%2C350&amp;ssl=1 350w, https:\/\/i0.wp.com\/becooltravel.com\/wp-content\/uploads\/sites\/5\/2020\/05\/Olhos_Agua_Albufeira.jpg?resize=800%2C800&amp;ssl=1 800w, https:\/\/i0.wp.com\/becooltravel.com\/wp-content\/uploads\/sites\/5\/2020\/05\/Olhos_Agua_Albufeira.jpg?resize=300%2C300&amp;ssl=1 300w, https:\/\/i0.wp.com\/becooltravel.com\/wp-content\/uploads\/sites\/5\/2020\/05\/Olhos_Agua_Albufeira.jpg?zoom=2&amp;resize=300%2C300&amp;ssl=1 600w, https:\/\/i0.wp.com\/becooltravel.com\/wp-content\/uploads\/sites\/5\/2020\/05\/Olhos_Agua_Albufeira.jpg?zoom=3&amp;resize=300%2C300&amp;ssl=1 900w\" sizes=\"(max-width: 300px) 100vw, 300px\" \/><\/a>\n\t\t\t<div class=\"product-add-to-cart\" data-nectar-quickview=\"true\"><a href=\"https:\/\/becooltravel.com\/fr\/produit\/detente-a-albufeira-8102pk\/\" aria-describedby=\"woocommerce_loop_add_to_cart_link_describedby_4889\" data-quantity=\"1\" class=\"button product_type_simple\" data-product_id=\"4889\" data-product_sku=\"\" aria-label=\"En savoir plus sur \u201cRelax in Albufeira\u201d\" rel=\"nofollow\" data-success_message=\"\" data-no-translation=\"\" data-trp-gettext=\"\" data-no-translation-aria-label=\"\">Lire la suite<\/a>\t<span id=\"woocommerce_loop_add_to_cart_link_describedby_4889\" class=\"screen-reader-text\">\n\t\t\t<\/span>\n<a class=\"nectar_quick_view no-ajaxy button\" data-product-id=\"4889\"> <i class=\"normal icon-salient-m-eye\"><\/i>\n\t    <span>Aper\u00e7u rapide<\/span><\/a><\/div>\t\t   <\/div>\n\t\t\t\t\n\t  \n\n\t\t<h2 class=\"woocommerce-loop-product__title\">D\u00e9tendez-vous \u00e0 Albufeira<\/h2><h3>Pack vacances premium <\/h3><p class=\"product-duration\"><strong>Dur\u00e9e:<\/strong> 8 jours \/ 7 nuits<\/p><p class=\"product-duration availability\"><strong>Disponibilit\u00e9:<\/strong> Janvier - d\u00e9cembre<\/p>\n<a href=\"https:\/\/becooltravel.com\/fr\/produit\/detente-a-albufeira-8102pk\/\" class=\"price\">Demande de prix<\/a>\n\t\n\n\t\n<\/li>\n\t<li class=\"classic product type-product post-5383 status-publish last instock product_cat-holiday-packs-tours-portugal product_cat-relax-8-days-holidays-portugal product_tag-algarve product_tag-ayamonte product_tag-castle-of-castro-marim product_tag-castro-marim-natural-reserve product_tag-cultural-heritage product_tag-east-algarve product_tag-gastronomy product_tag-gastronomy-and-wines product_tag-historic product_tag-holidays product_tag-individuelle-touren product_tag-local-gastronomy product_tag-monte-gordo product_tag-monte-gordos-glorious-beach product_tag-natural-park product_tag-nature-reserve-of-castro-marim product_tag-old-town product_tag-portugal product_tag-ria-formosa-natural-park product_tag-salt-marsh-of-castro-marim-and-vila-real-de-santo-antonio product_tag-sandy-beach product_tag-sejour-en-liberte product_tag-self-guided product_tag-sightseeing product_tag-spring product_tag-summer product_tag-sun-beach product_tag-sunny-days product_tag-sunny-winters product_tag-tours-in-portugal product_tag-traditional-villages product_tag-vila-real-de-santo-antonio product_tag-vila-real-sto-antonio has-post-thumbnail virtual product-type-simple\" >\n\n\n\t\n\n\t\t\t   <div class=\"product-wrap\">\n\t\t\t<a href=\"https:\/\/becooltravel.com\/fr\/produit\/relax-in-monte-gordo-8500pk\/\" aria-label=\"D\u00e9tendez-vous \u00e0 Monte Gordo\"><img decoding=\"async\" width=\"300\" height=\"300\" src=\"https:\/\/i0.wp.com\/becooltravel.com\/wp-content\/uploads\/sites\/5\/2020\/06\/montegordo_beach.jpg?resize=300%2C300&amp;ssl=1\" class=\"attachment-woocommerce_thumbnail size-woocommerce_thumbnail\" alt=\"Monte Gordo est un excellent choix de vacances pour les familles\" srcset=\"https:\/\/i0.wp.com\/becooltravel.com\/wp-content\/uploads\/sites\/5\/2020\/06\/montegordo_beach.jpg?resize=150%2C150&amp;ssl=1 150w, https:\/\/i0.wp.com\/becooltravel.com\/wp-content\/uploads\/sites\/5\/2020\/06\/montegordo_beach.jpg?resize=100%2C100&amp;ssl=1 100w, https:\/\/i0.wp.com\/becooltravel.com\/wp-content\/uploads\/sites\/5\/2020\/06\/montegordo_beach.jpg?resize=140%2C140&amp;ssl=1 140w, https:\/\/i0.wp.com\/becooltravel.com\/wp-content\/uploads\/sites\/5\/2020\/06\/montegordo_beach.jpg?resize=500%2C500&amp;ssl=1 500w, https:\/\/i0.wp.com\/becooltravel.com\/wp-content\/uploads\/sites\/5\/2020\/06\/montegordo_beach.jpg?resize=350%2C350&amp;ssl=1 350w, https:\/\/i0.wp.com\/becooltravel.com\/wp-content\/uploads\/sites\/5\/2020\/06\/montegordo_beach.jpg?resize=800%2C800&amp;ssl=1 800w, https:\/\/i0.wp.com\/becooltravel.com\/wp-content\/uploads\/sites\/5\/2020\/06\/montegordo_beach.jpg?resize=300%2C300&amp;ssl=1 300w, https:\/\/i0.wp.com\/becooltravel.com\/wp-content\/uploads\/sites\/5\/2020\/06\/montegordo_beach.jpg?zoom=2&amp;resize=300%2C300&amp;ssl=1 600w, https:\/\/i0.wp.com\/becooltravel.com\/wp-content\/uploads\/sites\/5\/2020\/06\/montegordo_beach.jpg?zoom=3&amp;resize=300%2C300&amp;ssl=1 900w\" sizes=\"(max-width: 300px) 100vw, 300px\" \/><\/a>\n\t\t\t<div class=\"product-add-to-cart\" data-nectar-quickview=\"true\"><a href=\"https:\/\/becooltravel.com\/fr\/produit\/relax-in-monte-gordo-8500pk\/\" aria-describedby=\"woocommerce_loop_add_to_cart_link_describedby_5383\" data-quantity=\"1\" class=\"button product_type_simple\" data-product_id=\"5383\" data-product_sku=\"\" aria-label=\"En savoir plus sur \u201cRelax in Monte Gordo\u201d\" rel=\"nofollow\" data-success_message=\"\" data-no-translation=\"\" data-trp-gettext=\"\" data-no-translation-aria-label=\"\">Lire la suite<\/a>\t<span id=\"woocommerce_loop_add_to_cart_link_describedby_5383\" class=\"screen-reader-text\">\n\t\t\t<\/span>\n<a class=\"nectar_quick_view no-ajaxy button\" data-product-id=\"5383\"> <i class=\"normal icon-salient-m-eye\"><\/i>\n\t    <span>Aper\u00e7u rapide<\/span><\/a><\/div>\t\t   <\/div>\n\t\t\t\t\n\t  \n\n\t\t<h2 class=\"woocommerce-loop-product__title\">D\u00e9tendez-vous \u00e0 Monte Gordo<\/h2><h3>Pack vacances<\/h3><p class=\"product-duration\"><strong>Dur\u00e9e:<\/strong> 8 jours \/ 7 nuits<\/p><p class=\"product-duration availability\"><strong>Disponibilit\u00e9:<\/strong> Janvier - d\u00e9cembre<\/p>\n<a href=\"https:\/\/becooltravel.com\/fr\/produit\/relax-in-monte-gordo-8500pk\/\" class=\"price\">Demande de prix<\/a>\n\t\n\n\t\n<\/li>\n\t<li class=\"classic product type-product post-5143 status-publish first instock product_cat-holiday-packs-tours-portugal product_cat-relax-8-days-holidays-portugal product_tag-algarve product_tag-algarve-coastline product_tag-algarve-spectacular-coastline product_tag-alvor product_tag-alvor-estuary product_tag-cultural-heritage product_tag-family-holidays product_tag-gastronomy product_tag-gastronomy-and-wines product_tag-historic product_tag-history-and-heritage product_tag-holidays product_tag-holidays-in-portugal product_tag-lagos product_tag-monchique product_tag-night product_tag-portimao product_tag-portugal-perfect-walking-holiday product_tag-praia-da-rocha product_tag-relax product_tag-ria-de-alvor product_tag-sandy-beach product_tag-self-guide-tour product_tag-sightseeing product_tag-silves product_tag-spring product_tag-summer product_tag-sun-beach product_tag-sunny-days product_tag-sunny-winters product_tag-winter product_tag-winter-break has-post-thumbnail virtual product-type-simple\" >\n\n\n\t\n\n\t\t\t   <div class=\"product-wrap\">\n\t\t\t<a href=\"https:\/\/becooltravel.com\/fr\/produit\/se-detendre-a-praia-da-rocha-8600pk\/\" aria-label=\"D\u00e9tendez-vous \u00e0 Praia Da Rocha\"><img decoding=\"async\" width=\"300\" height=\"300\" src=\"https:\/\/i0.wp.com\/becooltravel.com\/wp-content\/uploads\/sites\/5\/2020\/06\/Praia_-da_Rocha.jpg?resize=300%2C300&amp;ssl=1\" class=\"attachment-woocommerce_thumbnail size-woocommerce_thumbnail\" alt=\"La vaste bande de sable de Praia da Rocha\" srcset=\"https:\/\/i0.wp.com\/becooltravel.com\/wp-content\/uploads\/sites\/5\/2020\/06\/Praia_-da_Rocha.jpg?resize=150%2C150&amp;ssl=1 150w, https:\/\/i0.wp.com\/becooltravel.com\/wp-content\/uploads\/sites\/5\/2020\/06\/Praia_-da_Rocha.jpg?resize=100%2C100&amp;ssl=1 100w, https:\/\/i0.wp.com\/becooltravel.com\/wp-content\/uploads\/sites\/5\/2020\/06\/Praia_-da_Rocha.jpg?resize=140%2C140&amp;ssl=1 140w, https:\/\/i0.wp.com\/becooltravel.com\/wp-content\/uploads\/sites\/5\/2020\/06\/Praia_-da_Rocha.jpg?resize=500%2C500&amp;ssl=1 500w, https:\/\/i0.wp.com\/becooltravel.com\/wp-content\/uploads\/sites\/5\/2020\/06\/Praia_-da_Rocha.jpg?resize=350%2C350&amp;ssl=1 350w, https:\/\/i0.wp.com\/becooltravel.com\/wp-content\/uploads\/sites\/5\/2020\/06\/Praia_-da_Rocha.jpg?resize=300%2C300&amp;ssl=1 300w, https:\/\/i0.wp.com\/becooltravel.com\/wp-content\/uploads\/sites\/5\/2020\/06\/Praia_-da_Rocha.jpg?zoom=2&amp;resize=300%2C300&amp;ssl=1 600w, https:\/\/i0.wp.com\/becooltravel.com\/wp-content\/uploads\/sites\/5\/2020\/06\/Praia_-da_Rocha.jpg?zoom=3&amp;resize=300%2C300&amp;ssl=1 900w\" sizes=\"(max-width: 300px) 100vw, 300px\" \/><\/a>\n\t\t\t<div class=\"product-add-to-cart\" data-nectar-quickview=\"true\"><a href=\"https:\/\/becooltravel.com\/fr\/produit\/se-detendre-a-praia-da-rocha-8600pk\/\" aria-describedby=\"woocommerce_loop_add_to_cart_link_describedby_5143\" data-quantity=\"1\" class=\"button product_type_simple\" data-product_id=\"5143\" data-product_sku=\"\" aria-label=\"En savoir plus sur \u201cRelax in Praia Da Rocha\u201d\" rel=\"nofollow\" data-success_message=\"\" data-no-translation=\"\" data-trp-gettext=\"\" data-no-translation-aria-label=\"\">Lire la suite<\/a>\t<span id=\"woocommerce_loop_add_to_cart_link_describedby_5143\" class=\"screen-reader-text\">\n\t\t\t<\/span>\n<a class=\"nectar_quick_view no-ajaxy button\" data-product-id=\"5143\"> <i class=\"normal icon-salient-m-eye\"><\/i>\n\t    <span>Aper\u00e7u rapide<\/span><\/a><\/div>\t\t   <\/div>\n\t\t\t\t\n\t  \n\n\t\t<h2 class=\"woocommerce-loop-product__title\">D\u00e9tendez-vous \u00e0 Praia Da Rocha<\/h2><h3>Pack vacances<\/h3><p class=\"product-duration\"><strong>Dur\u00e9e:<\/strong> 8 jours \/ 7 nuits<\/p><p class=\"product-duration availability\"><strong>Disponibilit\u00e9:<\/strong> Janvier - d\u00e9cembre<\/p>\n<a href=\"https:\/\/becooltravel.com\/fr\/produit\/se-detendre-a-praia-da-rocha-8600pk\/\" class=\"price\">Demande de prix<\/a>\n\t\n\n\t\n<\/li>\n\t<li class=\"classic product type-product post-3726 status-publish instock product_cat-holiday-packs-tours-portugal product_cat-relax-8-days-holidays-portugal product_tag-algarve product_tag-birds product_tag-birdwatching product_tag-cultural-heritage product_tag-east-algarve product_tag-fresh-fish-and-seafood product_tag-gastronomy product_tag-history-and-heritage product_tag-island-of-tavira product_tag-medieval-castle-of-tavira product_tag-portugal product_tag-relax product_tag-river-gilao product_tag-roman-and-arab-vestiges product_tag-summer product_tag-sun-beach product_tag-sunny-days product_tag-sunny-winters product_tag-tavira has-post-thumbnail virtual product-type-simple\" >\n\n\n\t\n\n\t\t\t   <div class=\"product-wrap\">\n\t\t\t<a href=\"https:\/\/becooltravel.com\/fr\/produit\/relax-in-tavira-8-days-8300pk\/\" aria-label=\"D\u00e9tendez-vous \u00e0 Tavira\"><img decoding=\"async\" width=\"300\" height=\"300\" src=\"https:\/\/i0.wp.com\/becooltravel.com\/wp-content\/uploads\/sites\/5\/2020\/05\/Colorful-tipical-houses-in-Tavira.jpg?resize=300%2C300&amp;ssl=1\" class=\"attachment-woocommerce_thumbnail size-woocommerce_thumbnail\" alt=\"Maisons typiques color\u00e9es \u00e0 Tavira Algarve\" srcset=\"https:\/\/i0.wp.com\/becooltravel.com\/wp-content\/uploads\/sites\/5\/2020\/05\/Colorful-tipical-houses-in-Tavira.jpg?resize=150%2C150&amp;ssl=1 150w, https:\/\/i0.wp.com\/becooltravel.com\/wp-content\/uploads\/sites\/5\/2020\/05\/Colorful-tipical-houses-in-Tavira.jpg?resize=100%2C100&amp;ssl=1 100w, https:\/\/i0.wp.com\/becooltravel.com\/wp-content\/uploads\/sites\/5\/2020\/05\/Colorful-tipical-houses-in-Tavira.jpg?resize=140%2C140&amp;ssl=1 140w, https:\/\/i0.wp.com\/becooltravel.com\/wp-content\/uploads\/sites\/5\/2020\/05\/Colorful-tipical-houses-in-Tavira.jpg?resize=500%2C500&amp;ssl=1 500w, https:\/\/i0.wp.com\/becooltravel.com\/wp-content\/uploads\/sites\/5\/2020\/05\/Colorful-tipical-houses-in-Tavira.jpg?resize=350%2C350&amp;ssl=1 350w, https:\/\/i0.wp.com\/becooltravel.com\/wp-content\/uploads\/sites\/5\/2020\/05\/Colorful-tipical-houses-in-Tavira.jpg?resize=800%2C800&amp;ssl=1 800w, https:\/\/i0.wp.com\/becooltravel.com\/wp-content\/uploads\/sites\/5\/2020\/05\/Colorful-tipical-houses-in-Tavira.jpg?resize=300%2C300&amp;ssl=1 300w, https:\/\/i0.wp.com\/becooltravel.com\/wp-content\/uploads\/sites\/5\/2020\/05\/Colorful-tipical-houses-in-Tavira.jpg?zoom=2&amp;resize=300%2C300&amp;ssl=1 600w, https:\/\/i0.wp.com\/becooltravel.com\/wp-content\/uploads\/sites\/5\/2020\/05\/Colorful-tipical-houses-in-Tavira.jpg?zoom=3&amp;resize=300%2C300&amp;ssl=1 900w\" sizes=\"(max-width: 300px) 100vw, 300px\" \/><\/a>\n\t\t\t<div class=\"product-add-to-cart\" data-nectar-quickview=\"true\"><a href=\"https:\/\/becooltravel.com\/fr\/produit\/relax-in-tavira-8-days-8300pk\/\" aria-describedby=\"woocommerce_loop_add_to_cart_link_describedby_3726\" data-quantity=\"1\" class=\"button product_type_simple\" data-product_id=\"3726\" data-product_sku=\"\" aria-label=\"En savoir plus sur \u201cRelax in Tavira\u201d\" rel=\"nofollow\" data-success_message=\"\" data-no-translation=\"\" data-trp-gettext=\"\" data-no-translation-aria-label=\"\">Lire la suite<\/a>\t<span id=\"woocommerce_loop_add_to_cart_link_describedby_3726\" class=\"screen-reader-text\">\n\t\t\t<\/span>\n<a class=\"nectar_quick_view no-ajaxy button\" data-product-id=\"3726\"> <i class=\"normal icon-salient-m-eye\"><\/i>\n\t    <span>Aper\u00e7u rapide<\/span><\/a><\/div>\t\t   <\/div>\n\t\t\t\t\n\t  \n\n\t\t<h2 class=\"woocommerce-loop-product__title\">D\u00e9tendez-vous \u00e0 Tavira<\/h2><h3>Pack vacances<\/h3><p class=\"product-duration\"><strong>Dur\u00e9e:<\/strong> 8 jours \/ 7 nuits<\/p><p class=\"product-duration availability\"><strong>Disponibilit\u00e9:<\/strong> Janvier - d\u00e9cembre<\/p>\n<a href=\"https:\/\/becooltravel.com\/fr\/produit\/relax-in-tavira-8-days-8300pk\/\" class=\"price\">Demande de prix<\/a>\n\t\n\n\t\n<\/li>\n\t<li class=\"classic product type-product post-5166 status-publish instock product_cat-holiday-packs-tours-portugal product_cat-relax-8-days-holidays-portugal product_tag-algarve product_tag-algarve-glorious-countryside product_tag-central-algarve product_tag-cost product_tag-cultural-heritage product_tag-gastronomy product_tag-gastronomy-and-wines product_tag-historic product_tag-history-and-heritage product_tag-holidays product_tag-lagos product_tag-loule product_tag-night product_tag-praia-da-falesia product_tag-relax product_tag-sandy-beach product_tag-sightseeing product_tag-silves product_tag-spring product_tag-summer product_tag-sun-beach product_tag-sunny-days product_tag-vilamoura product_tag-wildlife product_tag-wildlife-algarve has-post-thumbnail virtual product-type-simple\" >\n\n\n\t\n\n\t\t\t   <div class=\"product-wrap\">\n\t\t\t<a href=\"https:\/\/becooltravel.com\/fr\/produit\/relax-in-vilamoura-8700pk\/\" aria-label=\"D\u00e9tendez-vous \u00e0 Vilamoura\"><img decoding=\"async\" width=\"300\" height=\"300\" src=\"https:\/\/i0.wp.com\/becooltravel.com\/wp-content\/uploads\/sites\/5\/2020\/06\/vilamoura_beach.jpg?resize=300%2C300&amp;ssl=1\" class=\"attachment-woocommerce_thumbnail size-woocommerce_thumbnail\" alt=\"Vilamoura est une station baln\u00e9aire glamour construite \u00e0 partir de z\u00e9ro avec une seule chose en t\u00eate: les vacances!\" srcset=\"https:\/\/i0.wp.com\/becooltravel.com\/wp-content\/uploads\/sites\/5\/2020\/06\/vilamoura_beach.jpg?resize=150%2C150&amp;ssl=1 150w, https:\/\/i0.wp.com\/becooltravel.com\/wp-content\/uploads\/sites\/5\/2020\/06\/vilamoura_beach.jpg?resize=100%2C100&amp;ssl=1 100w, https:\/\/i0.wp.com\/becooltravel.com\/wp-content\/uploads\/sites\/5\/2020\/06\/vilamoura_beach.jpg?resize=140%2C140&amp;ssl=1 140w, https:\/\/i0.wp.com\/becooltravel.com\/wp-content\/uploads\/sites\/5\/2020\/06\/vilamoura_beach.jpg?resize=500%2C500&amp;ssl=1 500w, https:\/\/i0.wp.com\/becooltravel.com\/wp-content\/uploads\/sites\/5\/2020\/06\/vilamoura_beach.jpg?resize=350%2C350&amp;ssl=1 350w, https:\/\/i0.wp.com\/becooltravel.com\/wp-content\/uploads\/sites\/5\/2020\/06\/vilamoura_beach.jpg?resize=300%2C300&amp;ssl=1 300w, https:\/\/i0.wp.com\/becooltravel.com\/wp-content\/uploads\/sites\/5\/2020\/06\/vilamoura_beach.jpg?zoom=2&amp;resize=300%2C300&amp;ssl=1 600w, https:\/\/i0.wp.com\/becooltravel.com\/wp-content\/uploads\/sites\/5\/2020\/06\/vilamoura_beach.jpg?zoom=3&amp;resize=300%2C300&amp;ssl=1 900w\" sizes=\"(max-width: 300px) 100vw, 300px\" \/><\/a>\n\t\t\t<div class=\"product-add-to-cart\" data-nectar-quickview=\"true\"><a href=\"https:\/\/becooltravel.com\/fr\/produit\/relax-in-vilamoura-8700pk\/\" aria-describedby=\"woocommerce_loop_add_to_cart_link_describedby_5166\" data-quantity=\"1\" class=\"button product_type_simple\" data-product_id=\"5166\" data-product_sku=\"\" aria-label=\"En savoir plus sur \u201cRelax in Vilamoura\u201d\" rel=\"nofollow\" data-success_message=\"\" data-no-translation=\"\" data-trp-gettext=\"\" data-no-translation-aria-label=\"\">Lire la suite<\/a>\t<span id=\"woocommerce_loop_add_to_cart_link_describedby_5166\" class=\"screen-reader-text\">\n\t\t\t<\/span>\n<a class=\"nectar_quick_view no-ajaxy button\" data-product-id=\"5166\"> <i class=\"normal icon-salient-m-eye\"><\/i>\n\t    <span>Aper\u00e7u rapide<\/span><\/a><\/div>\t\t   <\/div>\n\t\t\t\t\n\t  \n\n\t\t<h2 class=\"woocommerce-loop-product__title\">D\u00e9tendez-vous \u00e0 Vilamoura<\/h2><h3>Pack vacances<\/h3><p class=\"product-duration\"><strong>Dur\u00e9e:<\/strong> 8 jours \/ 7 nuits<\/p><p class=\"product-duration availability\"><strong>Disponibilit\u00e9:<\/strong> Janvier - d\u00e9cembre<\/p>\n<a href=\"https:\/\/becooltravel.com\/fr\/produit\/relax-in-vilamoura-8700pk\/\" class=\"price\">Demande de prix<\/a>\n\t\n\n\t\n<\/li><\/ul>\n<\/div>\n\t\t\t<\/div> \n\t\t<\/div>\n\t<\/div> \n<\/div><\/div>","protected":false},"excerpt":{"rendered":"Cat\u00e9gories CIRCUITS AUTOGUID\u00c9S Randonn\u00e9e p\u00e9destre autoguid\u00e9e Cyclisme autoguid\u00e9e Observation des oiseaux autoguid\u00e9e Autotour Circuits en train autoguid\u00e9es S\u00e9jours soleil et plage autoguid\u00e9es Visites touristiques autoguid\u00e9es FORFAITS VACANCES \u00c9vasion\u2026 (forfait 4 jours)...","protected":false},"author":198,"featured_media":4851,"parent":0,"menu_order":0,"comment_status":"closed","ping_status":"closed","template":"","meta":{"_acf_changed":false,"inline_featured_image":false,"footnotes":""},"class_list":["post-7424","page","type-page","status-publish","has-post-thumbnail"],"acf":[],"yoast_head":"<!-- This site is optimized with the Yoast SEO Premium plugin v26.8 (Yoast SEO v27.4) - https:\/\/yoast.com\/product\/yoast-seo-premium-wordpress\/ -->\n<title>Holiday Packs - BeCool Travel<\/title>\n<meta name=\"robots\" content=\"index, follow, max-snippet:-1, max-image-preview:large, max-video-preview:-1\" \/>\n<link rel=\"canonical\" href=\"https:\/\/becooltravel.com\/fr\/packs-vacances\/\" \/>\n<meta property=\"og:locale\" content=\"fr_FR\" \/>\n<meta property=\"og:type\" content=\"article\" \/>\n<meta property=\"og:title\" content=\"Holiday Packs\" \/>\n<meta property=\"og:url\" content=\"https:\/\/becooltravel.com\/fr\/packs-vacances\/\" \/>\n<meta property=\"og:site_name\" content=\"BeCool Travel\" \/>\n<meta property=\"article:publisher\" content=\"https:\/\/www.facebook.com\/becooltravelagency\/\" \/>\n<meta property=\"article:modified_time\" content=\"2024-12-15T22:11:38+00:00\" \/>\n<meta property=\"og:image\" content=\"https:\/\/becooltravel.com\/wp-content\/uploads\/sites\/5\/2020\/05\/topo_holidaypack.jpg\" \/>\n\t<meta property=\"og:image:width\" content=\"1200\" \/>\n\t<meta property=\"og:image:height\" content=\"353\" \/>\n\t<meta property=\"og:image:type\" content=\"image\/jpeg\" \/>\n<meta name=\"twitter:card\" content=\"summary_large_image\" \/>\n<meta name=\"twitter:site\" content=\"@becool_travel\" \/>\n<meta name=\"twitter:label1\" content=\"Dur\u00e9e de lecture estim\u00e9e\" \/>\n\t<meta name=\"twitter:data1\" content=\"1 minute\" \/>\n<script type=\"application\/ld+json\" class=\"yoast-schema-graph\">{\"@context\":\"https:\\\/\\\/schema.org\",\"@graph\":[{\"@type\":\"WebPage\",\"@id\":\"https:\\\/\\\/becooltravel.com\\\/holiday-packs\\\/\",\"url\":\"https:\\\/\\\/becooltravel.com\\\/holiday-packs\\\/\",\"name\":\"Holiday Packs - BeCool Travel\",\"isPartOf\":{\"@id\":\"https:\\\/\\\/becooltravel.com\\\/#website\"},\"primaryImageOfPage\":{\"@id\":\"https:\\\/\\\/becooltravel.com\\\/holiday-packs\\\/#primaryimage\"},\"image\":{\"@id\":\"https:\\\/\\\/becooltravel.com\\\/holiday-packs\\\/#primaryimage\"},\"thumbnailUrl\":\"https:\\\/\\\/i0.wp.com\\\/becooltravel.com\\\/wp-content\\\/uploads\\\/sites\\\/5\\\/2020\\\/05\\\/topo_holidaypack.jpg?fit=1200%2C353&ssl=1\",\"datePublished\":\"2024-11-04T23:19:35+00:00\",\"dateModified\":\"2024-12-15T22:11:38+00:00\",\"breadcrumb\":{\"@id\":\"https:\\\/\\\/becooltravel.com\\\/holiday-packs\\\/#breadcrumb\"},\"inLanguage\":\"fr-FR\",\"potentialAction\":[{\"@type\":\"ReadAction\",\"target\":[\"https:\\\/\\\/becooltravel.com\\\/holiday-packs\\\/\"]}]},{\"@type\":\"ImageObject\",\"inLanguage\":\"fr-FR\",\"@id\":\"https:\\\/\\\/becooltravel.com\\\/holiday-packs\\\/#primaryimage\",\"url\":\"https:\\\/\\\/i0.wp.com\\\/becooltravel.com\\\/wp-content\\\/uploads\\\/sites\\\/5\\\/2020\\\/05\\\/topo_holidaypack.jpg?fit=1200%2C353&ssl=1\",\"contentUrl\":\"https:\\\/\\\/i0.wp.com\\\/becooltravel.com\\\/wp-content\\\/uploads\\\/sites\\\/5\\\/2020\\\/05\\\/topo_holidaypack.jpg?fit=1200%2C353&ssl=1\",\"width\":1200,\"height\":353,\"caption\":\"holidaypack\"},{\"@type\":\"BreadcrumbList\",\"@id\":\"https:\\\/\\\/becooltravel.com\\\/holiday-packs\\\/#breadcrumb\",\"itemListElement\":[{\"@type\":\"ListItem\",\"position\":1,\"name\":\"Home\",\"item\":\"https:\\\/\\\/becooltravel.com\\\/\"},{\"@type\":\"ListItem\",\"position\":2,\"name\":\"Holiday Packs\"}]},{\"@type\":\"WebSite\",\"@id\":\"https:\\\/\\\/becooltravel.com\\\/#website\",\"url\":\"https:\\\/\\\/becooltravel.com\\\/\",\"name\":\"BeCool Travel\",\"description\":\"Sustainable holidays in Portugal for independent travelers\",\"publisher\":{\"@id\":\"https:\\\/\\\/becooltravel.com\\\/#organization\"},\"potentialAction\":[{\"@type\":\"SearchAction\",\"target\":{\"@type\":\"EntryPoint\",\"urlTemplate\":\"https:\\\/\\\/becooltravel.com\\\/?s={search_term_string}\"},\"query-input\":{\"@type\":\"PropertyValueSpecification\",\"valueRequired\":true,\"valueName\":\"search_term_string\"}}],\"inLanguage\":\"fr-FR\"},{\"@type\":\"Organization\",\"@id\":\"https:\\\/\\\/becooltravel.com\\\/#organization\",\"name\":\"BecoolTravel. com- Portugal\",\"url\":\"https:\\\/\\\/becooltravel.com\\\/\",\"logo\":{\"@type\":\"ImageObject\",\"inLanguage\":\"fr-FR\",\"@id\":\"https:\\\/\\\/becooltravel.com\\\/#\\\/schema\\\/logo\\\/image\\\/\",\"url\":\"https:\\\/\\\/becooltravel.com\\\/wp-content\\\/uploads\\\/sites\\\/5\\\/2020\\\/03\\\/Logo_BeCool.jpg\",\"contentUrl\":\"https:\\\/\\\/becooltravel.com\\\/wp-content\\\/uploads\\\/sites\\\/5\\\/2020\\\/03\\\/Logo_BeCool.jpg\",\"width\":534,\"height\":534,\"caption\":\"BecoolTravel. com- Portugal\"},\"image\":{\"@id\":\"https:\\\/\\\/becooltravel.com\\\/#\\\/schema\\\/logo\\\/image\\\/\"},\"sameAs\":[\"https:\\\/\\\/www.facebook.com\\\/becooltravelagency\\\/\",\"https:\\\/\\\/x.com\\\/becool_travel\",\"https:\\\/\\\/www.instagram.com\\\/becooltravel_com\\\/\",\"https:\\\/\\\/www.linkedin.com\\\/company\\\/becool-travel\\\/\",\"https:\\\/\\\/www.youtube.com\\\/channel\\\/UCE7zRU3EVG1PgfXwQo-5uJw\"]}]}<\/script>\n<!-- \/ Yoast SEO Premium plugin. -->","yoast_head_json":{"title":"Packs de vacances - BeCool Travel","robots":{"index":"index","follow":"follow","max-snippet":"max-snippet:-1","max-image-preview":"max-image-preview:large","max-video-preview":"max-video-preview:-1"},"canonical":"https:\/\/becooltravel.com\/fr\/packs-vacances\/","og_locale":"fr_FR","og_type":"article","og_title":"Holiday Packs","og_url":"https:\/\/becooltravel.com\/fr\/packs-vacances\/","og_site_name":"BeCool Travel","article_publisher":"https:\/\/www.facebook.com\/becooltravelagency\/","article_modified_time":"2024-12-15T22:11:38+00:00","og_image":[{"width":1200,"height":353,"url":"https:\/\/becooltravel.com\/wp-content\/uploads\/sites\/5\/2020\/05\/topo_holidaypack.jpg","type":"image\/jpeg"}],"twitter_card":"summary_large_image","twitter_site":"@becool_travel","twitter_misc":{"Dur\u00e9e de lecture estim\u00e9e":"1 minute"},"schema":{"@context":"https:\/\/schema.org","@graph":[{"@type":"WebPage","@id":"https:\/\/becooltravel.com\/holiday-packs\/","url":"https:\/\/becooltravel.com\/holiday-packs\/","name":"Packs de vacances - BeCool Travel","isPartOf":{"@id":"https:\/\/becooltravel.com\/#website"},"primaryImageOfPage":{"@id":"https:\/\/becooltravel.com\/holiday-packs\/#primaryimage"},"image":{"@id":"https:\/\/becooltravel.com\/holiday-packs\/#primaryimage"},"thumbnailUrl":"https:\/\/i0.wp.com\/becooltravel.com\/wp-content\/uploads\/sites\/5\/2020\/05\/topo_holidaypack.jpg?fit=1200%2C353&ssl=1","datePublished":"2024-11-04T23:19:35+00:00","dateModified":"2024-12-15T22:11:38+00:00","breadcrumb":{"@id":"https:\/\/becooltravel.com\/holiday-packs\/#breadcrumb"},"inLanguage":"fr-FR","potentialAction":[{"@type":"ReadAction","target":["https:\/\/becooltravel.com\/holiday-packs\/"]}]},{"@type":"ImageObject","inLanguage":"fr-FR","@id":"https:\/\/becooltravel.com\/holiday-packs\/#primaryimage","url":"https:\/\/i0.wp.com\/becooltravel.com\/wp-content\/uploads\/sites\/5\/2020\/05\/topo_holidaypack.jpg?fit=1200%2C353&ssl=1","contentUrl":"https:\/\/i0.wp.com\/becooltravel.com\/wp-content\/uploads\/sites\/5\/2020\/05\/topo_holidaypack.jpg?fit=1200%2C353&ssl=1","width":1200,"height":353,"caption":"holidaypack"},{"@type":"BreadcrumbList","@id":"https:\/\/becooltravel.com\/holiday-packs\/#breadcrumb","itemListElement":[{"@type":"ListItem","position":1,"name":"Home","item":"https:\/\/becooltravel.com\/"},{"@type":"ListItem","position":2,"name":"Holiday Packs"}]},{"@type":"WebSite","@id":"https:\/\/becooltravel.com\/#website","url":"https:\/\/becooltravel.com\/","name":"Voyage BeCool","description":"Des vacances durables au Portugal pour les voyageurs ind\u00e9pendants","publisher":{"@id":"https:\/\/becooltravel.com\/#organization"},"potentialAction":[{"@type":"SearchAction","target":{"@type":"EntryPoint","urlTemplate":"https:\/\/becooltravel.com\/?s={search_term_string}"},"query-input":{"@type":"PropertyValueSpecification","valueRequired":true,"valueName":"search_term_string"}}],"inLanguage":"fr-FR"},{"@type":"Organization","@id":"https:\/\/becooltravel.com\/#organization","name":"BecoolTravel. com- Portugal","url":"https:\/\/becooltravel.com\/","logo":{"@type":"ImageObject","inLanguage":"fr-FR","@id":"https:\/\/becooltravel.com\/#\/schema\/logo\/image\/","url":"https:\/\/becooltravel.com\/wp-content\/uploads\/sites\/5\/2020\/03\/Logo_BeCool.jpg","contentUrl":"https:\/\/becooltravel.com\/wp-content\/uploads\/sites\/5\/2020\/03\/Logo_BeCool.jpg","width":534,"height":534,"caption":"BecoolTravel. com- Portugal"},"image":{"@id":"https:\/\/becooltravel.com\/#\/schema\/logo\/image\/"},"sameAs":["https:\/\/www.facebook.com\/becooltravelagency\/","https:\/\/x.com\/becool_travel","https:\/\/www.instagram.com\/becooltravel_com\/","https:\/\/www.linkedin.com\/company\/becool-travel\/","https:\/\/www.youtube.com\/channel\/UCE7zRU3EVG1PgfXwQo-5uJw"]}]}},"jetpack_sharing_enabled":true,"_links":{"self":[{"href":"https:\/\/becooltravel.com\/fr\/wp-json\/wp\/v2\/pages\/7424","targetHints":{"allow":["GET"]}}],"collection":[{"href":"https:\/\/becooltravel.com\/fr\/wp-json\/wp\/v2\/pages"}],"about":[{"href":"https:\/\/becooltravel.com\/fr\/wp-json\/wp\/v2\/types\/page"}],"author":[{"embeddable":true,"href":"https:\/\/becooltravel.com\/fr\/wp-json\/wp\/v2\/users\/198"}],"replies":[{"embeddable":true,"href":"https:\/\/becooltravel.com\/fr\/wp-json\/wp\/v2\/comments?post=7424"}],"version-history":[{"count":4,"href":"https:\/\/becooltravel.com\/fr\/wp-json\/wp\/v2\/pages\/7424\/revisions"}],"predecessor-version":[{"id":7774,"href":"https:\/\/becooltravel.com\/fr\/wp-json\/wp\/v2\/pages\/7424\/revisions\/7774"}],"wp:featuredmedia":[{"embeddable":true,"href":"https:\/\/becooltravel.com\/fr\/wp-json\/wp\/v2\/media\/4851"}],"wp:attachment":[{"href":"https:\/\/becooltravel.com\/fr\/wp-json\/wp\/v2\/media?parent=7424"}],"curies":[{"name":"wp","href":"https:\/\/api.w.org\/{rel}","templated":true}]}}