{"id":5448,"date":"2020-07-10T11:35:33","date_gmt":"2020-07-10T11:35:33","guid":{"rendered":"https:\/\/becooltravel.com\/?post_type=product&#038;p=5448"},"modified":"2022-08-14T12:37:55","modified_gmt":"2022-08-14T12:37:55","slug":"east-madeira-13300g","status":"publish","type":"product","link":"https:\/\/becooltravel.com\/fr\/produit\/madere-est-13300g\/","title":{"rendered":"Vacances \u00e0 pied \u00e0 l&#039;est de Mad\u00e8re"},"content":{"rendered":"<p><strong>Groupes accept\u00e9s avec un minimum de 6 personnes.<\/strong><\/p>\n<p>&nbsp;<\/p>\n<p>Mad\u00e8re, connue sous le nom de Garden Island, est une destination de r\u00eave pour les randonneurs.<\/p>\n<p>Les canyons, les paysages impressionnants et les cascades cach\u00e9s dans les for\u00eats et les montagnes luxuriantes de Mad\u00e8re sont un r\u00e9gal pour le randonneur passionn\u00e9. Les vues sont absolument \u00e9poustouflantes et dans certaines promenades, vous \u00eates surtout au-dessus des nuages, dans des d\u00e9cors magiques.<\/p>\n<div id=\"attachment_2891\" style=\"width: 1034px\" class=\"wp-caption alignnone\"><img data-recalc-dims=\"1\" decoding=\"async\" aria-describedby=\"caption-attachment-2891\" class=\"wp-image-2891 size-large\" title=\"Ponta S\u00e3o Louren\u00e7o Mad\u00e8re\" src=\"https:\/\/i0.wp.com\/legendatours.net\/wp-content\/uploads\/2020\/07\/ponta_sao_lourenco-1024x704.jpg?resize=1024%2C704&#038;ssl=1\" alt=\"Ponta S\u00e3o Louren\u00e7o Mad\u00e8re\" width=\"1024\" height=\"704\" \/><p id=\"caption-attachment-2891\" class=\"wp-caption-text\">Ponta de S\u00e3o Louren\u00e7o \u00e0 Mad\u00e8re, cette promenade explore la longue p\u00e9ninsule mince \u00e0 l&#039;extr\u00e9mit\u00e9 orientale de l&#039;\u00eele.<\/p><\/div>\n<p>Cette visite est bas\u00e9e \u00e0 Machico, o\u00f9 les d\u00e9couvreurs de l&#039;\u00eele ont d\u00e9barqu\u00e9 pour la premi\u00e8re fois en 1419, et \u00e0 Funchal, la capitale, une ville pleine de b\u00e2timents historiques et de jardins luxuriants.<\/p>\n<p>De l\u00e0, nous aurons acc\u00e8s \u00e0 un large \u00e9ventail de promenades magnifiques et spectaculaires.<\/p>\n<div id=\"attachment_2838\" style=\"width: 1034px\" class=\"wp-caption alignnone\"><img data-recalc-dims=\"1\" decoding=\"async\" aria-describedby=\"caption-attachment-2838\" class=\"wp-image-2838 size-full\" src=\"https:\/\/i0.wp.com\/legendatours.net\/wp-content\/uploads\/2020\/07\/madeira_walking_seaside-e1611669622790.jpg?resize=1024%2C768&#038;ssl=1\" alt=\"Balade en groupe Mad\u00e8re\" width=\"1024\" height=\"768\" \/><p id=\"caption-attachment-2838\" class=\"wp-caption-text\">Balade baln\u00e9aire de Mad\u00e8re. Explorez la magnifique \u00eele de Mad\u00e8re \u00e0 pied.<\/p><\/div>\n<p>Comprend une journ\u00e9e \u00e0 l&#039;extr\u00e9mit\u00e9 orientale de l&#039;\u00eele o\u00f9 le promontoire de Ponta S\u00e3o Louren\u00e7o offre une promenade sauvage et venteuse assez diff\u00e9rente de n&#039;importe o\u00f9 ailleurs sur l&#039;\u00eele. La nature ici est rude et intacte, avec les formations rocheuses et le contraste de couleur avec l&#039;eau bleue sauvage de l&#039;oc\u00e9an \u00e9tant un vrai spectacle \u00e0 voir !<\/p>\n<p>En suivant les levadas (canaux d&#039;irrigation), parmi la for\u00eat de Laurissilva - site du patrimoine mondial de l&#039;UNESCO, et en \u00e9coutant le bruit de l&#039;eau et le murmure de la for\u00eat, nous aurons une belle semaine de promenades dans la partie est de l&#039;\u00eele.<\/p>\n<div class=\"row\" style=\"display: flex;\">\n<div class=\"column\" style=\"flex: 45%;\">\n<p><iframe title=\"Marcher sur l&#039;\u00eele de Mad\u00e8re - Les plus beaux sentiers du monde\" width=\"1080\" height=\"608\" src=\"https:\/\/www.youtube.com\/embed\/e5InoSl1H2o?feature=oembed\" frameborder=\"0\" allow=\"accelerometer; autoplay; clipboard-write; encrypted-media; gyroscope; picture-in-picture\" allowfullscreen><\/iframe><\/p>\n<\/div>\n<div class=\"column\" style=\"flex: 10%;\"><\/div>\n<div class=\"column\" style=\"flex: 45%;\">\n<p><iframe title=\"\u00cele de Mad\u00e8re | La meilleure \u00eele du monde 2019\" width=\"1080\" height=\"608\" src=\"https:\/\/www.youtube.com\/embed\/-ipzaxBBGjI?feature=oembed\" frameborder=\"0\" allow=\"accelerometer; autoplay; clipboard-write; encrypted-media; gyroscope; picture-in-picture\" allowfullscreen><\/iframe><\/p>\n<\/div>\n<\/div>","protected":false},"excerpt":{"rendered":"<p>Mad\u00e8re, connue sous le nom de Garden Island, est une destination de r\u00eave pour les randonneurs.<\/p>\n<p>Les canyons, les paysages impressionnants et les cascades cach\u00e9s dans les for\u00eats et les montagnes luxuriantes de Mad\u00e8re sont un r\u00e9gal pour le randonneur passionn\u00e9. Les vues sont absolument \u00e9poustouflantes et dans certaines promenades, vous \u00eates surtout au-dessus des nuages, dans des d\u00e9cors magiques.<\/p>\n<p>Cette visite est bas\u00e9e \u00e0 Machico, o\u00f9 les d\u00e9couvreurs de l&#039;\u00eele ont d\u00e9barqu\u00e9 pour la premi\u00e8re fois en 1419, et \u00e0 Funchal, la capitale, une ville pleine de b\u00e2timents historiques et de jardins luxuriants. De l\u00e0, nous aurons acc\u00e8s \u00e0 un large \u00e9ventail de promenades magnifiques et spectaculaires.<\/p>","protected":false},"featured_media":5607,"comment_status":"closed","ping_status":"closed","template":"","meta":{"_acf_changed":false,"inline_featured_image":false},"product_brand":[],"product_cat":[343,340,342,344,355],"product_tag":[203,1147,1148,1149,1150,579,1151,1152,878,1153,1154,1155,1006,752,993,994,384,73,1007,788,514,646,1156,1157,1158,1159,1160,1161,1162,581,886,87,214,1163,1164],"class_list":{"0":"post-5448","1":"product","2":"type-product","3":"status-publish","4":"has-post-thumbnail","6":"product_cat-cultural-tours-and-holidays-in-portugal","7":"product_cat-guided-group-tours","8":"product_cat-portugal-guided-historical-holidays","9":"product_cat-guided-sightseeing-holidays-portugal","10":"product_cat-guided-walking-holidays-in-portugal","11":"product_tag-beautiful-landscapes","12":"product_tag-big-peaks","13":"product_tag-coastal-village","14":"product_tag-curral-das-freiras","15":"product_tag-great-madeira-walks","16":"product_tag-green-landscape","17":"product_tag-intimate-trails","18":"product_tag-islands-discoverers","19":"product_tag-landscape","20":"product_tag-levada-dos-tornos","21":"product_tag-levadas-walking","22":"product_tag-lush-mountain-slopes","23":"product_tag-machico","24":"product_tag-madeira","25":"product_tag-madeira-island","26":"product_tag-madeira-walks","27":"product_tag-magnificent-landscape","28":"product_tag-natural-scenery","29":"product_tag-nature","30":"product_tag-nature-holidays","31":"product_tag-nature-observation","32":"product_tag-nature-paradise","33":"product_tag-ponta-de-s-lourenco","34":"product_tag-porto-cruz","35":"product_tag-ribeira-brava","36":"product_tag-ribeiro-frio","37":"product_tag-serra-do-faial","38":"product_tag-spectacular-walks","39":"product_tag-surprising-walk","40":"product_tag-traditional-villages","41":"product_tag-traditions","42":"product_tag-unesco-world-heritage-site","43":"product_tag-waterwheels","44":"product_tag-woodland-trails","45":"product_tag-worlds-great-walks","47":"first","48":"instock","49":"virtual","50":"sold-individually","51":"product-type-booking"},"acf":[],"yoast_head":"<!-- This site is optimized with the Yoast SEO Premium plugin v26.8 (Yoast SEO v27.5) - https:\/\/yoast.com\/product\/yoast-seo-premium-wordpress\/ -->\n<title>East Madeira Walking Holidays<\/title>\n<meta name=\"description\" content=\"Madeira, known as the Garden Island is a dream walker\u2019s destination. The canyons, impressive landscapes and waterfalls hidden in Madeira\u2019s lush forests\" \/>\n<meta name=\"robots\" content=\"index, follow, max-snippet:-1, max-image-preview:large, max-video-preview:-1\" \/>\n<link rel=\"canonical\" href=\"https:\/\/becooltravel.com\/fr\/produit\/madere-est-13300g\/\" \/>\n<meta property=\"og:locale\" content=\"fr_FR\" \/>\n<meta property=\"og:type\" content=\"article\" \/>\n<meta property=\"og:title\" content=\"Madeira, known as the garden Island is a dream walker\u2019s destination\" \/>\n<meta property=\"og:description\" content=\"Madeira, known as the garden Island is a dream walker\u2019s destination.The canyons, impressive landscapes and waterfalls hidden in Madeira\u2019s lush forests and mountains are a treat to the keen hiker. The views are absolutely breathtaking and in some walks you\u2019re mostly above the clouds, in magical settings.This tour is based in Machico, where the island\u2019s discoverers first landed in 1419, and in Funchal, the capital, a city full of historical buildings and lush gardens.From here we\u2019ll have access to a wide range of magnificent and spectacular walks.Includes a day in the far eastern end of the island where the promontory of Ponta S\u00e3o Louren\u00e7o provides a wild and breezy walk quite different from anywhere else on the island. The nature here is rough and unspoiled, with the rock formations and the color contrast with the blue wild ocean water being a true sight to see!\" \/>\n<meta property=\"og:url\" content=\"https:\/\/becooltravel.com\/fr\/produit\/madere-est-13300g\/\" \/>\n<meta property=\"og:site_name\" content=\"BeCool Travel\" \/>\n<meta property=\"article:publisher\" content=\"https:\/\/www.facebook.com\/becooltravelagency\/\" \/>\n<meta property=\"article:modified_time\" content=\"2022-08-14T12:37:55+00:00\" \/>\n<meta property=\"og:image\" content=\"https:\/\/i0.wp.com\/becooltravel.com\/wp-content\/uploads\/sites\/5\/2020\/07\/walking_madeira_picos.jpg?fit=1152%2C768&ssl=1\" \/>\n\t<meta property=\"og:image:width\" content=\"1152\" \/>\n\t<meta property=\"og:image:height\" content=\"768\" \/>\n\t<meta property=\"og:image:type\" content=\"image\/jpeg\" \/>\n<meta name=\"twitter:card\" content=\"summary_large_image\" \/>\n<meta name=\"twitter:title\" content=\"Madeira, known as the garden Island is a dream walker\u2019s destination\" \/>\n<meta name=\"twitter:description\" content=\"Madeira, known as the garden Island is a dream walker\u2019s destination.The canyons, impressive landscapes and waterfalls hidden in Madeira\u2019s lush forests and mountains are a treat to the keen hiker. The views are absolutely breathtaking and in some walks you\u2019re mostly above the clouds, in magical settings.This tour is based in Machico, where the island\u2019s discoverers first landed in 1419, and in Funchal, the capital, a city full of historical buildings and lush gardens.From here we\u2019ll have access to a wide range of magnificent and spectacular walks.Includes a day in the far eastern end of the island where the promontory of Ponta S\u00e3o Louren\u00e7o provides a wild and breezy walk quite different from anywhere else on the island. The nature here is rough and unspoiled, with the rock formations and the color contrast with the blue wild ocean water being a true sight to see!\" \/>\n<meta name=\"twitter:image\" content=\"https:\/\/i0.wp.com\/becooltravel.com\/wp-content\/uploads\/sites\/5\/2020\/07\/walking_madeira_picos.jpg?fit=1152%2C768&ssl=1\" \/>\n<meta name=\"twitter:site\" content=\"@becool_travel\" \/>\n<meta name=\"twitter:label1\" content=\"Dur\u00e9e de lecture estim\u00e9e\" \/>\n\t<meta name=\"twitter:data1\" content=\"2 minutes\" \/>\n<script type=\"application\/ld+json\" class=\"yoast-schema-graph\">{\"@context\":\"https:\\\/\\\/schema.org\",\"@graph\":[{\"@type\":[\"WebPage\",\"ItemPage\"],\"@id\":\"https:\\\/\\\/becooltravel.com\\\/product\\\/east-madeira-13300g\\\/\",\"url\":\"https:\\\/\\\/becooltravel.com\\\/product\\\/east-madeira-13300g\\\/\",\"name\":\"East Madeira Walking Holidays\",\"isPartOf\":{\"@id\":\"https:\\\/\\\/becooltravel.com\\\/#website\"},\"primaryImageOfPage\":{\"@id\":\"https:\\\/\\\/becooltravel.com\\\/product\\\/east-madeira-13300g\\\/#primaryimage\"},\"image\":{\"@id\":\"https:\\\/\\\/becooltravel.com\\\/product\\\/east-madeira-13300g\\\/#primaryimage\"},\"thumbnailUrl\":\"https:\\\/\\\/i0.wp.com\\\/becooltravel.com\\\/wp-content\\\/uploads\\\/sites\\\/5\\\/2020\\\/07\\\/walking_madeira_picos.jpg?fit=1152%2C768&ssl=1\",\"datePublished\":\"2020-07-10T11:35:33+00:00\",\"dateModified\":\"2022-08-14T12:37:55+00:00\",\"description\":\"Madeira, known as the Garden Island is a dream walker\u2019s destination. The canyons, impressive landscapes and waterfalls hidden in Madeira\u2019s lush forests\",\"breadcrumb\":{\"@id\":\"https:\\\/\\\/becooltravel.com\\\/product\\\/east-madeira-13300g\\\/#breadcrumb\"},\"inLanguage\":\"fr-FR\",\"potentialAction\":[{\"@type\":\"ReadAction\",\"target\":[\"https:\\\/\\\/becooltravel.com\\\/product\\\/east-madeira-13300g\\\/\"]}]},{\"@type\":\"ImageObject\",\"inLanguage\":\"fr-FR\",\"@id\":\"https:\\\/\\\/becooltravel.com\\\/product\\\/east-madeira-13300g\\\/#primaryimage\",\"url\":\"https:\\\/\\\/i0.wp.com\\\/becooltravel.com\\\/wp-content\\\/uploads\\\/sites\\\/5\\\/2020\\\/07\\\/walking_madeira_picos.jpg?fit=1152%2C768&ssl=1\",\"contentUrl\":\"https:\\\/\\\/i0.wp.com\\\/becooltravel.com\\\/wp-content\\\/uploads\\\/sites\\\/5\\\/2020\\\/07\\\/walking_madeira_picos.jpg?fit=1152%2C768&ssl=1\",\"width\":1152,\"height\":768,\"caption\":\"Walking in Madeira Picos Trails\"},{\"@type\":\"BreadcrumbList\",\"@id\":\"https:\\\/\\\/becooltravel.com\\\/product\\\/east-madeira-13300g\\\/#breadcrumb\",\"itemListElement\":[{\"@type\":\"ListItem\",\"position\":1,\"name\":\"Home\",\"item\":\"https:\\\/\\\/becooltravel.com\\\/\"},{\"@type\":\"ListItem\",\"position\":2,\"name\":\"Shop\",\"item\":\"https:\\\/\\\/becooltravel.com\\\/?page_id=5\"},{\"@type\":\"ListItem\",\"position\":3,\"name\":\"Beautiful landscapes\",\"item\":\"https:\\\/\\\/becooltravel.com\\\/product-tag\\\/beautiful-landscapes\\\/\"},{\"@type\":\"ListItem\",\"position\":4,\"name\":\"Madeira, known as the garden Island is a dream walker\u2019s destination\"}]},{\"@type\":\"WebSite\",\"@id\":\"https:\\\/\\\/becooltravel.com\\\/#website\",\"url\":\"https:\\\/\\\/becooltravel.com\\\/\",\"name\":\"BeCool Travel\",\"description\":\"Sustainable holidays in Portugal for independent travelers\",\"publisher\":{\"@id\":\"https:\\\/\\\/becooltravel.com\\\/#organization\"},\"potentialAction\":[{\"@type\":\"SearchAction\",\"target\":{\"@type\":\"EntryPoint\",\"urlTemplate\":\"https:\\\/\\\/becooltravel.com\\\/?s={search_term_string}\"},\"query-input\":{\"@type\":\"PropertyValueSpecification\",\"valueRequired\":true,\"valueName\":\"search_term_string\"}}],\"inLanguage\":\"fr-FR\"},{\"@type\":\"Organization\",\"@id\":\"https:\\\/\\\/becooltravel.com\\\/#organization\",\"name\":\"BecoolTravel. com- Portugal\",\"url\":\"https:\\\/\\\/becooltravel.com\\\/\",\"logo\":{\"@type\":\"ImageObject\",\"inLanguage\":\"fr-FR\",\"@id\":\"https:\\\/\\\/becooltravel.com\\\/#\\\/schema\\\/logo\\\/image\\\/\",\"url\":\"https:\\\/\\\/becooltravel.com\\\/wp-content\\\/uploads\\\/sites\\\/5\\\/2020\\\/03\\\/Logo_BeCool.jpg\",\"contentUrl\":\"https:\\\/\\\/becooltravel.com\\\/wp-content\\\/uploads\\\/sites\\\/5\\\/2020\\\/03\\\/Logo_BeCool.jpg\",\"width\":534,\"height\":534,\"caption\":\"BecoolTravel. com- Portugal\"},\"image\":{\"@id\":\"https:\\\/\\\/becooltravel.com\\\/#\\\/schema\\\/logo\\\/image\\\/\"},\"sameAs\":[\"https:\\\/\\\/www.facebook.com\\\/becooltravelagency\\\/\",\"https:\\\/\\\/x.com\\\/becool_travel\",\"https:\\\/\\\/www.instagram.com\\\/becooltravel_com\\\/\",\"https:\\\/\\\/www.linkedin.com\\\/company\\\/becool-travel\\\/\",\"https:\\\/\\\/www.youtube.com\\\/channel\\\/UCE7zRU3EVG1PgfXwQo-5uJw\"]}]}<\/script>\n<!-- \/ Yoast SEO Premium plugin. -->","yoast_head_json":{"title":"Vacances \u00e0 pied \u00e0 l&#039;est de Mad\u00e8re","description":"Mad\u00e8re, connue sous le nom de Garden Island, est une destination de r\u00eave pour les randonneurs. Les canyons, paysages impressionnants et cascades cach\u00e9s dans les for\u00eats luxuriantes de Mad\u00e8re","robots":{"index":"index","follow":"follow","max-snippet":"max-snippet:-1","max-image-preview":"max-image-preview:large","max-video-preview":"max-video-preview:-1"},"canonical":"https:\/\/becooltravel.com\/fr\/produit\/madere-est-13300g\/","og_locale":"fr_FR","og_type":"article","og_title":"Madeira, known as the garden Island is a dream walker\u2019s destination","og_description":"Madeira, known as the garden Island is a dream walker\u2019s destination.The canyons, impressive landscapes and waterfalls hidden in Madeira\u2019s lush forests and mountains are a treat to the keen hiker. The views are absolutely breathtaking and in some walks you\u2019re mostly above the clouds, in magical settings.This tour is based in Machico, where the island\u2019s discoverers first landed in 1419, and in Funchal, the capital, a city full of historical buildings and lush gardens.From here we\u2019ll have access to a wide range of magnificent and spectacular walks.Includes a day in the far eastern end of the island where the promontory of Ponta S\u00e3o Louren\u00e7o provides a wild and breezy walk quite different from anywhere else on the island. The nature here is rough and unspoiled, with the rock formations and the color contrast with the blue wild ocean water being a true sight to see!","og_url":"https:\/\/becooltravel.com\/fr\/produit\/madere-est-13300g\/","og_site_name":"BeCool Travel","article_publisher":"https:\/\/www.facebook.com\/becooltravelagency\/","article_modified_time":"2022-08-14T12:37:55+00:00","og_image":[{"width":1152,"height":768,"url":"https:\/\/i0.wp.com\/becooltravel.com\/wp-content\/uploads\/sites\/5\/2020\/07\/walking_madeira_picos.jpg?fit=1152%2C768&ssl=1","type":"image\/jpeg"}],"twitter_card":"summary_large_image","twitter_title":"Madeira, known as the garden Island is a dream walker\u2019s destination","twitter_description":"Madeira, known as the garden Island is a dream walker\u2019s destination.The canyons, impressive landscapes and waterfalls hidden in Madeira\u2019s lush forests and mountains are a treat to the keen hiker. The views are absolutely breathtaking and in some walks you\u2019re mostly above the clouds, in magical settings.This tour is based in Machico, where the island\u2019s discoverers first landed in 1419, and in Funchal, the capital, a city full of historical buildings and lush gardens.From here we\u2019ll have access to a wide range of magnificent and spectacular walks.Includes a day in the far eastern end of the island where the promontory of Ponta S\u00e3o Louren\u00e7o provides a wild and breezy walk quite different from anywhere else on the island. The nature here is rough and unspoiled, with the rock formations and the color contrast with the blue wild ocean water being a true sight to see!","twitter_image":"https:\/\/i0.wp.com\/becooltravel.com\/wp-content\/uploads\/sites\/5\/2020\/07\/walking_madeira_picos.jpg?fit=1152%2C768&ssl=1","twitter_site":"@becool_travel","twitter_misc":{"Dur\u00e9e de lecture estim\u00e9e":"2 minutes"},"schema":{"@context":"https:\/\/schema.org","@graph":[{"@type":["WebPage","ItemPage"],"@id":"https:\/\/becooltravel.com\/product\/east-madeira-13300g\/","url":"https:\/\/becooltravel.com\/product\/east-madeira-13300g\/","name":"Vacances \u00e0 pied \u00e0 l&#039;est de Mad\u00e8re","isPartOf":{"@id":"https:\/\/becooltravel.com\/#website"},"primaryImageOfPage":{"@id":"https:\/\/becooltravel.com\/product\/east-madeira-13300g\/#primaryimage"},"image":{"@id":"https:\/\/becooltravel.com\/product\/east-madeira-13300g\/#primaryimage"},"thumbnailUrl":"https:\/\/i0.wp.com\/becooltravel.com\/wp-content\/uploads\/sites\/5\/2020\/07\/walking_madeira_picos.jpg?fit=1152%2C768&ssl=1","datePublished":"2020-07-10T11:35:33+00:00","dateModified":"2022-08-14T12:37:55+00:00","description":"Mad\u00e8re, connue sous le nom de Garden Island, est une destination de r\u00eave pour les randonneurs. Les canyons, paysages impressionnants et cascades cach\u00e9s dans les for\u00eats luxuriantes de Mad\u00e8re","breadcrumb":{"@id":"https:\/\/becooltravel.com\/product\/east-madeira-13300g\/#breadcrumb"},"inLanguage":"fr-FR","potentialAction":[{"@type":"ReadAction","target":["https:\/\/becooltravel.com\/product\/east-madeira-13300g\/"]}]},{"@type":"ImageObject","inLanguage":"fr-FR","@id":"https:\/\/becooltravel.com\/product\/east-madeira-13300g\/#primaryimage","url":"https:\/\/i0.wp.com\/becooltravel.com\/wp-content\/uploads\/sites\/5\/2020\/07\/walking_madeira_picos.jpg?fit=1152%2C768&ssl=1","contentUrl":"https:\/\/i0.wp.com\/becooltravel.com\/wp-content\/uploads\/sites\/5\/2020\/07\/walking_madeira_picos.jpg?fit=1152%2C768&ssl=1","width":1152,"height":768,"caption":"Walking in Madeira Picos Trails"},{"@type":"BreadcrumbList","@id":"https:\/\/becooltravel.com\/product\/east-madeira-13300g\/#breadcrumb","itemListElement":[{"@type":"ListItem","position":1,"name":"Home","item":"https:\/\/becooltravel.com\/"},{"@type":"ListItem","position":2,"name":"Shop","item":"https:\/\/becooltravel.com\/?page_id=5"},{"@type":"ListItem","position":3,"name":"Beautiful landscapes","item":"https:\/\/becooltravel.com\/product-tag\/beautiful-landscapes\/"},{"@type":"ListItem","position":4,"name":"Madeira, known as the garden Island is a dream walker\u2019s destination"}]},{"@type":"WebSite","@id":"https:\/\/becooltravel.com\/#website","url":"https:\/\/becooltravel.com\/","name":"Voyage BeCool","description":"Des vacances durables au Portugal pour les voyageurs ind\u00e9pendants","publisher":{"@id":"https:\/\/becooltravel.com\/#organization"},"potentialAction":[{"@type":"SearchAction","target":{"@type":"EntryPoint","urlTemplate":"https:\/\/becooltravel.com\/?s={search_term_string}"},"query-input":{"@type":"PropertyValueSpecification","valueRequired":true,"valueName":"search_term_string"}}],"inLanguage":"fr-FR"},{"@type":"Organization","@id":"https:\/\/becooltravel.com\/#organization","name":"BecoolTravel. com- Portugal","url":"https:\/\/becooltravel.com\/","logo":{"@type":"ImageObject","inLanguage":"fr-FR","@id":"https:\/\/becooltravel.com\/#\/schema\/logo\/image\/","url":"https:\/\/becooltravel.com\/wp-content\/uploads\/sites\/5\/2020\/03\/Logo_BeCool.jpg","contentUrl":"https:\/\/becooltravel.com\/wp-content\/uploads\/sites\/5\/2020\/03\/Logo_BeCool.jpg","width":534,"height":534,"caption":"BecoolTravel. com- Portugal"},"image":{"@id":"https:\/\/becooltravel.com\/#\/schema\/logo\/image\/"},"sameAs":["https:\/\/www.facebook.com\/becooltravelagency\/","https:\/\/x.com\/becool_travel","https:\/\/www.instagram.com\/becooltravel_com\/","https:\/\/www.linkedin.com\/company\/becool-travel\/","https:\/\/www.youtube.com\/channel\/UCE7zRU3EVG1PgfXwQo-5uJw"]}]}},"jetpack_sharing_enabled":true,"_links":{"self":[{"href":"https:\/\/becooltravel.com\/fr\/wp-json\/wp\/v2\/product\/5448","targetHints":{"allow":["GET"]}}],"collection":[{"href":"https:\/\/becooltravel.com\/fr\/wp-json\/wp\/v2\/product"}],"about":[{"href":"https:\/\/becooltravel.com\/fr\/wp-json\/wp\/v2\/types\/product"}],"replies":[{"embeddable":true,"href":"https:\/\/becooltravel.com\/fr\/wp-json\/wp\/v2\/comments?post=5448"}],"wp:featuredmedia":[{"embeddable":true,"href":"https:\/\/becooltravel.com\/fr\/wp-json\/wp\/v2\/media\/5607"}],"wp:attachment":[{"href":"https:\/\/becooltravel.com\/fr\/wp-json\/wp\/v2\/media?parent=5448"}],"wp:term":[{"taxonomy":"product_brand","embeddable":true,"href":"https:\/\/becooltravel.com\/fr\/wp-json\/wp\/v2\/product_brand?post=5448"},{"taxonomy":"product_cat","embeddable":true,"href":"https:\/\/becooltravel.com\/fr\/wp-json\/wp\/v2\/product_cat?post=5448"},{"taxonomy":"product_tag","embeddable":true,"href":"https:\/\/becooltravel.com\/fr\/wp-json\/wp\/v2\/product_tag?post=5448"}],"curies":[{"name":"wp","href":"https:\/\/api.w.org\/{rel}","templated":true}]}}