{"id":7347,"date":"2024-11-04T20:28:15","date_gmt":"2024-11-04T20:28:15","guid":{"rendered":"https:\/\/becooltravel.com\/?page_id=7347"},"modified":"2024-12-14T23:44:00","modified_gmt":"2024-12-14T23:44:00","slug":"guided-walking","status":"publish","type":"page","link":"https:\/\/becooltravel.com\/pt\/visitas-guiadas-em-grupo-2\/caminhada-guiada\/","title":{"rendered":"Caminhada Guiada"},"content":{"rendered":"<div id=\"fws_69f29f6bddf01\"  data-column-margin=\"default\" data-midnight=\"dark\"  class=\"wpb_row vc_row-fluid vc_row\"  style=\"padding-top: 0px; padding-bottom: 0px; \"><div class=\"row-bg-wrap\" data-bg-animation=\"none\" data-bg-animation-delay=\"\" data-bg-overlay=\"false\"><div class=\"inner-wrap row-bg-layer\" ><div class=\"row-bg viewport-desktop\"  style=\"\"><\/div><\/div><\/div><div class=\"row_col_wrap_12 col span_12 dark left\">\n\t<div  class=\"vc_col-sm-3 wpb_column column_container vc_column_container col no-extra-padding inherit_tablet inherit_phone\"  data-padding-pos=\"all\" data-has-bg-color=\"false\" data-bg-color=\"\" data-bg-opacity=\"1\" data-animation=\"\" data-delay=\"0\" >\n\t\t<div class=\"vc_column-inner\" >\n\t\t\t<div class=\"wpb_wrapper\">\n\t\t\t\t<div class=\"wpb_wmca_accordion_wrapper wpb_wmca_accordion_wrapper_7658 wpb_wmca_accordion_wrapper_theme_minimal wpb_wmca_accordion_indicator_position_right wpb_wmca_depth_spacing_yes wpb_wmca_keyboard_accessibility_no wpb_wmca_control_max_height_no\" ><h4>Categorias<\/h4>\n<div class=\"wpb_wmca_accordion_inner\"><div class=\"wpb_wmca_accordion_shortcode_7658 wpb_wmca_fire_accordion wpb_the_menu_accordion wpb_wmca_menu_1308 wpb_category_n_menu_accordion wpb_wmca_theme_minimal wpb_wcma_manu_parent_open_off wpb_wcma_all_level_manu_open_off wpb_wmca_current_menu_open_off wpb_wmca_jc_submenu_no\" data-accordion=\"true\" data-save=\"true\" data-duration=\"400\" data-trigger=\"click\" data-indicator_icon=\"fas fa-plus\">\n\t<ul id=\"menu-becool-menu-lateral-tours\" class=\"wpb_category_n_menu_accordion_list\"><li id='menu-item-7402'  class=\"menu-item menu-item-type-post_type menu-item-object-page wpb-wmca-menu-item-has-children\"><a  href=\"https:\/\/becooltravel.com\/pt\/passeios-autoguiados-2\/\">VISITAS AUTOGUIADAS<\/a> \n<ul class=\"sub-menu\">\n<li id='menu-item-7405'  class=\"menu-item menu-item-type-post_type menu-item-object-page\"><a  href=\"https:\/\/becooltravel.com\/pt\/passeios-autoguiados-2\/caminhada-autoguiada\/\">Caminhada autoguiada<\/a> <\/li>\n<li id='menu-item-7408'  class=\"menu-item menu-item-type-post_type menu-item-object-page\"><a  href=\"https:\/\/becooltravel.com\/pt\/passeios-autoguiados-2\/ciclismo-autoguiado\/\">Ciclismo Autoguiado<\/a> <\/li>\n<li id='menu-item-7411'  class=\"menu-item menu-item-type-post_type menu-item-object-page\"><a  href=\"https:\/\/becooltravel.com\/pt\/passeios-autoguiados-2\/observacao-de-passaros-autoguiada\/\">Observa\u00e7\u00e3o autoguiada de p\u00e1ssaros<\/a> <\/li>\n<li id='menu-item-7414'  class=\"menu-item menu-item-type-post_type menu-item-object-page\"><a  href=\"https:\/\/becooltravel.com\/pt\/passeios-autoguiados-2\/dirigir-sozinho\/\">Self-Drive<\/a> <\/li>\n<li id='menu-item-7417'  class=\"menu-item menu-item-type-post_type menu-item-object-page\"><a  href=\"https:\/\/becooltravel.com\/pt\/passeios-autoguiados-2\/passeios-de-trem-autoguiados\/\">Passeios de trem autoguiados<\/a> <\/li>\n<li id='menu-item-7420'  class=\"menu-item menu-item-type-post_type menu-item-object-page\"><a  href=\"https:\/\/becooltravel.com\/pt\/passeios-autoguiados-2\/praia-sol-autoguiada\/\">Sol e praia autoguiados<\/a> <\/li>\n<li id='menu-item-7423'  class=\"menu-item menu-item-type-post_type menu-item-object-page\"><a  href=\"https:\/\/becooltravel.com\/pt\/passeios-autoguiados-2\/passeios-turisticos-autoguiados\/\">Turismo autoguiado<\/a> <\/li>\n<\/ul>\n<\/li>\n<li id='menu-item-7426'  class=\"menu-item menu-item-type-post_type menu-item-object-page wpb-wmca-menu-item-has-children\"><a  href=\"https:\/\/becooltravel.com\/pt\/pacotes-de-ferias-2\/\">PACOTES DE F\u00c9RIAS<\/a> \n<ul class=\"sub-menu\">\n<li id='menu-item-7431'  class=\"menu-item menu-item-type-post_type menu-item-object-page\"><a  href=\"https:\/\/becooltravel.com\/pt\/pacotes-de-ferias-2\/escape-4-dias-pacote\/\">Escape\u2026 (pacote de 4 dias)<\/a> <\/li>\n<li id='menu-item-7434'  class=\"menu-item menu-item-type-post_type menu-item-object-page\"><a  href=\"https:\/\/becooltravel.com\/pt\/pacotes-de-ferias-2\/aproveite-pacote-de-6-dias\/\">Aproveite\u2026 (pacote de 6 dias)<\/a> <\/li>\n<li id='menu-item-7437'  class=\"menu-item menu-item-type-post_type menu-item-object-page\"><a  href=\"https:\/\/becooltravel.com\/pt\/pacotes-de-ferias-2\/relax-pacote-de-8-dias\/\">Relaxe\u2026 (pacote de 8 dias)<\/a> <\/li>\n<li id='menu-item-7441'  class=\"menu-item menu-item-type-post_type menu-item-object-page\"><a  href=\"https:\/\/becooltravel.com\/pt\/pacotes-de-ferias-2\/explore-pacote-de-11-dias\/\">Explore\u2026 (pacote de 11 dias)<\/a> <\/li>\n<li id='menu-item-7444'  class=\"menu-item menu-item-type-post_type menu-item-object-page\"><a  href=\"https:\/\/becooltravel.com\/pt\/pacotes-de-ferias-2\/estadias-longas\/\">Estadias longas<\/a> <\/li>\n<\/ul>\n<\/li>\n<\/ul><\/div>\n<\/div><\/div>\n\t\t\t<\/div> \n\t\t<\/div>\n\t<\/div> \n\n\t<div  class=\"vc_col-sm-9 wpb_column column_container vc_column_container col no-extra-padding inherit_tablet inherit_phone\"  data-padding-pos=\"all\" data-has-bg-color=\"false\" data-bg-color=\"\" data-bg-opacity=\"1\" data-animation=\"\" data-delay=\"0\" >\n\t\t<div class=\"vc_column-inner\" >\n\t\t\t<div class=\"wpb_wrapper\">\n\t\t\t\t\n<div class=\"wpb_text_column wpb_content_element\" >\n\t<p>Embarque em uma aventura inesquec\u00edvel com uma excurs\u00e3o a p\u00e9 guiada!<\/p>\n<p>Quer voc\u00ea prefira caminhadas tranquilas ao longo de litorais serenos, caminhadas por florestas intocadas ou desafios em uma trilha acidentada, oferecemos uma variedade de experi\u00eancias para satisfazer sua paix\u00e3o pela vida ao ar livre.<\/p>\n<p>Nossos passeios para pequenos grupos s\u00e3o liderados por guias locais especializados que aprimoram a experi\u00eancia compartilhando seu profundo conhecimento sobre natureza, hist\u00f3ria e cultura.<\/p>\n<p>Seus insights transformam cada passo da sua jornada, oferecendo a voc\u00ea um ponto de vista privilegiado de paisagens deslumbrantes, vida selvagem e tradi\u00e7\u00f5es locais.<\/p>\n<p>A cada curva da trilha, a beleza da paisagem e as vistas de tirar o f\u00f4lego ir\u00e3o cativar voc\u00ea, tornando cada caminhada mais gratificante.<\/p>\n<p>De caminhadas relaxantes a trilhas desafiadoras, atendemos a todos os tipos de exploradores.<\/p>\n<p>N\u00e3o importa se voc\u00ea est\u00e1 interessado em uma caminhada de bem-estar, uma aventura de ecoturismo ou uma excurs\u00e3o de longa dist\u00e2ncia, h\u00e1 um ref\u00fagio perfeito para voc\u00ea.<\/p>\n<p>Explore locais remotos, caminhe por parques nacionais e fa\u00e7a trilhas panor\u00e2micas que oferecem um retiro tranquilo e oportunidades de autodescoberta.<\/p>\n<p>Se voc\u00ea faz trilhas sozinho ou prefere a camaradagem de uma caminhada em grupo, nossas f\u00e9rias de caminhada atendem a todos.<\/p>\n<p>Participe de f\u00e9rias a p\u00e9 ou participe de uma excurs\u00e3o guiada onde voc\u00ea pode mergulhar na natureza enquanto desfruta de acomoda\u00e7\u00f5es de qualidade.<\/p>\n<p>Descubra preciosidades escondidas em rotas de caminhada fora do comum ou fa\u00e7a uma trilha hist\u00f3rica onde a hist\u00f3ria ganha vida a cada passo. Seja uma caminhada moderada, uma caminhada f\u00e1cil ou uma trilha desafiadora, nossos passeios a p\u00e9 s\u00e3o personalizados para se adequar ao seu n\u00edvel de condicionamento f\u00edsico e senso de aventura.<\/p>\n<p>Fa\u00e7a as malas para umas f\u00e9rias que combinam fitness, aventura e bem-estar. Experimente a alegria de caminhar em alguns dos lugares mais c\u00eanicos da Terra e deixe o mundo natural inspirar voc\u00ea. Oferecemos a melhor experi\u00eancia de viagem de aventura.<\/p>\n<p>Ent\u00e3o amarre suas botas, pegue seus mapas de trilha e prepare-se para explorar o mundo a p\u00e9 \u2014 sua aventura come\u00e7a agora!<\/p>\n<\/div>\n\n\n\n<div class='nectar-post-grid-wrap text-color-dark spacing-10px' data-el-settings='{\"post_type\":\"custom\",\"pagination\":\"none\",\"image_size\":\"large\",\"parallax_scrolling\":\"\",\"aspect_ratio_image_size\":\"\",\"category_position\":\"below_title\",\"category_display\":\"default\",\"display_categories\":\"0\",\"display_excerpt\":\"0\",\"excerpt_length\":\"20\",\"content_next_to_image_excerpt_pos\":\"default\",\"display_date\":\"0\",\"display_estimated_reading_time\":\"0\",\"display_author\":\"0\",\"author_functionality\":\"default\",\"author_position\":\"default\",\"color_overlay\":\"\",\"color_overlay_opacity\":\"\",\"color_overlay_hover_opacity\":\"\",\"card_bg_color\":\"\",\"grid_style\":\"content_under_image\",\"hover_effect\":\"zoom\",\"post_title_overlay\":\"\",\"heading_tag\":\"h2\",\"heading_tag_render\":\"default\",\"enable_gallery_lightbox\":\"0\",\"remove_links\":\"0\",\"category_style\":\"underline\",\"overlay_secondary_project_image\":\"\",\"vertical_list_hover_effect\":\"none\",\"vertical_list_read_more\":\"\",\"vertical_list_read_more_style\":\"text\",\"read_more_button\":\"0\",\"animation\":\"none\",\"custom_fields\":\"%5B%7B%22meta_key%22%3A%22tourcms_wp_custom_tcategoria%22%2C%22use_custom_format%22%3A%22%22%2C%22custom_format%22%3A%22%25s%22%2C%22render_tag%22%3A%22div%22%7D%2C%7B%22meta_key%22%3A%22tourcms_wp_available%22%2C%22use_custom_format%22%3A%22%22%2C%22custom_format%22%3A%22%25s%22%2C%22render_tag%22%3A%22div%22%7D%2C%7B%22meta_key%22%3A%22tourcms_wp_custom_tgrade%22%2C%22use_custom_format%22%3A%22%22%2C%22custom_format%22%3A%22%25s%22%2C%22render_tag%22%3A%22div%22%7D%2C%7B%22meta_key%22%3A%22tourcms_wp_from_price_display%22%2C%22use_custom_format%22%3A%22%22%2C%22custom_format%22%3A%22From%3A%20%25s%20pp%22%2C%22render_tag%22%3A%22h4%22%7D%5D\",\"custom_fields_location\":\"after_post_meta\",\"display_type\":\"grid\",\"text_content_layout\":\"top_left\"}' data-style='content_under_image' data-query='{\"post_type\":\"custom\",\"posts_per_page\":\"500\",\"order\":\"DESC\",\"orderby\":\"date\",\"offset\":\"0\",\"cpt_name\":\"tour\",\"custom_query_tax\":\"1340\",\"ignore_sticky_posts\":\"\",\"exclude_current_post\":\"\"}' data-load-more-color='black' data-load-more-text='Load More'><div class=\"nectar-post-grid-filters\" data-active-color=\"default\" data-align=\"default\" data-animation=\"none\" data-sortable=\"\"><div><a href=\"#\" class=\"active all-filter\" data-filter=\"1340\" data-total-count=\"0\">Tudo<\/a><a href=\"#\" data-filter=\"1340\" data-total-count=\"0\">Caminhada Guiada<\/a><\/div><\/div><div class=\"nectar-post-grid custom_font_size_16px category-position-after-title\" data-indicator=\"\" data-indicator-style=\"default\" data-indicator-text-color=\"#fff\" data-indicator-color=\"#000\" data-indicator-text=\"View\" data-columns=\"4\" data-hover-effect=\"zoom\" data-text-style=\"default\" data-border-radius=\"none\" data-grid-item-height=\"40vh\" data-grid-spacing=\"10px\" data-text-layout=\"top_left\" data-text-color=\"dark\" data-text-hover-color=\"dark\" data-shadow-hover=\"\" data-animation=\"none\" data-animation-stagger=\"90\" data-cat-click=\"default\"  data-lock-aspect=\"\"  data-text-align=\"left\" data-card=\"\" ><\/div><\/div><div class=\"woocommerce columns-4\">\n  <ul class=\"products columns-4\" data-n-lazy=\"1\" data-rm-m-hover=\"off\" data-n-desktop-columns=\"4\" data-n-desktop-small-columns=\"4\" data-n-tablet-columns=\"2\" data-n-phone-columns=\"1\" data-product-style=\"classic\">\n\n\n\n\t<li class=\"classic product type-product post-5396 status-publish first instock product_cat-cultural-tours-and-holidays-in-portugal product_cat-guided-group-tours product_cat-portugal-guided-historical-holidays product_cat-guided-sightseeing-holidays-portugal product_cat-guided-walking-holidays-in-portugal product_tag-alcacer-do-sal product_tag-alenteho product_tag-alentejo product_tag-alentejo-landscape product_tag-alentejo-walking product_tag-ancient-buildings product_tag-ancient-churches product_tag-ancient-villages-and-castles product_tag-castelo-de-vide product_tag-charming-historical-towns product_tag-cork-woods product_tag-estremoz-walking product_tag-evora product_tag-evora-walking product_tag-gastronomy-and-wines product_tag-golden-wheat-fields product_tag-handicraft-tradition product_tag-historic-buildings product_tag-historic-town product_tag-history-and-heritage product_tag-inland-alentejo product_tag-local-gastronomy product_tag-marvao product_tag-medieval-castle product_tag-portalegre-walking product_tag-roman-and-arab-vestiges product_tag-sao-mamede-mountains product_tag-spring product_tag-the-alentejo product_tag-traditional-villages product_tag-traditions product_tag-unesco-world-heritage-site product_tag-wild-flowers-alentejo has-post-thumbnail virtual sold-individually product-type-booking\" >\n\n\n\t\n\n\t\t\t   <div class=\"product-wrap\">\n\t\t\t<a href=\"https:\/\/becooltravel.com\/pt\/produto\/aspectos-do-alentejo-1100g\/\" aria-label=\"Aspectos das F\u00e9rias Pedestres no Alentejo\"><img decoding=\"async\" width=\"300\" height=\"300\" src=\"https:\/\/i0.wp.com\/becooltravel.com\/wp-content\/uploads\/sites\/5\/2020\/07\/marvao.jpg?resize=300%2C300&amp;ssl=1\" class=\"attachment-woocommerce_thumbnail size-woocommerce_thumbnail\" alt=\"Marv\u00e3o\" srcset=\"https:\/\/i0.wp.com\/becooltravel.com\/wp-content\/uploads\/sites\/5\/2020\/07\/marvao.jpg?resize=150%2C150&amp;ssl=1 150w, https:\/\/i0.wp.com\/becooltravel.com\/wp-content\/uploads\/sites\/5\/2020\/07\/marvao.jpg?resize=100%2C100&amp;ssl=1 100w, https:\/\/i0.wp.com\/becooltravel.com\/wp-content\/uploads\/sites\/5\/2020\/07\/marvao.jpg?resize=140%2C140&amp;ssl=1 140w, https:\/\/i0.wp.com\/becooltravel.com\/wp-content\/uploads\/sites\/5\/2020\/07\/marvao.jpg?resize=500%2C500&amp;ssl=1 500w, https:\/\/i0.wp.com\/becooltravel.com\/wp-content\/uploads\/sites\/5\/2020\/07\/marvao.jpg?resize=350%2C350&amp;ssl=1 350w, https:\/\/i0.wp.com\/becooltravel.com\/wp-content\/uploads\/sites\/5\/2020\/07\/marvao.jpg?resize=300%2C300&amp;ssl=1 300w, https:\/\/i0.wp.com\/becooltravel.com\/wp-content\/uploads\/sites\/5\/2020\/07\/marvao.jpg?zoom=2&amp;resize=300%2C300&amp;ssl=1 600w, https:\/\/i0.wp.com\/becooltravel.com\/wp-content\/uploads\/sites\/5\/2020\/07\/marvao.jpg?zoom=3&amp;resize=300%2C300&amp;ssl=1 900w\" sizes=\"(max-width: 300px) 100vw, 300px\" \/><\/a>\n\t\t\t<div class=\"product-add-to-cart\" data-nectar-quickview=\"true\">\t<span id=\"woocommerce_loop_add_to_cart_link_describedby_5396\" class=\"screen-reader-text\">\n\t\t\t<\/span>\n<a class=\"nectar_quick_view no-ajaxy button\" data-product-id=\"5396\"> <i class=\"normal icon-salient-m-eye\"><\/i>\n\t    <span>Olhada r\u00e1pida<\/span><\/a><\/div>\t\t   <\/div>\n\t\t\t\t\n\t  \n\n\t\t<h2 class=\"woocommerce-loop-product__title\">Aspectos das F\u00e9rias Pedestres no Alentejo<\/h2><h3>Caminhada em pequenos grupos <\/h3>\n<a href=\"https:\/\/becooltravel.com\/pt\/produto\/aspectos-do-alentejo-1100g\/\" class=\"price\">Solicitar Pre\u00e7o<\/a>\t<span class=\"price\"><span class=\"woocommerce-Price-amount amount\"><bdi><span class=\"woocommerce-Price-currencySymbol\">\u20ac<\/span>0.00<\/bdi><\/span><\/span>\n\n\t\n\n\t\n<\/li>\n\t<li class=\"classic product type-product post-5448 status-publish instock product_cat-cultural-tours-and-holidays-in-portugal product_cat-guided-group-tours product_cat-portugal-guided-historical-holidays product_cat-guided-sightseeing-holidays-portugal product_cat-guided-walking-holidays-in-portugal product_tag-beautiful-landscapes product_tag-big-peaks product_tag-coastal-village product_tag-curral-das-freiras product_tag-great-madeira-walks product_tag-green-landscape product_tag-intimate-trails product_tag-islands-discoverers product_tag-landscape product_tag-levada-dos-tornos product_tag-levadas-walking product_tag-lush-mountain-slopes product_tag-machico product_tag-madeira product_tag-madeira-island product_tag-madeira-walks product_tag-magnificent-landscape product_tag-natural-scenery product_tag-nature product_tag-nature-holidays product_tag-nature-observation product_tag-nature-paradise product_tag-ponta-de-s-lourenco product_tag-porto-cruz product_tag-ribeira-brava product_tag-ribeiro-frio product_tag-serra-do-faial product_tag-spectacular-walks product_tag-surprising-walk product_tag-traditional-villages product_tag-traditions product_tag-unesco-world-heritage-site product_tag-waterwheels product_tag-woodland-trails product_tag-worlds-great-walks has-post-thumbnail virtual sold-individually product-type-booking\" >\n\n\n\t\n\n\t\t\t   <div class=\"product-wrap\">\n\t\t\t<a href=\"https:\/\/becooltravel.com\/pt\/produto\/leste-madeira-13300g\/\" aria-label=\"F\u00e9rias Pedestres na Madeira Oriental\"><img decoding=\"async\" width=\"300\" height=\"300\" src=\"https:\/\/i0.wp.com\/becooltravel.com\/wp-content\/uploads\/sites\/5\/2020\/07\/walking_madeira_picos.jpg?resize=300%2C300&amp;ssl=1\" class=\"attachment-woocommerce_thumbnail size-woocommerce_thumbnail\" alt=\"Madeira, conhecida como a Ilha dos Jardins, \u00e9 o destino dos caminhantes dos sonhos\" srcset=\"https:\/\/i0.wp.com\/becooltravel.com\/wp-content\/uploads\/sites\/5\/2020\/07\/walking_madeira_picos.jpg?resize=150%2C150&amp;ssl=1 150w, https:\/\/i0.wp.com\/becooltravel.com\/wp-content\/uploads\/sites\/5\/2020\/07\/walking_madeira_picos.jpg?resize=100%2C100&amp;ssl=1 100w, https:\/\/i0.wp.com\/becooltravel.com\/wp-content\/uploads\/sites\/5\/2020\/07\/walking_madeira_picos.jpg?resize=140%2C140&amp;ssl=1 140w, https:\/\/i0.wp.com\/becooltravel.com\/wp-content\/uploads\/sites\/5\/2020\/07\/walking_madeira_picos.jpg?resize=500%2C500&amp;ssl=1 500w, https:\/\/i0.wp.com\/becooltravel.com\/wp-content\/uploads\/sites\/5\/2020\/07\/walking_madeira_picos.jpg?resize=350%2C350&amp;ssl=1 350w, https:\/\/i0.wp.com\/becooltravel.com\/wp-content\/uploads\/sites\/5\/2020\/07\/walking_madeira_picos.jpg?resize=300%2C300&amp;ssl=1 300w, https:\/\/i0.wp.com\/becooltravel.com\/wp-content\/uploads\/sites\/5\/2020\/07\/walking_madeira_picos.jpg?zoom=2&amp;resize=300%2C300&amp;ssl=1 600w, https:\/\/i0.wp.com\/becooltravel.com\/wp-content\/uploads\/sites\/5\/2020\/07\/walking_madeira_picos.jpg?zoom=3&amp;resize=300%2C300&amp;ssl=1 900w\" sizes=\"(max-width: 300px) 100vw, 300px\" \/><\/a>\n\t\t\t<div class=\"product-add-to-cart\" data-nectar-quickview=\"true\">\t<span id=\"woocommerce_loop_add_to_cart_link_describedby_5448\" class=\"screen-reader-text\">\n\t\t\t<\/span>\n<a class=\"nectar_quick_view no-ajaxy button\" data-product-id=\"5448\"> <i class=\"normal icon-salient-m-eye\"><\/i>\n\t    <span>Olhada r\u00e1pida<\/span><\/a><\/div>\t\t   <\/div>\n\t\t\t\t\n\t  \n\n\t\t<h2 class=\"woocommerce-loop-product__title\">F\u00e9rias Pedestres na Madeira Oriental<\/h2><h3>Caminhada em pequenos grupos <\/h3><p class=\"product-duration grade\"><strong>Nota:<\/strong> Dif\u00edcil (6\/8)<\/p>\n<a href=\"https:\/\/becooltravel.com\/pt\/produto\/leste-madeira-13300g\/\" class=\"price\">Solicitar Pre\u00e7o<\/a>\t<span class=\"price\"><span class=\"woocommerce-Price-amount amount\"><bdi><span class=\"woocommerce-Price-currencySymbol\">\u20ac<\/span>0.00<\/bdi><\/span><\/span>\n\n\t\n\n\t\n<\/li>\n\t<li class=\"classic product type-product post-5443 status-publish instock product_cat-cultural-tours-and-holidays-in-portugal product_cat-guided-group-tours product_cat-portugal-guided-historical-holidays product_cat-guided-sightseeing-holidays-portugal product_cat-guided-walking-holidays-in-portugal product_tag-alentejo product_tag-alentejo-landscape product_tag-alentejo-walking product_tag-ancient-buildings product_tag-ancient-churches product_tag-ancient-villages-and-castles product_tag-architectonic-heritage product_tag-beautiful-landscapes product_tag-cork-trees product_tag-cultural-heritage product_tag-estremoz-walking product_tag-evora product_tag-evora-walking product_tag-green-landscape product_tag-guided-group-tour product_tag-guided-holidays product_tag-guided-walking-holidays product_tag-heritage product_tag-history-and-heritage product_tag-inland-alentejo product_tag-magnificent-landscape product_tag-marvao product_tag-medieval-castle product_tag-medieval-streets product_tag-medieval-villages product_tag-natural-park product_tag-natural-reserves product_tag-natural-scenery product_tag-olives product_tag-picturesque-landscapes product_tag-portalegre-walking product_tag-roman-and-arab-vestiges product_tag-unesco-world-heritage-site product_tag-vineyards product_tag-vineyards-and-terraces product_tag-wild-flowers-alentejo has-post-thumbnail virtual sold-individually product-type-booking\" >\n\n\n\t\n\n\t\t\t   <div class=\"product-wrap\">\n\t\t\t<a href=\"https:\/\/becooltravel.com\/pt\/produto\/evora-e-portalegre-golden-alentejo-12400g\/\" aria-label=\"\u00c9vora &amp; Portalegre: Passeios Pedestres no Alentejo Dourado\"><img decoding=\"async\" width=\"300\" height=\"300\" src=\"https:\/\/i0.wp.com\/becooltravel.com\/wp-content\/uploads\/sites\/5\/2020\/07\/castelo_vide.jpg?resize=300%2C300&amp;ssl=1\" class=\"attachment-woocommerce_thumbnail size-woocommerce_thumbnail\" alt=\"\u00c9vora e Portalegre: Golden Alentejo\" srcset=\"https:\/\/i0.wp.com\/becooltravel.com\/wp-content\/uploads\/sites\/5\/2020\/07\/castelo_vide.jpg?resize=150%2C150&amp;ssl=1 150w, https:\/\/i0.wp.com\/becooltravel.com\/wp-content\/uploads\/sites\/5\/2020\/07\/castelo_vide.jpg?resize=100%2C100&amp;ssl=1 100w, https:\/\/i0.wp.com\/becooltravel.com\/wp-content\/uploads\/sites\/5\/2020\/07\/castelo_vide.jpg?resize=140%2C140&amp;ssl=1 140w, https:\/\/i0.wp.com\/becooltravel.com\/wp-content\/uploads\/sites\/5\/2020\/07\/castelo_vide.jpg?resize=500%2C500&amp;ssl=1 500w, https:\/\/i0.wp.com\/becooltravel.com\/wp-content\/uploads\/sites\/5\/2020\/07\/castelo_vide.jpg?resize=350%2C350&amp;ssl=1 350w, https:\/\/i0.wp.com\/becooltravel.com\/wp-content\/uploads\/sites\/5\/2020\/07\/castelo_vide.jpg?resize=300%2C300&amp;ssl=1 300w, https:\/\/i0.wp.com\/becooltravel.com\/wp-content\/uploads\/sites\/5\/2020\/07\/castelo_vide.jpg?zoom=2&amp;resize=300%2C300&amp;ssl=1 600w, https:\/\/i0.wp.com\/becooltravel.com\/wp-content\/uploads\/sites\/5\/2020\/07\/castelo_vide.jpg?zoom=3&amp;resize=300%2C300&amp;ssl=1 900w\" sizes=\"(max-width: 300px) 100vw, 300px\" \/><\/a>\n\t\t\t<div class=\"product-add-to-cart\" data-nectar-quickview=\"true\">\t<span id=\"woocommerce_loop_add_to_cart_link_describedby_5443\" class=\"screen-reader-text\">\n\t\t\t<\/span>\n<a class=\"nectar_quick_view no-ajaxy button\" data-product-id=\"5443\"> <i class=\"normal icon-salient-m-eye\"><\/i>\n\t    <span>Olhada r\u00e1pida<\/span><\/a><\/div>\t\t   <\/div>\n\t\t\t\t\n\t  \n\n\t\t<h2 class=\"woocommerce-loop-product__title\">\u00c9vora e Portalegre: Golden Alentejo Walking Holidays<\/h2><h3>Caminhada em pequenos grupos <\/h3><p class=\"product-duration grade\"><strong>Nota:<\/strong> Moderado (4\/8)<\/p>\n<a href=\"https:\/\/becooltravel.com\/pt\/produto\/evora-e-portalegre-golden-alentejo-12400g\/\" class=\"price\">Solicitar Pre\u00e7o<\/a>\t<span class=\"price\"><span class=\"woocommerce-Price-amount amount\"><bdi><span class=\"woocommerce-Price-currencySymbol\">\u20ac<\/span>0.00<\/bdi><\/span><\/span>\n\n\t\n\n\t\n<\/li>\n\t<li class=\"classic product type-product post-5435 status-publish last instock product_cat-cultural-tours-and-holidays-in-portugal product_cat-portugal-gastronomy-and-wines-guided-holidays product_cat-guided-group-tours product_cat-portugal-guided-historical-holidays product_cat-guided-sightseeing-holidays-portugal product_cat-guided-walking-holidays-in-portugal product_tag-alentejo product_tag-alentejo-landscape product_tag-alentejo-walking product_tag-alqueva product_tag-amazing-walking product_tag-beautiful-landscapes product_tag-cultural-heritage product_tag-culture product_tag-escorted-tour product_tag-estremoz-walking product_tag-evora product_tag-evora-walking product_tag-food-and-wines-are-tasty product_tag-food-wine-tours product_tag-gastronomy product_tag-gastronomy-and-wines product_tag-gastronomy-holidays product_tag-guided-group-tour product_tag-inland-alentejo product_tag-local-gastronomy product_tag-local-wines product_tag-medieval-villages product_tag-monsaraz product_tag-pinturesque-landscape product_tag-portugal-perfect-walking-holiday product_tag-portuguese-gastronomy product_tag-traditional-villages product_tag-typical-villages product_tag-village product_tag-vineyards-and-terraces product_tag-wine-lovers product_tag-wine-tasting product_tag-worlds-best-wines has-post-thumbnail virtual sold-individually product-type-booking\" >\n\n\n\t\n\n\t\t\t   <div class=\"product-wrap\">\n\t\t\t<a href=\"https:\/\/becooltravel.com\/pt\/produto\/gastronomia-cultural-tour-no-alentejo-11700g\/\" aria-label=\"Gastronomia &amp; Cultural Walking Tour no Alentejo Portugal\"><img decoding=\"async\" width=\"300\" height=\"300\" src=\"https:\/\/i0.wp.com\/becooltravel.com\/wp-content\/uploads\/sites\/5\/2020\/07\/gastronomy_wines.jpg?resize=300%2C300&amp;ssl=1\" class=\"attachment-woocommerce_thumbnail size-woocommerce_thumbnail\" alt=\"Roteiro Gastron\u00f3mico e Cultural a p\u00e9 no Alentejo\" srcset=\"https:\/\/i0.wp.com\/becooltravel.com\/wp-content\/uploads\/sites\/5\/2020\/07\/gastronomy_wines.jpg?resize=150%2C150&amp;ssl=1 150w, https:\/\/i0.wp.com\/becooltravel.com\/wp-content\/uploads\/sites\/5\/2020\/07\/gastronomy_wines.jpg?resize=100%2C100&amp;ssl=1 100w, https:\/\/i0.wp.com\/becooltravel.com\/wp-content\/uploads\/sites\/5\/2020\/07\/gastronomy_wines.jpg?resize=140%2C140&amp;ssl=1 140w, https:\/\/i0.wp.com\/becooltravel.com\/wp-content\/uploads\/sites\/5\/2020\/07\/gastronomy_wines.jpg?resize=500%2C500&amp;ssl=1 500w, https:\/\/i0.wp.com\/becooltravel.com\/wp-content\/uploads\/sites\/5\/2020\/07\/gastronomy_wines.jpg?resize=350%2C350&amp;ssl=1 350w, https:\/\/i0.wp.com\/becooltravel.com\/wp-content\/uploads\/sites\/5\/2020\/07\/gastronomy_wines.jpg?resize=800%2C800&amp;ssl=1 800w, https:\/\/i0.wp.com\/becooltravel.com\/wp-content\/uploads\/sites\/5\/2020\/07\/gastronomy_wines.jpg?resize=300%2C300&amp;ssl=1 300w, https:\/\/i0.wp.com\/becooltravel.com\/wp-content\/uploads\/sites\/5\/2020\/07\/gastronomy_wines.jpg?zoom=2&amp;resize=300%2C300&amp;ssl=1 600w, https:\/\/i0.wp.com\/becooltravel.com\/wp-content\/uploads\/sites\/5\/2020\/07\/gastronomy_wines.jpg?zoom=3&amp;resize=300%2C300&amp;ssl=1 900w\" sizes=\"(max-width: 300px) 100vw, 300px\" \/><\/a>\n\t\t\t<div class=\"product-add-to-cart\" data-nectar-quickview=\"true\">\t<span id=\"woocommerce_loop_add_to_cart_link_describedby_5435\" class=\"screen-reader-text\">\n\t\t\t<\/span>\n<a class=\"nectar_quick_view no-ajaxy button\" data-product-id=\"5435\"> <i class=\"normal icon-salient-m-eye\"><\/i>\n\t    <span>Olhada r\u00e1pida<\/span><\/a><\/div>\t\t   <\/div>\n\t\t\t\t\n\t  \n\n\t\t<h2 class=\"woocommerce-loop-product__title\">Passeio Gastron\u00f3mico e Cultural a P\u00e9 no Alentejo Portugal<\/h2><h3>Caminhada em pequenos grupos <\/h3>\n<a href=\"https:\/\/becooltravel.com\/pt\/produto\/gastronomia-cultural-tour-no-alentejo-11700g\/\" class=\"price\">Solicitar Pre\u00e7o<\/a>\t<span class=\"price\"><span class=\"woocommerce-Price-amount amount\"><bdi><span class=\"woocommerce-Price-currencySymbol\">\u20ac<\/span>0.00<\/bdi><\/span><\/span>\n\n\t\n\n\t\n<\/li>\n\t<li class=\"classic product type-product post-5391 status-publish first instock product_cat-cultural-tours-and-holidays-in-portugal product_cat-guided-group-tours product_cat-portugal-guided-historical-holidays product_cat-guided-sightseeing-holidays-portugal product_cat-guided-walking-holidays-in-portugal product_tag-age-of-discoveries product_tag-algarve product_tag-algarve-city product_tag-algarve-secluded-beaches product_tag-cape-st-vincent-day-tours product_tag-caves product_tag-cliffs product_tag-culture product_tag-delicious-food product_tag-east-algarve product_tag-europe product_tag-grottoes product_tag-guided-walking-holidays product_tag-guided-walking-tours product_tag-hiking product_tag-hiking-holidays product_tag-hiking-routes product_tag-hiking-tour product_tag-hiking-trails product_tag-holidays product_tag-lagos product_tag-limestone-rocks product_tag-nature-holidays product_tag-nature-tour product_tag-nature-walks product_tag-picturesque-landscapes product_tag-portimao product_tag-portugal product_tag-rambling product_tag-ria-formosa product_tag-sagres product_tag-sightseeing product_tag-sunny-winters product_tag-tavira product_tag-tours-in-portugal product_tag-trek-solo product_tag-trekking-solo product_tag-vacations product_tag-walking product_tag-walking-holidays product_tag-walking-tours product_tag-west-algarve product_tag-wines has-post-thumbnail virtual product-type-simple\" >\n\n\n\t\n\n\t\t\t   <div class=\"product-wrap\">\n\t\t\t<a href=\"https:\/\/becooltravel.com\/pt\/produto\/the-ultimate-coast-algarve-walk-12500g\/\" aria-label=\"F\u00e9rias a p\u00e9 guiadas - The Ultimate Coastal Algarve Walk\"><img decoding=\"async\" width=\"300\" height=\"300\" src=\"https:\/\/i0.wp.com\/becooltravel.com\/wp-content\/uploads\/sites\/5\/2020\/12\/Praia_da_luz.jpg?resize=300%2C300&amp;ssl=1\" class=\"attachment-woocommerce_thumbnail size-woocommerce_thumbnail\" alt=\"Grupo de caminhada na praia da fal\u00e9sia Lagos Ponta da Piedade\" srcset=\"https:\/\/i0.wp.com\/becooltravel.com\/wp-content\/uploads\/sites\/5\/2020\/12\/Praia_da_luz.jpg?resize=150%2C150&amp;ssl=1 150w, https:\/\/i0.wp.com\/becooltravel.com\/wp-content\/uploads\/sites\/5\/2020\/12\/Praia_da_luz.jpg?resize=100%2C100&amp;ssl=1 100w, https:\/\/i0.wp.com\/becooltravel.com\/wp-content\/uploads\/sites\/5\/2020\/12\/Praia_da_luz.jpg?resize=140%2C140&amp;ssl=1 140w, https:\/\/i0.wp.com\/becooltravel.com\/wp-content\/uploads\/sites\/5\/2020\/12\/Praia_da_luz.jpg?resize=500%2C500&amp;ssl=1 500w, https:\/\/i0.wp.com\/becooltravel.com\/wp-content\/uploads\/sites\/5\/2020\/12\/Praia_da_luz.jpg?resize=350%2C350&amp;ssl=1 350w, https:\/\/i0.wp.com\/becooltravel.com\/wp-content\/uploads\/sites\/5\/2020\/12\/Praia_da_luz.jpg?resize=300%2C300&amp;ssl=1 300w, https:\/\/i0.wp.com\/becooltravel.com\/wp-content\/uploads\/sites\/5\/2020\/12\/Praia_da_luz.jpg?zoom=2&amp;resize=300%2C300&amp;ssl=1 600w, https:\/\/i0.wp.com\/becooltravel.com\/wp-content\/uploads\/sites\/5\/2020\/12\/Praia_da_luz.jpg?zoom=3&amp;resize=300%2C300&amp;ssl=1 900w\" sizes=\"(max-width: 300px) 100vw, 300px\" \/><\/a>\n\t\t\t<div class=\"product-add-to-cart\" data-nectar-quickview=\"true\"><a href=\"https:\/\/becooltravel.com\/pt\/produto\/the-ultimate-coast-algarve-walk-12500g\/\" aria-describedby=\"woocommerce_loop_add_to_cart_link_describedby_5391\" data-quantity=\"1\" class=\"button product_type_simple\" data-product_id=\"5391\" data-product_sku=\"\" aria-label=\"Leia mais sobre \u201cGuided Walking Holidays - The Ultimate Coastal Algarve Walk\u201d\" rel=\"nofollow\" data-success_message=\"\" data-no-translation=\"\" data-trp-gettext=\"\" data-no-translation-aria-label=\"\">Consulte Mais informa\u00e7\u00e3o<\/a>\t<span id=\"woocommerce_loop_add_to_cart_link_describedby_5391\" class=\"screen-reader-text\">\n\t\t\t<\/span>\n<a class=\"nectar_quick_view no-ajaxy button\" data-product-id=\"5391\"> <i class=\"normal icon-salient-m-eye\"><\/i>\n\t    <span>Olhada r\u00e1pida<\/span><\/a><\/div>\t\t   <\/div>\n\t\t\t\t\n\t  \n\n\t\t<h2 class=\"woocommerce-loop-product__title\">F\u00e9rias guiadas a p\u00e9 - O melhor passeio pela costa do Algarve<\/h2><h3>Caminhada em pequenos grupos <\/h3><p class=\"product-duration\"><strong>Dura\u00e7\u00e3o:<\/strong> 8 dias \/ 7 noites<\/p><p class=\"product-duration availability\"><strong>Disponibilidade:<\/strong> Dispon\u00edvel em breve<\/p><p class=\"product-duration grade\"><strong>Nota:<\/strong> Moderado (4\/8)<\/p>\n<a href=\"https:\/\/becooltravel.com\/pt\/produto\/the-ultimate-coast-algarve-walk-12500g\/\" class=\"price\">Solicitar Pre\u00e7o<\/a>\n\t\n\n\t\n<\/li>\n\t<li class=\"classic product type-product post-5429 status-publish instock product_cat-cultural-tours-and-holidays-in-portugal product_cat-guided-group-tours product_cat-portugal-guided-historical-holidays product_cat-guided-sightseeing-holidays-portugal product_cat-guided-walking-holidays-in-portugal product_tag-algarve product_tag-algarve-coast product_tag-algarve-rock-formations product_tag-algarve-secluded-beaches product_tag-algarve-spectacular-coastline product_tag-algarve-way product_tag-alvor product_tag-amazing-walking product_tag-cabo-de-s-vicente product_tag-carvoeiro product_tag-costa-vicentina product_tag-dramatic-cliffs product_tag-gastronomy product_tag-guided-walking-holidays product_tag-guided-walking-tours product_tag-impressive-cliffs product_tag-lagos product_tag-monchique product_tag-perfect-walking-holiday product_tag-picture-card product_tag-ponta-da-piedade product_tag-porti product_tag-portimao product_tag-portugal product_tag-praia-da-rocha product_tag-rocky-coastlines product_tag-sagres product_tag-senhora-da-rocha product_tag-seven-hanging-valleys-trail product_tag-silves product_tag-spectacular-cliffs product_tag-tours-in-portugal product_tag-vicentina-route product_tag-walking product_tag-walking-and-exploring product_tag-walking-holidays product_tag-walking-tours product_tag-west-algarve product_tag-wines has-post-thumbnail virtual product-type-simple\" >\n\n\n\t\n\n\t\t\t   <div class=\"product-wrap\">\n\t\t\t<a href=\"https:\/\/becooltravel.com\/pt\/produto\/carvoeiro-encantado-algarve-costa-11002g\/\" aria-label=\"F\u00e9rias no Carvoeiro: Descubra os Percursos Pedestres do Oeste do Algarve\"><img decoding=\"async\" width=\"300\" height=\"300\" src=\"https:\/\/i0.wp.com\/becooltravel.com\/wp-content\/uploads\/sites\/5\/2020\/12\/Walking-Carvoeiro.jpg?resize=300%2C300&amp;ssl=1\" class=\"attachment-woocommerce_thumbnail size-woocommerce_thumbnail\" alt=\"Grupo de caminhada no oeste do Algarve Carvoeiro\" srcset=\"https:\/\/i0.wp.com\/becooltravel.com\/wp-content\/uploads\/sites\/5\/2020\/12\/Walking-Carvoeiro.jpg?resize=150%2C150&amp;ssl=1 150w, https:\/\/i0.wp.com\/becooltravel.com\/wp-content\/uploads\/sites\/5\/2020\/12\/Walking-Carvoeiro.jpg?resize=100%2C100&amp;ssl=1 100w, https:\/\/i0.wp.com\/becooltravel.com\/wp-content\/uploads\/sites\/5\/2020\/12\/Walking-Carvoeiro.jpg?resize=140%2C140&amp;ssl=1 140w, https:\/\/i0.wp.com\/becooltravel.com\/wp-content\/uploads\/sites\/5\/2020\/12\/Walking-Carvoeiro.jpg?resize=500%2C500&amp;ssl=1 500w, https:\/\/i0.wp.com\/becooltravel.com\/wp-content\/uploads\/sites\/5\/2020\/12\/Walking-Carvoeiro.jpg?resize=350%2C350&amp;ssl=1 350w, https:\/\/i0.wp.com\/becooltravel.com\/wp-content\/uploads\/sites\/5\/2020\/12\/Walking-Carvoeiro.jpg?resize=300%2C300&amp;ssl=1 300w, https:\/\/i0.wp.com\/becooltravel.com\/wp-content\/uploads\/sites\/5\/2020\/12\/Walking-Carvoeiro.jpg?zoom=2&amp;resize=300%2C300&amp;ssl=1 600w, https:\/\/i0.wp.com\/becooltravel.com\/wp-content\/uploads\/sites\/5\/2020\/12\/Walking-Carvoeiro.jpg?zoom=3&amp;resize=300%2C300&amp;ssl=1 900w\" sizes=\"(max-width: 300px) 100vw, 300px\" \/><\/a>\n\t\t\t<div class=\"product-add-to-cart\" data-nectar-quickview=\"true\"><a href=\"https:\/\/becooltravel.com\/contact\/\" target=\"_blank\" class=\"button add_to_cart_button\">Consulte-nos<\/a>\t<span id=\"woocommerce_loop_add_to_cart_link_describedby_5429\" class=\"screen-reader-text\">\n\t\t\t<\/span>\n<a class=\"nectar_quick_view no-ajaxy button\" data-product-id=\"5429\"> <i class=\"normal icon-salient-m-eye\"><\/i>\n\t    <span>Olhada r\u00e1pida<\/span><\/a><\/div>\t\t   <\/div>\n\t\t\t\t\n\t  \n\n\t\t<h2 class=\"woocommerce-loop-product__title\">F\u00e9rias no Carvoeiro: Descubra os Percursos Pedestres do Oeste do Algarve<\/h2><h3>Caminhada em pequenos grupos <\/h3><p class=\"product-duration\"><strong>Dura\u00e7\u00e3o:<\/strong> 8 dias \/ 7 noites<\/p><p class=\"product-duration grade\"><strong>Nota:<\/strong> Moderado (4\/8)<\/p>\n<a href=\"https:\/\/becooltravel.com\/pt\/produto\/carvoeiro-encantado-algarve-costa-11002g\/\" class=\"price\">Solicitar Pre\u00e7o<\/a>\n\t\n\n\t\n<\/li>\n\t<li class=\"classic product type-product post-5446 status-publish instock product_cat-cultural-tours-and-holidays-in-portugal product_cat-guided-group-tours product_cat-portugal-guided-historical-holidays product_cat-guided-sightseeing-holidays-portugal product_cat-guided-walking-holidays-in-portugal product_tag-atlantic-ocean product_tag-banana-plantations product_tag-beautiful-landscapes product_tag-corujeira product_tag-encumeada product_tag-fontes-chao-dos-terreiros product_tag-funchal product_tag-green-landscape product_tag-lamaceiras product_tag-landscape product_tag-levada-de-lombo-de-mouro product_tag-levada-do-moinho product_tag-levada-nova-and-levada-do-moinho product_tag-levadas product_tag-madeira product_tag-madeira-island product_tag-madeira-walks product_tag-magnificent-landscape product_tag-natural-reserves product_tag-natural-scenery product_tag-ponta-do-sol product_tag-porto-moniz product_tag-rabacal product_tag-ribeira-da-janela product_tag-sub-tropical-woodland product_tag-tiny-levada product_tag-traditional-villages product_tag-ush-woodland product_tag-village-of-santa product_tag-walkways-and-bridges product_tag-waterfall-of-risco product_tag-waterfalls has-post-thumbnail virtual sold-individually product-type-booking\" >\n\n\n\t\n\n\t\t\t   <div class=\"product-wrap\">\n\t\t\t<a href=\"https:\/\/becooltravel.com\/pt\/produto\/oeste-madeira-13200g\/\" aria-label=\"F\u00e9rias a passear na Madeira Ocidental\"><img decoding=\"async\" width=\"300\" height=\"300\" src=\"https:\/\/i0.wp.com\/becooltravel.com\/wp-content\/uploads\/sites\/5\/2020\/07\/Walk_madeira_Levada_Castelejo.jpg?resize=300%2C300&amp;ssl=1\" class=\"attachment-woocommerce_thumbnail size-woocommerce_thumbnail\" alt=\"A Ilha da Madeira \u00e9 rica em caminhadas\" srcset=\"https:\/\/i0.wp.com\/becooltravel.com\/wp-content\/uploads\/sites\/5\/2020\/07\/Walk_madeira_Levada_Castelejo.jpg?resize=150%2C150&amp;ssl=1 150w, https:\/\/i0.wp.com\/becooltravel.com\/wp-content\/uploads\/sites\/5\/2020\/07\/Walk_madeira_Levada_Castelejo.jpg?resize=100%2C100&amp;ssl=1 100w, https:\/\/i0.wp.com\/becooltravel.com\/wp-content\/uploads\/sites\/5\/2020\/07\/Walk_madeira_Levada_Castelejo.jpg?resize=140%2C140&amp;ssl=1 140w, https:\/\/i0.wp.com\/becooltravel.com\/wp-content\/uploads\/sites\/5\/2020\/07\/Walk_madeira_Levada_Castelejo.jpg?resize=500%2C500&amp;ssl=1 500w, https:\/\/i0.wp.com\/becooltravel.com\/wp-content\/uploads\/sites\/5\/2020\/07\/Walk_madeira_Levada_Castelejo.jpg?resize=350%2C350&amp;ssl=1 350w, https:\/\/i0.wp.com\/becooltravel.com\/wp-content\/uploads\/sites\/5\/2020\/07\/Walk_madeira_Levada_Castelejo.jpg?resize=800%2C800&amp;ssl=1 800w, https:\/\/i0.wp.com\/becooltravel.com\/wp-content\/uploads\/sites\/5\/2020\/07\/Walk_madeira_Levada_Castelejo.jpg?resize=300%2C300&amp;ssl=1 300w, https:\/\/i0.wp.com\/becooltravel.com\/wp-content\/uploads\/sites\/5\/2020\/07\/Walk_madeira_Levada_Castelejo.jpg?zoom=2&amp;resize=300%2C300&amp;ssl=1 600w, https:\/\/i0.wp.com\/becooltravel.com\/wp-content\/uploads\/sites\/5\/2020\/07\/Walk_madeira_Levada_Castelejo.jpg?zoom=3&amp;resize=300%2C300&amp;ssl=1 900w\" sizes=\"(max-width: 300px) 100vw, 300px\" \/><\/a>\n\t\t\t<div class=\"product-add-to-cart\" data-nectar-quickview=\"true\">\t<span id=\"woocommerce_loop_add_to_cart_link_describedby_5446\" class=\"screen-reader-text\">\n\t\t\t<\/span>\n<a class=\"nectar_quick_view no-ajaxy button\" data-product-id=\"5446\"> <i class=\"normal icon-salient-m-eye\"><\/i>\n\t    <span>Olhada r\u00e1pida<\/span><\/a><\/div>\t\t   <\/div>\n\t\t\t\t\n\t  \n\n\t\t<h2 class=\"woocommerce-loop-product__title\">F\u00e9rias a passear na Madeira Ocidental<\/h2><h3>Caminhada em pequenos grupos <\/h3><p class=\"product-duration grade\"><strong>Nota:<\/strong> Dif\u00edcil (6\/8)<\/p>\n<a href=\"https:\/\/becooltravel.com\/pt\/produto\/oeste-madeira-13200g\/\" class=\"price\">Solicitar Pre\u00e7o<\/a>\t<span class=\"price\"><span class=\"woocommerce-Price-amount amount\"><bdi><span class=\"woocommerce-Price-currencySymbol\">\u20ac<\/span>0.00<\/bdi><\/span><\/span>\n\n\t\n\n\t\n<\/li>\n\t<li class=\"classic product type-product post-3801 status-publish last instock product_cat-guided-group-tours product_cat-guided-walking-holidays-in-portugal product_tag-a-port-wine-cellar product_tag-alto-douro-wine-region product_tag-colourful-houses product_tag-elected-best-european-destination product_tag-galeria-de-paris product_tag-guided-walking-holidays product_tag-guided-walking-tours product_tag-guimaraes product_tag-historic-monuments-in-porto product_tag-northern-portugal product_tag-port-wine-cellars product_tag-port-wine-lodges product_tag-porto product_tag-porto-bridges product_tag-porto-holidays product_tag-porto-world-heritage product_tag-portugal product_tag-sightseeing-porto product_tag-unesco-world-heritage-site product_tag-vintage-port-cellars product_tag-walking product_tag-walking-holidays product_tag-walking-tours product_tag-western-europe has-post-thumbnail virtual sold-individually product-type-booking\" >\n\n\n\t\n\n\t\t\t   <div class=\"product-wrap\">\n\t\t\t<a href=\"https:\/\/becooltravel.com\/pt\/produto\/porto-cidade-natureza-12900g\/\" aria-label=\"Porto, Cidade e Natureza\"><img decoding=\"async\" width=\"300\" height=\"300\" src=\"https:\/\/i0.wp.com\/becooltravel.com\/wp-content\/uploads\/sites\/5\/2020\/06\/Rabelo_boats_porto.jpg?resize=300%2C300&amp;ssl=1\" class=\"attachment-woocommerce_thumbnail size-woocommerce_thumbnail\" alt=\"Barcos rabelo no rio Douro\" srcset=\"https:\/\/i0.wp.com\/becooltravel.com\/wp-content\/uploads\/sites\/5\/2020\/06\/Rabelo_boats_porto.jpg?resize=150%2C150&amp;ssl=1 150w, https:\/\/i0.wp.com\/becooltravel.com\/wp-content\/uploads\/sites\/5\/2020\/06\/Rabelo_boats_porto.jpg?resize=100%2C100&amp;ssl=1 100w, https:\/\/i0.wp.com\/becooltravel.com\/wp-content\/uploads\/sites\/5\/2020\/06\/Rabelo_boats_porto.jpg?resize=140%2C140&amp;ssl=1 140w, https:\/\/i0.wp.com\/becooltravel.com\/wp-content\/uploads\/sites\/5\/2020\/06\/Rabelo_boats_porto.jpg?resize=500%2C500&amp;ssl=1 500w, https:\/\/i0.wp.com\/becooltravel.com\/wp-content\/uploads\/sites\/5\/2020\/06\/Rabelo_boats_porto.jpg?resize=350%2C350&amp;ssl=1 350w, https:\/\/i0.wp.com\/becooltravel.com\/wp-content\/uploads\/sites\/5\/2020\/06\/Rabelo_boats_porto.jpg?resize=800%2C800&amp;ssl=1 800w, https:\/\/i0.wp.com\/becooltravel.com\/wp-content\/uploads\/sites\/5\/2020\/06\/Rabelo_boats_porto.jpg?resize=300%2C300&amp;ssl=1 300w, https:\/\/i0.wp.com\/becooltravel.com\/wp-content\/uploads\/sites\/5\/2020\/06\/Rabelo_boats_porto.jpg?zoom=2&amp;resize=300%2C300&amp;ssl=1 600w, https:\/\/i0.wp.com\/becooltravel.com\/wp-content\/uploads\/sites\/5\/2020\/06\/Rabelo_boats_porto.jpg?zoom=3&amp;resize=300%2C300&amp;ssl=1 900w\" sizes=\"(max-width: 300px) 100vw, 300px\" \/><\/a>\n\t\t\t<div class=\"product-add-to-cart\" data-nectar-quickview=\"true\">\t<span id=\"woocommerce_loop_add_to_cart_link_describedby_3801\" class=\"screen-reader-text\">\n\t\t\t<\/span>\n<a class=\"nectar_quick_view no-ajaxy button\" data-product-id=\"3801\"> <i class=\"normal icon-salient-m-eye\"><\/i>\n\t    <span>Olhada r\u00e1pida<\/span><\/a><\/div>\t\t   <\/div>\n\t\t\t\t\n\t  \n\n\t\t<h2 class=\"woocommerce-loop-product__title\">Porto, Cidade e Natureza<\/h2><h3>Caminhada em pequenos grupos<\/h3><p class=\"product-duration availability\"><strong>Disponibilidade:<\/strong> Dispon\u00edvel em breve<\/p><p class=\"product-duration grade\"><strong>Nota:<\/strong> Moderado (4\/8)<\/p>\n<a href=\"https:\/\/becooltravel.com\/pt\/produto\/porto-cidade-natureza-12900g\/\" class=\"price\">Solicitar Pre\u00e7o<\/a>\t<span class=\"price\"><span class=\"woocommerce-Price-amount amount\"><bdi><span class=\"woocommerce-Price-currencySymbol\">\u20ac<\/span>0.00<\/bdi><\/span><\/span>\n\n\t\n\n\t\n<\/li>\n\t<li class=\"classic product type-product post-5426 status-publish first instock product_cat-cultural-tours-and-holidays-in-portugal product_cat-guided-group-tours product_cat-portugal-guided-historical-holidays product_cat-guided-sightseeing-holidays-portugal product_cat-guided-walking-holidays-in-portugal product_tag-caminha product_tag-coastal-tour product_tag-costa-verde product_tag-fabulous-walks-along-the-coast product_tag-gastronomy-and-wines product_tag-green-coast product_tag-green-landscape product_tag-historic product_tag-historic-buildings product_tag-historic-town product_tag-history-and-heritage product_tag-local-gastronomy product_tag-medieval-streets product_tag-medieval-times product_tag-minho product_tag-minho-region-portugal product_tag-neolithic-vestiges product_tag-northern-portugal-and-galicia product_tag-portugal-great-food-and-wine product_tag-rio-minho product_tag-roman-vestiges product_tag-traditional-villages product_tag-viana-do-castelo product_tag-vila-praia-de-ancora product_tag-vinho-verde product_tag-walking-the-coast-line has-post-thumbnail virtual sold-individually product-type-booking\" >\n\n\n\t\n\n\t\t\t   <div class=\"product-wrap\">\n\t\t\t<a href=\"https:\/\/becooltravel.com\/pt\/produto\/portugals-costa-verde-1800g\/\" aria-label=\"Caminhada na Costa Verde de Portugal\"><img decoding=\"async\" width=\"300\" height=\"300\" src=\"https:\/\/i0.wp.com\/becooltravel.com\/wp-content\/uploads\/sites\/5\/2020\/07\/afife_windmill.jpg?resize=300%2C300&amp;ssl=1\" class=\"attachment-woocommerce_thumbnail size-woocommerce_thumbnail\" alt=\"Caminhada Costa Verde\" srcset=\"https:\/\/i0.wp.com\/becooltravel.com\/wp-content\/uploads\/sites\/5\/2020\/07\/afife_windmill.jpg?resize=150%2C150&amp;ssl=1 150w, https:\/\/i0.wp.com\/becooltravel.com\/wp-content\/uploads\/sites\/5\/2020\/07\/afife_windmill.jpg?resize=100%2C100&amp;ssl=1 100w, https:\/\/i0.wp.com\/becooltravel.com\/wp-content\/uploads\/sites\/5\/2020\/07\/afife_windmill.jpg?resize=140%2C140&amp;ssl=1 140w, https:\/\/i0.wp.com\/becooltravel.com\/wp-content\/uploads\/sites\/5\/2020\/07\/afife_windmill.jpg?resize=500%2C500&amp;ssl=1 500w, https:\/\/i0.wp.com\/becooltravel.com\/wp-content\/uploads\/sites\/5\/2020\/07\/afife_windmill.jpg?resize=350%2C350&amp;ssl=1 350w, https:\/\/i0.wp.com\/becooltravel.com\/wp-content\/uploads\/sites\/5\/2020\/07\/afife_windmill.jpg?resize=800%2C800&amp;ssl=1 800w, https:\/\/i0.wp.com\/becooltravel.com\/wp-content\/uploads\/sites\/5\/2020\/07\/afife_windmill.jpg?resize=300%2C300&amp;ssl=1 300w, https:\/\/i0.wp.com\/becooltravel.com\/wp-content\/uploads\/sites\/5\/2020\/07\/afife_windmill.jpg?zoom=2&amp;resize=300%2C300&amp;ssl=1 600w, https:\/\/i0.wp.com\/becooltravel.com\/wp-content\/uploads\/sites\/5\/2020\/07\/afife_windmill.jpg?zoom=3&amp;resize=300%2C300&amp;ssl=1 900w\" sizes=\"(max-width: 300px) 100vw, 300px\" \/><\/a>\n\t\t\t<div class=\"product-add-to-cart\" data-nectar-quickview=\"true\">\t<span id=\"woocommerce_loop_add_to_cart_link_describedby_5426\" class=\"screen-reader-text\">\n\t\t\t<\/span>\n<a class=\"nectar_quick_view no-ajaxy button\" data-product-id=\"5426\"> <i class=\"normal icon-salient-m-eye\"><\/i>\n\t    <span>Olhada r\u00e1pida<\/span><\/a><\/div>\t\t   <\/div>\n\t\t\t\t\n\t  \n\n\t\t<h2 class=\"woocommerce-loop-product__title\">Caminhada na Costa Verde de Portugal<\/h2><h3>Caminhada em pequenos grupos <\/h3>\n<a href=\"https:\/\/becooltravel.com\/pt\/produto\/portugals-costa-verde-1800g\/\" class=\"price\">Solicitar Pre\u00e7o<\/a>\t<span class=\"price\"><span class=\"woocommerce-Price-amount amount\"><bdi><span class=\"woocommerce-Price-currencySymbol\">\u20ac<\/span>0.00<\/bdi><\/span><\/span>\n\n\t\n\n\t\n<\/li>\n\t<li class=\"classic product type-product post-5427 status-publish instock product_cat-cultural-tours-and-holidays-in-portugal product_cat-guided-group-tours product_cat-portugal-guided-historical-holidays product_cat-guided-sightseeing-holidays-portugal product_cat-guided-walking-holidays-in-portugal product_tag-ancient-churches product_tag-architectonic-heritage product_tag-atlantic-ocean product_tag-atlantic-way product_tag-caldas-dos-reis product_tag-caminho-da-costa product_tag-cherry-picked-walks product_tag-fantastic-itinerary-of-walks product_tag-gastronomy-and-wines product_tag-guided-holidays product_tag-guided-tours product_tag-hiking product_tag-hiking-holidays product_tag-hiking-routes product_tag-hiking-trails product_tag-historic-town product_tag-history-and-heritage product_tag-northern-portugal product_tag-northern-portugal-and-galicia product_tag-oporto product_tag-perfect-for-hiking product_tag-pilgrimage product_tag-porto product_tag-portuguese-atlantic-way product_tag-queen-isabel-of-portugal product_tag-santa-tecla product_tag-santiago-compostela-walks product_tag-santiago-de-compostela product_tag-the-way-of-st-james product_tag-traditional-villages product_tag-trekking product_tag-viana-do-castelo product_tag-walking-experiences product_tag-walking-program product_tag-walks-porto has-post-thumbnail virtual sold-individually product-type-booking\" >\n\n\n\t\n\n\t\t\t   <div class=\"product-wrap\">\n\t\t\t<a href=\"https:\/\/becooltravel.com\/pt\/produto\/santiago-caminho-na-costa-atlantica-1900g\/\" aria-label=\"Caminho de Santiago Caminhando na Costa Atl\u00e2ntica de Portugal\"><img decoding=\"async\" width=\"300\" height=\"300\" src=\"https:\/\/i0.wp.com\/becooltravel.com\/wp-content\/uploads\/sites\/5\/2020\/07\/santiago_costal_way.jpg?resize=300%2C300&amp;ssl=1\" class=\"attachment-woocommerce_thumbnail size-woocommerce_thumbnail\" alt=\"Santiago de Compostela que os peregrinos seguem h\u00e1 s\u00e9culos\" srcset=\"https:\/\/i0.wp.com\/becooltravel.com\/wp-content\/uploads\/sites\/5\/2020\/07\/santiago_costal_way.jpg?resize=150%2C150&amp;ssl=1 150w, https:\/\/i0.wp.com\/becooltravel.com\/wp-content\/uploads\/sites\/5\/2020\/07\/santiago_costal_way.jpg?resize=100%2C100&amp;ssl=1 100w, https:\/\/i0.wp.com\/becooltravel.com\/wp-content\/uploads\/sites\/5\/2020\/07\/santiago_costal_way.jpg?resize=140%2C140&amp;ssl=1 140w, https:\/\/i0.wp.com\/becooltravel.com\/wp-content\/uploads\/sites\/5\/2020\/07\/santiago_costal_way.jpg?resize=500%2C500&amp;ssl=1 500w, https:\/\/i0.wp.com\/becooltravel.com\/wp-content\/uploads\/sites\/5\/2020\/07\/santiago_costal_way.jpg?resize=350%2C350&amp;ssl=1 350w, https:\/\/i0.wp.com\/becooltravel.com\/wp-content\/uploads\/sites\/5\/2020\/07\/santiago_costal_way.jpg?resize=800%2C800&amp;ssl=1 800w, https:\/\/i0.wp.com\/becooltravel.com\/wp-content\/uploads\/sites\/5\/2020\/07\/santiago_costal_way.jpg?resize=300%2C300&amp;ssl=1 300w, https:\/\/i0.wp.com\/becooltravel.com\/wp-content\/uploads\/sites\/5\/2020\/07\/santiago_costal_way.jpg?zoom=2&amp;resize=300%2C300&amp;ssl=1 600w, https:\/\/i0.wp.com\/becooltravel.com\/wp-content\/uploads\/sites\/5\/2020\/07\/santiago_costal_way.jpg?zoom=3&amp;resize=300%2C300&amp;ssl=1 900w\" sizes=\"(max-width: 300px) 100vw, 300px\" \/><\/a>\n\t\t\t<div class=\"product-add-to-cart\" data-nectar-quickview=\"true\">\t<span id=\"woocommerce_loop_add_to_cart_link_describedby_5427\" class=\"screen-reader-text\">\n\t\t\t<\/span>\n<a class=\"nectar_quick_view no-ajaxy button\" data-product-id=\"5427\"> <i class=\"normal icon-salient-m-eye\"><\/i>\n\t    <span>Olhada r\u00e1pida<\/span><\/a><\/div>\t\t   <\/div>\n\t\t\t\t\n\t  \n\n\t\t<h2 class=\"woocommerce-loop-product__title\">Caminho de Santiago Caminhando na Costa Atl\u00e2ntica de Portugal<\/h2><h3>Caminhada em pequenos grupos <\/h3><p class=\"product-duration grade\"><strong>Nota:<\/strong> Moderado (5\/8)<\/p>\n<a href=\"https:\/\/becooltravel.com\/pt\/produto\/santiago-caminho-na-costa-atlantica-1900g\/\" class=\"price\">Solicitar Pre\u00e7o<\/a>\t<span class=\"price\"><span class=\"woocommerce-Price-amount amount\"><bdi><span class=\"woocommerce-Price-currencySymbol\">\u20ac<\/span>0.00<\/bdi><\/span><\/span>\n\n\t\n\n\t\n<\/li>\n\t<li class=\"classic product type-product post-5436 status-publish instock product_cat-cultural-tours-and-holidays-in-portugal product_cat-guided-group-tours product_cat-portugal-guided-historical-holidays product_cat-guided-sightseeing-holidays-portugal product_cat-guided-walking-holidays-in-portugal product_tag-amazing-walking product_tag-beautiful-landscapes product_tag-cherry-picked-walks product_tag-fantastic-itinerary-of-walks product_tag-guided-walking-holidays product_tag-inland-walks product_tag-landscape product_tag-magnificent-landscape product_tag-manteigas product_tag-medieval-times product_tag-natural-attractions-in-portugal product_tag-natural-park product_tag-natural-scenery product_tag-perfect-walking-holiday product_tag-picturesque-landscapes product_tag-serra-da-estrela-cheese product_tag-serra-da-estrela-natural-park product_tag-spectacular-walks product_tag-walking product_tag-walking-along-quiet-paths product_tag-walking-experiences product_tag-walking-tours has-post-thumbnail virtual sold-individually product-type-booking\" >\n\n\n\t\n\n\t\t\t   <div class=\"product-wrap\">\n\t\t\t<a href=\"https:\/\/becooltravel.com\/pt\/produto\/serra-da-estrela-montanha-das-estrelas-11600g\/\" aria-label=\"Serra da Estrela: montanha das estrelas\"><img decoding=\"async\" width=\"300\" height=\"300\" src=\"https:\/\/i0.wp.com\/becooltravel.com\/wp-content\/uploads\/sites\/5\/2020\/07\/espinhaco_cao_serra_estrela.jpg?resize=300%2C300&amp;ssl=1\" class=\"attachment-woocommerce_thumbnail size-woocommerce_thumbnail\" alt=\"Parque Natural da Serra da Estrela, as \u201cmontanhas das estrelas\u201d\" srcset=\"https:\/\/i0.wp.com\/becooltravel.com\/wp-content\/uploads\/sites\/5\/2020\/07\/espinhaco_cao_serra_estrela.jpg?resize=150%2C150&amp;ssl=1 150w, https:\/\/i0.wp.com\/becooltravel.com\/wp-content\/uploads\/sites\/5\/2020\/07\/espinhaco_cao_serra_estrela.jpg?resize=100%2C100&amp;ssl=1 100w, https:\/\/i0.wp.com\/becooltravel.com\/wp-content\/uploads\/sites\/5\/2020\/07\/espinhaco_cao_serra_estrela.jpg?resize=140%2C140&amp;ssl=1 140w, https:\/\/i0.wp.com\/becooltravel.com\/wp-content\/uploads\/sites\/5\/2020\/07\/espinhaco_cao_serra_estrela.jpg?resize=500%2C500&amp;ssl=1 500w, https:\/\/i0.wp.com\/becooltravel.com\/wp-content\/uploads\/sites\/5\/2020\/07\/espinhaco_cao_serra_estrela.jpg?resize=350%2C350&amp;ssl=1 350w, https:\/\/i0.wp.com\/becooltravel.com\/wp-content\/uploads\/sites\/5\/2020\/07\/espinhaco_cao_serra_estrela.jpg?resize=800%2C800&amp;ssl=1 800w, https:\/\/i0.wp.com\/becooltravel.com\/wp-content\/uploads\/sites\/5\/2020\/07\/espinhaco_cao_serra_estrela.jpg?resize=300%2C300&amp;ssl=1 300w, https:\/\/i0.wp.com\/becooltravel.com\/wp-content\/uploads\/sites\/5\/2020\/07\/espinhaco_cao_serra_estrela.jpg?zoom=2&amp;resize=300%2C300&amp;ssl=1 600w, https:\/\/i0.wp.com\/becooltravel.com\/wp-content\/uploads\/sites\/5\/2020\/07\/espinhaco_cao_serra_estrela.jpg?zoom=3&amp;resize=300%2C300&amp;ssl=1 900w\" sizes=\"(max-width: 300px) 100vw, 300px\" \/><\/a>\n\t\t\t<div class=\"product-add-to-cart\" data-nectar-quickview=\"true\">\t<span id=\"woocommerce_loop_add_to_cart_link_describedby_5436\" class=\"screen-reader-text\">\n\t\t\t<\/span>\n<a class=\"nectar_quick_view no-ajaxy button\" data-product-id=\"5436\"> <i class=\"normal icon-salient-m-eye\"><\/i>\n\t    <span>Olhada r\u00e1pida<\/span><\/a><\/div>\t\t   <\/div>\n\t\t\t\t\n\t  \n\n\t\t<h2 class=\"woocommerce-loop-product__title\">Serra da Estrela: montanha das estrelas<\/h2><h3>Caminhada em pequenos grupos <\/h3>\n<a href=\"https:\/\/becooltravel.com\/pt\/produto\/serra-da-estrela-montanha-das-estrelas-11600g\/\" class=\"price\">Solicitar Pre\u00e7o<\/a>\t<span class=\"price\"><span class=\"woocommerce-Price-amount amount\"><bdi><span class=\"woocommerce-Price-currencySymbol\">\u20ac<\/span>0.00<\/bdi><\/span><\/span>\n\n\t\n\n\t\n<\/li>\n\t<li class=\"classic product type-product post-7936 status-publish last instock product_cat-cultural-tours-and-holidays-in-portugal product_cat-portugal-gastronomy-and-wines-guided-holidays product_cat-guided-group-tours product_cat-guided-sightseeing-holidays-portugal product_cat-guided-solo-holidays-in-portugal product_cat-guided-walking-holidays-in-portugal has-post-thumbnail virtual product-type-simple\" >\n\n\n\t\n\n\t\t\t   <div class=\"product-wrap\">\n\t\t\t<a href=\"https:\/\/becooltravel.com\/pt\/produto\/sabores-norte-portugal-galicia-13802g\/\" aria-label=\"Sabores do Norte de Portugal e da Galiza\"><img decoding=\"async\" width=\"300\" height=\"300\" src=\"https:\/\/i0.wp.com\/becooltravel.com\/wp-content\/uploads\/sites\/5\/2025\/08\/Galo-de-Barcelos-1.jpg?resize=300%2C300&amp;ssl=1\" class=\"attachment-woocommerce_thumbnail size-woocommerce_thumbnail\" alt=\"Sabores do Norte de Portugal e da Galiza\" srcset=\"https:\/\/i0.wp.com\/becooltravel.com\/wp-content\/uploads\/sites\/5\/2025\/08\/Galo-de-Barcelos-1.jpg?resize=150%2C150&amp;ssl=1 150w, https:\/\/i0.wp.com\/becooltravel.com\/wp-content\/uploads\/sites\/5\/2025\/08\/Galo-de-Barcelos-1.jpg?resize=140%2C140&amp;ssl=1 140w, https:\/\/i0.wp.com\/becooltravel.com\/wp-content\/uploads\/sites\/5\/2025\/08\/Galo-de-Barcelos-1.jpg?resize=100%2C100&amp;ssl=1 100w, https:\/\/i0.wp.com\/becooltravel.com\/wp-content\/uploads\/sites\/5\/2025\/08\/Galo-de-Barcelos-1.jpg?resize=500%2C500&amp;ssl=1 500w, https:\/\/i0.wp.com\/becooltravel.com\/wp-content\/uploads\/sites\/5\/2025\/08\/Galo-de-Barcelos-1.jpg?resize=350%2C350&amp;ssl=1 350w, https:\/\/i0.wp.com\/becooltravel.com\/wp-content\/uploads\/sites\/5\/2025\/08\/Galo-de-Barcelos-1.jpg?resize=1000%2C1000&amp;ssl=1 1000w, https:\/\/i0.wp.com\/becooltravel.com\/wp-content\/uploads\/sites\/5\/2025\/08\/Galo-de-Barcelos-1.jpg?resize=800%2C800&amp;ssl=1 800w, https:\/\/i0.wp.com\/becooltravel.com\/wp-content\/uploads\/sites\/5\/2025\/08\/Galo-de-Barcelos-1.jpg?resize=300%2C300&amp;ssl=1 300w, https:\/\/i0.wp.com\/becooltravel.com\/wp-content\/uploads\/sites\/5\/2025\/08\/Galo-de-Barcelos-1.jpg?zoom=2&amp;resize=300%2C300&amp;ssl=1 600w, https:\/\/i0.wp.com\/becooltravel.com\/wp-content\/uploads\/sites\/5\/2025\/08\/Galo-de-Barcelos-1.jpg?zoom=3&amp;resize=300%2C300&amp;ssl=1 900w\" sizes=\"(max-width: 300px) 100vw, 300px\" \/><\/a>\n\t\t\t<div class=\"product-add-to-cart\" data-nectar-quickview=\"true\"><a href=\"https:\/\/becooltravel.com\/pt\/produto\/sabores-norte-portugal-galicia-13802g\/\" aria-describedby=\"woocommerce_loop_add_to_cart_link_describedby_7936\" data-quantity=\"1\" class=\"button product_type_simple\" data-product_id=\"7936\" data-product_sku=\"\" aria-label=\"Leia mais sobre \u201cTastes of Northern Portugal and Galicia\u201d\" rel=\"nofollow\" data-success_message=\"\" data-no-translation=\"\" data-trp-gettext=\"\" data-no-translation-aria-label=\"\">Consulte Mais informa\u00e7\u00e3o<\/a>\t<span id=\"woocommerce_loop_add_to_cart_link_describedby_7936\" class=\"screen-reader-text\">\n\t\t\t<\/span>\n<a class=\"nectar_quick_view no-ajaxy button\" data-product-id=\"7936\"> <i class=\"normal icon-salient-m-eye\"><\/i>\n\t    <span>Olhada r\u00e1pida<\/span><\/a><\/div>\t\t   <\/div>\n\t\t\t\t\n\t  \n\n\t\t<h2 class=\"woocommerce-loop-product__title\">Sabores do Norte de Portugal e da Galiza<\/h2>\n<a href=\"https:\/\/becooltravel.com\/pt\/produto\/sabores-norte-portugal-galicia-13802g\/\" class=\"price\">Solicitar Pre\u00e7o<\/a>\n\t\n\n\t\n<\/li>\n\t<li class=\"classic product type-product post-5440 status-publish first instock product_cat-cultural-tours-and-holidays-in-portugal product_cat-guided-group-tours product_cat-portugal-guided-historical-holidays product_cat-guided-sightseeing-holidays-portugal product_cat-guided-walking-holidays-in-portugal product_tag-alentejo product_tag-alentejo-landscape product_tag-alentejo-walking product_tag-beautiful-landscapes product_tag-chanza-river product_tag-flora-and-fauna product_tag-gastronomy product_tag-gastronomy-and-wines product_tag-guadiana product_tag-guadiana-river product_tag-guadiana-valley product_tag-guided-holidays product_tag-guided-tours product_tag-guided-walking-holidays product_tag-guided-walking-tours product_tag-imposing-castle product_tag-landscape product_tag-local-gastronomy product_tag-magnificent-landscape product_tag-mertola product_tag-mina-de-sao-domingos product_tag-mineral-exploration-sites product_tag-montes-altos product_tag-moreanes product_tag-open-air-museum product_tag-pomarao product_tag-sci-fi-film-set product_tag-vale-travessos product_tag-walking-route product_tag-wild-flowers-alentejo product_tag-wildlife has-post-thumbnail virtual sold-individually product-type-booking\" >\n\n\n\t\n\n\t\t\t   <div class=\"product-wrap\">\n\t\t\t<a href=\"https:\/\/becooltravel.com\/pt\/produto\/the-british-heritage-in-the-alentejo-12000g\/\" aria-label=\"A heran\u00e7a brit\u00e2nica no Alentejo Walking Holidays\"><img decoding=\"async\" width=\"300\" height=\"300\" src=\"https:\/\/i0.wp.com\/becooltravel.com\/wp-content\/uploads\/sites\/5\/2020\/07\/walk_guadiana.jpg?resize=300%2C300&amp;ssl=1\" class=\"attachment-woocommerce_thumbnail size-woocommerce_thumbnail\" alt=\"caminhando em guadina portugal\" srcset=\"https:\/\/i0.wp.com\/becooltravel.com\/wp-content\/uploads\/sites\/5\/2020\/07\/walk_guadiana.jpg?resize=150%2C150&amp;ssl=1 150w, https:\/\/i0.wp.com\/becooltravel.com\/wp-content\/uploads\/sites\/5\/2020\/07\/walk_guadiana.jpg?resize=100%2C100&amp;ssl=1 100w, https:\/\/i0.wp.com\/becooltravel.com\/wp-content\/uploads\/sites\/5\/2020\/07\/walk_guadiana.jpg?resize=140%2C140&amp;ssl=1 140w, https:\/\/i0.wp.com\/becooltravel.com\/wp-content\/uploads\/sites\/5\/2020\/07\/walk_guadiana.jpg?resize=500%2C500&amp;ssl=1 500w, https:\/\/i0.wp.com\/becooltravel.com\/wp-content\/uploads\/sites\/5\/2020\/07\/walk_guadiana.jpg?resize=350%2C350&amp;ssl=1 350w, https:\/\/i0.wp.com\/becooltravel.com\/wp-content\/uploads\/sites\/5\/2020\/07\/walk_guadiana.jpg?resize=300%2C300&amp;ssl=1 300w, https:\/\/i0.wp.com\/becooltravel.com\/wp-content\/uploads\/sites\/5\/2020\/07\/walk_guadiana.jpg?zoom=2&amp;resize=300%2C300&amp;ssl=1 600w, https:\/\/i0.wp.com\/becooltravel.com\/wp-content\/uploads\/sites\/5\/2020\/07\/walk_guadiana.jpg?zoom=3&amp;resize=300%2C300&amp;ssl=1 900w\" sizes=\"(max-width: 300px) 100vw, 300px\" \/><\/a>\n\t\t\t<div class=\"product-add-to-cart\" data-nectar-quickview=\"true\">\t<span id=\"woocommerce_loop_add_to_cart_link_describedby_5440\" class=\"screen-reader-text\">\n\t\t\t<\/span>\n<a class=\"nectar_quick_view no-ajaxy button\" data-product-id=\"5440\"> <i class=\"normal icon-salient-m-eye\"><\/i>\n\t    <span>Olhada r\u00e1pida<\/span><\/a><\/div>\t\t   <\/div>\n\t\t\t\t\n\t  \n\n\t\t<h2 class=\"woocommerce-loop-product__title\">A heran\u00e7a brit\u00e2nica no Alentejo Walking Holidays<\/h2><h3>Caminhada em pequenos grupos <\/h3><p class=\"product-duration grade\"><strong>Nota:<\/strong> Moderado (4\/8)<\/p>\n<a href=\"https:\/\/becooltravel.com\/pt\/produto\/the-british-heritage-in-the-alentejo-12000g\/\" class=\"price\">Solicitar Pre\u00e7o<\/a>\t<span class=\"price\"><span class=\"woocommerce-Price-amount amount\"><bdi><span class=\"woocommerce-Price-currencySymbol\">\u20ac<\/span>0.00<\/bdi><\/span><\/span>\n\n\t\n\n\t\n<\/li>\n\t<li class=\"classic product type-product post-7641 status-publish instock product_cat-cultural-tours-and-holidays-in-portugal product_cat-guided-group-tours product_cat-portugal-guided-historical-holidays product_cat-guided-sightseeing-holidays-portugal product_cat-guided-walking-holidays-in-portugal product_tag-amazing-walking product_tag-ancient-churches product_tag-architectonic-heritage product_tag-beautiful-landscapes product_tag-cultural-heritage product_tag-gastronomy product_tag-gastronomy-and-wines product_tag-greatest-baroque-structures-in-europe product_tag-green-landscape product_tag-guided-walking-holidays product_tag-guided-walking-tours product_tag-heritage product_tag-historic-monuments-in-lisbon product_tag-history-and-heritage product_tag-knights-templar product_tag-local-gastronomy product_tag-magnificent-landscape product_tag-medieval-times product_tag-medieval-villages product_tag-minho-region-portugal product_tag-nature-holidays product_tag-nature-tour product_tag-nature-walks product_tag-northern-portugal product_tag-northern-portugal-and-galicia product_tag-oporto product_tag-porto product_tag-porto-bridges product_tag-porto-cathedral product_tag-porto-world-heritage product_tag-portos-old-town product_tag-portugal-perfect-walking-holiday product_tag-santiago-compostela-walks product_tag-santiago-de-compostela product_tag-sightseeing-lisbon product_tag-sightseeing-porto product_tag-tomar product_tag-unesco-world-heritage-site product_tag-walking-experiences product_tag-walks-porto product_tag-world-heritage product_tag-world-heritage-city has-post-thumbnail virtual product-type-simple\" >\n\n\n\t\n\n\t\t\t   <div class=\"product-wrap\">\n\t\t\t<a href=\"https:\/\/becooltravel.com\/pt\/produto\/o-caminho-de-lisboa-para-santiago-14200g\/\" aria-label=\"O Caminho - De Lisboa a Santiago\"><img decoding=\"async\" width=\"300\" height=\"300\" src=\"https:\/\/i0.wp.com\/becooltravel.com\/wp-content\/uploads\/sites\/5\/2024\/12\/The-Camino-From-Lisbon-to-Santiago-Camino.jpg?resize=300%2C300&amp;ssl=1\" class=\"attachment-woocommerce_thumbnail size-woocommerce_thumbnail\" alt=\"Santiago\" srcset=\"https:\/\/i0.wp.com\/becooltravel.com\/wp-content\/uploads\/sites\/5\/2024\/12\/The-Camino-From-Lisbon-to-Santiago-Camino.jpg?resize=150%2C150&amp;ssl=1 150w, https:\/\/i0.wp.com\/becooltravel.com\/wp-content\/uploads\/sites\/5\/2024\/12\/The-Camino-From-Lisbon-to-Santiago-Camino.jpg?resize=140%2C140&amp;ssl=1 140w, https:\/\/i0.wp.com\/becooltravel.com\/wp-content\/uploads\/sites\/5\/2024\/12\/The-Camino-From-Lisbon-to-Santiago-Camino.jpg?resize=100%2C100&amp;ssl=1 100w, https:\/\/i0.wp.com\/becooltravel.com\/wp-content\/uploads\/sites\/5\/2024\/12\/The-Camino-From-Lisbon-to-Santiago-Camino.jpg?resize=500%2C500&amp;ssl=1 500w, https:\/\/i0.wp.com\/becooltravel.com\/wp-content\/uploads\/sites\/5\/2024\/12\/The-Camino-From-Lisbon-to-Santiago-Camino.jpg?resize=350%2C350&amp;ssl=1 350w, https:\/\/i0.wp.com\/becooltravel.com\/wp-content\/uploads\/sites\/5\/2024\/12\/The-Camino-From-Lisbon-to-Santiago-Camino.jpg?resize=1000%2C1000&amp;ssl=1 1000w, https:\/\/i0.wp.com\/becooltravel.com\/wp-content\/uploads\/sites\/5\/2024\/12\/The-Camino-From-Lisbon-to-Santiago-Camino.jpg?resize=800%2C800&amp;ssl=1 800w, https:\/\/i0.wp.com\/becooltravel.com\/wp-content\/uploads\/sites\/5\/2024\/12\/The-Camino-From-Lisbon-to-Santiago-Camino.jpg?resize=300%2C300&amp;ssl=1 300w, https:\/\/i0.wp.com\/becooltravel.com\/wp-content\/uploads\/sites\/5\/2024\/12\/The-Camino-From-Lisbon-to-Santiago-Camino.jpg?zoom=2&amp;resize=300%2C300&amp;ssl=1 600w, https:\/\/i0.wp.com\/becooltravel.com\/wp-content\/uploads\/sites\/5\/2024\/12\/The-Camino-From-Lisbon-to-Santiago-Camino.jpg?zoom=3&amp;resize=300%2C300&amp;ssl=1 900w\" sizes=\"(max-width: 300px) 100vw, 300px\" \/><\/a>\n\t\t\t<div class=\"product-add-to-cart\" data-nectar-quickview=\"true\"><a href=\"https:\/\/becooltravel.com\/pt\/produto\/o-caminho-de-lisboa-para-santiago-14200g\/\" aria-describedby=\"woocommerce_loop_add_to_cart_link_describedby_7641\" data-quantity=\"1\" class=\"button product_type_simple\" data-product_id=\"7641\" data-product_sku=\"\" aria-label=\"Leia mais sobre \u201cThe Camino - From Lisbon to Santiago\u201d\" rel=\"nofollow\" data-success_message=\"\" data-no-translation=\"\" data-trp-gettext=\"\" data-no-translation-aria-label=\"\">Consulte Mais informa\u00e7\u00e3o<\/a>\t<span id=\"woocommerce_loop_add_to_cart_link_describedby_7641\" class=\"screen-reader-text\">\n\t\t\t<\/span>\n<a class=\"nectar_quick_view no-ajaxy button\" data-product-id=\"7641\"> <i class=\"normal icon-salient-m-eye\"><\/i>\n\t    <span>Olhada r\u00e1pida<\/span><\/a><\/div>\t\t   <\/div>\n\t\t\t\t\n\t  \n\n\t\t<h2 class=\"woocommerce-loop-product__title\">O Caminho \u2013 De Lisboa a Santiago<\/h2><h3>Caminhada em pequenos grupos <\/h3><p class=\"product-duration\"><strong>Dura\u00e7\u00e3o:<\/strong> 16 Dias \/ 15 Noites<\/p>\n<a href=\"https:\/\/becooltravel.com\/pt\/produto\/o-caminho-de-lisboa-para-santiago-14200g\/\" class=\"price\">Solicitar Pre\u00e7o<\/a>\n\t\n\n\t\n<\/li>\n\t<li class=\"classic product type-product post-5445 status-publish instock product_cat-cultural-tours-and-holidays-in-portugal product_cat-guided-group-tours product_cat-portugal-guided-historical-holidays product_cat-guided-sightseeing-holidays-portugal product_cat-guided-walking-holidays-in-portugal product_tag-abrantes product_tag-abundance-of-flowers product_tag-adrift-boats product_tag-alm-blue-waters product_tag-ancient-buildings product_tag-beautiful-landscapes product_tag-common-kestrel product_tag-eurasian-buzzard product_tag-fishing-village product_tag-green-landscape product_tag-guided-walking-holidays product_tag-historic product_tag-historic-centre product_tag-historic-town product_tag-history-and-heritage product_tag-lady-of-nazare product_tag-luxurious-riverbanks product_tag-mediterranean-flora-island product_tag-nazare product_tag-pine-woodlands product_tag-portugal-perfect-walking-holiday product_tag-ribatejo product_tag-river-nabao product_tag-roman-vestiges product_tag-s-martinho-do-porto product_tag-sandy-beaches product_tag-sardoal-walk product_tag-sellium product_tag-tamarama product_tag-tejo-river product_tag-tomar product_tag-traditional-fishing-boats product_tag-traditional-villages product_tag-wildlife has-post-thumbnail virtual sold-individually product-type-booking\" >\n\n\n\t\n\n\t\t\t   <div class=\"product-wrap\">\n\t\t\t<a href=\"https:\/\/becooltravel.com\/pt\/produto\/the-ribatejo-experience-discover-abrantes-nazare-12800g\/\" aria-label=\"A Experi\u00eancia de Caminhada do Ribatejo: Conhe\u00e7a Abrantes e a Nazar\u00e9\"><img decoding=\"async\" width=\"300\" height=\"300\" src=\"https:\/\/i0.wp.com\/becooltravel.com\/wp-content\/uploads\/sites\/5\/2020\/07\/nazare_beach.jpg?resize=300%2C300&amp;ssl=1\" class=\"attachment-woocommerce_thumbnail size-woocommerce_thumbnail\" alt=\"Barco tradicional da Nazar\u00e9\" srcset=\"https:\/\/i0.wp.com\/becooltravel.com\/wp-content\/uploads\/sites\/5\/2020\/07\/nazare_beach.jpg?resize=150%2C150&amp;ssl=1 150w, https:\/\/i0.wp.com\/becooltravel.com\/wp-content\/uploads\/sites\/5\/2020\/07\/nazare_beach.jpg?resize=100%2C100&amp;ssl=1 100w, https:\/\/i0.wp.com\/becooltravel.com\/wp-content\/uploads\/sites\/5\/2020\/07\/nazare_beach.jpg?resize=140%2C140&amp;ssl=1 140w, https:\/\/i0.wp.com\/becooltravel.com\/wp-content\/uploads\/sites\/5\/2020\/07\/nazare_beach.jpg?resize=500%2C500&amp;ssl=1 500w, https:\/\/i0.wp.com\/becooltravel.com\/wp-content\/uploads\/sites\/5\/2020\/07\/nazare_beach.jpg?resize=350%2C350&amp;ssl=1 350w, https:\/\/i0.wp.com\/becooltravel.com\/wp-content\/uploads\/sites\/5\/2020\/07\/nazare_beach.jpg?resize=300%2C300&amp;ssl=1 300w, https:\/\/i0.wp.com\/becooltravel.com\/wp-content\/uploads\/sites\/5\/2020\/07\/nazare_beach.jpg?zoom=2&amp;resize=300%2C300&amp;ssl=1 600w, https:\/\/i0.wp.com\/becooltravel.com\/wp-content\/uploads\/sites\/5\/2020\/07\/nazare_beach.jpg?zoom=3&amp;resize=300%2C300&amp;ssl=1 900w\" sizes=\"(max-width: 300px) 100vw, 300px\" \/><\/a>\n\t\t\t<div class=\"product-add-to-cart\" data-nectar-quickview=\"true\">\t<span id=\"woocommerce_loop_add_to_cart_link_describedby_5445\" class=\"screen-reader-text\">\n\t\t\t<\/span>\n<a class=\"nectar_quick_view no-ajaxy button\" data-product-id=\"5445\"> <i class=\"normal icon-salient-m-eye\"><\/i>\n\t    <span>Olhada r\u00e1pida<\/span><\/a><\/div>\t\t   <\/div>\n\t\t\t\t\n\t  \n\n\t\t<h2 class=\"woocommerce-loop-product__title\">A Experi\u00eancia de Caminhada do Ribatejo: Conhe\u00e7a Abrantes e a Nazar\u00e9<\/h2><h3>Caminhada em pequenos grupos <\/h3>\n<a href=\"https:\/\/becooltravel.com\/pt\/produto\/the-ribatejo-experience-discover-abrantes-nazare-12800g\/\" class=\"price\">Solicitar Pre\u00e7o<\/a>\t<span class=\"price\"><span class=\"woocommerce-Price-amount amount\"><bdi><span class=\"woocommerce-Price-currencySymbol\">\u20ac<\/span>0.00<\/bdi><\/span><\/span>\n\n\t\n\n\t\n<\/li>\n\t<li class=\"classic product type-product post-5441 status-publish last instock product_cat-cultural-tours-and-holidays-in-portugal product_cat-guided-group-tours product_cat-portugal-guided-historical-holidays product_cat-guided-sightseeing-holidays-portugal product_cat-guided-walking-holidays-in-portugal product_tag-beautiful-landscapes product_tag-beautiful-walk product_tag-craftsman product_tag-fantastic-mountains product_tag-forest product_tag-glacial-valley product_tag-green-landscape product_tag-guarda product_tag-highest-point-on-mainland-portugal product_tag-historic-refuge product_tag-isolated-farms product_tag-magnificent-landscape product_tag-manteigas product_tag-mondego product_tag-nave-da-mestra product_tag-penhas-douradas product_tag-picturesque-landscapes product_tag-portugals-highest-city product_tag-portugals-longest-river product_tag-queijo-da-serra product_tag-rio-mondego product_tag-river-mondego product_tag-roman-and-arab-vestiges product_tag-sameiro product_tag-serra-da-estrela product_tag-serra-da-estrela-cheese product_tag-serra-da-estrela-natural-park product_tag-traditional-villages product_tag-walk-to-varanda has-post-thumbnail virtual sold-individually product-type-booking\" >\n\n\n\t\n\n\t\t\t   <div class=\"product-wrap\">\n\t\t\t<a href=\"https:\/\/becooltravel.com\/pt\/produto\/central-portugal-serra-da-estrela-12100g\/\" aria-label=\"Caminhada Centro de Portugal e Serra da Estrela\"><img decoding=\"async\" width=\"300\" height=\"300\" src=\"https:\/\/i0.wp.com\/becooltravel.com\/wp-content\/uploads\/sites\/5\/2020\/07\/walking-serra_estrela.jpg?resize=300%2C300&amp;ssl=1\" class=\"attachment-woocommerce_thumbnail size-woocommerce_thumbnail\" alt=\"Parque Natural da Serra da Estrela, as montanhas das estrelas, a montanha mais alta de Portugal continental\" srcset=\"https:\/\/i0.wp.com\/becooltravel.com\/wp-content\/uploads\/sites\/5\/2020\/07\/walking-serra_estrela.jpg?resize=150%2C150&amp;ssl=1 150w, https:\/\/i0.wp.com\/becooltravel.com\/wp-content\/uploads\/sites\/5\/2020\/07\/walking-serra_estrela.jpg?resize=100%2C100&amp;ssl=1 100w, https:\/\/i0.wp.com\/becooltravel.com\/wp-content\/uploads\/sites\/5\/2020\/07\/walking-serra_estrela.jpg?resize=140%2C140&amp;ssl=1 140w, https:\/\/i0.wp.com\/becooltravel.com\/wp-content\/uploads\/sites\/5\/2020\/07\/walking-serra_estrela.jpg?resize=500%2C500&amp;ssl=1 500w, https:\/\/i0.wp.com\/becooltravel.com\/wp-content\/uploads\/sites\/5\/2020\/07\/walking-serra_estrela.jpg?resize=350%2C350&amp;ssl=1 350w, https:\/\/i0.wp.com\/becooltravel.com\/wp-content\/uploads\/sites\/5\/2020\/07\/walking-serra_estrela.jpg?resize=300%2C300&amp;ssl=1 300w, https:\/\/i0.wp.com\/becooltravel.com\/wp-content\/uploads\/sites\/5\/2020\/07\/walking-serra_estrela.jpg?zoom=2&amp;resize=300%2C300&amp;ssl=1 600w, https:\/\/i0.wp.com\/becooltravel.com\/wp-content\/uploads\/sites\/5\/2020\/07\/walking-serra_estrela.jpg?zoom=3&amp;resize=300%2C300&amp;ssl=1 900w\" sizes=\"(max-width: 300px) 100vw, 300px\" \/><\/a>\n\t\t\t<div class=\"product-add-to-cart\" data-nectar-quickview=\"true\">\t<span id=\"woocommerce_loop_add_to_cart_link_describedby_5441\" class=\"screen-reader-text\">\n\t\t\t<\/span>\n<a class=\"nectar_quick_view no-ajaxy button\" data-product-id=\"5441\"> <i class=\"normal icon-salient-m-eye\"><\/i>\n\t    <span>Olhada r\u00e1pida<\/span><\/a><\/div>\t\t   <\/div>\n\t\t\t\t\n\t  \n\n\t\t<h2 class=\"woocommerce-loop-product__title\">Caminhada Centro de Portugal e Serra da Estrela<\/h2><h3>Caminhada em pequenos grupos <\/h3>\n<a href=\"https:\/\/becooltravel.com\/pt\/produto\/central-portugal-serra-da-estrela-12100g\/\" class=\"price\">Solicitar Pre\u00e7o<\/a>\t<span class=\"price\"><span class=\"woocommerce-Price-amount amount\"><bdi><span class=\"woocommerce-Price-currencySymbol\">\u20ac<\/span>0.00<\/bdi><\/span><\/span>\n\n\t\n\n\t\n<\/li>\n\t<li class=\"classic product type-product post-5430 status-publish first instock product_cat-cultural-tours-and-holidays-in-portugal product_cat-guided-group-tours product_cat-portugal-guided-historical-holidays product_cat-guided-sightseeing-holidays-portugal product_cat-guided-walking-holidays-in-portugal product_tag-algarve product_tag-algarve-coastal-strip product_tag-algarve-coastline product_tag-algarve-flowers product_tag-algarve-rock-formations product_tag-algarve-way product_tag-alvor product_tag-amazing-walking product_tag-cabo-de-s-vicente product_tag-carvoeiro product_tag-cherry-picked-walks product_tag-coastal-algarve-walk product_tag-costa-vicentina product_tag-dramatic-cliffs product_tag-fabulous-walks-along-the-coast product_tag-gastronomy product_tag-guided-walking-holidays product_tag-guided-walking-tours product_tag-holidays-in-portugal product_tag-impressive-cliffs product_tag-lagoa product_tag-lagos product_tag-monchique product_tag-ponta-da-piedade product_tag-portimao product_tag-portugal product_tag-praia-da-rocha product_tag-sagres product_tag-seven-hanging-valleys-trail product_tag-silves product_tag-spectacular-cliffs product_tag-tours-in-portugal product_tag-vicentina-route product_tag-walking product_tag-walking-holidays product_tag-walking-tours product_tag-west-algarve product_tag-wines has-post-thumbnail virtual sold-individually product-type-booking\" >\n\n\n\t\n\n\t\t\t   <div class=\"product-wrap\">\n\t\t\t<a href=\"https:\/\/becooltravel.com\/pt\/produto\/lagoa-o-oeste-algarve-11003g\/\" aria-label=\"F\u00e9rias Pedestres em Lagoa: O Oeste do Algarve\"><img decoding=\"async\" width=\"300\" height=\"300\" src=\"https:\/\/i0.wp.com\/becooltravel.com\/wp-content\/uploads\/sites\/5\/2020\/06\/algarve_way_group.jpg?resize=300%2C300&amp;ssl=1\" class=\"attachment-woocommerce_thumbnail size-woocommerce_thumbnail\" alt=\"Lagoa: Os passeios a p\u00e9 do Oeste do Algarve\" srcset=\"https:\/\/i0.wp.com\/becooltravel.com\/wp-content\/uploads\/sites\/5\/2020\/06\/algarve_way_group.jpg?resize=150%2C150&amp;ssl=1 150w, https:\/\/i0.wp.com\/becooltravel.com\/wp-content\/uploads\/sites\/5\/2020\/06\/algarve_way_group.jpg?resize=100%2C100&amp;ssl=1 100w, https:\/\/i0.wp.com\/becooltravel.com\/wp-content\/uploads\/sites\/5\/2020\/06\/algarve_way_group.jpg?resize=140%2C140&amp;ssl=1 140w, https:\/\/i0.wp.com\/becooltravel.com\/wp-content\/uploads\/sites\/5\/2020\/06\/algarve_way_group.jpg?resize=500%2C500&amp;ssl=1 500w, https:\/\/i0.wp.com\/becooltravel.com\/wp-content\/uploads\/sites\/5\/2020\/06\/algarve_way_group.jpg?resize=350%2C350&amp;ssl=1 350w, https:\/\/i0.wp.com\/becooltravel.com\/wp-content\/uploads\/sites\/5\/2020\/06\/algarve_way_group.jpg?resize=300%2C300&amp;ssl=1 300w, https:\/\/i0.wp.com\/becooltravel.com\/wp-content\/uploads\/sites\/5\/2020\/06\/algarve_way_group.jpg?zoom=2&amp;resize=300%2C300&amp;ssl=1 600w, https:\/\/i0.wp.com\/becooltravel.com\/wp-content\/uploads\/sites\/5\/2020\/06\/algarve_way_group.jpg?zoom=3&amp;resize=300%2C300&amp;ssl=1 900w\" sizes=\"(max-width: 300px) 100vw, 300px\" \/><\/a>\n\t\t\t<div class=\"product-add-to-cart\" data-nectar-quickview=\"true\">\t<span id=\"woocommerce_loop_add_to_cart_link_describedby_5430\" class=\"screen-reader-text\">\n\t\t\t<\/span>\n<a class=\"nectar_quick_view no-ajaxy button\" data-product-id=\"5430\"> <i class=\"normal icon-salient-m-eye\"><\/i>\n\t    <span>Olhada r\u00e1pida<\/span><\/a><\/div>\t\t   <\/div>\n\t\t\t\t\n\t  \n\n\t\t<h2 class=\"woocommerce-loop-product__title\">F\u00e9rias Pedestres em Lagoa: O Oeste do Algarve<\/h2><h3>Caminhada em pequenos grupos <\/h3><p class=\"product-duration grade\"><strong>Nota:<\/strong> Moderado (4\/8)<\/p>\n<a href=\"https:\/\/becooltravel.com\/pt\/produto\/lagoa-o-oeste-algarve-11003g\/\" class=\"price\">Solicitar Pre\u00e7o<\/a>\t<span class=\"price\"><span class=\"woocommerce-Price-amount amount\"><bdi><span class=\"woocommerce-Price-currencySymbol\">\u20ac<\/span>0.00<\/bdi><\/span><\/span>\n\n\t\n\n\t\n<\/li>\n\t<li class=\"classic product type-product post-5437 status-publish instock product_cat-cultural-tours-and-holidays-in-portugal product_cat-guided-group-tours product_cat-portugal-guided-historical-holidays product_cat-guided-sightseeing-holidays-portugal product_cat-guided-walking-holidays-in-portugal product_tag-algarve product_tag-east-algarve product_tag-europe product_tag-gastronomy product_tag-guided-walking-holidays product_tag-guided-walking-tours product_tag-hiking product_tag-holidays product_tag-nature-walks product_tag-portugal product_tag-rambling product_tag-ria-formosa product_tag-ria-formosa-natural-park product_tag-sunny-winters product_tag-tavira product_tag-tours-in-portugal product_tag-typical-fisherman-villages product_tag-vacations product_tag-walking product_tag-walking-holidays product_tag-walking-tours product_tag-wines has-post-thumbnail virtual sold-individually product-type-booking\" >\n\n\n\t\n\n\t\t\t   <div class=\"product-wrap\">\n\t\t\t<a href=\"https:\/\/becooltravel.com\/pt\/produto\/tavira-e-o-real-algarve-11800g\/\" aria-label=\"F\u00e9rias Pedestres em Tavira e no Real Algarve\"><img decoding=\"async\" width=\"300\" height=\"300\" src=\"https:\/\/i0.wp.com\/becooltravel.com\/wp-content\/uploads\/sites\/5\/2020\/07\/east_algarve_walking.jpg?resize=300%2C300&amp;ssl=1\" class=\"attachment-woocommerce_thumbnail size-woocommerce_thumbnail\" alt=\"Caminhando no Sotavento Algarvio\" srcset=\"https:\/\/i0.wp.com\/becooltravel.com\/wp-content\/uploads\/sites\/5\/2020\/07\/east_algarve_walking.jpg?resize=150%2C150&amp;ssl=1 150w, https:\/\/i0.wp.com\/becooltravel.com\/wp-content\/uploads\/sites\/5\/2020\/07\/east_algarve_walking.jpg?resize=100%2C100&amp;ssl=1 100w, https:\/\/i0.wp.com\/becooltravel.com\/wp-content\/uploads\/sites\/5\/2020\/07\/east_algarve_walking.jpg?resize=140%2C140&amp;ssl=1 140w, https:\/\/i0.wp.com\/becooltravel.com\/wp-content\/uploads\/sites\/5\/2020\/07\/east_algarve_walking.jpg?resize=500%2C500&amp;ssl=1 500w, https:\/\/i0.wp.com\/becooltravel.com\/wp-content\/uploads\/sites\/5\/2020\/07\/east_algarve_walking.jpg?resize=350%2C350&amp;ssl=1 350w, https:\/\/i0.wp.com\/becooltravel.com\/wp-content\/uploads\/sites\/5\/2020\/07\/east_algarve_walking.jpg?resize=800%2C800&amp;ssl=1 800w, https:\/\/i0.wp.com\/becooltravel.com\/wp-content\/uploads\/sites\/5\/2020\/07\/east_algarve_walking.jpg?resize=300%2C300&amp;ssl=1 300w, https:\/\/i0.wp.com\/becooltravel.com\/wp-content\/uploads\/sites\/5\/2020\/07\/east_algarve_walking.jpg?zoom=2&amp;resize=300%2C300&amp;ssl=1 600w, https:\/\/i0.wp.com\/becooltravel.com\/wp-content\/uploads\/sites\/5\/2020\/07\/east_algarve_walking.jpg?zoom=3&amp;resize=300%2C300&amp;ssl=1 900w\" sizes=\"(max-width: 300px) 100vw, 300px\" \/><\/a>\n\t\t\t<div class=\"product-add-to-cart\" data-nectar-quickview=\"true\">\t<span id=\"woocommerce_loop_add_to_cart_link_describedby_5437\" class=\"screen-reader-text\">\n\t\t\t<\/span>\n<a class=\"nectar_quick_view no-ajaxy button\" data-product-id=\"5437\"> <i class=\"normal icon-salient-m-eye\"><\/i>\n\t    <span>Olhada r\u00e1pida<\/span><\/a><\/div>\t\t   <\/div>\n\t\t\t\t\n\t  \n\n\t\t<h2 class=\"woocommerce-loop-product__title\">F\u00e9rias Pedestres em Tavira e no Real Algarve<\/h2><h3>Caminhada em pequenos grupos <\/h3>\n<a href=\"https:\/\/becooltravel.com\/pt\/produto\/tavira-e-o-real-algarve-11800g\/\" class=\"price\">Solicitar Pre\u00e7o<\/a>\t<span class=\"price\"><span class=\"woocommerce-Price-amount amount\"><bdi><span class=\"woocommerce-Price-currencySymbol\">\u20ac<\/span>0.00<\/bdi><\/span><\/span>\n\n\t\n\n\t\n<\/li>\n\t<li class=\"classic product type-product post-6029 status-publish instock product_cat-cultural-tours-and-holidays-in-portugal product_cat-guided-group-tours product_cat-portugal-guided-historical-holidays product_cat-guided-sightseeing-holidays-portugal product_cat-guided-walking-holidays-in-portugal product_tag-alentejo-walking product_tag-algarve-gr13 product_tag-amazing-walking product_tag-arrifana product_tag-beaches product_tag-beautiful-beaches product_tag-beautiful-landscapes product_tag-carrapateira product_tag-coastal-scenery product_tag-coastal-walks product_tag-coastal-way product_tag-cork-trees product_tag-costa-vicentina product_tag-cultural-heritage product_tag-dramatic-beauty-of-the-atlantic-coast product_tag-dramatic-cliffs product_tag-fabulous-walks-along-the-coast product_tag-green-landscape product_tag-green-valleys product_tag-guided-group-tour product_tag-guided-holidays product_tag-guided-walking-holidays product_tag-guided-walking-tours product_tag-inland-sceneries product_tag-inland-walks product_tag-landscape product_tag-local-gastronomy product_tag-magnificent-landscape product_tag-milfontes product_tag-natural-park product_tag-natural-reserves product_tag-natural-scenery product_tag-nature-holidays product_tag-nature-tour product_tag-nature-trails product_tag-odemira product_tag-offered-flexible-walking product_tag-parque-natural-de-costa-vicentina product_tag-picturesque-landscapes product_tag-porto-covo product_tag-portugals-biggest-natural-reserve product_tag-rota-vicentina product_tag-vicentina-coast product_tag-vicentina-route product_tag-walking product_tag-walking-along-quiet-paths product_tag-walking-holidays product_tag-walking-the-coast-line has-post-thumbnail virtual product-type-simple\" >\n\n\n\t\n\n\t\t\t   <div class=\"product-wrap\">\n\t\t\t<a href=\"https:\/\/becooltravel.com\/pt\/produto\/caminho-pela-vicentina\/\" aria-label=\"F\u00e9rias Pedestres na Rota Vicentina\"><img decoding=\"async\" width=\"300\" height=\"300\" src=\"https:\/\/i0.wp.com\/becooltravel.com\/wp-content\/uploads\/sites\/5\/2020\/12\/costa_vicentina.jpg?resize=300%2C300&amp;ssl=1\" class=\"attachment-woocommerce_thumbnail size-woocommerce_thumbnail\" alt=\"Costa Vicentina;\" srcset=\"https:\/\/i0.wp.com\/becooltravel.com\/wp-content\/uploads\/sites\/5\/2020\/12\/costa_vicentina.jpg?resize=150%2C150&amp;ssl=1 150w, https:\/\/i0.wp.com\/becooltravel.com\/wp-content\/uploads\/sites\/5\/2020\/12\/costa_vicentina.jpg?resize=100%2C100&amp;ssl=1 100w, https:\/\/i0.wp.com\/becooltravel.com\/wp-content\/uploads\/sites\/5\/2020\/12\/costa_vicentina.jpg?resize=140%2C140&amp;ssl=1 140w, https:\/\/i0.wp.com\/becooltravel.com\/wp-content\/uploads\/sites\/5\/2020\/12\/costa_vicentina.jpg?resize=500%2C500&amp;ssl=1 500w, https:\/\/i0.wp.com\/becooltravel.com\/wp-content\/uploads\/sites\/5\/2020\/12\/costa_vicentina.jpg?resize=350%2C350&amp;ssl=1 350w, https:\/\/i0.wp.com\/becooltravel.com\/wp-content\/uploads\/sites\/5\/2020\/12\/costa_vicentina.jpg?resize=300%2C300&amp;ssl=1 300w, https:\/\/i0.wp.com\/becooltravel.com\/wp-content\/uploads\/sites\/5\/2020\/12\/costa_vicentina.jpg?zoom=2&amp;resize=300%2C300&amp;ssl=1 600w, https:\/\/i0.wp.com\/becooltravel.com\/wp-content\/uploads\/sites\/5\/2020\/12\/costa_vicentina.jpg?zoom=3&amp;resize=300%2C300&amp;ssl=1 900w\" sizes=\"(max-width: 300px) 100vw, 300px\" \/><\/a>\n\t\t\t<div class=\"product-add-to-cart\" data-nectar-quickview=\"true\"><a href=\"https:\/\/becooltravel.com\/pt\/produto\/caminho-pela-vicentina\/\" aria-describedby=\"woocommerce_loop_add_to_cart_link_describedby_6029\" data-quantity=\"1\" class=\"button product_type_simple\" data-product_id=\"6029\" data-product_sku=\"\" aria-label=\"Leia mais sobre \u201cWalking Holidays in the Vicentina Route\u201d\" rel=\"nofollow\" data-success_message=\"\" data-no-translation=\"\" data-trp-gettext=\"\" data-no-translation-aria-label=\"\">Consulte Mais informa\u00e7\u00e3o<\/a>\t<span id=\"woocommerce_loop_add_to_cart_link_describedby_6029\" class=\"screen-reader-text\">\n\t\t\t<\/span>\n<a class=\"nectar_quick_view no-ajaxy button\" data-product-id=\"6029\"> <i class=\"normal icon-salient-m-eye\"><\/i>\n\t    <span>Olhada r\u00e1pida<\/span><\/a><\/div>\t\t   <\/div>\n\t\t\t\t\n\t  \n\n\t\t<h2 class=\"woocommerce-loop-product__title\">F\u00e9rias Pedestres na Rota Vicentina<\/h2><h3>Caminhada em pequenos grupos <\/h3><p class=\"product-duration\"><strong>Dura\u00e7\u00e3o:<\/strong> 8 dias \/ 7 noites<\/p><p class=\"product-duration grade\"><strong>Nota:<\/strong> Moderado (5\/8)<\/p>\n<a href=\"https:\/\/becooltravel.com\/pt\/produto\/caminho-pela-vicentina\/\" class=\"price\">Solicitar Pre\u00e7o<\/a>\n\t\n\n\t\n<\/li>\n\t<li class=\"classic product type-product post-7644 status-publish last instock product_cat-cultural-tours-and-holidays-in-portugal product_cat-guided-group-tours product_cat-portugal-guided-historical-holidays product_cat-guided-sightseeing-holidays-portugal product_cat-guided-walking-holidays-in-portugal product_tag-alentejo-walking product_tag-algarve-gr13 product_tag-amazing-walking product_tag-arrifana product_tag-beaches product_tag-beautiful-beaches product_tag-beautiful-landscapes product_tag-carrapateira product_tag-coastal-scenery product_tag-coastal-walks product_tag-coastal-way product_tag-cork-trees product_tag-costa-vicentina product_tag-cultural-heritage product_tag-dramatic-beauty-of-the-atlantic-coast product_tag-dramatic-cliffs product_tag-fabulous-walks-along-the-coast product_tag-green-landscape product_tag-green-valleys product_tag-guided-group-tour product_tag-guided-holidays product_tag-guided-walking-holidays product_tag-guided-walking-tours product_tag-inland-sceneries product_tag-inland-walks product_tag-landscape product_tag-local-gastronomy product_tag-magnificent-landscape product_tag-milfontes product_tag-natural-park product_tag-natural-reserves product_tag-natural-scenery product_tag-nature-holidays product_tag-nature-tour product_tag-nature-trails product_tag-odemira product_tag-offered-flexible-walking product_tag-parque-natural-de-costa-vicentina product_tag-picturesque-landscapes product_tag-porto-covo product_tag-portugals-biggest-natural-reserve product_tag-rota-vicentina product_tag-vicentina-coast product_tag-vicentina-route product_tag-walking product_tag-walking-along-quiet-paths product_tag-walking-holidays product_tag-walking-the-coast-line has-post-thumbnail virtual product-type-simple\" >\n\n\n\t\n\n\t\t\t   <div class=\"product-wrap\">\n\t\t\t<a href=\"https:\/\/becooltravel.com\/pt\/produto\/caminhando-na-rota-vicentina-12301go\/\" aria-label=\"F\u00e9rias Pedestres na Rota Vicentina\"><img decoding=\"async\" width=\"300\" height=\"300\" src=\"https:\/\/i0.wp.com\/becooltravel.com\/wp-content\/uploads\/sites\/5\/2020\/12\/costa_vicentina.jpg?resize=300%2C300&amp;ssl=1\" class=\"attachment-woocommerce_thumbnail size-woocommerce_thumbnail\" alt=\"Costa Vicentina;\" srcset=\"https:\/\/i0.wp.com\/becooltravel.com\/wp-content\/uploads\/sites\/5\/2020\/12\/costa_vicentina.jpg?resize=150%2C150&amp;ssl=1 150w, https:\/\/i0.wp.com\/becooltravel.com\/wp-content\/uploads\/sites\/5\/2020\/12\/costa_vicentina.jpg?resize=100%2C100&amp;ssl=1 100w, https:\/\/i0.wp.com\/becooltravel.com\/wp-content\/uploads\/sites\/5\/2020\/12\/costa_vicentina.jpg?resize=140%2C140&amp;ssl=1 140w, https:\/\/i0.wp.com\/becooltravel.com\/wp-content\/uploads\/sites\/5\/2020\/12\/costa_vicentina.jpg?resize=500%2C500&amp;ssl=1 500w, https:\/\/i0.wp.com\/becooltravel.com\/wp-content\/uploads\/sites\/5\/2020\/12\/costa_vicentina.jpg?resize=350%2C350&amp;ssl=1 350w, https:\/\/i0.wp.com\/becooltravel.com\/wp-content\/uploads\/sites\/5\/2020\/12\/costa_vicentina.jpg?resize=300%2C300&amp;ssl=1 300w, https:\/\/i0.wp.com\/becooltravel.com\/wp-content\/uploads\/sites\/5\/2020\/12\/costa_vicentina.jpg?zoom=2&amp;resize=300%2C300&amp;ssl=1 600w, https:\/\/i0.wp.com\/becooltravel.com\/wp-content\/uploads\/sites\/5\/2020\/12\/costa_vicentina.jpg?zoom=3&amp;resize=300%2C300&amp;ssl=1 900w\" sizes=\"(max-width: 300px) 100vw, 300px\" \/><\/a>\n\t\t\t<div class=\"product-add-to-cart\" data-nectar-quickview=\"true\"><a href=\"https:\/\/becooltravel.com\/pt\/produto\/caminhando-na-rota-vicentina-12301go\/\" aria-describedby=\"woocommerce_loop_add_to_cart_link_describedby_7644\" data-quantity=\"1\" class=\"button product_type_simple\" data-product_id=\"7644\" data-product_sku=\"\" aria-label=\"Leia mais sobre \u201cWalking Holidays in the Vicentina Route\u201d\" rel=\"nofollow\" data-success_message=\"\" data-no-translation=\"\" data-trp-gettext=\"\" data-no-translation-aria-label=\"\">Consulte Mais informa\u00e7\u00e3o<\/a>\t<span id=\"woocommerce_loop_add_to_cart_link_describedby_7644\" class=\"screen-reader-text\">\n\t\t\t<\/span>\n<a class=\"nectar_quick_view no-ajaxy button\" data-product-id=\"7644\"> <i class=\"normal icon-salient-m-eye\"><\/i>\n\t    <span>Olhada r\u00e1pida<\/span><\/a><\/div>\t\t   <\/div>\n\t\t\t\t\n\t  \n\n\t\t<h2 class=\"woocommerce-loop-product__title\">F\u00e9rias Pedestres na Rota Vicentina<\/h2><h3>Caminhada em pequenos grupos <\/h3><p class=\"product-duration\"><strong>Dura\u00e7\u00e3o:<\/strong> 8 dias \/ 7 noites<\/p><p class=\"product-duration grade\"><strong>Nota:<\/strong> Moderado (5\/8)<\/p>\n<a href=\"https:\/\/becooltravel.com\/pt\/produto\/caminhando-na-rota-vicentina-12301go\/\" class=\"price\">Solicitar Pre\u00e7o<\/a>\n\t\n\n\t\n<\/li>\n\t<li class=\"classic product type-product post-5438 status-publish first instock product_cat-cultural-tours-and-holidays-in-portugal product_cat-guided-group-tours product_cat-portugal-guided-historical-holidays product_cat-guided-sightseeing-holidays-portugal product_cat-guided-walking-holidays-in-portugal product_tag-amazing-walking product_tag-beautiful-landscapes product_tag-boca-da-corrida product_tag-cabo-girao product_tag-encumeada product_tag-fantastic-itinerary-of-walks product_tag-funchal product_tag-great-madeira-walks product_tag-green-landscape product_tag-hidden-landscapes product_tag-levada-do-paul product_tag-levadas-walking product_tag-madeira product_tag-madeira-island product_tag-madeira-walks product_tag-natural-bathing-pools product_tag-natural-reserves product_tag-natural-scenery product_tag-nature-walks product_tag-picturesque-landscapes product_tag-porto-moniz product_tag-porto-mozi product_tag-sea-breezes product_tag-sea-cliffs product_tag-waterfalls has-post-thumbnail virtual sold-individually product-type-booking\" >\n\n\n\t\n\n\t\t\t   <div class=\"product-wrap\">\n\t\t\t<a href=\"https:\/\/becooltravel.com\/pt\/produto\/madeira-the-atlantic-emerald-11900g\/\" aria-label=\"Caminhando na Madeira, The Atlantic Emerald\"><img decoding=\"async\" width=\"300\" height=\"300\" src=\"https:\/\/i0.wp.com\/becooltravel.com\/wp-content\/uploads\/sites\/5\/2020\/07\/walk_levada_madeira-1.jpg?resize=300%2C300&amp;ssl=1\" class=\"attachment-woocommerce_thumbnail size-woocommerce_thumbnail\" alt=\"Madeira, The Atlantic Emerald\" srcset=\"https:\/\/i0.wp.com\/becooltravel.com\/wp-content\/uploads\/sites\/5\/2020\/07\/walk_levada_madeira-1.jpg?resize=150%2C150&amp;ssl=1 150w, https:\/\/i0.wp.com\/becooltravel.com\/wp-content\/uploads\/sites\/5\/2020\/07\/walk_levada_madeira-1.jpg?resize=100%2C100&amp;ssl=1 100w, https:\/\/i0.wp.com\/becooltravel.com\/wp-content\/uploads\/sites\/5\/2020\/07\/walk_levada_madeira-1.jpg?resize=140%2C140&amp;ssl=1 140w, https:\/\/i0.wp.com\/becooltravel.com\/wp-content\/uploads\/sites\/5\/2020\/07\/walk_levada_madeira-1.jpg?resize=500%2C500&amp;ssl=1 500w, https:\/\/i0.wp.com\/becooltravel.com\/wp-content\/uploads\/sites\/5\/2020\/07\/walk_levada_madeira-1.jpg?resize=350%2C350&amp;ssl=1 350w, https:\/\/i0.wp.com\/becooltravel.com\/wp-content\/uploads\/sites\/5\/2020\/07\/walk_levada_madeira-1.jpg?resize=300%2C300&amp;ssl=1 300w, https:\/\/i0.wp.com\/becooltravel.com\/wp-content\/uploads\/sites\/5\/2020\/07\/walk_levada_madeira-1.jpg?zoom=2&amp;resize=300%2C300&amp;ssl=1 600w, https:\/\/i0.wp.com\/becooltravel.com\/wp-content\/uploads\/sites\/5\/2020\/07\/walk_levada_madeira-1.jpg?zoom=3&amp;resize=300%2C300&amp;ssl=1 900w\" sizes=\"(max-width: 300px) 100vw, 300px\" \/><\/a>\n\t\t\t<div class=\"product-add-to-cart\" data-nectar-quickview=\"true\">\t<span id=\"woocommerce_loop_add_to_cart_link_describedby_5438\" class=\"screen-reader-text\">\n\t\t\t<\/span>\n<a class=\"nectar_quick_view no-ajaxy button\" data-product-id=\"5438\"> <i class=\"normal icon-salient-m-eye\"><\/i>\n\t    <span>Olhada r\u00e1pida<\/span><\/a><\/div>\t\t   <\/div>\n\t\t\t\t\n\t  \n\n\t\t<h2 class=\"woocommerce-loop-product__title\">Caminhando na Madeira, The Atlantic Emerald<\/h2><h3>Caminhada em pequenos grupos <\/h3><p class=\"product-duration grade\"><strong>Nota:<\/strong> Dif\u00edcil (6\/8)<\/p>\n<a href=\"https:\/\/becooltravel.com\/pt\/produto\/madeira-the-atlantic-emerald-11900g\/\" class=\"price\">Solicitar Pre\u00e7o<\/a>\t<span class=\"price\"><span class=\"woocommerce-Price-amount amount\"><bdi><span class=\"woocommerce-Price-currencySymbol\">\u20ac<\/span>0.00<\/bdi><\/span><\/span>\n\n\t\n\n\t\n<\/li>\n\t<li class=\"classic product type-product post-5397 status-publish instock product_cat-guided-group-tours product_cat-guided-sightseeing-holidays-portugal product_cat-guided-walking-holidays-in-portugal product_tag-ancient-buildings product_tag-beautiful-landscapes product_tag-cascata-do-arado product_tag-ecological-value product_tag-fauna-and-flora product_tag-green-landscape product_tag-harmony-with-nature product_tag-hidden-valleys product_tag-magnificent-landscape product_tag-natural-park product_tag-natural-reserves product_tag-nature-walks product_tag-north-of-portugal product_tag-peneda product_tag-peneda-geres product_tag-peneda-geres-national-park product_tag-peneda-geres-walking product_tag-picturesque-landscapes product_tag-portugal product_tag-tours-in-portugal product_tag-traditional-villages product_tag-typical-villages product_tag-walking product_tag-walking-holidays product_tag-walking-tours product_tag-waterfalls product_tag-wild-flowers product_tag-wildernesses product_tag-wildlife has-post-thumbnail virtual sold-individually product-type-booking\" >\n\n\n\t\n\n\t\t\t   <div class=\"product-wrap\">\n\t\t\t<a href=\"https:\/\/becooltravel.com\/pt\/produto\/peneda-geres-parque-nacional-1200g\/\" aria-label=\"Passeio no Parque Nacional da Peneda Ger\u00eas\"><img decoding=\"async\" width=\"300\" height=\"300\" src=\"https:\/\/i0.wp.com\/becooltravel.com\/wp-content\/uploads\/sites\/5\/2020\/07\/geres.jpg?resize=300%2C300&amp;ssl=1\" class=\"attachment-woocommerce_thumbnail size-woocommerce_thumbnail\" alt=\"Geres\" srcset=\"https:\/\/i0.wp.com\/becooltravel.com\/wp-content\/uploads\/sites\/5\/2020\/07\/geres.jpg?resize=150%2C150&amp;ssl=1 150w, https:\/\/i0.wp.com\/becooltravel.com\/wp-content\/uploads\/sites\/5\/2020\/07\/geres.jpg?resize=100%2C100&amp;ssl=1 100w, https:\/\/i0.wp.com\/becooltravel.com\/wp-content\/uploads\/sites\/5\/2020\/07\/geres.jpg?resize=140%2C140&amp;ssl=1 140w, https:\/\/i0.wp.com\/becooltravel.com\/wp-content\/uploads\/sites\/5\/2020\/07\/geres.jpg?resize=500%2C500&amp;ssl=1 500w, https:\/\/i0.wp.com\/becooltravel.com\/wp-content\/uploads\/sites\/5\/2020\/07\/geres.jpg?resize=350%2C350&amp;ssl=1 350w, https:\/\/i0.wp.com\/becooltravel.com\/wp-content\/uploads\/sites\/5\/2020\/07\/geres.jpg?resize=300%2C300&amp;ssl=1 300w, https:\/\/i0.wp.com\/becooltravel.com\/wp-content\/uploads\/sites\/5\/2020\/07\/geres.jpg?zoom=2&amp;resize=300%2C300&amp;ssl=1 600w, https:\/\/i0.wp.com\/becooltravel.com\/wp-content\/uploads\/sites\/5\/2020\/07\/geres.jpg?zoom=3&amp;resize=300%2C300&amp;ssl=1 900w\" sizes=\"(max-width: 300px) 100vw, 300px\" \/><\/a>\n\t\t\t<div class=\"product-add-to-cart\" data-nectar-quickview=\"true\">\t<span id=\"woocommerce_loop_add_to_cart_link_describedby_5397\" class=\"screen-reader-text\">\n\t\t\t<\/span>\n<a class=\"nectar_quick_view no-ajaxy button\" data-product-id=\"5397\"> <i class=\"normal icon-salient-m-eye\"><\/i>\n\t    <span>Olhada r\u00e1pida<\/span><\/a><\/div>\t\t   <\/div>\n\t\t\t\t\n\t  \n\n\t\t<h2 class=\"woocommerce-loop-product__title\">Passeio no Parque Nacional da Peneda Ger\u00eas<\/h2><h3>Caminhada em pequenos grupos <\/h3><p class=\"product-duration grade\"><strong>Nota:<\/strong> Dif\u00edcil (6\/8)<\/p>\n<a href=\"https:\/\/becooltravel.com\/pt\/produto\/peneda-geres-parque-nacional-1200g\/\" class=\"price\">Solicitar Pre\u00e7o<\/a>\t<span class=\"price\"><span class=\"woocommerce-Price-amount amount\"><bdi><span class=\"woocommerce-Price-currencySymbol\">\u20ac<\/span>0.00<\/bdi><\/span><\/span>\n\n\t\n\n\t\n<\/li>\n\t<li class=\"classic product type-product post-5432 status-publish instock product_cat-cultural-tours-and-holidays-in-portugal product_cat-guided-group-tours product_cat-portugal-guided-historical-holidays product_cat-guided-sightseeing-holidays-portugal product_cat-guided-walking-holidays-in-portugal product_tag-amazing-walking product_tag-beautiful-landscapes product_tag-best-of-portugal product_tag-castro-laboreiro product_tag-fantastic-itinerary-of-walks product_tag-finest-walking-centres product_tag-green-landscape product_tag-guided-walking-holidays product_tag-hidden-landscapes product_tag-holiday-activities-walking-guides product_tag-holidays-in-portugal product_tag-magnificent-landscape product_tag-natural-park product_tag-natural-reserves product_tag-natural-scenery product_tag-nature-walks product_tag-north-of-portugal product_tag-northern-portugal product_tag-panoramic-views-in-portugal product_tag-peneda product_tag-peneda-geres product_tag-peneda-geres-national-park product_tag-peneda-geres-walking product_tag-perfect-walking-holiday product_tag-portugal-great-food-and-wine product_tag-small-group product_tag-traditional-houses product_tag-traditional-villages product_tag-traditions product_tag-walking-along-quiet-paths product_tag-walking-trails has-post-thumbnail virtual sold-individually product-type-booking\" >\n\n\n\t\n\n\t\t\t   <div class=\"product-wrap\">\n\t\t\t<a href=\"https:\/\/becooltravel.com\/pt\/produto\/peneda-national-park-portugals-hidden-wild-11300g\/\" aria-label=\"Caminhando no Parque Nacional da Peneda: a natureza escondida de Portugal\"><img decoding=\"async\" width=\"300\" height=\"300\" src=\"https:\/\/i0.wp.com\/becooltravel.com\/wp-content\/uploads\/sites\/5\/2020\/07\/geres_moorland.jpg?resize=300%2C300&amp;ssl=1\" class=\"attachment-woocommerce_thumbnail size-woocommerce_thumbnail\" alt=\"Parque Nacional da Peneda\" srcset=\"https:\/\/i0.wp.com\/becooltravel.com\/wp-content\/uploads\/sites\/5\/2020\/07\/geres_moorland.jpg?resize=150%2C150&amp;ssl=1 150w, https:\/\/i0.wp.com\/becooltravel.com\/wp-content\/uploads\/sites\/5\/2020\/07\/geres_moorland.jpg?resize=100%2C100&amp;ssl=1 100w, https:\/\/i0.wp.com\/becooltravel.com\/wp-content\/uploads\/sites\/5\/2020\/07\/geres_moorland.jpg?resize=140%2C140&amp;ssl=1 140w, https:\/\/i0.wp.com\/becooltravel.com\/wp-content\/uploads\/sites\/5\/2020\/07\/geres_moorland.jpg?resize=500%2C500&amp;ssl=1 500w, https:\/\/i0.wp.com\/becooltravel.com\/wp-content\/uploads\/sites\/5\/2020\/07\/geres_moorland.jpg?resize=350%2C350&amp;ssl=1 350w, https:\/\/i0.wp.com\/becooltravel.com\/wp-content\/uploads\/sites\/5\/2020\/07\/geres_moorland.jpg?resize=800%2C800&amp;ssl=1 800w, https:\/\/i0.wp.com\/becooltravel.com\/wp-content\/uploads\/sites\/5\/2020\/07\/geres_moorland.jpg?resize=300%2C300&amp;ssl=1 300w, https:\/\/i0.wp.com\/becooltravel.com\/wp-content\/uploads\/sites\/5\/2020\/07\/geres_moorland.jpg?zoom=2&amp;resize=300%2C300&amp;ssl=1 600w, https:\/\/i0.wp.com\/becooltravel.com\/wp-content\/uploads\/sites\/5\/2020\/07\/geres_moorland.jpg?zoom=3&amp;resize=300%2C300&amp;ssl=1 900w\" sizes=\"(max-width: 300px) 100vw, 300px\" \/><\/a>\n\t\t\t<div class=\"product-add-to-cart\" data-nectar-quickview=\"true\">\t<span id=\"woocommerce_loop_add_to_cart_link_describedby_5432\" class=\"screen-reader-text\">\n\t\t\t<\/span>\n<a class=\"nectar_quick_view no-ajaxy button\" data-product-id=\"5432\"> <i class=\"normal icon-salient-m-eye\"><\/i>\n\t    <span>Olhada r\u00e1pida<\/span><\/a><\/div>\t\t   <\/div>\n\t\t\t\t\n\t  \n\n\t\t<h2 class=\"woocommerce-loop-product__title\">Caminhando no Parque Nacional da Peneda: o deserto oculto de Portugal<\/h2><h3>Caminhada em pequenos grupos <\/h3>\n<a href=\"https:\/\/becooltravel.com\/pt\/produto\/peneda-national-park-portugals-hidden-wild-11300g\/\" class=\"price\">Solicitar Pre\u00e7o<\/a>\t<span class=\"price\"><span class=\"woocommerce-Price-amount amount\"><bdi><span class=\"woocommerce-Price-currencySymbol\">\u20ac<\/span>0.00<\/bdi><\/span><\/span>\n\n\t\n\n\t\n<\/li>\n\t<li class=\"classic product type-product post-5428 status-publish last instock product_cat-cultural-tours-and-holidays-in-portugal product_cat-guided-group-tours product_cat-portugal-guided-historical-holidays product_cat-guided-sightseeing-holidays-portugal product_cat-guided-walking-holidays-in-portugal product_tag-algarve-way product_tag-algarves-west-coast product_tag-alvor product_tag-amazing-walking product_tag-cabo-de-s-vicente product_tag-costa-vicentina product_tag-discover-the-west-algarve product_tag-dramatic-cliffs product_tag-fabulous-walks-along-the-coast product_tag-gastronomy product_tag-guided-walking-holidays product_tag-guided-walking-tours product_tag-impressive-cliffs product_tag-lagos product_tag-monchique product_tag-ocean-trails-in-the-west-algarve product_tag-ponta-da-piedade product_tag-portimao product_tag-portugal product_tag-portugal-perfect-walking-holiday product_tag-praia-da-rocha product_tag-sagres product_tag-seven-hanging-valleys-trail product_tag-silves product_tag-slave-market-lagos product_tag-south-westernmost-point-of-continental-europe product_tag-spectacular-cliffs product_tag-tours-in-portugal product_tag-vicentina-route product_tag-walking product_tag-walking-and-exploring product_tag-walking-holidays product_tag-walking-route product_tag-walking-tours product_tag-west-algarve product_tag-west-algarve-coast product_tag-western-algarve product_tag-wines has-post-thumbnail virtual sold-individually product-type-booking\" >\n\n\n\t\n\n\t\t\t   <div class=\"product-wrap\">\n\t\t\t<a href=\"https:\/\/becooltravel.com\/pt\/produto\/portimao-and-lagos-enchanted-west-algarve-11001g\/\" aria-label=\"Caminhando em Portim\u00e3o e Lagos: Barlavento Encantado Algarvio\"><img decoding=\"async\" width=\"300\" height=\"300\" src=\"https:\/\/i0.wp.com\/becooltravel.com\/wp-content\/uploads\/sites\/5\/2020\/06\/seven_hanging_valleys.jpg?resize=300%2C300&amp;ssl=1\" class=\"attachment-woocommerce_thumbnail size-woocommerce_thumbnail\" alt=\"Caminhada pelos Sete Vales Suspensos, feriados no Algarve\" srcset=\"https:\/\/i0.wp.com\/becooltravel.com\/wp-content\/uploads\/sites\/5\/2020\/06\/seven_hanging_valleys.jpg?resize=150%2C150&amp;ssl=1 150w, https:\/\/i0.wp.com\/becooltravel.com\/wp-content\/uploads\/sites\/5\/2020\/06\/seven_hanging_valleys.jpg?resize=100%2C100&amp;ssl=1 100w, https:\/\/i0.wp.com\/becooltravel.com\/wp-content\/uploads\/sites\/5\/2020\/06\/seven_hanging_valleys.jpg?resize=140%2C140&amp;ssl=1 140w, https:\/\/i0.wp.com\/becooltravel.com\/wp-content\/uploads\/sites\/5\/2020\/06\/seven_hanging_valleys.jpg?resize=500%2C500&amp;ssl=1 500w, https:\/\/i0.wp.com\/becooltravel.com\/wp-content\/uploads\/sites\/5\/2020\/06\/seven_hanging_valleys.jpg?resize=350%2C350&amp;ssl=1 350w, https:\/\/i0.wp.com\/becooltravel.com\/wp-content\/uploads\/sites\/5\/2020\/06\/seven_hanging_valleys.jpg?resize=800%2C800&amp;ssl=1 800w, https:\/\/i0.wp.com\/becooltravel.com\/wp-content\/uploads\/sites\/5\/2020\/06\/seven_hanging_valleys.jpg?resize=300%2C300&amp;ssl=1 300w, https:\/\/i0.wp.com\/becooltravel.com\/wp-content\/uploads\/sites\/5\/2020\/06\/seven_hanging_valleys.jpg?zoom=2&amp;resize=300%2C300&amp;ssl=1 600w, https:\/\/i0.wp.com\/becooltravel.com\/wp-content\/uploads\/sites\/5\/2020\/06\/seven_hanging_valleys.jpg?zoom=3&amp;resize=300%2C300&amp;ssl=1 900w\" sizes=\"(max-width: 300px) 100vw, 300px\" \/><\/a>\n\t\t\t<div class=\"product-add-to-cart\" data-nectar-quickview=\"true\">\t<span id=\"woocommerce_loop_add_to_cart_link_describedby_5428\" class=\"screen-reader-text\">\n\t\t\t<\/span>\n<a class=\"nectar_quick_view no-ajaxy button\" data-product-id=\"5428\"> <i class=\"normal icon-salient-m-eye\"><\/i>\n\t    <span>Olhada r\u00e1pida<\/span><\/a><\/div>\t\t   <\/div>\n\t\t\t\t\n\t  \n\n\t\t<h2 class=\"woocommerce-loop-product__title\">Passeios em Portim\u00e3o e Lagos: Enchanted West Algarve<\/h2><h3>Caminhada em pequenos grupos <\/h3><p class=\"product-duration grade\"><strong>Nota:<\/strong> Moderado (4\/8)<\/p>\n<a href=\"https:\/\/becooltravel.com\/pt\/produto\/portimao-and-lagos-enchanted-west-algarve-11001g\/\" class=\"price\">Solicitar Pre\u00e7o<\/a>\t<span class=\"price\"><span class=\"woocommerce-Price-amount amount\"><bdi><span class=\"woocommerce-Price-currencySymbol\">\u20ac<\/span>0.00<\/bdi><\/span><\/span>\n\n\t\n\n\t\n<\/li>\n\t<li class=\"classic product type-product post-5444 status-publish first instock product_cat-cultural-tours-and-holidays-in-portugal product_cat-guided-group-tours product_cat-portugal-guided-historical-holidays product_cat-guided-sightseeing-holidays-portugal product_cat-guided-walking-holidays-in-portugal product_tag-alcoutim product_tag-alentejo product_tag-alentejo-landscape product_tag-alentejo-walking product_tag-ancient-buildings product_tag-ancient-churches product_tag-architectonic-heritage product_tag-balurcos product_tag-beautiful-landscapes product_tag-blue-dragon-river product_tag-cultural-heritage product_tag-gr15 product_tag-green-landscape product_tag-guadiana product_tag-guadiana-grand-route product_tag-guadiana-river product_tag-guadiana-valley product_tag-heritage product_tag-history-and-heritage product_tag-inland-alentejo product_tag-magnificent-landscape product_tag-mertola product_tag-natural-park product_tag-natural-reserves product_tag-natural-scenery product_tag-odeleite product_tag-olives product_tag-open-air-museum product_tag-picturesque-landscapes product_tag-pomarao product_tag-river-guadiana product_tag-roman-vestiges product_tag-s-domingos-mine product_tag-small-village product_tag-the-delights-of-alcoutim product_tag-traditional-villages product_tag-wild-flowers-alentejo has-post-thumbnail virtual sold-individually product-type-booking\" >\n\n\n\t\n\n\t\t\t   <div class=\"product-wrap\">\n\t\t\t<a href=\"https:\/\/becooltravel.com\/pt\/produto\/the-guadiana-grand-route-gr15-12700g-2\/\" aria-label=\"Percorrer a Grande Rota do Guadiana (GR15)\"><img decoding=\"async\" width=\"300\" height=\"300\" src=\"https:\/\/i0.wp.com\/becooltravel.com\/wp-content\/uploads\/sites\/5\/2020\/07\/guadiana_grand_route.jpg?resize=300%2C300&amp;ssl=1\" class=\"attachment-woocommerce_thumbnail size-woocommerce_thumbnail\" alt=\"A Grande Rota do Guadiana (GR 15) \u00e9 grande em extens\u00e3o e beleza.\" srcset=\"https:\/\/i0.wp.com\/becooltravel.com\/wp-content\/uploads\/sites\/5\/2020\/07\/guadiana_grand_route.jpg?resize=150%2C150&amp;ssl=1 150w, https:\/\/i0.wp.com\/becooltravel.com\/wp-content\/uploads\/sites\/5\/2020\/07\/guadiana_grand_route.jpg?resize=100%2C100&amp;ssl=1 100w, https:\/\/i0.wp.com\/becooltravel.com\/wp-content\/uploads\/sites\/5\/2020\/07\/guadiana_grand_route.jpg?resize=140%2C140&amp;ssl=1 140w, https:\/\/i0.wp.com\/becooltravel.com\/wp-content\/uploads\/sites\/5\/2020\/07\/guadiana_grand_route.jpg?resize=500%2C500&amp;ssl=1 500w, https:\/\/i0.wp.com\/becooltravel.com\/wp-content\/uploads\/sites\/5\/2020\/07\/guadiana_grand_route.jpg?resize=350%2C350&amp;ssl=1 350w, https:\/\/i0.wp.com\/becooltravel.com\/wp-content\/uploads\/sites\/5\/2020\/07\/guadiana_grand_route.jpg?resize=300%2C300&amp;ssl=1 300w, https:\/\/i0.wp.com\/becooltravel.com\/wp-content\/uploads\/sites\/5\/2020\/07\/guadiana_grand_route.jpg?zoom=2&amp;resize=300%2C300&amp;ssl=1 600w, https:\/\/i0.wp.com\/becooltravel.com\/wp-content\/uploads\/sites\/5\/2020\/07\/guadiana_grand_route.jpg?zoom=3&amp;resize=300%2C300&amp;ssl=1 900w\" sizes=\"(max-width: 300px) 100vw, 300px\" \/><\/a>\n\t\t\t<div class=\"product-add-to-cart\" data-nectar-quickview=\"true\">\t<span id=\"woocommerce_loop_add_to_cart_link_describedby_5444\" class=\"screen-reader-text\">\n\t\t\t<\/span>\n<a class=\"nectar_quick_view no-ajaxy button\" data-product-id=\"5444\"> <i class=\"normal icon-salient-m-eye\"><\/i>\n\t    <span>Olhada r\u00e1pida<\/span><\/a><\/div>\t\t   <\/div>\n\t\t\t\t\n\t  \n\n\t\t<h2 class=\"woocommerce-loop-product__title\">Percorrer a Grande Rota do Guadiana (GR15)<\/h2><h3>Caminhada em pequenos grupos <\/h3><p class=\"product-duration grade\"><strong>Nota:<\/strong> Moderado (4\/8)<\/p>\n<a href=\"https:\/\/becooltravel.com\/pt\/produto\/the-guadiana-grand-route-gr15-12700g-2\/\" class=\"price\">Solicitar Pre\u00e7o<\/a>\t<span class=\"price\"><span class=\"woocommerce-Price-amount amount\"><bdi><span class=\"woocommerce-Price-currencySymbol\">\u20ac<\/span>0.00<\/bdi><\/span><\/span>\n\n\t\n\n\t\n<\/li>\n\t<li class=\"classic product type-product post-5420 status-publish instock product_cat-cultural-tours-and-holidays-in-portugal product_cat-guided-group-tours product_cat-portugal-guided-historical-holidays product_cat-guided-sightseeing-holidays-portugal product_cat-guided-walking-holidays-in-portugal product_tag-amarante product_tag-amazing-hikes product_tag-amazing-walking product_tag-aveiro product_tag-cultural-heritage product_tag-fantastic-itinerary-of-walks product_tag-fauna-and-flora product_tag-green-landscape product_tag-hidden-landscapes product_tag-historic-buildings product_tag-historic-town product_tag-local-fauna product_tag-local-gastronomy product_tag-local-wines product_tag-magnificent-landscape product_tag-moliceiros product_tag-nature-walks product_tag-northern-portugal product_tag-paiva product_tag-passadicos-do-paiva product_tag-perfect-walking-holiday product_tag-picturesque-landscapes product_tag-pine-woodlands product_tag-portugal product_tag-private-group product_tag-ria-of-aveiro product_tag-river product_tag-tamega product_tag-tours-in-portugal product_tag-traditional-villages product_tag-traditions product_tag-unesco-world-heritage-site product_tag-vouga product_tag-walking-and-exploring product_tag-walking-holidays product_tag-walking-tours has-post-thumbnail virtual sold-individually product-type-booking\" >\n\n\n\t\n\n\t\t\t   <div class=\"product-wrap\">\n\t\t\t<a href=\"https:\/\/becooltravel.com\/pt\/produto\/os-rios-ocultos-do-norte-portugal-1600g\/\" aria-label=\"Caminhando nos Rios Escondidos do Norte de Portugal\"><img decoding=\"async\" width=\"300\" height=\"300\" src=\"https:\/\/i0.wp.com\/becooltravel.com\/wp-content\/uploads\/sites\/5\/2020\/07\/passadicos_do_paiva.jpg?resize=300%2C300&amp;ssl=1\" class=\"attachment-woocommerce_thumbnail size-woocommerce_thumbnail\" alt=\"Caminhando pelos extraordin\u00e1rios Passadi\u00e7os do Paiva.\" srcset=\"https:\/\/i0.wp.com\/becooltravel.com\/wp-content\/uploads\/sites\/5\/2020\/07\/passadicos_do_paiva.jpg?resize=150%2C150&amp;ssl=1 150w, https:\/\/i0.wp.com\/becooltravel.com\/wp-content\/uploads\/sites\/5\/2020\/07\/passadicos_do_paiva.jpg?resize=100%2C100&amp;ssl=1 100w, https:\/\/i0.wp.com\/becooltravel.com\/wp-content\/uploads\/sites\/5\/2020\/07\/passadicos_do_paiva.jpg?resize=140%2C140&amp;ssl=1 140w, https:\/\/i0.wp.com\/becooltravel.com\/wp-content\/uploads\/sites\/5\/2020\/07\/passadicos_do_paiva.jpg?resize=500%2C500&amp;ssl=1 500w, https:\/\/i0.wp.com\/becooltravel.com\/wp-content\/uploads\/sites\/5\/2020\/07\/passadicos_do_paiva.jpg?resize=350%2C350&amp;ssl=1 350w, https:\/\/i0.wp.com\/becooltravel.com\/wp-content\/uploads\/sites\/5\/2020\/07\/passadicos_do_paiva.jpg?resize=800%2C800&amp;ssl=1 800w, https:\/\/i0.wp.com\/becooltravel.com\/wp-content\/uploads\/sites\/5\/2020\/07\/passadicos_do_paiva.jpg?resize=300%2C300&amp;ssl=1 300w, https:\/\/i0.wp.com\/becooltravel.com\/wp-content\/uploads\/sites\/5\/2020\/07\/passadicos_do_paiva.jpg?zoom=2&amp;resize=300%2C300&amp;ssl=1 600w, https:\/\/i0.wp.com\/becooltravel.com\/wp-content\/uploads\/sites\/5\/2020\/07\/passadicos_do_paiva.jpg?zoom=3&amp;resize=300%2C300&amp;ssl=1 900w\" sizes=\"(max-width: 300px) 100vw, 300px\" \/><\/a>\n\t\t\t<div class=\"product-add-to-cart\" data-nectar-quickview=\"true\">\t<span id=\"woocommerce_loop_add_to_cart_link_describedby_5420\" class=\"screen-reader-text\">\n\t\t\t<\/span>\n<a class=\"nectar_quick_view no-ajaxy button\" data-product-id=\"5420\"> <i class=\"normal icon-salient-m-eye\"><\/i>\n\t    <span>Olhada r\u00e1pida<\/span><\/a><\/div>\t\t   <\/div>\n\t\t\t\t\n\t  \n\n\t\t<h2 class=\"woocommerce-loop-product__title\">Caminhando nos Rios Escondidos do Norte de Portugal<\/h2><h3>Caminhada em pequenos grupos <\/h3>\n<a href=\"https:\/\/becooltravel.com\/pt\/produto\/os-rios-ocultos-do-norte-portugal-1600g\/\" class=\"price\">Solicitar Pre\u00e7o<\/a>\t<span class=\"price\"><span class=\"woocommerce-Price-amount amount\"><bdi><span class=\"woocommerce-Price-currencySymbol\">\u20ac<\/span>0.00<\/bdi><\/span><\/span>\n\n\t\n\n\t\n<\/li>\n\t<li class=\"classic product type-product post-5419 status-publish instock product_cat-cultural-tours-and-holidays-in-portugal product_cat-guided-group-tours product_cat-portugal-guided-historical-holidays product_cat-guided-sightseeing-holidays-portugal product_cat-guided-walking-holidays-in-portugal product_tag-ancient-villages-and-castles product_tag-batalha product_tag-beautiful-walk product_tag-castle product_tag-charming-historical-towns product_tag-cultural-heritage product_tag-guided-tours product_tag-guided-walking-holidays product_tag-guided-walking-tours product_tag-headquarters-of-the-knights-templar product_tag-hiking product_tag-hiking-holidays product_tag-hiking-routes product_tag-hiking-tour product_tag-hiking-trails product_tag-historic product_tag-historic-monuments product_tag-historical-holidays product_tag-historical-templar-locations product_tag-history-and-heritage product_tag-holidays product_tag-inland-walks product_tag-knights-templar product_tag-medieval-castles product_tag-medieval-times product_tag-nature-walks product_tag-order-of-the-knights-templar product_tag-ribatejo product_tag-templar-castle product_tag-templars-knights product_tag-tomar product_tag-tours-in-portugal product_tag-traditional-villages product_tag-traditions product_tag-walking-sightseeing-tour product_tag-walking-experiences product_tag-walking-holidays product_tag-walking-tours has-post-thumbnail virtual sold-individually product-type-booking\" >\n\n\n\t\n\n\t\t\t   <div class=\"product-wrap\">\n\t\t\t<a href=\"https:\/\/becooltravel.com\/pt\/produto\/o-ultimo-rebote-dos-cavaleiros-templar-1400g\/\" aria-label=\"Caminhando na \u00daltima Renascen\u00e7a dos Cavaleiros Templ\u00e1rios\"><img decoding=\"async\" width=\"300\" height=\"300\" src=\"https:\/\/i0.wp.com\/becooltravel.com\/wp-content\/uploads\/sites\/5\/2020\/07\/castle_almourol.jpg?resize=300%2C300&amp;ssl=1\" class=\"attachment-woocommerce_thumbnail size-woocommerce_thumbnail\" alt=\"A \u00faltima recompensa dos cavaleiros templ\u00e1rios\" srcset=\"https:\/\/i0.wp.com\/becooltravel.com\/wp-content\/uploads\/sites\/5\/2020\/07\/castle_almourol.jpg?resize=150%2C150&amp;ssl=1 150w, https:\/\/i0.wp.com\/becooltravel.com\/wp-content\/uploads\/sites\/5\/2020\/07\/castle_almourol.jpg?resize=100%2C100&amp;ssl=1 100w, https:\/\/i0.wp.com\/becooltravel.com\/wp-content\/uploads\/sites\/5\/2020\/07\/castle_almourol.jpg?resize=140%2C140&amp;ssl=1 140w, https:\/\/i0.wp.com\/becooltravel.com\/wp-content\/uploads\/sites\/5\/2020\/07\/castle_almourol.jpg?resize=500%2C500&amp;ssl=1 500w, https:\/\/i0.wp.com\/becooltravel.com\/wp-content\/uploads\/sites\/5\/2020\/07\/castle_almourol.jpg?resize=350%2C350&amp;ssl=1 350w, https:\/\/i0.wp.com\/becooltravel.com\/wp-content\/uploads\/sites\/5\/2020\/07\/castle_almourol.jpg?resize=800%2C800&amp;ssl=1 800w, https:\/\/i0.wp.com\/becooltravel.com\/wp-content\/uploads\/sites\/5\/2020\/07\/castle_almourol.jpg?resize=300%2C300&amp;ssl=1 300w, https:\/\/i0.wp.com\/becooltravel.com\/wp-content\/uploads\/sites\/5\/2020\/07\/castle_almourol.jpg?zoom=2&amp;resize=300%2C300&amp;ssl=1 600w, https:\/\/i0.wp.com\/becooltravel.com\/wp-content\/uploads\/sites\/5\/2020\/07\/castle_almourol.jpg?zoom=3&amp;resize=300%2C300&amp;ssl=1 900w\" sizes=\"(max-width: 300px) 100vw, 300px\" \/><\/a>\n\t\t\t<div class=\"product-add-to-cart\" data-nectar-quickview=\"true\">\t<span id=\"woocommerce_loop_add_to_cart_link_describedby_5419\" class=\"screen-reader-text\">\n\t\t\t<\/span>\n<a class=\"nectar_quick_view no-ajaxy button\" data-product-id=\"5419\"> <i class=\"normal icon-salient-m-eye\"><\/i>\n\t    <span>Olhada r\u00e1pida<\/span><\/a><\/div>\t\t   <\/div>\n\t\t\t\t\n\t  \n\n\t\t<h2 class=\"woocommerce-loop-product__title\">Caminhando na \u00daltima Renascen\u00e7a dos Cavaleiros Templ\u00e1rios<\/h2><h3>Caminhada em pequenos grupos <\/h3><p class=\"product-duration grade\"><strong>Nota:<\/strong> Lazer (2\/8)<\/p>\n<a href=\"https:\/\/becooltravel.com\/pt\/produto\/o-ultimo-rebote-dos-cavaleiros-templar-1400g\/\" class=\"price\">Solicitar Pre\u00e7o<\/a>\t<span class=\"price\"><span class=\"woocommerce-Price-amount amount\"><bdi><span class=\"woocommerce-Price-currencySymbol\">\u20ac<\/span>0.00<\/bdi><\/span><\/span>\n\n\t\n\n\t\n<\/li>\n\t<li class=\"classic product type-product post-5425 status-publish last instock product_cat-cultural-tours-and-holidays-in-portugal product_cat-guided-group-tours product_cat-portugal-guided-historical-holidays product_cat-guided-sightseeing-holidays-portugal product_cat-guided-walking-holidays-in-portugal product_tag-alto-douro-wine-region product_tag-amazing-walking product_tag-architectonic-heritage product_tag-cultural-heritage product_tag-douro product_tag-douro-river product_tag-douro-riverbanks product_tag-douro-valley product_tag-finest-walking-centres product_tag-gastronomy product_tag-gastronomy-and-wines product_tag-guimaraes product_tag-historic-buildings product_tag-historic-town product_tag-history-and-heritage product_tag-holidays product_tag-lamego product_tag-local-gastronomy product_tag-miranda-do-douro product_tag-natural-scenery product_tag-northern-portugal product_tag-oporto product_tag-porto product_tag-porto-world-heritage product_tag-regua product_tag-rio-douro product_tag-river-cruise-douro product_tag-river-douro product_tag-traditional-villages product_tag-train-journey-up-the-douro-valley product_tag-vila-do-conde product_tag-walking-here-fascinating product_tag-walking-holidays product_tag-walking-tours product_tag-walking-trails product_tag-world-heritage has-post-thumbnail virtual sold-individually product-type-booking\" >\n\n\n\t\n\n\t\t\t   <div class=\"product-wrap\">\n\t\t\t<a href=\"https:\/\/becooltravel.com\/pt\/produto\/o-magico-douro-1700g\/\" aria-label=\"Caminhando no Douro M\u00e1gico\"><img decoding=\"async\" width=\"300\" height=\"300\" src=\"https:\/\/i0.wp.com\/becooltravel.com\/wp-content\/uploads\/sites\/5\/2020\/07\/arribas_douro.jpg?resize=300%2C300&amp;ssl=1\" class=\"attachment-woocommerce_thumbnail size-woocommerce_thumbnail\" alt=\"F\u00e9rias pedestres no Vale do Douro\" srcset=\"https:\/\/i0.wp.com\/becooltravel.com\/wp-content\/uploads\/sites\/5\/2020\/07\/arribas_douro.jpg?resize=150%2C150&amp;ssl=1 150w, https:\/\/i0.wp.com\/becooltravel.com\/wp-content\/uploads\/sites\/5\/2020\/07\/arribas_douro.jpg?resize=100%2C100&amp;ssl=1 100w, https:\/\/i0.wp.com\/becooltravel.com\/wp-content\/uploads\/sites\/5\/2020\/07\/arribas_douro.jpg?resize=140%2C140&amp;ssl=1 140w, https:\/\/i0.wp.com\/becooltravel.com\/wp-content\/uploads\/sites\/5\/2020\/07\/arribas_douro.jpg?resize=500%2C500&amp;ssl=1 500w, https:\/\/i0.wp.com\/becooltravel.com\/wp-content\/uploads\/sites\/5\/2020\/07\/arribas_douro.jpg?resize=350%2C350&amp;ssl=1 350w, https:\/\/i0.wp.com\/becooltravel.com\/wp-content\/uploads\/sites\/5\/2020\/07\/arribas_douro.jpg?resize=800%2C800&amp;ssl=1 800w, https:\/\/i0.wp.com\/becooltravel.com\/wp-content\/uploads\/sites\/5\/2020\/07\/arribas_douro.jpg?resize=300%2C300&amp;ssl=1 300w, https:\/\/i0.wp.com\/becooltravel.com\/wp-content\/uploads\/sites\/5\/2020\/07\/arribas_douro.jpg?zoom=2&amp;resize=300%2C300&amp;ssl=1 600w, https:\/\/i0.wp.com\/becooltravel.com\/wp-content\/uploads\/sites\/5\/2020\/07\/arribas_douro.jpg?zoom=3&amp;resize=300%2C300&amp;ssl=1 900w\" sizes=\"(max-width: 300px) 100vw, 300px\" \/><\/a>\n\t\t\t<div class=\"product-add-to-cart\" data-nectar-quickview=\"true\">\t<span id=\"woocommerce_loop_add_to_cart_link_describedby_5425\" class=\"screen-reader-text\">\n\t\t\t<\/span>\n<a class=\"nectar_quick_view no-ajaxy button\" data-product-id=\"5425\"> <i class=\"normal icon-salient-m-eye\"><\/i>\n\t    <span>Olhada r\u00e1pida<\/span><\/a><\/div>\t\t   <\/div>\n\t\t\t\t\n\t  \n\n\t\t<h2 class=\"woocommerce-loop-product__title\">Caminhando no Douro M\u00e1gico<\/h2><h3>Caminhada em pequenos grupos <\/h3><p class=\"product-duration grade\"><strong>Nota:<\/strong> Moderado (4\/8)<\/p>\n<a href=\"https:\/\/becooltravel.com\/pt\/produto\/o-magico-douro-1700g\/\" class=\"price\">Solicitar Pre\u00e7o<\/a>\t<span class=\"price\"><span class=\"woocommerce-Price-amount amount\"><bdi><span class=\"woocommerce-Price-currencySymbol\">\u20ac<\/span>0.00<\/bdi><\/span><\/span>\n\n\t\n\n\t\n<\/li>\n\t<li class=\"classic product type-product post-5431 status-publish first instock product_cat-cultural-tours-and-holidays-in-portugal product_cat-portugal-gastronomy-and-wines-guided-holidays product_cat-guided-group-tours product_cat-portugal-guided-historical-holidays product_cat-guided-sightseeing-holidays-portugal product_cat-guided-walking-holidays-in-portugal product_tag-green-sparkling-wine product_tag-amazing-walking product_tag-beautiful-landscapes product_tag-beautiful-walk product_tag-cultural-heritage product_tag-fantastic-itinerary-of-walks product_tag-food-and-wines-are-tasty product_tag-gastronomy product_tag-gastronomy-and-wines product_tag-gastronomy-holidays product_tag-green-landscape product_tag-guided-walking-holidays product_tag-holidays product_tag-inland-walks product_tag-itinerary-of-walks product_tag-lima-estuary product_tag-local-gastronomy product_tag-local-wines product_tag-magnificent-landscape product_tag-minho-region-portugal product_tag-natural-park product_tag-nature-walks product_tag-offered-flexible-walking product_tag-pinturesque-landscape product_tag-portugal-great-food-and-wine product_tag-rio-lima product_tag-rio-minho product_tag-tours-in-portugal product_tag-traditional-villages product_tag-viana-do-castelo product_tag-vinho-verde product_tag-walking product_tag-walking-and-exploring product_tag-walking-experiences product_tag-walking-holidays product_tag-walking-tours product_tag-wines product_tag-worlds-best-wines has-post-thumbnail virtual sold-individually product-type-booking\" >\n\n\n\t\n\n\t\t\t   <div class=\"product-wrap\">\n\t\t\t<a href=\"https:\/\/becooltravel.com\/pt\/produto\/os-grandes-rios-do-vinho-verde-11100g\/\" aria-label=\"Caminhando pelos Grandes Rios do Vinho Verde em Portugal\"><img decoding=\"async\" width=\"300\" height=\"300\" src=\"https:\/\/i0.wp.com\/becooltravel.com\/wp-content\/uploads\/sites\/5\/2020\/07\/walk_minho.jpg?resize=300%2C300&amp;ssl=1\" class=\"attachment-woocommerce_thumbnail size-woocommerce_thumbnail\" alt=\"Passeio a p\u00e9 do Vinho Verde\" srcset=\"https:\/\/i0.wp.com\/becooltravel.com\/wp-content\/uploads\/sites\/5\/2020\/07\/walk_minho.jpg?resize=150%2C150&amp;ssl=1 150w, https:\/\/i0.wp.com\/becooltravel.com\/wp-content\/uploads\/sites\/5\/2020\/07\/walk_minho.jpg?resize=100%2C100&amp;ssl=1 100w, https:\/\/i0.wp.com\/becooltravel.com\/wp-content\/uploads\/sites\/5\/2020\/07\/walk_minho.jpg?resize=140%2C140&amp;ssl=1 140w, https:\/\/i0.wp.com\/becooltravel.com\/wp-content\/uploads\/sites\/5\/2020\/07\/walk_minho.jpg?resize=500%2C500&amp;ssl=1 500w, https:\/\/i0.wp.com\/becooltravel.com\/wp-content\/uploads\/sites\/5\/2020\/07\/walk_minho.jpg?resize=350%2C350&amp;ssl=1 350w, https:\/\/i0.wp.com\/becooltravel.com\/wp-content\/uploads\/sites\/5\/2020\/07\/walk_minho.jpg?resize=800%2C800&amp;ssl=1 800w, https:\/\/i0.wp.com\/becooltravel.com\/wp-content\/uploads\/sites\/5\/2020\/07\/walk_minho.jpg?resize=300%2C300&amp;ssl=1 300w, https:\/\/i0.wp.com\/becooltravel.com\/wp-content\/uploads\/sites\/5\/2020\/07\/walk_minho.jpg?zoom=2&amp;resize=300%2C300&amp;ssl=1 600w, https:\/\/i0.wp.com\/becooltravel.com\/wp-content\/uploads\/sites\/5\/2020\/07\/walk_minho.jpg?zoom=3&amp;resize=300%2C300&amp;ssl=1 900w\" sizes=\"(max-width: 300px) 100vw, 300px\" \/><\/a>\n\t\t\t<div class=\"product-add-to-cart\" data-nectar-quickview=\"true\">\t<span id=\"woocommerce_loop_add_to_cart_link_describedby_5431\" class=\"screen-reader-text\">\n\t\t\t<\/span>\n<a class=\"nectar_quick_view no-ajaxy button\" data-product-id=\"5431\"> <i class=\"normal icon-salient-m-eye\"><\/i>\n\t    <span>Olhada r\u00e1pida<\/span><\/a><\/div>\t\t   <\/div>\n\t\t\t\t\n\t  \n\n\t\t<h2 class=\"woocommerce-loop-product__title\">Caminhando pelos Grandes Rios do Vinho Verde em Portugal<\/h2><h3>Caminhada em pequenos grupos <\/h3>\n<a href=\"https:\/\/becooltravel.com\/pt\/produto\/os-grandes-rios-do-vinho-verde-11100g\/\" class=\"price\">Solicitar Pre\u00e7o<\/a>\t<span class=\"price\"><span class=\"woocommerce-Price-amount amount\"><bdi><span class=\"woocommerce-Price-currencySymbol\">\u20ac<\/span>0.00<\/bdi><\/span><\/span>\n\n\t\n\n\t\n<\/li>\n\t<li class=\"classic product type-product post-5433 status-publish instock product_cat-cultural-tours-and-holidays-in-portugal product_cat-guided-group-tours product_cat-portugal-guided-historical-holidays product_cat-guided-sightseeing-holidays-portugal product_cat-guided-walking-holidays-in-portugal product_tag-amazing-walking product_tag-ancient-churches product_tag-architectonic-heritage product_tag-beautiful-landscapes product_tag-cultural-heritage product_tag-gastronomy product_tag-gastronomy-and-wines product_tag-greatest-baroque-structures-in-europe product_tag-green-landscape product_tag-guided-walking-holidays product_tag-guided-walking-tours product_tag-heritage product_tag-history-and-heritage product_tag-local-gastronomy product_tag-magnificent-landscape product_tag-medieval-times product_tag-medieval-villages product_tag-minho-region-portugal product_tag-nature-holidays product_tag-nature-tour product_tag-nature-walks product_tag-northern-portugal product_tag-northern-portugal-and-galicia product_tag-oporto product_tag-porto product_tag-porto-bridges product_tag-porto-cathedral product_tag-porto-world-heritage product_tag-portos-old-town product_tag-portugal-perfect-walking-holiday product_tag-santa-tecla product_tag-santiago-compostela-walks product_tag-santiago-de-compostela product_tag-sightseeing-porto product_tag-unesco-world-heritage-site product_tag-walking-experiences product_tag-walks-porto product_tag-world-heritage product_tag-world-heritage-city has-post-thumbnail virtual sold-individually product-type-booking\" >\n\n\n\t\n\n\t\t\t   <div class=\"product-wrap\">\n\t\t\t<a href=\"https:\/\/becooltravel.com\/pt\/produto\/caminho-de-santiago-portugues-11400g\/\" aria-label=\"Caminhando o Caminho Portugu\u00eas para Santiago\"><img decoding=\"async\" width=\"300\" height=\"300\" src=\"https:\/\/i0.wp.com\/becooltravel.com\/wp-content\/uploads\/sites\/5\/2020\/07\/ponte_lima_bridge.jpg?resize=300%2C300&amp;ssl=1\" class=\"attachment-woocommerce_thumbnail size-woocommerce_thumbnail\" alt=\"Ponte de lina a caminho de Santiago\" srcset=\"https:\/\/i0.wp.com\/becooltravel.com\/wp-content\/uploads\/sites\/5\/2020\/07\/ponte_lima_bridge.jpg?resize=150%2C150&amp;ssl=1 150w, https:\/\/i0.wp.com\/becooltravel.com\/wp-content\/uploads\/sites\/5\/2020\/07\/ponte_lima_bridge.jpg?resize=100%2C100&amp;ssl=1 100w, https:\/\/i0.wp.com\/becooltravel.com\/wp-content\/uploads\/sites\/5\/2020\/07\/ponte_lima_bridge.jpg?resize=140%2C140&amp;ssl=1 140w, https:\/\/i0.wp.com\/becooltravel.com\/wp-content\/uploads\/sites\/5\/2020\/07\/ponte_lima_bridge.jpg?resize=500%2C500&amp;ssl=1 500w, https:\/\/i0.wp.com\/becooltravel.com\/wp-content\/uploads\/sites\/5\/2020\/07\/ponte_lima_bridge.jpg?resize=350%2C350&amp;ssl=1 350w, https:\/\/i0.wp.com\/becooltravel.com\/wp-content\/uploads\/sites\/5\/2020\/07\/ponte_lima_bridge.jpg?resize=800%2C800&amp;ssl=1 800w, https:\/\/i0.wp.com\/becooltravel.com\/wp-content\/uploads\/sites\/5\/2020\/07\/ponte_lima_bridge.jpg?resize=300%2C300&amp;ssl=1 300w, https:\/\/i0.wp.com\/becooltravel.com\/wp-content\/uploads\/sites\/5\/2020\/07\/ponte_lima_bridge.jpg?zoom=2&amp;resize=300%2C300&amp;ssl=1 600w, https:\/\/i0.wp.com\/becooltravel.com\/wp-content\/uploads\/sites\/5\/2020\/07\/ponte_lima_bridge.jpg?zoom=3&amp;resize=300%2C300&amp;ssl=1 900w\" sizes=\"(max-width: 300px) 100vw, 300px\" \/><\/a>\n\t\t\t<div class=\"product-add-to-cart\" data-nectar-quickview=\"true\">\t<span id=\"woocommerce_loop_add_to_cart_link_describedby_5433\" class=\"screen-reader-text\">\n\t\t\t<\/span>\n<a class=\"nectar_quick_view no-ajaxy button\" data-product-id=\"5433\"> <i class=\"normal icon-salient-m-eye\"><\/i>\n\t    <span>Olhada r\u00e1pida<\/span><\/a><\/div>\t\t   <\/div>\n\t\t\t\t\n\t  \n\n\t\t<h2 class=\"woocommerce-loop-product__title\">Caminhando o Caminho Portugu\u00eas para Santiago<\/h2><h3>Caminhada em pequenos grupos <\/h3>\n<a href=\"https:\/\/becooltravel.com\/pt\/produto\/caminho-de-santiago-portugues-11400g\/\" class=\"price\">Solicitar Pre\u00e7o<\/a>\t<span class=\"price\"><span class=\"woocommerce-Price-amount amount\"><bdi><span class=\"woocommerce-Price-currencySymbol\">\u20ac<\/span>0.00<\/bdi><\/span><\/span>\n\n\t\n\n\t\n<\/li>\n\t<li class=\"classic product type-product post-5442 status-publish instock product_cat-cultural-tours-and-holidays-in-portugal product_cat-guided-group-tours product_cat-portugal-guided-historical-holidays product_cat-guided-sightseeing-holidays-portugal product_cat-guided-walking-holidays-in-portugal product_tag-alentejo-landscape product_tag-alentejo-walking product_tag-algarve-gr13 product_tag-beautiful-landscapes product_tag-cape-of-st-vincent product_tag-cape-st-vincent product_tag-coastal-scenery product_tag-coastal-walks product_tag-coastal-way product_tag-cork-trees product_tag-cultural-heritage product_tag-dramatic-beauty-of-the-atlantic-coast product_tag-dramatic-cliffs product_tag-green-landscape product_tag-green-valleys product_tag-inland-sceneries product_tag-inland-walks product_tag-landscape product_tag-local-gastronomy product_tag-magnificent-landscape product_tag-natural-park product_tag-natural-reserves product_tag-natural-scenery product_tag-nature-holidays product_tag-nature-tour product_tag-nature-trails product_tag-parque-natural-de-costa-vicentina product_tag-picturesque-landscapes product_tag-portugals-biggest-natural-reserve product_tag-rota-vicentina product_tag-santiago-do-cacem product_tag-vicentina-coast product_tag-vicentina-route product_tag-wild-flowers-alentejo has-post-thumbnail virtual sold-individually product-type-booking\" >\n\n\n\t\n\n\t\t\t   <div class=\"product-wrap\">\n\t\t\t<a href=\"https:\/\/becooltravel.com\/pt\/produto\/the-vicentina-coast-12300g\/\" aria-label=\"Caminhando pela Costa Vicentina\"><img decoding=\"async\" width=\"300\" height=\"300\" src=\"https:\/\/i0.wp.com\/becooltravel.com\/wp-content\/uploads\/sites\/5\/2020\/07\/fisherman_trail_vicentina.jpg?resize=300%2C300&amp;ssl=1\" class=\"attachment-woocommerce_thumbnail size-woocommerce_thumbnail\" alt=\"A Rota Vicentina \u00e9 um caminho de longa dist\u00e2ncia no sudoeste de Portugal\" srcset=\"https:\/\/i0.wp.com\/becooltravel.com\/wp-content\/uploads\/sites\/5\/2020\/07\/fisherman_trail_vicentina.jpg?resize=150%2C150&amp;ssl=1 150w, https:\/\/i0.wp.com\/becooltravel.com\/wp-content\/uploads\/sites\/5\/2020\/07\/fisherman_trail_vicentina.jpg?resize=100%2C100&amp;ssl=1 100w, https:\/\/i0.wp.com\/becooltravel.com\/wp-content\/uploads\/sites\/5\/2020\/07\/fisherman_trail_vicentina.jpg?resize=140%2C140&amp;ssl=1 140w, https:\/\/i0.wp.com\/becooltravel.com\/wp-content\/uploads\/sites\/5\/2020\/07\/fisherman_trail_vicentina.jpg?resize=500%2C500&amp;ssl=1 500w, https:\/\/i0.wp.com\/becooltravel.com\/wp-content\/uploads\/sites\/5\/2020\/07\/fisherman_trail_vicentina.jpg?resize=350%2C350&amp;ssl=1 350w, https:\/\/i0.wp.com\/becooltravel.com\/wp-content\/uploads\/sites\/5\/2020\/07\/fisherman_trail_vicentina.jpg?resize=300%2C300&amp;ssl=1 300w, https:\/\/i0.wp.com\/becooltravel.com\/wp-content\/uploads\/sites\/5\/2020\/07\/fisherman_trail_vicentina.jpg?zoom=2&amp;resize=300%2C300&amp;ssl=1 600w, https:\/\/i0.wp.com\/becooltravel.com\/wp-content\/uploads\/sites\/5\/2020\/07\/fisherman_trail_vicentina.jpg?zoom=3&amp;resize=300%2C300&amp;ssl=1 900w\" sizes=\"(max-width: 300px) 100vw, 300px\" \/><\/a>\n\t\t\t<div class=\"product-add-to-cart\" data-nectar-quickview=\"true\">\t<span id=\"woocommerce_loop_add_to_cart_link_describedby_5442\" class=\"screen-reader-text\">\n\t\t\t<\/span>\n<a class=\"nectar_quick_view no-ajaxy button\" data-product-id=\"5442\"> <i class=\"normal icon-salient-m-eye\"><\/i>\n\t    <span>Olhada r\u00e1pida<\/span><\/a><\/div>\t\t   <\/div>\n\t\t\t\t\n\t  \n\n\t\t<h2 class=\"woocommerce-loop-product__title\">Caminhando pela Costa Vicentina<\/h2><h3>Caminhada em pequenos grupos <\/h3>\n<a href=\"https:\/\/becooltravel.com\/pt\/produto\/the-vicentina-coast-12300g\/\" class=\"price\">Solicitar Pre\u00e7o<\/a>\t<span class=\"price\"><span class=\"woocommerce-Price-amount amount\"><bdi><span class=\"woocommerce-Price-currencySymbol\">\u20ac<\/span>0.00<\/bdi><\/span><\/span>\n\n\t\n\n\t\n<\/li><\/ul>\n<\/div>\n\t\t\t<\/div> \n\t\t<\/div>\n\t<\/div> \n<\/div><\/div>","protected":false},"excerpt":{"rendered":"Categories SELF-GUIDED TOURS Self-Guided Walking Self-Guided Cycling Self-Guided Birdwatching Self-Drive Self-Guided Train Tours Self-Guided Sun &#038; Beach Self-Guided Sightseeing HOLIDAY PACKS Escape\u2026 (4 days pack)...","protected":false},"author":198,"featured_media":5594,"parent":7384,"menu_order":0,"comment_status":"closed","ping_status":"closed","template":"","meta":{"_acf_changed":false,"inline_featured_image":false,"footnotes":""},"class_list":["post-7347","page","type-page","status-publish","has-post-thumbnail"],"acf":[],"yoast_head":"<!-- This site is optimized with the Yoast SEO Premium plugin v26.8 (Yoast SEO v27.5) - https:\/\/yoast.com\/product\/yoast-seo-premium-wordpress\/ -->\n<title>Guided Walking - BeCool Travel<\/title>\n<meta name=\"description\" content=\"Take a guided walking trip! We round up some of the best outdoor experiences to explore amazing landscapes and culture. Get ready to explore the world on foot\" \/>\n<meta name=\"robots\" content=\"index, follow, max-snippet:-1, max-image-preview:large, max-video-preview:-1\" \/>\n<link rel=\"canonical\" href=\"https:\/\/becooltravel.com\/pt\/visitas-guiadas-em-grupo-2\/caminhada-guiada\/\" \/>\n<meta property=\"og:locale\" content=\"pt_PT\" \/>\n<meta property=\"og:type\" content=\"article\" \/>\n<meta property=\"og:title\" content=\"Guided Walking\" \/>\n<meta property=\"og:description\" content=\"Take a guided walking trip! We round up some of the best outdoor experiences to explore amazing landscapes and culture. Get ready to explore the world on foot\" \/>\n<meta property=\"og:url\" content=\"https:\/\/becooltravel.com\/pt\/visitas-guiadas-em-grupo-2\/caminhada-guiada\/\" \/>\n<meta property=\"og:site_name\" content=\"BeCool Travel\" \/>\n<meta property=\"article:publisher\" content=\"https:\/\/www.facebook.com\/becooltravelagency\/\" \/>\n<meta property=\"article:modified_time\" content=\"2024-12-14T23:44:00+00:00\" \/>\n<meta property=\"og:image\" content=\"https:\/\/becooltravel.com\/wp-content\/uploads\/sites\/5\/2020\/07\/Group-walking-holidays-Portugal.jpg\" \/>\n\t<meta property=\"og:image:width\" content=\"2200\" \/>\n\t<meta property=\"og:image:height\" content=\"1080\" \/>\n\t<meta property=\"og:image:type\" content=\"image\/jpeg\" \/>\n<meta name=\"twitter:card\" content=\"summary_large_image\" \/>\n<meta name=\"twitter:site\" content=\"@becool_travel\" \/>\n<meta name=\"twitter:label1\" content=\"Tempo estimado de leitura\" \/>\n\t<meta name=\"twitter:data1\" content=\"2 minutos\" \/>\n<script type=\"application\/ld+json\" class=\"yoast-schema-graph\">{\"@context\":\"https:\\\/\\\/schema.org\",\"@graph\":[{\"@type\":\"WebPage\",\"@id\":\"https:\\\/\\\/becooltravel.com\\\/guided-group-tours-2\\\/guided-walking\\\/\",\"url\":\"https:\\\/\\\/becooltravel.com\\\/guided-group-tours-2\\\/guided-walking\\\/\",\"name\":\"Guided Walking - BeCool Travel\",\"isPartOf\":{\"@id\":\"https:\\\/\\\/becooltravel.com\\\/#website\"},\"primaryImageOfPage\":{\"@id\":\"https:\\\/\\\/becooltravel.com\\\/guided-group-tours-2\\\/guided-walking\\\/#primaryimage\"},\"image\":{\"@id\":\"https:\\\/\\\/becooltravel.com\\\/guided-group-tours-2\\\/guided-walking\\\/#primaryimage\"},\"thumbnailUrl\":\"https:\\\/\\\/i0.wp.com\\\/becooltravel.com\\\/wp-content\\\/uploads\\\/sites\\\/5\\\/2020\\\/07\\\/Group-walking-holidays-Portugal.jpg?fit=2200%2C1080&ssl=1\",\"datePublished\":\"2024-11-04T20:28:15+00:00\",\"dateModified\":\"2024-12-14T23:44:00+00:00\",\"description\":\"Take a guided walking trip! We round up some of the best outdoor experiences to explore amazing landscapes and culture. Get ready to explore the world on foot\",\"breadcrumb\":{\"@id\":\"https:\\\/\\\/becooltravel.com\\\/guided-group-tours-2\\\/guided-walking\\\/#breadcrumb\"},\"inLanguage\":\"pt-PT\",\"potentialAction\":[{\"@type\":\"ReadAction\",\"target\":[\"https:\\\/\\\/becooltravel.com\\\/guided-group-tours-2\\\/guided-walking\\\/\"]}]},{\"@type\":\"ImageObject\",\"inLanguage\":\"pt-PT\",\"@id\":\"https:\\\/\\\/becooltravel.com\\\/guided-group-tours-2\\\/guided-walking\\\/#primaryimage\",\"url\":\"https:\\\/\\\/i0.wp.com\\\/becooltravel.com\\\/wp-content\\\/uploads\\\/sites\\\/5\\\/2020\\\/07\\\/Group-walking-holidays-Portugal.jpg?fit=2200%2C1080&ssl=1\",\"contentUrl\":\"https:\\\/\\\/i0.wp.com\\\/becooltravel.com\\\/wp-content\\\/uploads\\\/sites\\\/5\\\/2020\\\/07\\\/Group-walking-holidays-Portugal.jpg?fit=2200%2C1080&ssl=1\",\"width\":2200,\"height\":1080,\"caption\":\"Group Walking through the beautiful wilderness ofPortugal\"},{\"@type\":\"BreadcrumbList\",\"@id\":\"https:\\\/\\\/becooltravel.com\\\/guided-group-tours-2\\\/guided-walking\\\/#breadcrumb\",\"itemListElement\":[{\"@type\":\"ListItem\",\"position\":1,\"name\":\"Home\",\"item\":\"https:\\\/\\\/becooltravel.com\\\/\"},{\"@type\":\"ListItem\",\"position\":2,\"name\":\"Guided Group Holidays escorted by expert and passionate tour leaders\",\"item\":\"https:\\\/\\\/becooltravel.com\\\/?page_id=7384\"},{\"@type\":\"ListItem\",\"position\":3,\"name\":\"Best outdoor experiences to explore amazing landscapes and culture\"}]},{\"@type\":\"WebSite\",\"@id\":\"https:\\\/\\\/becooltravel.com\\\/#website\",\"url\":\"https:\\\/\\\/becooltravel.com\\\/\",\"name\":\"BeCool Travel\",\"description\":\"Sustainable holidays in Portugal for independent travelers\",\"publisher\":{\"@id\":\"https:\\\/\\\/becooltravel.com\\\/#organization\"},\"potentialAction\":[{\"@type\":\"SearchAction\",\"target\":{\"@type\":\"EntryPoint\",\"urlTemplate\":\"https:\\\/\\\/becooltravel.com\\\/?s={search_term_string}\"},\"query-input\":{\"@type\":\"PropertyValueSpecification\",\"valueRequired\":true,\"valueName\":\"search_term_string\"}}],\"inLanguage\":\"pt-PT\"},{\"@type\":\"Organization\",\"@id\":\"https:\\\/\\\/becooltravel.com\\\/#organization\",\"name\":\"BecoolTravel. com- Portugal\",\"url\":\"https:\\\/\\\/becooltravel.com\\\/\",\"logo\":{\"@type\":\"ImageObject\",\"inLanguage\":\"pt-PT\",\"@id\":\"https:\\\/\\\/becooltravel.com\\\/#\\\/schema\\\/logo\\\/image\\\/\",\"url\":\"https:\\\/\\\/becooltravel.com\\\/wp-content\\\/uploads\\\/sites\\\/5\\\/2020\\\/03\\\/Logo_BeCool.jpg\",\"contentUrl\":\"https:\\\/\\\/becooltravel.com\\\/wp-content\\\/uploads\\\/sites\\\/5\\\/2020\\\/03\\\/Logo_BeCool.jpg\",\"width\":534,\"height\":534,\"caption\":\"BecoolTravel. com- Portugal\"},\"image\":{\"@id\":\"https:\\\/\\\/becooltravel.com\\\/#\\\/schema\\\/logo\\\/image\\\/\"},\"sameAs\":[\"https:\\\/\\\/www.facebook.com\\\/becooltravelagency\\\/\",\"https:\\\/\\\/x.com\\\/becool_travel\",\"https:\\\/\\\/www.instagram.com\\\/becooltravel_com\\\/\",\"https:\\\/\\\/www.linkedin.com\\\/company\\\/becool-travel\\\/\",\"https:\\\/\\\/www.youtube.com\\\/channel\\\/UCE7zRU3EVG1PgfXwQo-5uJw\"]}]}<\/script>\n<!-- \/ Yoast SEO Premium plugin. -->","yoast_head_json":{"title":"Caminhada Guiada - BeCool Travel","description":"Fa\u00e7a uma viagem guiada a p\u00e9! Reunimos algumas das melhores experi\u00eancias ao ar livre para explorar paisagens e cultura incr\u00edveis. Prepare-se para explorar o mundo a p\u00e9","robots":{"index":"index","follow":"follow","max-snippet":"max-snippet:-1","max-image-preview":"max-image-preview:large","max-video-preview":"max-video-preview:-1"},"canonical":"https:\/\/becooltravel.com\/pt\/visitas-guiadas-em-grupo-2\/caminhada-guiada\/","og_locale":"pt_PT","og_type":"article","og_title":"Guided Walking","og_description":"Take a guided walking trip! We round up some of the best outdoor experiences to explore amazing landscapes and culture. Get ready to explore the world on foot","og_url":"https:\/\/becooltravel.com\/pt\/visitas-guiadas-em-grupo-2\/caminhada-guiada\/","og_site_name":"BeCool Travel","article_publisher":"https:\/\/www.facebook.com\/becooltravelagency\/","article_modified_time":"2024-12-14T23:44:00+00:00","og_image":[{"width":2200,"height":1080,"url":"https:\/\/becooltravel.com\/wp-content\/uploads\/sites\/5\/2020\/07\/Group-walking-holidays-Portugal.jpg","type":"image\/jpeg"}],"twitter_card":"summary_large_image","twitter_site":"@becool_travel","twitter_misc":{"Tempo estimado de leitura":"2 minutos"},"schema":{"@context":"https:\/\/schema.org","@graph":[{"@type":"WebPage","@id":"https:\/\/becooltravel.com\/guided-group-tours-2\/guided-walking\/","url":"https:\/\/becooltravel.com\/guided-group-tours-2\/guided-walking\/","name":"Caminhada Guiada - BeCool Travel","isPartOf":{"@id":"https:\/\/becooltravel.com\/#website"},"primaryImageOfPage":{"@id":"https:\/\/becooltravel.com\/guided-group-tours-2\/guided-walking\/#primaryimage"},"image":{"@id":"https:\/\/becooltravel.com\/guided-group-tours-2\/guided-walking\/#primaryimage"},"thumbnailUrl":"https:\/\/i0.wp.com\/becooltravel.com\/wp-content\/uploads\/sites\/5\/2020\/07\/Group-walking-holidays-Portugal.jpg?fit=2200%2C1080&ssl=1","datePublished":"2024-11-04T20:28:15+00:00","dateModified":"2024-12-14T23:44:00+00:00","description":"Fa\u00e7a uma viagem guiada a p\u00e9! Reunimos algumas das melhores experi\u00eancias ao ar livre para explorar paisagens e cultura incr\u00edveis. Prepare-se para explorar o mundo a p\u00e9","breadcrumb":{"@id":"https:\/\/becooltravel.com\/guided-group-tours-2\/guided-walking\/#breadcrumb"},"inLanguage":"pt-PT","potentialAction":[{"@type":"ReadAction","target":["https:\/\/becooltravel.com\/guided-group-tours-2\/guided-walking\/"]}]},{"@type":"ImageObject","inLanguage":"pt-PT","@id":"https:\/\/becooltravel.com\/guided-group-tours-2\/guided-walking\/#primaryimage","url":"https:\/\/i0.wp.com\/becooltravel.com\/wp-content\/uploads\/sites\/5\/2020\/07\/Group-walking-holidays-Portugal.jpg?fit=2200%2C1080&ssl=1","contentUrl":"https:\/\/i0.wp.com\/becooltravel.com\/wp-content\/uploads\/sites\/5\/2020\/07\/Group-walking-holidays-Portugal.jpg?fit=2200%2C1080&ssl=1","width":2200,"height":1080,"caption":"Group Walking through the beautiful wilderness ofPortugal"},{"@type":"BreadcrumbList","@id":"https:\/\/becooltravel.com\/guided-group-tours-2\/guided-walking\/#breadcrumb","itemListElement":[{"@type":"ListItem","position":1,"name":"Home","item":"https:\/\/becooltravel.com\/"},{"@type":"ListItem","position":2,"name":"Guided Group Holidays escorted by expert and passionate tour leaders","item":"https:\/\/becooltravel.com\/?page_id=7384"},{"@type":"ListItem","position":3,"name":"Best outdoor experiences to explore amazing landscapes and culture"}]},{"@type":"WebSite","@id":"https:\/\/becooltravel.com\/#website","url":"https:\/\/becooltravel.com\/","name":"BeCool Travel","description":"F\u00e9rias sustent\u00e1veis em Portugal para viajantes independentes","publisher":{"@id":"https:\/\/becooltravel.com\/#organization"},"potentialAction":[{"@type":"SearchAction","target":{"@type":"EntryPoint","urlTemplate":"https:\/\/becooltravel.com\/?s={search_term_string}"},"query-input":{"@type":"PropertyValueSpecification","valueRequired":true,"valueName":"search_term_string"}}],"inLanguage":"pt-PT"},{"@type":"Organization","@id":"https:\/\/becooltravel.com\/#organization","name":"BecoolTravel. com Portugal","url":"https:\/\/becooltravel.com\/","logo":{"@type":"ImageObject","inLanguage":"pt-PT","@id":"https:\/\/becooltravel.com\/#\/schema\/logo\/image\/","url":"https:\/\/becooltravel.com\/wp-content\/uploads\/sites\/5\/2020\/03\/Logo_BeCool.jpg","contentUrl":"https:\/\/becooltravel.com\/wp-content\/uploads\/sites\/5\/2020\/03\/Logo_BeCool.jpg","width":534,"height":534,"caption":"BecoolTravel. com- Portugal"},"image":{"@id":"https:\/\/becooltravel.com\/#\/schema\/logo\/image\/"},"sameAs":["https:\/\/www.facebook.com\/becooltravelagency\/","https:\/\/x.com\/becool_travel","https:\/\/www.instagram.com\/becooltravel_com\/","https:\/\/www.linkedin.com\/company\/becool-travel\/","https:\/\/www.youtube.com\/channel\/UCE7zRU3EVG1PgfXwQo-5uJw"]}]}},"jetpack_sharing_enabled":true,"_links":{"self":[{"href":"https:\/\/becooltravel.com\/pt\/wp-json\/wp\/v2\/pages\/7347","targetHints":{"allow":["GET"]}}],"collection":[{"href":"https:\/\/becooltravel.com\/pt\/wp-json\/wp\/v2\/pages"}],"about":[{"href":"https:\/\/becooltravel.com\/pt\/wp-json\/wp\/v2\/types\/page"}],"author":[{"embeddable":true,"href":"https:\/\/becooltravel.com\/pt\/wp-json\/wp\/v2\/users\/198"}],"replies":[{"embeddable":true,"href":"https:\/\/becooltravel.com\/pt\/wp-json\/wp\/v2\/comments?post=7347"}],"version-history":[{"count":17,"href":"https:\/\/becooltravel.com\/pt\/wp-json\/wp\/v2\/pages\/7347\/revisions"}],"predecessor-version":[{"id":7677,"href":"https:\/\/becooltravel.com\/pt\/wp-json\/wp\/v2\/pages\/7347\/revisions\/7677"}],"up":[{"embeddable":true,"href":"https:\/\/becooltravel.com\/pt\/wp-json\/wp\/v2\/pages\/7384"}],"wp:featuredmedia":[{"embeddable":true,"href":"https:\/\/becooltravel.com\/pt\/wp-json\/wp\/v2\/media\/5594"}],"wp:attachment":[{"href":"https:\/\/becooltravel.com\/pt\/wp-json\/wp\/v2\/media?parent=7347"}],"curies":[{"name":"wp","href":"https:\/\/api.w.org\/{rel}","templated":true}]}}