{"id":7400,"date":"2024-11-04T22:54:31","date_gmt":"2024-11-04T22:54:31","guid":{"rendered":"https:\/\/becooltravel.com\/?page_id=7400"},"modified":"2026-03-18T15:09:54","modified_gmt":"2026-03-18T15:09:54","slug":"self-guided-tours-2","status":"publish","type":"page","link":"https:\/\/becooltravel.com\/pt\/passeios-autoguiados-2\/","title":{"rendered":"Passeios autoguiados"},"content":{"rendered":"<div id=\"fws_69f2b10387181\"  data-column-margin=\"default\" data-midnight=\"dark\"  class=\"wpb_row vc_row-fluid vc_row\"  style=\"padding-top: 0px; padding-bottom: 0px; \"><div class=\"row-bg-wrap\" data-bg-animation=\"none\" data-bg-animation-delay=\"\" data-bg-overlay=\"false\"><div class=\"inner-wrap row-bg-layer\" ><div class=\"row-bg viewport-desktop\"  style=\"\"><\/div><\/div><\/div><div class=\"row_col_wrap_12 col span_12 dark left\">\n\t<div  class=\"vc_col-sm-3 wpb_column column_container vc_column_container col no-extra-padding inherit_tablet inherit_phone flex_gap_desktop_10px\"  data-padding-pos=\"all\" data-has-bg-color=\"false\" data-bg-color=\"\" data-bg-opacity=\"1\" data-animation=\"\" data-delay=\"0\" >\n\t\t<div class=\"vc_column-inner\" >\n\t\t\t<div class=\"wpb_wrapper\">\n\t\t\t\t<div class=\"wpb_wmca_accordion_wrapper wpb_wmca_accordion_wrapper_7658 wpb_wmca_accordion_wrapper_theme_minimal wpb_wmca_accordion_indicator_position_right wpb_wmca_depth_spacing_yes wpb_wmca_keyboard_accessibility_no wpb_wmca_control_max_height_no\" ><h4>Categorias<\/h4>\n<div class=\"wpb_wmca_accordion_inner\"><div class=\"wpb_wmca_accordion_shortcode_7658 wpb_wmca_fire_accordion wpb_the_menu_accordion wpb_wmca_menu_1308 wpb_category_n_menu_accordion wpb_wmca_theme_minimal wpb_wcma_manu_parent_open_off wpb_wcma_all_level_manu_open_off wpb_wmca_current_menu_open_off wpb_wmca_jc_submenu_no\" data-accordion=\"true\" data-save=\"true\" data-duration=\"400\" data-trigger=\"click\" data-indicator_icon=\"fas fa-plus\">\n\t<ul id=\"menu-becool-menu-lateral-tours\" class=\"wpb_category_n_menu_accordion_list\"><li id='menu-item-7402'  class=\"menu-item menu-item-type-post_type menu-item-object-page wpb-wmca-menu-item-has-children\"><a  href=\"https:\/\/becooltravel.com\/pt\/passeios-autoguiados-2\/\">VISITAS AUTOGUIADAS<\/a> \n<ul class=\"sub-menu\">\n<li id='menu-item-7405'  class=\"menu-item menu-item-type-post_type menu-item-object-page\"><a  href=\"https:\/\/becooltravel.com\/pt\/passeios-autoguiados-2\/caminhada-autoguiada\/\">Caminhada autoguiada<\/a> <\/li>\n<li id='menu-item-7408'  class=\"menu-item menu-item-type-post_type menu-item-object-page\"><a  href=\"https:\/\/becooltravel.com\/pt\/passeios-autoguiados-2\/ciclismo-autoguiado\/\">Ciclismo Autoguiado<\/a> <\/li>\n<li id='menu-item-7411'  class=\"menu-item menu-item-type-post_type menu-item-object-page\"><a  href=\"https:\/\/becooltravel.com\/pt\/passeios-autoguiados-2\/observacao-de-passaros-autoguiada\/\">Observa\u00e7\u00e3o autoguiada de p\u00e1ssaros<\/a> <\/li>\n<li id='menu-item-7414'  class=\"menu-item menu-item-type-post_type menu-item-object-page\"><a  href=\"https:\/\/becooltravel.com\/pt\/passeios-autoguiados-2\/dirigir-sozinho\/\">Self-Drive<\/a> <\/li>\n<li id='menu-item-7417'  class=\"menu-item menu-item-type-post_type menu-item-object-page\"><a  href=\"https:\/\/becooltravel.com\/pt\/passeios-autoguiados-2\/passeios-de-trem-autoguiados\/\">Passeios de trem autoguiados<\/a> <\/li>\n<li id='menu-item-7420'  class=\"menu-item menu-item-type-post_type menu-item-object-page\"><a  href=\"https:\/\/becooltravel.com\/pt\/passeios-autoguiados-2\/praia-sol-autoguiada\/\">Sol e praia autoguiados<\/a> <\/li>\n<li id='menu-item-7423'  class=\"menu-item menu-item-type-post_type menu-item-object-page\"><a  href=\"https:\/\/becooltravel.com\/pt\/passeios-autoguiados-2\/passeios-turisticos-autoguiados\/\">Turismo autoguiado<\/a> <\/li>\n<\/ul>\n<\/li>\n<li id='menu-item-7426'  class=\"menu-item menu-item-type-post_type menu-item-object-page wpb-wmca-menu-item-has-children\"><a  href=\"https:\/\/becooltravel.com\/pt\/pacotes-de-ferias-2\/\">PACOTES DE F\u00c9RIAS<\/a> \n<ul class=\"sub-menu\">\n<li id='menu-item-7431'  class=\"menu-item menu-item-type-post_type menu-item-object-page\"><a  href=\"https:\/\/becooltravel.com\/pt\/pacotes-de-ferias-2\/escape-4-dias-pacote\/\">Escape\u2026 (pacote de 4 dias)<\/a> <\/li>\n<li id='menu-item-7434'  class=\"menu-item menu-item-type-post_type menu-item-object-page\"><a  href=\"https:\/\/becooltravel.com\/pt\/pacotes-de-ferias-2\/aproveite-pacote-de-6-dias\/\">Aproveite\u2026 (pacote de 6 dias)<\/a> <\/li>\n<li id='menu-item-7437'  class=\"menu-item menu-item-type-post_type menu-item-object-page\"><a  href=\"https:\/\/becooltravel.com\/pt\/pacotes-de-ferias-2\/relax-pacote-de-8-dias\/\">Relaxe\u2026 (pacote de 8 dias)<\/a> <\/li>\n<li id='menu-item-7441'  class=\"menu-item menu-item-type-post_type menu-item-object-page\"><a  href=\"https:\/\/becooltravel.com\/pt\/pacotes-de-ferias-2\/explore-pacote-de-11-dias\/\">Explore\u2026 (pacote de 11 dias)<\/a> <\/li>\n<li id='menu-item-7444'  class=\"menu-item menu-item-type-post_type menu-item-object-page\"><a  href=\"https:\/\/becooltravel.com\/pt\/pacotes-de-ferias-2\/estadias-longas\/\">Estadias longas<\/a> <\/li>\n<\/ul>\n<\/li>\n<\/ul><\/div>\n<\/div><\/div>\n\t\t\t<\/div> \n\t\t<\/div>\n\t<\/div> \n\n\t<div  class=\"vc_col-sm-9 wpb_column column_container vc_column_container col no-extra-padding inherit_tablet inherit_phone flex_gap_desktop_10px\"  data-padding-pos=\"all\" data-has-bg-color=\"false\" data-bg-color=\"\" data-bg-opacity=\"1\" data-animation=\"\" data-delay=\"0\" >\n\t\t<div class=\"vc_column-inner\" >\n\t\t\t<div class=\"wpb_wrapper\">\n\t\t\t\t\n<div class=\"wpb_text_column wpb_content_element\" >\n\t<p>Em nossas f\u00e9rias e passeios autoguiados, voc\u00ea pode viajar de forma independente, sem press\u00e3o ou estresse, e ter a liberdade de decidir seus objetivos, ritmo e pausas.<\/p>\n<p>Tudo est\u00e1 perfeitamente pensado e organizado ao pormenor. Voc\u00ea ter\u00e1 um conjunto de mapas e notas de rota, elaborados por l\u00edderes locais profissionais, acesso a uma linha direta 24 horas, acomoda\u00e7\u00e3o, transporte para o aeroporto, transporte para locais de caminhada \/ atividades e transporte de bagagem quando aplic\u00e1vel.<\/p>\n<p>Somos uma esp\u00e9cie de companheiro de viagem invis\u00edvel, garantindo que tudo em sua aventura individual corra bem. As datas de reserva s\u00e3o flex\u00edveis e dispon\u00edveis na maior parte do ano.<\/p>\n<\/div>\n\n\n\n<div class=\"woocommerce columns-4\">\n  <ul class=\"products columns-4\" data-n-lazy=\"1\" data-rm-m-hover=\"off\" data-n-desktop-columns=\"4\" data-n-desktop-small-columns=\"4\" data-n-tablet-columns=\"2\" data-n-phone-columns=\"1\" data-product-style=\"classic\">\n\n\n\n\t<li class=\"classic product type-product post-5651 status-publish first instock product_cat-self-drive-holidays-portugal product_cat-self-guided-golf product_cat-self-guided-tours-portugal product_tag-18-holes product_tag-alamo-golf-course product_tag-algarve product_tag-algarve-coastline product_tag-alleine-reisen product_tag-beautiful-beache product_tag-buggy product_tag-driving-range-golf product_tag-golf product_tag-golf-couses product_tag-morgado-golf-course product_tag-natural-reserves product_tag-nature product_tag-playing-golf product_tag-resort product_tag-salgados-golf-course product_tag-self-guided product_tag-self-guided-golf product_tag-sports has-post-thumbnail virtual product-type-simple\" >\n\n\n\t\n\n\t\t\t   <div class=\"product-wrap\">\n\t\t\t<a href=\"https:\/\/becooltravel.com\/pt\/produto\/ferias-golfe-em-uma-reserva-natural-w-rent-car-4100g\/\" aria-label=\"F\u00e9rias de Golfe no Algarve em Reserva Natural C \/ Rent Car\"><img decoding=\"async\" width=\"300\" height=\"300\" src=\"https:\/\/i0.wp.com\/becooltravel.com\/wp-content\/uploads\/sites\/5\/2020\/05\/golf.jpg?resize=300%2C300&amp;ssl=1\" class=\"attachment-woocommerce_thumbnail size-woocommerce_thumbnail\" alt=\"F\u00e9rias de golfe guiadas\" srcset=\"https:\/\/i0.wp.com\/becooltravel.com\/wp-content\/uploads\/sites\/5\/2020\/05\/golf.jpg?resize=150%2C150&amp;ssl=1 150w, https:\/\/i0.wp.com\/becooltravel.com\/wp-content\/uploads\/sites\/5\/2020\/05\/golf.jpg?resize=100%2C100&amp;ssl=1 100w, https:\/\/i0.wp.com\/becooltravel.com\/wp-content\/uploads\/sites\/5\/2020\/05\/golf.jpg?resize=140%2C140&amp;ssl=1 140w, https:\/\/i0.wp.com\/becooltravel.com\/wp-content\/uploads\/sites\/5\/2020\/05\/golf.jpg?resize=500%2C500&amp;ssl=1 500w, https:\/\/i0.wp.com\/becooltravel.com\/wp-content\/uploads\/sites\/5\/2020\/05\/golf.jpg?resize=350%2C350&amp;ssl=1 350w, https:\/\/i0.wp.com\/becooltravel.com\/wp-content\/uploads\/sites\/5\/2020\/05\/golf.jpg?resize=300%2C300&amp;ssl=1 300w, https:\/\/i0.wp.com\/becooltravel.com\/wp-content\/uploads\/sites\/5\/2020\/05\/golf.jpg?zoom=2&amp;resize=300%2C300&amp;ssl=1 600w, https:\/\/i0.wp.com\/becooltravel.com\/wp-content\/uploads\/sites\/5\/2020\/05\/golf.jpg?zoom=3&amp;resize=300%2C300&amp;ssl=1 900w\" sizes=\"(max-width: 300px) 100vw, 300px\" \/><\/a>\n\t\t\t<div class=\"product-add-to-cart\" data-nectar-quickview=\"true\"><a href=\"https:\/\/becooltravel.com\/contact\/\" target=\"_blank\" class=\"button add_to_cart_button\">Consulte-nos<\/a>\t<span id=\"woocommerce_loop_add_to_cart_link_describedby_5651\" class=\"screen-reader-text\">\n\t\t\t<\/span>\n<a class=\"nectar_quick_view no-ajaxy button\" data-product-id=\"5651\"> <i class=\"normal icon-salient-m-eye\"><\/i>\n\t    <span>Olhada r\u00e1pida<\/span><\/a><\/div>\t\t   <\/div>\n\t\t\t\t\n\t  \n\n\t\t<h2 class=\"woocommerce-loop-product__title\">F\u00e9rias de Golfe no Algarve em Reserva Natural C \/ Rent Car<\/h2><h3>Golfe Autoguiado<\/h3><p class=\"product-duration\"><strong>Dura\u00e7\u00e3o:<\/strong> 15 dias \/ 14 noites<\/p><p class=\"product-duration availability\"><strong>Disponibilidade:<\/strong> Janeiro - dezembro<\/p>\n<a href=\"https:\/\/becooltravel.com\/pt\/produto\/ferias-golfe-em-uma-reserva-natural-w-rent-car-4100g\/\" class=\"price\">Solicitar Pre\u00e7o<\/a>\n\t\n\n\t\n<\/li>\n\t<li class=\"classic product type-product post-5273 status-publish instock product_cat-self-guided-sightseeing-holidays-in-portugal product_cat-self-guided-tours-portugal product_cat-self-guided-train-holidays-portugal product_tag-alleine-reisen product_tag-bird-watching product_tag-costa-verde product_tag-countryside product_tag-culture product_tag-green-coast product_tag-green-valleys product_tag-guimaraes product_tag-hiking product_tag-historic-centre product_tag-history product_tag-individual-hiking product_tag-individuelle-touren product_tag-individuelle-trekkingreisen product_tag-individuelle-wandern product_tag-individuelle-wanderreisen product_tag-individuelle-wandertouren product_tag-lush-green-hills product_tag-monument product_tag-natural-park product_tag-nature-hikes product_tag-nature-trails product_tag-nature-walks product_tag-north-of-portugal product_tag-northern-portugal product_tag-paths product_tag-pearl-of-the-north product_tag-picturesque-landscapes product_tag-portuguese-food product_tag-protected-area product_tag-rando-autoguidee product_tag-rando-liberte product_tag-randonnee-autoguidee product_tag-randonnee-en-liberte product_tag-randonnee-liberte product_tag-rio-minho product_tag-santuario-santa-luzia product_tag-sejour-en-liberte product_tag-self-guided-train product_tag-self-guided-walking-holiday product_tag-self-guided-walking-tour product_tag-sightseeing product_tag-solo-reisen product_tag-solo-wandern product_tag-tours-autoguidees product_tag-train product_tag-train-holidays product_tag-train-tour product_tag-travel-train-tour-in-portugal product_tag-trek-en-liberte product_tag-trek-solo product_tag-trekking-solo product_tag-viana-do-castelo product_tag-vila-praia-de-ancora product_tag-voyage-en-liberte product_tag-voyages-a-pied-en-liberte product_tag-voyages-en-autonomie product_tag-walking product_tag-walking-holiday product_tag-walking-tour product_tag-walking-trails product_tag-walks product_tag-wines has-post-thumbnail virtual product-type-simple\" >\n\n\n\t\n\n\t\t\t   <div class=\"product-wrap\">\n\t\t\t<a href=\"https:\/\/becooltravel.com\/pt\/produto\/explore-o-norte-portugal-de-trem-7300st\/\" aria-label=\"F\u00e9rias de trem independentes para explorar o norte de Portugal de trem\"><img decoding=\"async\" width=\"300\" height=\"300\" src=\"https:\/\/i0.wp.com\/becooltravel.com\/wp-content\/uploads\/sites\/5\/2020\/06\/caminha.jpeg?resize=300%2C300&amp;ssl=1\" class=\"attachment-woocommerce_thumbnail size-woocommerce_thumbnail\" alt=\"Norte de Portugal \u00e9 uma combina\u00e7\u00e3o atraente\" srcset=\"https:\/\/i0.wp.com\/becooltravel.com\/wp-content\/uploads\/sites\/5\/2020\/06\/caminha.jpeg?resize=150%2C150&amp;ssl=1 150w, https:\/\/i0.wp.com\/becooltravel.com\/wp-content\/uploads\/sites\/5\/2020\/06\/caminha.jpeg?resize=100%2C100&amp;ssl=1 100w, https:\/\/i0.wp.com\/becooltravel.com\/wp-content\/uploads\/sites\/5\/2020\/06\/caminha.jpeg?resize=140%2C140&amp;ssl=1 140w, https:\/\/i0.wp.com\/becooltravel.com\/wp-content\/uploads\/sites\/5\/2020\/06\/caminha.jpeg?resize=500%2C500&amp;ssl=1 500w, https:\/\/i0.wp.com\/becooltravel.com\/wp-content\/uploads\/sites\/5\/2020\/06\/caminha.jpeg?resize=350%2C350&amp;ssl=1 350w, https:\/\/i0.wp.com\/becooltravel.com\/wp-content\/uploads\/sites\/5\/2020\/06\/caminha.jpeg?resize=800%2C800&amp;ssl=1 800w, https:\/\/i0.wp.com\/becooltravel.com\/wp-content\/uploads\/sites\/5\/2020\/06\/caminha.jpeg?resize=300%2C300&amp;ssl=1 300w, https:\/\/i0.wp.com\/becooltravel.com\/wp-content\/uploads\/sites\/5\/2020\/06\/caminha.jpeg?zoom=2&amp;resize=300%2C300&amp;ssl=1 600w, https:\/\/i0.wp.com\/becooltravel.com\/wp-content\/uploads\/sites\/5\/2020\/06\/caminha.jpeg?zoom=3&amp;resize=300%2C300&amp;ssl=1 900w\" sizes=\"(max-width: 300px) 100vw, 300px\" \/><\/a>\n\t\t\t<div class=\"product-add-to-cart\" data-nectar-quickview=\"true\"><a href=\"https:\/\/becooltravel.com\/contact\/\" target=\"_blank\" class=\"button add_to_cart_button\">Consulte-nos<\/a>\t<span id=\"woocommerce_loop_add_to_cart_link_describedby_5273\" class=\"screen-reader-text\">\n\t\t\t<\/span>\n<a class=\"nectar_quick_view no-ajaxy button\" data-product-id=\"5273\"> <i class=\"normal icon-salient-m-eye\"><\/i>\n\t    <span>Olhada r\u00e1pida<\/span><\/a><\/div>\t\t   <\/div>\n\t\t\t\t\n\t  \n\n\t\t<h2 class=\"woocommerce-loop-product__title\">F\u00e9rias de trem independentes para explorar o norte de Portugal de trem<\/h2><h3>Turismo autoguiado de trem<\/h3><p class=\"product-duration\"><strong>Dura\u00e7\u00e3o:<\/strong> 8 dias \/ 7 noites<\/p><p class=\"product-duration availability\"><strong>Disponibilidade:<\/strong> Janeiro - dezembro<\/p><p class=\"product-duration grade\"><strong>Nota:<\/strong> Moderado (4\/8)<\/p>\n<a href=\"https:\/\/becooltravel.com\/pt\/produto\/explore-o-norte-portugal-de-trem-7300st\/\" class=\"price\">Solicitar Pre\u00e7o<\/a>\n\t\n\n\t\n<\/li>\n\t<li class=\"classic product type-product post-3761 status-publish instock product_cat-self-guided-tours-portugal product_cat-self-guided-walking-holidays product_tag-algarve product_tag-algarve-spectacular-coastline product_tag-alleine-reisen product_tag-beaches product_tag-benagil product_tag-carvoeiro product_tag-coastal-algarve product_tag-coastal-resort product_tag-countryside-scenery product_tag-east-algarve product_tag-europe product_tag-flamingos product_tag-green-countryside product_tag-hiking product_tag-hiking-routes product_tag-individual-hiking product_tag-individuelle-touren product_tag-individuelle-trekkingreisen product_tag-individuelle-wandern product_tag-individuelle-wanderreisen product_tag-individuelle-wandertouren product_tag-itinerary-of-walks product_tag-portugal product_tag-portugal-great-food-and-wine product_tag-pristine-beaches product_tag-rando-autoguidee product_tag-rando-liberte product_tag-randonnee-autoguidee product_tag-randonnee-en-liberte product_tag-randonnee-liberte product_tag-ria-formosa-natural-park product_tag-rolling-inland-hills product_tag-sejour-en-liberte product_tag-self-guided product_tag-solo-reisen product_tag-solo-wandern product_tag-spectacular-cliffs product_tag-spectacular-coastline product_tag-tours-autoguidees product_tag-traditional-portuguese product_tag-trek-en-liberte product_tag-trek-solo product_tag-trekking-solo product_tag-voyage-en-liberte product_tag-voyages-a-pied-en-liberte product_tag-voyages-en-autonomie product_tag-walkers-paradise product_tag-walking-holiday product_tag-walking-holidays product_tag-walking-tours has-post-thumbnail virtual product-type-simple\" >\n\n\n\t\n\n\t\t\t   <div class=\"product-wrap\">\n\t\t\t<a href=\"https:\/\/becooltravel.com\/pt\/produto\/caminhando-perto-da-natureza-no-oeste-algarve-carvoeiro-1602s\/\" aria-label=\"F\u00e9rias no Carvoeiro: Caminhando Perto da Natureza no Oeste do Algarve\"><img decoding=\"async\" width=\"300\" height=\"300\" src=\"https:\/\/i0.wp.com\/becooltravel.com\/wp-content\/uploads\/sites\/5\/2020\/05\/WalkingCloseToNature_WestAlgarve.jpg?resize=300%2C300&amp;ssl=1\" class=\"attachment-woocommerce_thumbnail size-woocommerce_thumbnail\" alt=\"Caminhando Perto da Natureza Oeste do Algarve\" srcset=\"https:\/\/i0.wp.com\/becooltravel.com\/wp-content\/uploads\/sites\/5\/2020\/05\/WalkingCloseToNature_WestAlgarve.jpg?resize=150%2C150&amp;ssl=1 150w, https:\/\/i0.wp.com\/becooltravel.com\/wp-content\/uploads\/sites\/5\/2020\/05\/WalkingCloseToNature_WestAlgarve.jpg?resize=100%2C100&amp;ssl=1 100w, https:\/\/i0.wp.com\/becooltravel.com\/wp-content\/uploads\/sites\/5\/2020\/05\/WalkingCloseToNature_WestAlgarve.jpg?resize=140%2C140&amp;ssl=1 140w, https:\/\/i0.wp.com\/becooltravel.com\/wp-content\/uploads\/sites\/5\/2020\/05\/WalkingCloseToNature_WestAlgarve.jpg?resize=500%2C500&amp;ssl=1 500w, https:\/\/i0.wp.com\/becooltravel.com\/wp-content\/uploads\/sites\/5\/2020\/05\/WalkingCloseToNature_WestAlgarve.jpg?resize=350%2C350&amp;ssl=1 350w, https:\/\/i0.wp.com\/becooltravel.com\/wp-content\/uploads\/sites\/5\/2020\/05\/WalkingCloseToNature_WestAlgarve.jpg?resize=800%2C800&amp;ssl=1 800w, https:\/\/i0.wp.com\/becooltravel.com\/wp-content\/uploads\/sites\/5\/2020\/05\/WalkingCloseToNature_WestAlgarve.jpg?resize=300%2C300&amp;ssl=1 300w, https:\/\/i0.wp.com\/becooltravel.com\/wp-content\/uploads\/sites\/5\/2020\/05\/WalkingCloseToNature_WestAlgarve.jpg?zoom=2&amp;resize=300%2C300&amp;ssl=1 600w, https:\/\/i0.wp.com\/becooltravel.com\/wp-content\/uploads\/sites\/5\/2020\/05\/WalkingCloseToNature_WestAlgarve.jpg?zoom=3&amp;resize=300%2C300&amp;ssl=1 900w\" sizes=\"(max-width: 300px) 100vw, 300px\" \/><\/a>\n\t\t\t<div class=\"product-add-to-cart\" data-nectar-quickview=\"true\"><a href=\"http:\/\/info@becooltravel.com\" target=\"_blank\" class=\"button add_to_cart_button\">Consulte-nos<\/a>\t<span id=\"woocommerce_loop_add_to_cart_link_describedby_3761\" class=\"screen-reader-text\">\n\t\t\t<\/span>\n<a class=\"nectar_quick_view no-ajaxy button\" data-product-id=\"3761\"> <i class=\"normal icon-salient-m-eye\"><\/i>\n\t    <span>Olhada r\u00e1pida<\/span><\/a><\/div>\t\t   <\/div>\n\t\t\t\t\n\t  \n\n\t\t<h2 class=\"woocommerce-loop-product__title\">F\u00e9rias no Carvoeiro: Caminhando Perto da Natureza no Oeste do Algarve<\/h2><h3>Caminhada autoguiada<\/h3><p class=\"product-duration\"><strong>Dura\u00e7\u00e3o:<\/strong> 8 dias \/ 7 noites<\/p><p class=\"product-duration availability\"><strong>Disponibilidade:<\/strong> Janeiro - dezembro<\/p><p class=\"product-duration grade\"><strong>Nota:<\/strong> Moderado (4\/8)<\/p>\n<a href=\"https:\/\/becooltravel.com\/pt\/produto\/caminhando-perto-da-natureza-no-oeste-algarve-carvoeiro-1602s\/\" class=\"price\">Solicitar Pre\u00e7o<\/a>\n\t\n\n\t\n<\/li>\n\t<li class=\"classic product type-product post-5658 status-publish last instock product_cat-self-guided-golf product_cat-self-guided-tours-portugal product_tag-18-holes product_tag-alamo-golf-course product_tag-algarve product_tag-algarve-coastline product_tag-alleine-reisen product_tag-beautiful-beache product_tag-buggy product_tag-driving-range-golf product_tag-golf product_tag-golf-couses product_tag-holidays-in-the-algarve product_tag-individuelle-touren product_tag-morgado-golf-course product_tag-natural-reserves product_tag-nature product_tag-nature-activities product_tag-playing-golf product_tag-resort product_tag-salgados-golf-course product_tag-sejour-en-liberte product_tag-self-guide-tour product_tag-self-guided-golf product_tag-solo-reisen product_tag-sports product_tag-tours-autoguidees product_tag-voyage-en-liberte product_tag-voyages-en-autonomie has-post-thumbnail virtual product-type-simple\" >\n\n\n\t\n\n\t\t\t   <div class=\"product-wrap\">\n\t\t\t<a href=\"https:\/\/becooltravel.com\/pt\/produto\/ferias-de-golfe-em-uma-reserva-natural-4102g\/\" aria-label=\"F\u00e9rias de Golfe no Algarve em Reserva Natural\"><img decoding=\"async\" width=\"300\" height=\"300\" src=\"https:\/\/i0.wp.com\/becooltravel.com\/wp-content\/uploads\/sites\/5\/2020\/06\/vilamoura_golf.jpg?resize=300%2C300&amp;ssl=1\" class=\"attachment-woocommerce_thumbnail size-woocommerce_thumbnail\" alt=\"Vilamoura tem muitos campos de golfe\" srcset=\"https:\/\/i0.wp.com\/becooltravel.com\/wp-content\/uploads\/sites\/5\/2020\/06\/vilamoura_golf.jpg?resize=150%2C150&amp;ssl=1 150w, https:\/\/i0.wp.com\/becooltravel.com\/wp-content\/uploads\/sites\/5\/2020\/06\/vilamoura_golf.jpg?resize=100%2C100&amp;ssl=1 100w, https:\/\/i0.wp.com\/becooltravel.com\/wp-content\/uploads\/sites\/5\/2020\/06\/vilamoura_golf.jpg?resize=140%2C140&amp;ssl=1 140w, https:\/\/i0.wp.com\/becooltravel.com\/wp-content\/uploads\/sites\/5\/2020\/06\/vilamoura_golf.jpg?resize=500%2C500&amp;ssl=1 500w, https:\/\/i0.wp.com\/becooltravel.com\/wp-content\/uploads\/sites\/5\/2020\/06\/vilamoura_golf.jpg?resize=350%2C350&amp;ssl=1 350w, https:\/\/i0.wp.com\/becooltravel.com\/wp-content\/uploads\/sites\/5\/2020\/06\/vilamoura_golf.jpg?resize=300%2C300&amp;ssl=1 300w, https:\/\/i0.wp.com\/becooltravel.com\/wp-content\/uploads\/sites\/5\/2020\/06\/vilamoura_golf.jpg?zoom=2&amp;resize=300%2C300&amp;ssl=1 600w, https:\/\/i0.wp.com\/becooltravel.com\/wp-content\/uploads\/sites\/5\/2020\/06\/vilamoura_golf.jpg?zoom=3&amp;resize=300%2C300&amp;ssl=1 900w\" sizes=\"(max-width: 300px) 100vw, 300px\" \/><\/a>\n\t\t\t<div class=\"product-add-to-cart\" data-nectar-quickview=\"true\"><a href=\"https:\/\/becooltravel.com\/contact\/\" target=\"_blank\" class=\"button add_to_cart_button\">Consulte-nos<\/a>\t<span id=\"woocommerce_loop_add_to_cart_link_describedby_5658\" class=\"screen-reader-text\">\n\t\t\t<\/span>\n<a class=\"nectar_quick_view no-ajaxy button\" data-product-id=\"5658\"> <i class=\"normal icon-salient-m-eye\"><\/i>\n\t    <span>Olhada r\u00e1pida<\/span><\/a><\/div>\t\t   <\/div>\n\t\t\t\t\n\t  \n\n\t\t<h2 class=\"woocommerce-loop-product__title\">F\u00e9rias de Golfe no Algarve em Reserva Natural<\/h2><h3>Golfe Autoguiado<\/h3><p class=\"product-duration\"><strong>Dura\u00e7\u00e3o:<\/strong> 15 dias \/ 14 noites<\/p><p class=\"product-duration availability\"><strong>Disponibilidade:<\/strong> Janeiro - dezembro<\/p>\n<a href=\"https:\/\/becooltravel.com\/pt\/produto\/ferias-de-golfe-em-uma-reserva-natural-4102g\/\" class=\"price\">Solicitar Pre\u00e7o<\/a>\n\t\n\n\t\n<\/li>\n\t<li class=\"classic product type-product post-4966 status-publish first instock product_cat-self-drive-holidays-portugal product_cat-self-guided-tours-portugal product_cat-self-guided-walking-holidays product_tag-alentejo product_tag-alentejo-walking product_tag-algarve-secluded-beaches product_tag-alleine-reisen product_tag-alzejur product_tag-bird-watching product_tag-carrapateira product_tag-caves product_tag-cliff-top product_tag-cliffs product_tag-cork-trees product_tag-cork-woods product_tag-costa-vicentina product_tag-countryside product_tag-culture product_tag-delicious-food product_tag-dramatic-cliffs product_tag-fishermans-trail product_tag-golden-beaches product_tag-grottoes product_tag-hiking product_tag-history product_tag-individual-hiking product_tag-individuelle-touren product_tag-individuelle-trekkingreisen product_tag-individuelle-wandern product_tag-individuelle-wanderreisen product_tag-individuelle-wandertouren product_tag-inland-alentejo product_tag-lush-green-hills product_tag-markets product_tag-natural-attractions-in-portugal product_tag-natural-scenery product_tag-nature-hikes product_tag-nature-walks product_tag-odeceixe product_tag-odemira product_tag-olives product_tag-oranges product_tag-orchards product_tag-parque-natural-de-costa-vicentina product_tag-paths product_tag-picturesque-landscapes product_tag-porto-covo product_tag-rando-autoguidee product_tag-rando-liberte product_tag-randonnee-autoguidee product_tag-randonnee-en-liberte product_tag-randonnee-liberte product_tag-rota-vicentina product_tag-sejour-en-liberte product_tag-selected-walks product_tag-self-drive-holiday product_tag-self-guided product_tag-self-guided-holiday product_tag-self-guided-walking-holiday product_tag-self-guided-walking-holidays product_tag-self-guided-walking-tour product_tag-sightseeing product_tag-solo-reisen product_tag-solo-wandern product_tag-southwestern-portugal product_tag-sunny-winters product_tag-the-alentejo product_tag-tours-autoguidees product_tag-trails product_tag-trek-en-liberte product_tag-trek-solo product_tag-trekking-solo product_tag-vicentina-route product_tag-voyage-en-liberte product_tag-voyages-a-pied-en-liberte product_tag-voyages-en-autonomie product_tag-walking product_tag-walking-holiday product_tag-walking-tour product_tag-walking-trails product_tag-walks product_tag-wines product_tag-zambujeira-do-mar has-post-thumbnail virtual product-type-simple\" >\n\n\n\t\n\n\t\t\t   <div class=\"product-wrap\">\n\t\t\t<a href=\"https:\/\/becooltravel.com\/pt\/produto\/a-rota-vicentina-e-o-indomavel-atlantico-5200sc\/\" aria-label=\"Caminhada independente na Rota Vicentina\"><img decoding=\"async\" width=\"300\" height=\"300\" src=\"https:\/\/i0.wp.com\/becooltravel.com\/wp-content\/uploads\/sites\/5\/2020\/05\/costavicentina.jpg?resize=300%2C300&amp;ssl=1\" class=\"attachment-woocommerce_thumbnail size-woocommerce_thumbnail\" alt=\"Ninho de cegonha\" srcset=\"https:\/\/i0.wp.com\/becooltravel.com\/wp-content\/uploads\/sites\/5\/2020\/05\/costavicentina.jpg?resize=150%2C150&amp;ssl=1 150w, https:\/\/i0.wp.com\/becooltravel.com\/wp-content\/uploads\/sites\/5\/2020\/05\/costavicentina.jpg?resize=100%2C100&amp;ssl=1 100w, https:\/\/i0.wp.com\/becooltravel.com\/wp-content\/uploads\/sites\/5\/2020\/05\/costavicentina.jpg?resize=140%2C140&amp;ssl=1 140w, https:\/\/i0.wp.com\/becooltravel.com\/wp-content\/uploads\/sites\/5\/2020\/05\/costavicentina.jpg?resize=500%2C500&amp;ssl=1 500w, https:\/\/i0.wp.com\/becooltravel.com\/wp-content\/uploads\/sites\/5\/2020\/05\/costavicentina.jpg?resize=350%2C350&amp;ssl=1 350w, https:\/\/i0.wp.com\/becooltravel.com\/wp-content\/uploads\/sites\/5\/2020\/05\/costavicentina.jpg?resize=300%2C300&amp;ssl=1 300w, https:\/\/i0.wp.com\/becooltravel.com\/wp-content\/uploads\/sites\/5\/2020\/05\/costavicentina.jpg?zoom=2&amp;resize=300%2C300&amp;ssl=1 600w, https:\/\/i0.wp.com\/becooltravel.com\/wp-content\/uploads\/sites\/5\/2020\/05\/costavicentina.jpg?zoom=3&amp;resize=300%2C300&amp;ssl=1 900w\" sizes=\"(max-width: 300px) 100vw, 300px\" \/><\/a>\n\t\t\t<div class=\"product-add-to-cart\" data-nectar-quickview=\"true\"><a href=\"mailto:info@becooltravel.com\" target=\"_blank\" class=\"button add_to_cart_button\">Consulte-nos<\/a>\t<span id=\"woocommerce_loop_add_to_cart_link_describedby_4966\" class=\"screen-reader-text\">\n\t\t\t<\/span>\n<a class=\"nectar_quick_view no-ajaxy button\" data-product-id=\"4966\"> <i class=\"normal icon-salient-m-eye\"><\/i>\n\t    <span>Olhada r\u00e1pida<\/span><\/a><\/div>\t\t   <\/div>\n\t\t\t\t\n\t  \n\n\t\t<h2 class=\"woocommerce-loop-product__title\">Caminhada independente na Rota Vicentina<\/h2><h3>Caminhada em dire\u00e7\u00e3o pr\u00f3pria<\/h3><p class=\"product-duration\"><strong>Dura\u00e7\u00e3o:<\/strong> 8 dias \/ 7 noites<\/p><p class=\"product-duration availability\"><strong>Disponibilidade:<\/strong> Janeiro - dezembro<\/p><p class=\"product-duration grade\"><strong>Nota:<\/strong> Moderado (4\/8)<\/p>\n<a href=\"https:\/\/becooltravel.com\/pt\/produto\/a-rota-vicentina-e-o-indomavel-atlantico-5200sc\/\" class=\"price\">Solicitar Pre\u00e7o<\/a>\n\t\n\n\t\n<\/li>\n\t<li class=\"classic product type-product post-5092 status-publish instock product_cat-self-drive-holidays-portugal product_cat-self-guided-sightseeing-holidays-in-portugal product_cat-self-guided-tours-portugal product_tag-algarve-city product_tag-algarve-coast product_tag-algarve-spectacular-coastline product_tag-alleine-reisen product_tag-atlantic-ocean product_tag-carapateira product_tag-castle product_tag-coastal product_tag-colours product_tag-countryside product_tag-culture product_tag-delicious-food product_tag-fly-drive product_tag-hills product_tag-historic-centre product_tag-history product_tag-individuelle-touren product_tag-individuelle-wandertouren product_tag-lagos product_tag-landscape product_tag-lush-green-hills product_tag-market product_tag-martim-longo product_tag-monchique product_tag-natural-park product_tag-odeceixe product_tag-parapets product_tag-picturesque-landscapes product_tag-ponta-da-piedade product_tag-portimao product_tag-praia-da-luz product_tag-protected-area product_tag-querenca product_tag-sagres product_tag-salema product_tag-sao-bartolomeu-de-messines product_tag-secluded-beaches product_tag-sejour-en-liberte product_tag-sel product_tag-self-drive-holiday product_tag-self-guide-tour product_tag-self-guided product_tag-self-guided-holiday product_tag-self-guided-holidays product_tag-self-guided-walking product_tag-self-guided-walking-holiday product_tag-self-guided-walks product_tag-sightseeing product_tag-silves product_tag-slave-market-lagos product_tag-solo-reisen product_tag-tours-autoguidees product_tag-traditions product_tag-undulating-plains product_tag-valleys product_tag-village product_tag-voyage-en-liberte product_tag-voyages-en-autonomie product_tag-western-algarve product_tag-white-washed-houses product_tag-wines has-post-thumbnail virtual product-type-simple\" >\n\n\n\t\n\n\t\t\t   <div class=\"product-wrap\">\n\t\t\t<a href=\"https:\/\/becooltravel.com\/pt\/produto\/lagos-on-the-road-in-the-west-algarve-56001sc\/\" aria-label=\"Lagos Self-Drive: On the Road in West Algarve\"><img decoding=\"async\" width=\"300\" height=\"300\" src=\"https:\/\/i0.wp.com\/becooltravel.com\/wp-content\/uploads\/sites\/5\/2020\/05\/Odemira_Coast.jpg?resize=300%2C300&amp;ssl=1\" class=\"attachment-woocommerce_thumbnail size-woocommerce_thumbnail\" alt=\"Costa vicentina\" srcset=\"https:\/\/i0.wp.com\/becooltravel.com\/wp-content\/uploads\/sites\/5\/2020\/05\/Odemira_Coast.jpg?resize=150%2C150&amp;ssl=1 150w, https:\/\/i0.wp.com\/becooltravel.com\/wp-content\/uploads\/sites\/5\/2020\/05\/Odemira_Coast.jpg?resize=100%2C100&amp;ssl=1 100w, https:\/\/i0.wp.com\/becooltravel.com\/wp-content\/uploads\/sites\/5\/2020\/05\/Odemira_Coast.jpg?resize=140%2C140&amp;ssl=1 140w, https:\/\/i0.wp.com\/becooltravel.com\/wp-content\/uploads\/sites\/5\/2020\/05\/Odemira_Coast.jpg?resize=500%2C500&amp;ssl=1 500w, https:\/\/i0.wp.com\/becooltravel.com\/wp-content\/uploads\/sites\/5\/2020\/05\/Odemira_Coast.jpg?resize=350%2C350&amp;ssl=1 350w, https:\/\/i0.wp.com\/becooltravel.com\/wp-content\/uploads\/sites\/5\/2020\/05\/Odemira_Coast.jpg?resize=800%2C797&amp;ssl=1 800w, https:\/\/i0.wp.com\/becooltravel.com\/wp-content\/uploads\/sites\/5\/2020\/05\/Odemira_Coast.jpg?resize=300%2C300&amp;ssl=1 300w, https:\/\/i0.wp.com\/becooltravel.com\/wp-content\/uploads\/sites\/5\/2020\/05\/Odemira_Coast.jpg?zoom=2&amp;resize=300%2C300&amp;ssl=1 600w, https:\/\/i0.wp.com\/becooltravel.com\/wp-content\/uploads\/sites\/5\/2020\/05\/Odemira_Coast.jpg?zoom=3&amp;resize=300%2C300&amp;ssl=1 900w\" sizes=\"(max-width: 300px) 100vw, 300px\" \/><\/a>\n\t\t\t<div class=\"product-add-to-cart\" data-nectar-quickview=\"true\"><a href=\"https:\/\/becooltravel.com\/contact\/\" target=\"_blank\" class=\"button add_to_cart_button\">Consulte-nos<\/a>\t<span id=\"woocommerce_loop_add_to_cart_link_describedby_5092\" class=\"screen-reader-text\">\n\t\t\t<\/span>\n<a class=\"nectar_quick_view no-ajaxy button\" data-product-id=\"5092\"> <i class=\"normal icon-salient-m-eye\"><\/i>\n\t    <span>Olhada r\u00e1pida<\/span><\/a><\/div>\t\t   <\/div>\n\t\t\t\t\n\t  \n\n\t\t<h2 class=\"woocommerce-loop-product__title\">Lagos Self-Drive: On the Road in West Algarve<\/h2><h3>Turismo aut\u00f4nomo<\/h3><p class=\"product-duration\"><strong>Dura\u00e7\u00e3o:<\/strong> 5 dias \/ 4 noites<\/p><p class=\"product-duration availability\"><strong>Disponibilidade:<\/strong> Janeiro - dezembro<\/p><p class=\"product-duration grade\"><strong>Nota:<\/strong> Lazer (2\/8)<\/p>\n<a href=\"https:\/\/becooltravel.com\/pt\/produto\/lagos-on-the-road-in-the-west-algarve-56001sc\/\" class=\"price\">Solicitar Pre\u00e7o<\/a>\n\t\n\n\t\n<\/li>\n\t<li class=\"classic product type-product post-3743 status-publish instock product_cat-self-guided-sightseeing-holidays-in-portugal product_cat-self-guided-tours-portugal product_tag-alfama product_tag-alleine-reisen product_tag-architecture product_tag-bairro-alto product_tag-belem-tower product_tag-brazil product_tag-chiado product_tag-citys-seven-hills product_tag-cobblestone-streets product_tag-european-destination product_tag-fado product_tag-fado-music product_tag-fresh-orange-juice product_tag-grilled-chicke product_tag-heritage-in-lisbon product_tag-historical-monuments-in-lisbon product_tag-history-and-heritage product_tag-individuelle-touren product_tag-jeronimos-monastery product_tag-largest-city-of-portugal product_tag-lisbon product_tag-lisbon-holidays product_tag-narrow-cobbled-streets product_tag-portugal product_tag-praca-do-comercio product_tag-s-jorge-castle product_tag-seafood product_tag-sejour-en-liberte product_tag-self-guide-tour product_tag-self-guided-holidays product_tag-self-guided-sightseeing product_tag-self-guided-tour product_tag-shopping-in-lisbon product_tag-sightseeing-lisbon product_tag-solo-reisen product_tag-terreiro-do-paco product_tag-tours-autoguidees product_tag-typical-quarters-of-lisbon product_tag-vintage-trams product_tag-voyage-en-liberte product_tag-voyages-en-autonomie has-post-thumbnail virtual product-type-simple\" >\n\n\n\t\n\n\t\t\t   <div class=\"product-wrap\">\n\t\t\t<a href=\"https:\/\/becooltravel.com\/pt\/produto\/tour-tour-in-lisbon-5-days-6100s\/\" aria-label=\"F\u00e9rias em Lisboa, Riverside Gem\"><img decoding=\"async\" width=\"300\" height=\"300\" src=\"https:\/\/i0.wp.com\/becooltravel.com\/wp-content\/uploads\/sites\/5\/2020\/06\/Lisbon_sightseeing.jpg?resize=300%2C300&amp;ssl=1\" class=\"attachment-woocommerce_thumbnail size-woocommerce_thumbnail\" alt=\"Passeios tur\u00edsticos em Lisboa\" srcset=\"https:\/\/i0.wp.com\/becooltravel.com\/wp-content\/uploads\/sites\/5\/2020\/06\/Lisbon_sightseeing.jpg?resize=150%2C150&amp;ssl=1 150w, https:\/\/i0.wp.com\/becooltravel.com\/wp-content\/uploads\/sites\/5\/2020\/06\/Lisbon_sightseeing.jpg?resize=100%2C100&amp;ssl=1 100w, https:\/\/i0.wp.com\/becooltravel.com\/wp-content\/uploads\/sites\/5\/2020\/06\/Lisbon_sightseeing.jpg?resize=140%2C140&amp;ssl=1 140w, https:\/\/i0.wp.com\/becooltravel.com\/wp-content\/uploads\/sites\/5\/2020\/06\/Lisbon_sightseeing.jpg?resize=500%2C500&amp;ssl=1 500w, https:\/\/i0.wp.com\/becooltravel.com\/wp-content\/uploads\/sites\/5\/2020\/06\/Lisbon_sightseeing.jpg?resize=350%2C350&amp;ssl=1 350w, https:\/\/i0.wp.com\/becooltravel.com\/wp-content\/uploads\/sites\/5\/2020\/06\/Lisbon_sightseeing.jpg?resize=800%2C800&amp;ssl=1 800w, https:\/\/i0.wp.com\/becooltravel.com\/wp-content\/uploads\/sites\/5\/2020\/06\/Lisbon_sightseeing.jpg?resize=300%2C300&amp;ssl=1 300w, https:\/\/i0.wp.com\/becooltravel.com\/wp-content\/uploads\/sites\/5\/2020\/06\/Lisbon_sightseeing.jpg?zoom=2&amp;resize=300%2C300&amp;ssl=1 600w, https:\/\/i0.wp.com\/becooltravel.com\/wp-content\/uploads\/sites\/5\/2020\/06\/Lisbon_sightseeing.jpg?zoom=3&amp;resize=300%2C300&amp;ssl=1 900w\" sizes=\"(max-width: 300px) 100vw, 300px\" \/><\/a>\n\t\t\t<div class=\"product-add-to-cart\" data-nectar-quickview=\"true\"><a href=\"https:\/\/becooltravel.com\/contact\/\" target=\"_blank\" class=\"button add_to_cart_button\">Consulte-nos<\/a>\t<span id=\"woocommerce_loop_add_to_cart_link_describedby_3743\" class=\"screen-reader-text\">\n\t\t\t<\/span>\n<a class=\"nectar_quick_view no-ajaxy button\" data-product-id=\"3743\"> <i class=\"normal icon-salient-m-eye\"><\/i>\n\t    <span>Olhada r\u00e1pida<\/span><\/a><\/div>\t\t   <\/div>\n\t\t\t\t\n\t  \n\n\t\t<h2 class=\"woocommerce-loop-product__title\">F\u00e9rias em Lisboa, Riverside Gem<\/h2><h3>Turismo autoguiado<\/h3><p class=\"product-duration\"><strong>Dura\u00e7\u00e3o:<\/strong> 5 dias \/ 4 noites<\/p><p class=\"product-duration availability\"><strong>Disponibilidade:<\/strong> Janeiro - dezembro<\/p>\n<a href=\"https:\/\/becooltravel.com\/pt\/produto\/tour-tour-in-lisbon-5-days-6100s\/\" class=\"price\">Solicitar Pre\u00e7o<\/a>\n\t\n\n\t\n<\/li>\n\t<li class=\"classic product type-product post-5178 status-publish last instock product_cat-self-drive-holidays-portugal product_cat-portugal-self-guided-birdwatching-holidays product_cat-self-guided-tours-portugal product_tag-algarve product_tag-alleine-reisen product_tag-best-birding-spots product_tag-best-of-the-algarvian-bird-life product_tag-bird-watching-holidays product_tag-bird-watching product_tag-birding product_tag-birding-algarve product_tag-birds product_tag-birdwatchers-paradise product_tag-birdwatching product_tag-black-tailed-godwits product_tag-black-winged-kite product_tag-blackheaded-weaver product_tag-booted-eagles product_tag-collared-pratincole product_tag-european-bee-eater product_tag-ferruginous-duck product_tag-fly-drive product_tag-holidays product_tag-individuelle-touren product_tag-kentish-plover product_tag-little-bittern product_tag-little-stints product_tag-little-tern product_tag-marsh-harriers product_tag-migratory-birds product_tag-nature-observation product_tag-nature-walks product_tag-observe-birds product_tag-penduline-tits product_tag-portugal product_tag-purple-heron product_tag-purple-swamp-hen product_tag-ramsar product_tag-red-crested-pochard product_tag-red-necked-nightjar product_tag-ria-formosa product_tag-ria-formosa-birdwatching product_tag-ria-formosa-natural-park product_tag-ringed-plovers product_tag-sejour-en-liberte product_tag-self-guide-tour product_tag-self-guided product_tag-self-guided-birdwatching product_tag-self-guided-holidays product_tag-self-guided-tours product_tag-solo-reisen product_tag-southern-grey-shrikes product_tag-sunny-winters product_tag-tours-autoguidees product_tag-tours-in-portugal product_tag-vacations product_tag-voyage-en-liberte product_tag-voyages-en-autonomie product_tag-wildlife-algarve product_tag-wintering-birds product_tag-woodchat has-post-thumbnail virtual product-type-simple\" >\n\n\n\t\n\n\t\t\t   <div class=\"product-wrap\">\n\t\t\t<a href=\"https:\/\/becooltravel.com\/pt\/produto\/birding-in-coast-west-algarve-3400s\/\" aria-label=\"F\u00e9rias de observa\u00e7\u00e3o de p\u00e1ssaros no litoral oeste do Algarve\"><img decoding=\"async\" width=\"300\" height=\"300\" src=\"https:\/\/i0.wp.com\/becooltravel.com\/wp-content\/uploads\/sites\/5\/2020\/06\/LittleBustard.jpg?resize=300%2C300&amp;ssl=1\" class=\"attachment-woocommerce_thumbnail size-woocommerce_thumbnail\" alt=\"Abund\u00e2ncia de esp\u00e9cies a serem observadas, dependendo da \u00e9poca:\" srcset=\"https:\/\/i0.wp.com\/becooltravel.com\/wp-content\/uploads\/sites\/5\/2020\/06\/LittleBustard.jpg?resize=150%2C150&amp;ssl=1 150w, https:\/\/i0.wp.com\/becooltravel.com\/wp-content\/uploads\/sites\/5\/2020\/06\/LittleBustard.jpg?resize=100%2C100&amp;ssl=1 100w, https:\/\/i0.wp.com\/becooltravel.com\/wp-content\/uploads\/sites\/5\/2020\/06\/LittleBustard.jpg?resize=140%2C140&amp;ssl=1 140w, https:\/\/i0.wp.com\/becooltravel.com\/wp-content\/uploads\/sites\/5\/2020\/06\/LittleBustard.jpg?resize=500%2C500&amp;ssl=1 500w, https:\/\/i0.wp.com\/becooltravel.com\/wp-content\/uploads\/sites\/5\/2020\/06\/LittleBustard.jpg?resize=350%2C350&amp;ssl=1 350w, https:\/\/i0.wp.com\/becooltravel.com\/wp-content\/uploads\/sites\/5\/2020\/06\/LittleBustard.jpg?resize=800%2C800&amp;ssl=1 800w, https:\/\/i0.wp.com\/becooltravel.com\/wp-content\/uploads\/sites\/5\/2020\/06\/LittleBustard.jpg?resize=300%2C300&amp;ssl=1 300w, https:\/\/i0.wp.com\/becooltravel.com\/wp-content\/uploads\/sites\/5\/2020\/06\/LittleBustard.jpg?zoom=2&amp;resize=300%2C300&amp;ssl=1 600w, https:\/\/i0.wp.com\/becooltravel.com\/wp-content\/uploads\/sites\/5\/2020\/06\/LittleBustard.jpg?zoom=3&amp;resize=300%2C300&amp;ssl=1 900w\" sizes=\"(max-width: 300px) 100vw, 300px\" \/><\/a>\n\t\t\t<div class=\"product-add-to-cart\" data-nectar-quickview=\"true\"><a href=\"https:\/\/becooltravel.com\/pt\/produto\/birding-in-coast-west-algarve-3400s\/\" aria-describedby=\"woocommerce_loop_add_to_cart_link_describedby_5178\" data-quantity=\"1\" class=\"button product_type_simple\" data-product_id=\"5178\" data-product_sku=\"\" aria-label=\"Leia mais sobre \u201cBirding Holiday in Coastal West Algarve\u201d\" rel=\"nofollow\" data-success_message=\"\" data-no-translation=\"\" data-trp-gettext=\"\" data-no-translation-aria-label=\"\">Consulte Mais informa\u00e7\u00e3o<\/a>\t<span id=\"woocommerce_loop_add_to_cart_link_describedby_5178\" class=\"screen-reader-text\">\n\t\t\t<\/span>\n<a class=\"nectar_quick_view no-ajaxy button\" data-product-id=\"5178\"> <i class=\"normal icon-salient-m-eye\"><\/i>\n\t    <span>Olhada r\u00e1pida<\/span><\/a><\/div>\t\t   <\/div>\n\t\t\t\t\n\t  \n\n\t\t<h2 class=\"woocommerce-loop-product__title\">F\u00e9rias de observa\u00e7\u00e3o de p\u00e1ssaros no litoral oeste do Algarve<\/h2><h3>Observa\u00e7\u00e3o de p\u00e1ssaros autodirigida<\/h3><p class=\"product-duration\"><strong>Dura\u00e7\u00e3o:<\/strong> 8 dias \/ 7 noites<\/p><p class=\"product-duration availability\"><strong>Disponibilidade:<\/strong> Janeiro - dezembro<\/p>\n<a href=\"https:\/\/becooltravel.com\/pt\/produto\/birding-in-coast-west-algarve-3400s\/\" class=\"price\">Solicitar Pre\u00e7o<\/a>\n\t\n\n\t\n<\/li>\n\t<li class=\"classic product type-product post-3763 status-publish first instock product_cat-self-guided-tours-portugal product_cat-self-guided-walking-holidays product_tag-algarve product_tag-algarve-flowers product_tag-algarve-rock-formations product_tag-algarve-secluded-beaches product_tag-algarve-villages product_tag-alleine-reisen product_tag-almonds product_tag-alvor product_tag-beautiful-quiet-beaches product_tag-bird-watching product_tag-blue-seascapes product_tag-carobs product_tag-caves product_tag-cliff-top product_tag-cliffs product_tag-countryside product_tag-crafted-self-guided-tour product_tag-culture product_tag-delicious-food product_tag-discover-the-west-algarve product_tag-east-algarve product_tag-europe product_tag-fabulous-walks-along-the-coast product_tag-famous-beach-resorts-in-the-algarve product_tag-golden-beaches product_tag-green-countryside product_tag-grottoes product_tag-hiking product_tag-history product_tag-impressive-rock-formations product_tag-individual-hiking product_tag-individuelle-touren product_tag-individuelle-trekkingreisen product_tag-individuelle-wandern product_tag-individuelle-wanderreisen product_tag-individuelle-wandertouren product_tag-inland-algarve product_tag-inland-walks product_tag-limestone-rocks product_tag-lush-green-hills product_tag-natural-scenery product_tag-nature-hikes product_tag-nature-walks product_tag-non-touristic-paths product_tag-off-the-beaten-track product_tag-olives product_tag-oranges product_tag-orchards product_tag-paths product_tag-perfect-for-hiking product_tag-picturesque-landscapes product_tag-portimao product_tag-portugal product_tag-portugal-great-food-and-wine product_tag-praia-da-rocha product_tag-quaint-fishing-villages product_tag-rambling product_tag-rando-autoguidee product_tag-rando-liberte product_tag-randonnee-autoguidee product_tag-randonnee-en-liberte product_tag-randonnee-liberte product_tag-ria-de-alvor product_tag-river-arade product_tag-rocha-delicada product_tag-sejour-en-liberte product_tag-self-guided product_tag-self-guided-walking product_tag-self-guided-walking-holiday product_tag-self-guided-walking-tour product_tag-sightseeing product_tag-silves product_tag-solo-reisen product_tag-solo-wandern product_tag-spectacular-rock-formations product_tag-tours-autoguidees product_tag-traditional-algarvian-way-of-life product_tag-trails product_tag-trek-en-liberte product_tag-trek-solo product_tag-trekking-solo product_tag-undisturbed-places-in-portugal product_tag-vale-da-lama product_tag-voyage-en-liberte product_tag-voyages-a-pied-en-liberte product_tag-voyages-en-autonomie product_tag-walkers-paradise product_tag-walking product_tag-walking-holiday product_tag-walking-tour product_tag-walking-trails product_tag-walks product_tag-west-algarve product_tag-wild-flowers product_tag-wildlife-algarve product_tag-wines has-post-thumbnail virtual product-type-simple\" >\n\n\n\t\n\n\t\t\t   <div class=\"product-wrap\">\n\t\t\t<a href=\"https:\/\/becooltravel.com\/pt\/produto\/rambling-in-the-west-algarve-portimao-1600s\/\" aria-label=\"F\u00e9rias em Portim\u00e3o: Passeios no Oeste Algarve\"><img decoding=\"async\" width=\"300\" height=\"300\" src=\"https:\/\/i0.wp.com\/becooltravel.com\/wp-content\/uploads\/sites\/5\/2020\/05\/Self_Guided_Walking_West_Algarve.jpg?resize=300%2C300&amp;ssl=1\" class=\"attachment-woocommerce_thumbnail size-woocommerce_thumbnail\" alt=\"Walking_West_Algarve\" srcset=\"https:\/\/i0.wp.com\/becooltravel.com\/wp-content\/uploads\/sites\/5\/2020\/05\/Self_Guided_Walking_West_Algarve.jpg?resize=150%2C150&amp;ssl=1 150w, https:\/\/i0.wp.com\/becooltravel.com\/wp-content\/uploads\/sites\/5\/2020\/05\/Self_Guided_Walking_West_Algarve.jpg?resize=100%2C100&amp;ssl=1 100w, https:\/\/i0.wp.com\/becooltravel.com\/wp-content\/uploads\/sites\/5\/2020\/05\/Self_Guided_Walking_West_Algarve.jpg?resize=140%2C140&amp;ssl=1 140w, https:\/\/i0.wp.com\/becooltravel.com\/wp-content\/uploads\/sites\/5\/2020\/05\/Self_Guided_Walking_West_Algarve.jpg?resize=500%2C500&amp;ssl=1 500w, https:\/\/i0.wp.com\/becooltravel.com\/wp-content\/uploads\/sites\/5\/2020\/05\/Self_Guided_Walking_West_Algarve.jpg?resize=350%2C350&amp;ssl=1 350w, https:\/\/i0.wp.com\/becooltravel.com\/wp-content\/uploads\/sites\/5\/2020\/05\/Self_Guided_Walking_West_Algarve.jpg?resize=800%2C800&amp;ssl=1 800w, https:\/\/i0.wp.com\/becooltravel.com\/wp-content\/uploads\/sites\/5\/2020\/05\/Self_Guided_Walking_West_Algarve.jpg?resize=300%2C300&amp;ssl=1 300w, https:\/\/i0.wp.com\/becooltravel.com\/wp-content\/uploads\/sites\/5\/2020\/05\/Self_Guided_Walking_West_Algarve.jpg?zoom=2&amp;resize=300%2C300&amp;ssl=1 600w, https:\/\/i0.wp.com\/becooltravel.com\/wp-content\/uploads\/sites\/5\/2020\/05\/Self_Guided_Walking_West_Algarve.jpg?zoom=3&amp;resize=300%2C300&amp;ssl=1 900w\" sizes=\"(max-width: 300px) 100vw, 300px\" \/><\/a>\n\t\t\t<div class=\"product-add-to-cart\" data-nectar-quickview=\"true\"><a href=\"https:\/\/becooltravel.com\/contact\/\" target=\"_blank\" class=\"button add_to_cart_button\">Consulte-nos<\/a>\t<span id=\"woocommerce_loop_add_to_cart_link_describedby_3763\" class=\"screen-reader-text\">\n\t\t\t<\/span>\n<a class=\"nectar_quick_view no-ajaxy button\" data-product-id=\"3763\"> <i class=\"normal icon-salient-m-eye\"><\/i>\n\t    <span>Olhada r\u00e1pida<\/span><\/a><\/div>\t\t   <\/div>\n\t\t\t\t\n\t  \n\n\t\t<h2 class=\"woocommerce-loop-product__title\">F\u00e9rias em Portim\u00e3o: Passeios no Oeste Algarve<\/h2><h3>Caminhada autoguiada<\/h3><p class=\"product-duration\"><strong>Dura\u00e7\u00e3o:<\/strong> 8 dias \/ 7 noites<\/p><p class=\"product-duration availability\"><strong>Disponibilidade:<\/strong> Janeiro - dezembro<\/p><p class=\"product-duration grade\"><strong>Nota:<\/strong> Moderado (4\/8)<\/p>\n<a href=\"https:\/\/becooltravel.com\/pt\/produto\/rambling-in-the-west-algarve-portimao-1600s\/\" class=\"price\">Solicitar Pre\u00e7o<\/a>\n\t\n\n\t\n<\/li>\n\t<li class=\"classic product type-product post-5010 status-publish instock product_cat-self-drive-holidays-portugal product_cat-self-guided-sightseeing-holidays-in-portugal product_cat-self-guided-tours-portugal product_tag-alleine-reisen product_tag-bird-watching product_tag-bucaco-hills product_tag-bussaco product_tag-central-portugal product_tag-coimbra product_tag-coimbra-fado product_tag-countryside product_tag-crafted-self-guided-tour product_tag-cultural-heritage product_tag-culture product_tag-delicious-food product_tag-fado product_tag-figueira-da-foz product_tag-fly-drive product_tag-historic-centre product_tag-history product_tag-individuelle-touren product_tag-lush-green-hills product_tag-luso product_tag-natural-park product_tag-nature-hikes product_tag-nature-walks product_tag-paths product_tag-penacova product_tag-picturesque-landscapes product_tag-protected-area product_tag-quartzite-elevations product_tag-schist-villages product_tag-sejour-en-liberte product_tag-self-drive-holiday product_tag-self-guide-tour product_tag-self-guided product_tag-self-guided-holiday product_tag-sightseeing product_tag-solo-reisen product_tag-tours-autoguidees product_tag-traditional-villages product_tag-undulating-plains product_tag-university product_tag-valleys product_tag-voyage-en-liberte product_tag-voyages-en-autonomie product_tag-walking product_tag-wines has-post-thumbnail virtual product-type-simple\" >\n\n\n\t\n\n\t\t\t   <div class=\"product-wrap\">\n\t\t\t<a href=\"https:\/\/becooltravel.com\/pt\/produto\/coimbra-escondido-joias-do-centro-portugal-53000sc\/\" aria-label=\"F\u00e9rias Independentes em Coimbra: joias escondidas do centro de Portugal\"><img decoding=\"async\" width=\"300\" height=\"300\" src=\"https:\/\/i0.wp.com\/becooltravel.com\/wp-content\/uploads\/sites\/5\/2020\/06\/aldeias_xisto04.jpg?resize=300%2C300&amp;ssl=1\" class=\"attachment-woocommerce_thumbnail size-woocommerce_thumbnail\" alt=\"Centro de portugal\" srcset=\"https:\/\/i0.wp.com\/becooltravel.com\/wp-content\/uploads\/sites\/5\/2020\/06\/aldeias_xisto04.jpg?resize=150%2C150&amp;ssl=1 150w, https:\/\/i0.wp.com\/becooltravel.com\/wp-content\/uploads\/sites\/5\/2020\/06\/aldeias_xisto04.jpg?resize=100%2C100&amp;ssl=1 100w, https:\/\/i0.wp.com\/becooltravel.com\/wp-content\/uploads\/sites\/5\/2020\/06\/aldeias_xisto04.jpg?resize=140%2C140&amp;ssl=1 140w, https:\/\/i0.wp.com\/becooltravel.com\/wp-content\/uploads\/sites\/5\/2020\/06\/aldeias_xisto04.jpg?resize=500%2C500&amp;ssl=1 500w, https:\/\/i0.wp.com\/becooltravel.com\/wp-content\/uploads\/sites\/5\/2020\/06\/aldeias_xisto04.jpg?resize=350%2C350&amp;ssl=1 350w, https:\/\/i0.wp.com\/becooltravel.com\/wp-content\/uploads\/sites\/5\/2020\/06\/aldeias_xisto04.jpg?resize=300%2C300&amp;ssl=1 300w, https:\/\/i0.wp.com\/becooltravel.com\/wp-content\/uploads\/sites\/5\/2020\/06\/aldeias_xisto04.jpg?zoom=2&amp;resize=300%2C300&amp;ssl=1 600w, https:\/\/i0.wp.com\/becooltravel.com\/wp-content\/uploads\/sites\/5\/2020\/06\/aldeias_xisto04.jpg?zoom=3&amp;resize=300%2C300&amp;ssl=1 900w\" sizes=\"(max-width: 300px) 100vw, 300px\" \/><\/a>\n\t\t\t<div class=\"product-add-to-cart\" data-nectar-quickview=\"true\"><a href=\"https:\/\/becooltravel.com\/contact\/\" target=\"_blank\" class=\"button add_to_cart_button\">Consulte-nos<\/a>\t<span id=\"woocommerce_loop_add_to_cart_link_describedby_5010\" class=\"screen-reader-text\">\n\t\t\t<\/span>\n<a class=\"nectar_quick_view no-ajaxy button\" data-product-id=\"5010\"> <i class=\"normal icon-salient-m-eye\"><\/i>\n\t    <span>Olhada r\u00e1pida<\/span><\/a><\/div>\t\t   <\/div>\n\t\t\t\t\n\t  \n\n\t\t<h2 class=\"woocommerce-loop-product__title\">F\u00e9rias Independentes em Coimbra: joias escondidas do centro de Portugal<\/h2><h3>Turismo aut\u00f4nomo<\/h3><p class=\"product-duration\"><strong>Dura\u00e7\u00e3o:<\/strong> 8 dias \/ 7 noites<\/p><p class=\"product-duration availability\"><strong>Disponibilidade:<\/strong> Janeiro - dezembro<\/p><p class=\"product-duration grade\"><strong>Nota:<\/strong> Lazer (3\/8)<\/p>\n<a href=\"https:\/\/becooltravel.com\/pt\/produto\/coimbra-escondido-joias-do-centro-portugal-53000sc\/\" class=\"price\">Solicitar Pre\u00e7o<\/a>\n\t\n\n\t\n<\/li>\n\t<li class=\"classic product type-product post-5075 status-publish instock product_cat-self-drive-holidays-portugal product_cat-self-guided-sightseeing-holidays-in-portugal product_cat-self-guided-tours-portugal product_tag--ria-formosa-natural-park product_tag-alcoutim product_tag-algarve-city product_tag-alleine-reisen product_tag-almonds product_tag-barranco-do-velho product_tag-barril-beach product_tag-blue-waters product_tag-cacela-velha product_tag-cachopo product_tag-carob-trees product_tag-castro-marim product_tag-central-portugal product_tag-cork-trees product_tag-countryside product_tag-culture product_tag-delicious-food product_tag-eastern-algarve product_tag-ferragudo product_tag-figs product_tag-fishing-heritage product_tag-foz-de-odeleite product_tag-golden-sandy-beaches product_tag-gorges product_tag-guadiana-river product_tag-guerreiros-do-rio product_tag-history product_tag-individuelle-touren product_tag-lush-green-hills product_tag-monte-gordo product_tag-natural-park product_tag-olives product_tag-palm-trees product_tag-picturesque-landscapes product_tag-protected-area product_tag-quartzite-elevations product_tag-ria-formosa-natural-reserve product_tag-ria-formosa-nature-reserve product_tag-sagres product_tag-santa-rita product_tag-sao-bras-de-alportel product_tag-sejour-en-liberte product_tag-self-drive-holiday product_tag-self-guided product_tag-self-guided-holiday product_tag-serra-do-caldeirao product_tag-sightseeing product_tag-solo-reisen product_tag-tavira product_tag-tours-autoguidees product_tag-undulating-plains product_tag-valleys product_tag-vila-do-vispo product_tag-vila-real-de-santo-antonio product_tag-voyage-en-liberte product_tag-voyages-en-autonomie product_tag-walking-in-tavira product_tag-wines has-post-thumbnail virtual product-type-simple\" >\n\n\n\t\n\n\t\t\t   <div class=\"product-wrap\">\n\t\t\t<a href=\"https:\/\/becooltravel.com\/pt\/produto\/tavira-experience-the-east-algarve-54001sc-2\/\" aria-label=\"Tavira Self-Drive Road Trip: Experimente o Sotavento Algarvio\"><img decoding=\"async\" width=\"300\" height=\"300\" src=\"https:\/\/i0.wp.com\/becooltravel.com\/wp-content\/uploads\/sites\/5\/2020\/05\/Roman-bridge-in-Tavira-Venice-of-Algarve-2.jpg?resize=300%2C300&amp;ssl=1\" class=\"attachment-woocommerce_thumbnail size-woocommerce_thumbnail\" alt=\"Tavira pac\u00edfica cidade costeira no Sotavento Algarvio.\" srcset=\"https:\/\/i0.wp.com\/becooltravel.com\/wp-content\/uploads\/sites\/5\/2020\/05\/Roman-bridge-in-Tavira-Venice-of-Algarve-2.jpg?resize=150%2C150&amp;ssl=1 150w, https:\/\/i0.wp.com\/becooltravel.com\/wp-content\/uploads\/sites\/5\/2020\/05\/Roman-bridge-in-Tavira-Venice-of-Algarve-2.jpg?resize=100%2C100&amp;ssl=1 100w, https:\/\/i0.wp.com\/becooltravel.com\/wp-content\/uploads\/sites\/5\/2020\/05\/Roman-bridge-in-Tavira-Venice-of-Algarve-2.jpg?resize=140%2C140&amp;ssl=1 140w, https:\/\/i0.wp.com\/becooltravel.com\/wp-content\/uploads\/sites\/5\/2020\/05\/Roman-bridge-in-Tavira-Venice-of-Algarve-2.jpg?resize=500%2C500&amp;ssl=1 500w, https:\/\/i0.wp.com\/becooltravel.com\/wp-content\/uploads\/sites\/5\/2020\/05\/Roman-bridge-in-Tavira-Venice-of-Algarve-2.jpg?resize=350%2C350&amp;ssl=1 350w, https:\/\/i0.wp.com\/becooltravel.com\/wp-content\/uploads\/sites\/5\/2020\/05\/Roman-bridge-in-Tavira-Venice-of-Algarve-2.jpg?resize=800%2C800&amp;ssl=1 800w, https:\/\/i0.wp.com\/becooltravel.com\/wp-content\/uploads\/sites\/5\/2020\/05\/Roman-bridge-in-Tavira-Venice-of-Algarve-2.jpg?resize=300%2C300&amp;ssl=1 300w, https:\/\/i0.wp.com\/becooltravel.com\/wp-content\/uploads\/sites\/5\/2020\/05\/Roman-bridge-in-Tavira-Venice-of-Algarve-2.jpg?zoom=2&amp;resize=300%2C300&amp;ssl=1 600w, https:\/\/i0.wp.com\/becooltravel.com\/wp-content\/uploads\/sites\/5\/2020\/05\/Roman-bridge-in-Tavira-Venice-of-Algarve-2.jpg?zoom=3&amp;resize=300%2C300&amp;ssl=1 900w\" sizes=\"(max-width: 300px) 100vw, 300px\" \/><\/a>\n\t\t\t<div class=\"product-add-to-cart\" data-nectar-quickview=\"true\"><a href=\"https:\/\/becooltravel.com\/contact\/\" target=\"_blank\" class=\"button add_to_cart_button\">Consulte-nos<\/a>\t<span id=\"woocommerce_loop_add_to_cart_link_describedby_5075\" class=\"screen-reader-text\">\n\t\t\t<\/span>\n<a class=\"nectar_quick_view no-ajaxy button\" data-product-id=\"5075\"> <i class=\"normal icon-salient-m-eye\"><\/i>\n\t    <span>Olhada r\u00e1pida<\/span><\/a><\/div>\t\t   <\/div>\n\t\t\t\t\n\t  \n\n\t\t<h2 class=\"woocommerce-loop-product__title\">Tavira Self-Drive Road Trip: Experimente o Sotavento Algarvio<\/h2><h3>Turismo aut\u00f4nomo<\/h3><p class=\"product-duration\"><strong>Dura\u00e7\u00e3o:<\/strong> 5 dias \/ 4 noites<\/p><p class=\"product-duration availability\"><strong>Disponibilidade:<\/strong> Janeiro - dezembro<\/p><p class=\"product-duration grade\"><strong>Nota:<\/strong> Lazer (2\/8)<\/p>\n<a href=\"https:\/\/becooltravel.com\/pt\/produto\/tavira-experience-the-east-algarve-54001sc-2\/\" class=\"price\">Solicitar Pre\u00e7o<\/a>\n\t\n\n\t\n<\/li>\n\t<li class=\"classic product type-product post-5228 status-publish last instock product_cat-self-guided-sightseeing-holidays-in-portugal product_cat-self-guided-tours-portugal product_tag-a-port-wine-cellar product_tag-alleine-reisen product_tag-clerigos-tower product_tag-douro product_tag-douro-river product_tag-douro-valley product_tag-historic-monuments-in-porto product_tag-individuelle-touren product_tag-individuelle-wandertouren product_tag-lello-bookshop product_tag-major-cities-of-portugal product_tag-narrow-winding-streets product_tag-northern-portugal product_tag-oporto product_tag-port product_tag-port-lodges product_tag-port-wine product_tag-porto product_tag-porto-bridges product_tag-porto-holidays product_tag-porto-world-heritage product_tag-portos-old-town product_tag-ribeira product_tag-river-douro product_tag-sejour-en-liberte product_tag-self-guided-holidays product_tag-self-guided-sightseeing product_tag-self-guided-tour product_tag-shopping-in-porto product_tag-sightseeing-porto product_tag-solo-reisen product_tag-tours-autoguidees product_tag-train-holidays product_tag-travel-train-tour-in-portugal product_tag-vintage-trams product_tag-voyage-en-liberte product_tag-voyages-en-autonomie product_tag-walks-porto product_tag-world-heritage-sites has-post-thumbnail virtual product-type-simple\" >\n\n\n\t\n\n\t\t\t   <div class=\"product-wrap\">\n\t\t\t<a href=\"https:\/\/becooltravel.com\/pt\/produto\/porto-trendy-and-charming-6200s\/\" aria-label=\"F\u00e9rias no Porto, Trendy e Charmoso\"><img decoding=\"async\" width=\"300\" height=\"300\" src=\"https:\/\/i0.wp.com\/becooltravel.com\/wp-content\/uploads\/sites\/5\/2020\/06\/Rabelo_boats_porto.jpg?resize=300%2C300&amp;ssl=1\" class=\"attachment-woocommerce_thumbnail size-woocommerce_thumbnail\" alt=\"Barcos rabelo no rio Douro\" srcset=\"https:\/\/i0.wp.com\/becooltravel.com\/wp-content\/uploads\/sites\/5\/2020\/06\/Rabelo_boats_porto.jpg?resize=150%2C150&amp;ssl=1 150w, https:\/\/i0.wp.com\/becooltravel.com\/wp-content\/uploads\/sites\/5\/2020\/06\/Rabelo_boats_porto.jpg?resize=100%2C100&amp;ssl=1 100w, https:\/\/i0.wp.com\/becooltravel.com\/wp-content\/uploads\/sites\/5\/2020\/06\/Rabelo_boats_porto.jpg?resize=140%2C140&amp;ssl=1 140w, https:\/\/i0.wp.com\/becooltravel.com\/wp-content\/uploads\/sites\/5\/2020\/06\/Rabelo_boats_porto.jpg?resize=500%2C500&amp;ssl=1 500w, https:\/\/i0.wp.com\/becooltravel.com\/wp-content\/uploads\/sites\/5\/2020\/06\/Rabelo_boats_porto.jpg?resize=350%2C350&amp;ssl=1 350w, https:\/\/i0.wp.com\/becooltravel.com\/wp-content\/uploads\/sites\/5\/2020\/06\/Rabelo_boats_porto.jpg?resize=800%2C800&amp;ssl=1 800w, https:\/\/i0.wp.com\/becooltravel.com\/wp-content\/uploads\/sites\/5\/2020\/06\/Rabelo_boats_porto.jpg?resize=300%2C300&amp;ssl=1 300w, https:\/\/i0.wp.com\/becooltravel.com\/wp-content\/uploads\/sites\/5\/2020\/06\/Rabelo_boats_porto.jpg?zoom=2&amp;resize=300%2C300&amp;ssl=1 600w, https:\/\/i0.wp.com\/becooltravel.com\/wp-content\/uploads\/sites\/5\/2020\/06\/Rabelo_boats_porto.jpg?zoom=3&amp;resize=300%2C300&amp;ssl=1 900w\" sizes=\"(max-width: 300px) 100vw, 300px\" \/><\/a>\n\t\t\t<div class=\"product-add-to-cart\" data-nectar-quickview=\"true\"><a href=\"https:\/\/becooltravel.com\/contact\/\" target=\"_blank\" class=\"button add_to_cart_button\">Consulte-nos<\/a>\t<span id=\"woocommerce_loop_add_to_cart_link_describedby_5228\" class=\"screen-reader-text\">\n\t\t\t<\/span>\n<a class=\"nectar_quick_view no-ajaxy button\" data-product-id=\"5228\"> <i class=\"normal icon-salient-m-eye\"><\/i>\n\t    <span>Olhada r\u00e1pida<\/span><\/a><\/div>\t\t   <\/div>\n\t\t\t\t\n\t  \n\n\t\t<h2 class=\"woocommerce-loop-product__title\">F\u00e9rias no Porto, Trendy e Charmoso<\/h2><h3>Turismo autoguiado<\/h3><p class=\"product-duration\"><strong>Dura\u00e7\u00e3o:<\/strong> 5 dias \/ 4 noites<\/p><p class=\"product-duration availability\"><strong>Disponibilidade:<\/strong> Janeiro - dezembro<\/p>\n<a href=\"https:\/\/becooltravel.com\/pt\/produto\/porto-trendy-and-charming-6200s\/\" class=\"price\">Solicitar Pre\u00e7o<\/a>\n\t\n\n\t\n<\/li>\n\t<li class=\"classic product type-product post-5080 status-publish first instock product_cat-self-drive-holidays-portugal product_cat-self-guided-sightseeing-holidays-in-portugal product_cat-self-guided-tours-portugal product_tag-albufeira product_tag-algarve product_tag-alleine-reisen product_tag-alte product_tag-carvoeiro product_tag-central-algarve product_tag-coastal product_tag-colours product_tag-countryside product_tag-crafted-self-guided-tour product_tag-culture product_tag-delicious-food product_tag-fly-drive product_tag-hills product_tag-historic-centre product_tag-history product_tag-holidays product_tag-individuelle-touren product_tag-landscape product_tag-loule product_tag-lush-green-hills product_tag-market product_tag-natural-park product_tag-paderne product_tag-parapets product_tag-picturesque-landscapes product_tag-protected-area product_tag-salir product_tag-secluded-beaches product_tag-sejour-en-liberte product_tag-self-drive-holiday product_tag-self-guided product_tag-self-guided-holiday product_tag-senhora-da-rocha product_tag-sightseeing product_tag-solo-reisen product_tag-tours-autoguidees product_tag-traditions product_tag-undulating-plains product_tag-valleys product_tag-village product_tag-voyage-en-liberte product_tag-voyages-en-autonomie product_tag-white-washed-houses product_tag-wines has-post-thumbnail virtual product-type-simple\" >\n\n\n\t\n\n\t\t\t   <div class=\"product-wrap\">\n\t\t\t<a href=\"https:\/\/becooltravel.com\/pt\/produto\/albufeira-descobrir-o-central-algarve-55000sc\/\" aria-label=\"F\u00e9rias independentes em auto-condu\u00e7\u00e3o em Albufeira, no centro do Algarve\"><img decoding=\"async\" width=\"300\" height=\"300\" src=\"https:\/\/i0.wp.com\/becooltravel.com\/wp-content\/uploads\/sites\/5\/2020\/05\/Typical_chimney.jpg?resize=300%2C300&amp;ssl=1\" class=\"attachment-woocommerce_thumbnail size-woocommerce_thumbnail\" alt=\"Chamin\u00e9 t\u00edpica do Algarve Central\" srcset=\"https:\/\/i0.wp.com\/becooltravel.com\/wp-content\/uploads\/sites\/5\/2020\/05\/Typical_chimney.jpg?resize=150%2C150&amp;ssl=1 150w, https:\/\/i0.wp.com\/becooltravel.com\/wp-content\/uploads\/sites\/5\/2020\/05\/Typical_chimney.jpg?resize=100%2C100&amp;ssl=1 100w, https:\/\/i0.wp.com\/becooltravel.com\/wp-content\/uploads\/sites\/5\/2020\/05\/Typical_chimney.jpg?resize=140%2C140&amp;ssl=1 140w, https:\/\/i0.wp.com\/becooltravel.com\/wp-content\/uploads\/sites\/5\/2020\/05\/Typical_chimney.jpg?resize=500%2C500&amp;ssl=1 500w, https:\/\/i0.wp.com\/becooltravel.com\/wp-content\/uploads\/sites\/5\/2020\/05\/Typical_chimney.jpg?resize=350%2C350&amp;ssl=1 350w, https:\/\/i0.wp.com\/becooltravel.com\/wp-content\/uploads\/sites\/5\/2020\/05\/Typical_chimney.jpg?resize=300%2C300&amp;ssl=1 300w, https:\/\/i0.wp.com\/becooltravel.com\/wp-content\/uploads\/sites\/5\/2020\/05\/Typical_chimney.jpg?zoom=2&amp;resize=300%2C300&amp;ssl=1 600w, https:\/\/i0.wp.com\/becooltravel.com\/wp-content\/uploads\/sites\/5\/2020\/05\/Typical_chimney.jpg?zoom=3&amp;resize=300%2C300&amp;ssl=1 900w\" sizes=\"(max-width: 300px) 100vw, 300px\" \/><\/a>\n\t\t\t<div class=\"product-add-to-cart\" data-nectar-quickview=\"true\"><a href=\"https:\/\/becooltravel.com\/contact\/\" target=\"_blank\" class=\"button add_to_cart_button\">Consulte-nos<\/a>\t<span id=\"woocommerce_loop_add_to_cart_link_describedby_5080\" class=\"screen-reader-text\">\n\t\t\t<\/span>\n<a class=\"nectar_quick_view no-ajaxy button\" data-product-id=\"5080\"> <i class=\"normal icon-salient-m-eye\"><\/i>\n\t    <span>Olhada r\u00e1pida<\/span><\/a><\/div>\t\t   <\/div>\n\t\t\t\t\n\t  \n\n\t\t<h2 class=\"woocommerce-loop-product__title\">F\u00e9rias independentes em auto-condu\u00e7\u00e3o em Albufeira, no centro do Algarve<\/h2><h3>Turismo aut\u00f4nomo<\/h3><p class=\"product-duration\"><strong>Dura\u00e7\u00e3o:<\/strong> 8 dias \/ 7 noites<\/p><p class=\"product-duration availability\"><strong>Disponibilidade:<\/strong> Janeiro - dezembro<\/p><p class=\"product-duration grade\"><strong>Nota:<\/strong> Lazer (2\/8)<\/p>\n<a href=\"https:\/\/becooltravel.com\/pt\/produto\/albufeira-descobrir-o-central-algarve-55000sc\/\" class=\"price\">Solicitar Pre\u00e7o<\/a>\n\t\n\n\t\n<\/li>\n\t<li class=\"classic product type-product post-3760 status-publish instock product_cat-self-guided-tours-portugal product_cat-self-guided-walking-holidays product_tag-algarve product_tag-alleine-reisen product_tag-almonds product_tag-alvor product_tag-beaches product_tag-bird-watching product_tag-carobs product_tag-caves product_tag-cliff-top product_tag-cliffs product_tag-coastal-algarve product_tag-countryside product_tag-culture product_tag-delicious-food product_tag-east-algarve product_tag-golden-beaches product_tag-grottoes product_tag-hiking product_tag-history product_tag-individual-hiking product_tag-individuelle-touren product_tag-individuelle-trekkingreisen product_tag-individuelle-wandern product_tag-individuelle-wanderreisen product_tag-individuelle-wandertouren product_tag-inland-algarve product_tag-itinerary-of-walks product_tag-limestone-rocks product_tag-lush-green-hills product_tag-natural-scenery product_tag-nature-hikes product_tag-nature-walks product_tag-olives product_tag-oranges product_tag-orchards product_tag-paths product_tag-picturesque-landscapes product_tag-portimao product_tag-praia-da-rocha product_tag-rando-autoguidee product_tag-rando-liberte product_tag-randonnee-autoguidee product_tag-randonnee-en-liberte product_tag-randonnee-liberte product_tag-ria-de-alvor product_tag-rocha-delicada product_tag-sejour-en-liberte product_tag-self-guided product_tag-self-guided-walking-holiday product_tag-self-guided-walking-tour product_tag-sightseeing product_tag-silves product_tag-solo-reisen product_tag-solo-wandern product_tag-tours-autoguidees product_tag-tours-in-portugal product_tag-trails product_tag-trek-en-liberte product_tag-trek-solo product_tag-trekking-solo product_tag-vale-da-lama product_tag-voyage-en-liberte product_tag-voyages-a-pied-en-liberte product_tag-voyages-en-autonomie product_tag-walking product_tag-walking-holiday product_tag-walking-holidays product_tag-walking-tour product_tag-walking-tours product_tag-walking-trails product_tag-walks product_tag-west-algarve product_tag-wines has-post-thumbnail virtual product-type-simple\" >\n\n\n\t\n\n\t\t\t   <div class=\"product-wrap\">\n\t\t\t<a href=\"https:\/\/becooltravel.com\/pt\/produto\/andando-nos-trilhos-do-oeste-algarve-praia-da-rocha-1603s\/\" aria-label=\"Praia da Rocha: Percursos Pedestres do Oeste Algarve\"><img decoding=\"async\" width=\"300\" height=\"300\" src=\"https:\/\/i0.wp.com\/becooltravel.com\/wp-content\/uploads\/sites\/5\/2020\/05\/Self_guided_walk_WestAlgarve.jpg?resize=300%2C300&amp;ssl=1\" class=\"attachment-woocommerce_thumbnail size-woocommerce_thumbnail\" alt=\"Caminhada autoguiada Oeste Algarve\" srcset=\"https:\/\/i0.wp.com\/becooltravel.com\/wp-content\/uploads\/sites\/5\/2020\/05\/Self_guided_walk_WestAlgarve.jpg?resize=150%2C150&amp;ssl=1 150w, https:\/\/i0.wp.com\/becooltravel.com\/wp-content\/uploads\/sites\/5\/2020\/05\/Self_guided_walk_WestAlgarve.jpg?resize=100%2C100&amp;ssl=1 100w, https:\/\/i0.wp.com\/becooltravel.com\/wp-content\/uploads\/sites\/5\/2020\/05\/Self_guided_walk_WestAlgarve.jpg?resize=140%2C140&amp;ssl=1 140w, https:\/\/i0.wp.com\/becooltravel.com\/wp-content\/uploads\/sites\/5\/2020\/05\/Self_guided_walk_WestAlgarve.jpg?resize=500%2C500&amp;ssl=1 500w, https:\/\/i0.wp.com\/becooltravel.com\/wp-content\/uploads\/sites\/5\/2020\/05\/Self_guided_walk_WestAlgarve.jpg?resize=350%2C350&amp;ssl=1 350w, https:\/\/i0.wp.com\/becooltravel.com\/wp-content\/uploads\/sites\/5\/2020\/05\/Self_guided_walk_WestAlgarve.jpg?resize=800%2C800&amp;ssl=1 800w, https:\/\/i0.wp.com\/becooltravel.com\/wp-content\/uploads\/sites\/5\/2020\/05\/Self_guided_walk_WestAlgarve.jpg?resize=300%2C300&amp;ssl=1 300w, https:\/\/i0.wp.com\/becooltravel.com\/wp-content\/uploads\/sites\/5\/2020\/05\/Self_guided_walk_WestAlgarve.jpg?zoom=2&amp;resize=300%2C300&amp;ssl=1 600w, https:\/\/i0.wp.com\/becooltravel.com\/wp-content\/uploads\/sites\/5\/2020\/05\/Self_guided_walk_WestAlgarve.jpg?zoom=3&amp;resize=300%2C300&amp;ssl=1 900w\" sizes=\"(max-width: 300px) 100vw, 300px\" \/><\/a>\n\t\t\t<div class=\"product-add-to-cart\" data-nectar-quickview=\"true\"><a href=\"https:\/\/becooltravel.com\/contact\/\" target=\"_blank\" class=\"button add_to_cart_button\">Consulte-nos<\/a>\t<span id=\"woocommerce_loop_add_to_cart_link_describedby_3760\" class=\"screen-reader-text\">\n\t\t\t<\/span>\n<a class=\"nectar_quick_view no-ajaxy button\" data-product-id=\"3760\"> <i class=\"normal icon-salient-m-eye\"><\/i>\n\t    <span>Olhada r\u00e1pida<\/span><\/a><\/div>\t\t   <\/div>\n\t\t\t\t\n\t  \n\n\t\t<h2 class=\"woocommerce-loop-product__title\">Praia da Rocha: Percursos Pedestres do Oeste Algarve<\/h2><h3>Caminhada autoguiada<\/h3><p class=\"product-duration\"><strong>Dura\u00e7\u00e3o:<\/strong> 8 dias \/ 7 noites<\/p><p class=\"product-duration availability\"><strong>Disponibilidade:<\/strong> Janeiro - dezembro<\/p><p class=\"product-duration grade\"><strong>Nota:<\/strong> Moderado (4\/8)<\/p>\n<a href=\"https:\/\/becooltravel.com\/pt\/produto\/andando-nos-trilhos-do-oeste-algarve-praia-da-rocha-1603s\/\" class=\"price\">Solicitar Pre\u00e7o<\/a>\n\t\n\n\t\n<\/li>\n\t<li class=\"classic product type-product post-3762 status-publish instock product_cat-self-guided-tours-portugal product_cat-self-guided-walking-holidays product_tag-algarve-coast product_tag-algarve-coastal-strip product_tag-alleine-reisen product_tag-along-the-coast product_tag-bird-watching product_tag-coastal-algarve-walk product_tag-dramatic-beauty-of-the-atlantic-coast product_tag-dramatic-cliffs product_tag-europe product_tag-fabulous-walks-along-the-coast product_tag-green-countryside product_tag-hikes-in-the-cliffs product_tag-individual-hiking product_tag-individuelle-touren product_tag-individuelle-trekkingreisen product_tag-individuelle-wandern product_tag-individuelle-wanderreisen product_tag-individuelle-wandertouren product_tag-lagos product_tag-local-fauna product_tag-local-markets product_tag-meia-praia product_tag-nature-activities product_tag-nature-walks product_tag-portugal product_tag-portugal-great-food-and-wine product_tag-portugal-perfect-walking-holiday product_tag-rando-autoguidee product_tag-rando-liberte product_tag-randonnee-autoguidee product_tag-randonnee-en-liberte product_tag-randonnee-liberte product_tag-river-arade product_tag-sejour-en-liberte product_tag-self-guided product_tag-self-guided-walking product_tag-self-guided-walking-holiday product_tag-sir-francis-drake product_tag-solo-reisen product_tag-solo-wandern product_tag-tours-autoguidees product_tag-trek-en-liberte product_tag-trek-solo product_tag-trekking-solo product_tag-undisturbed-places-in-portugal product_tag-voyage-en-liberte product_tag-voyages-a-pied-en-liberte product_tag-voyages-en-autonomie product_tag-walking-experiences product_tag-walking-holidays product_tag-walking-program product_tag-walking-tours product_tag-walking-towards-the-sunset product_tag-west-algarve product_tag-western-europe has-post-thumbnail virtual product-type-simple\" >\n\n\n\t\n\n\t\t\t   <div class=\"product-wrap\">\n\t\t\t<a href=\"https:\/\/becooltravel.com\/pt\/produto\/caminhando-em-direcao-ao-por-do-sol-no-oeste-algarve-lagos-1601s\/\" aria-label=\"F\u00e9rias em Lagos: Caminhando em dire\u00e7\u00e3o ao p\u00f4r do sol no Oeste do Algarve\"><img decoding=\"async\" width=\"300\" height=\"300\" src=\"https:\/\/i0.wp.com\/becooltravel.com\/wp-content\/uploads\/sites\/5\/2020\/05\/Sagres_dramatic_views_cliffs.jpg?resize=300%2C300&amp;ssl=1\" class=\"attachment-woocommerce_thumbnail size-woocommerce_thumbnail\" alt=\"Caminhando nas fal\u00e9sias do Oeste do Algarve\" srcset=\"https:\/\/i0.wp.com\/becooltravel.com\/wp-content\/uploads\/sites\/5\/2020\/05\/Sagres_dramatic_views_cliffs.jpg?resize=150%2C150&amp;ssl=1 150w, https:\/\/i0.wp.com\/becooltravel.com\/wp-content\/uploads\/sites\/5\/2020\/05\/Sagres_dramatic_views_cliffs.jpg?resize=100%2C100&amp;ssl=1 100w, https:\/\/i0.wp.com\/becooltravel.com\/wp-content\/uploads\/sites\/5\/2020\/05\/Sagres_dramatic_views_cliffs.jpg?resize=140%2C140&amp;ssl=1 140w, https:\/\/i0.wp.com\/becooltravel.com\/wp-content\/uploads\/sites\/5\/2020\/05\/Sagres_dramatic_views_cliffs.jpg?resize=500%2C500&amp;ssl=1 500w, https:\/\/i0.wp.com\/becooltravel.com\/wp-content\/uploads\/sites\/5\/2020\/05\/Sagres_dramatic_views_cliffs.jpg?resize=350%2C350&amp;ssl=1 350w, https:\/\/i0.wp.com\/becooltravel.com\/wp-content\/uploads\/sites\/5\/2020\/05\/Sagres_dramatic_views_cliffs.jpg?resize=800%2C800&amp;ssl=1 800w, https:\/\/i0.wp.com\/becooltravel.com\/wp-content\/uploads\/sites\/5\/2020\/05\/Sagres_dramatic_views_cliffs.jpg?resize=300%2C300&amp;ssl=1 300w, https:\/\/i0.wp.com\/becooltravel.com\/wp-content\/uploads\/sites\/5\/2020\/05\/Sagres_dramatic_views_cliffs.jpg?zoom=2&amp;resize=300%2C300&amp;ssl=1 600w, https:\/\/i0.wp.com\/becooltravel.com\/wp-content\/uploads\/sites\/5\/2020\/05\/Sagres_dramatic_views_cliffs.jpg?zoom=3&amp;resize=300%2C300&amp;ssl=1 900w\" sizes=\"(max-width: 300px) 100vw, 300px\" \/><\/a>\n\t\t\t<div class=\"product-add-to-cart\" data-nectar-quickview=\"true\"><a href=\"https:\/\/becooltravel.com\/contact\/\" target=\"_blank\" class=\"button add_to_cart_button\">Consulte-nos<\/a>\t<span id=\"woocommerce_loop_add_to_cart_link_describedby_3762\" class=\"screen-reader-text\">\n\t\t\t<\/span>\n<a class=\"nectar_quick_view no-ajaxy button\" data-product-id=\"3762\"> <i class=\"normal icon-salient-m-eye\"><\/i>\n\t    <span>Olhada r\u00e1pida<\/span><\/a><\/div>\t\t   <\/div>\n\t\t\t\t\n\t  \n\n\t\t<h2 class=\"woocommerce-loop-product__title\">F\u00e9rias em Lagos: Caminhando em dire\u00e7\u00e3o ao p\u00f4r do sol no Oeste do Algarve<\/h2><h3>Caminhada autoguiada<\/h3><p class=\"product-duration\"><strong>Dura\u00e7\u00e3o:<\/strong> 8 dias \/ 7 noites<\/p><p class=\"product-duration availability\"><strong>Disponibilidade:<\/strong> Janeiro - dezembro<\/p><p class=\"product-duration grade\"><strong>Nota:<\/strong> Lazer (3\/8)<\/p>\n<a href=\"https:\/\/becooltravel.com\/pt\/produto\/caminhando-em-direcao-ao-por-do-sol-no-oeste-algarve-lagos-1601s\/\" class=\"price\">Solicitar Pre\u00e7o<\/a>\n\t\n\n\t\n<\/li>\n\t<li class=\"classic product type-product post-4940 status-publish last instock product_cat-self-drive-holidays-portugal product_cat-self-guided-tours-portugal product_cat-self-guided-walking-holidays product_tag-algarve product_tag-algarve-secluded-beaches product_tag-alleine-reisen product_tag-almond-tree product_tag-alvor product_tag-alvor-estuary product_tag-amazing-hikes product_tag-birdwatching product_tag-carobs product_tag-cherry-picked-walks product_tag-cliff-top product_tag-coastal-walks product_tag-countryside product_tag-culture product_tag-delicious-food product_tag-elected-best-european-destination product_tag-fly-drive product_tag-hikes-in-the-cliffs product_tag-hiking product_tag-historic-centre product_tag-history product_tag-holidays product_tag-holidays-in-portugal product_tag-individual-hiking product_tag-individuelle-touren product_tag-individuelle-trekkingreisen product_tag-individuelle-wandern product_tag-individuelle-wanderreisen product_tag-individuelle-wandertouren product_tag-inland-algarve product_tag-lagos product_tag-lush-green-hills product_tag-mining product_tag-nature-hikes product_tag-nature-walks product_tag-olives product_tag-oranges product_tag-orchards product_tag-paths product_tag-pinturesque-landscape product_tag-ponta-da-piedade product_tag-portugal product_tag-rando-autoguidee product_tag-rando-liberte product_tag-randonnee-autoguidee product_tag-randonnee-en-liberte product_tag-randonnee-liberte product_tag-ria-de-alvor product_tag-sejour-en-liberte product_tag-self-guided product_tag-self-guided-holidays product_tag-self-guided-tours product_tag-sightseeing product_tag-slave-market-lagos product_tag-solo-reisen product_tag-solo-wandern product_tag-sunny-winters product_tag-tours-autoguidees product_tag-tours-in-portugal product_tag-trails product_tag-trek-en-liberte product_tag-trek-solo product_tag-trekking-solo product_tag-vacations product_tag-voyage-en-liberte product_tag-voyages-a-pied-en-liberte product_tag-voyages-en-autonomie product_tag-walking-tours product_tag-walking-trails product_tag-walks product_tag-west-algarve product_tag-wines has-post-thumbnail virtual product-type-simple\" >\n\n\n\t\n\n\t\t\t   <div class=\"product-wrap\">\n\t\t\t<a href=\"https:\/\/becooltravel.com\/pt\/produto\/andando-no-maravilhoso-oeste-algarve-5300sc\/\" aria-label=\"F\u00e9rias a p\u00e9 em Lagos, no Maravilhoso Oeste do Algarve\"><img decoding=\"async\" width=\"300\" height=\"300\" src=\"https:\/\/i0.wp.com\/becooltravel.com\/wp-content\/uploads\/sites\/5\/2020\/06\/Walk_west_algarve-1.jpg?resize=300%2C300&amp;ssl=1\" class=\"attachment-woocommerce_thumbnail size-woocommerce_thumbnail\" alt=\"oeste do Algarve\" srcset=\"https:\/\/i0.wp.com\/becooltravel.com\/wp-content\/uploads\/sites\/5\/2020\/06\/Walk_west_algarve-1.jpg?resize=150%2C150&amp;ssl=1 150w, https:\/\/i0.wp.com\/becooltravel.com\/wp-content\/uploads\/sites\/5\/2020\/06\/Walk_west_algarve-1.jpg?resize=100%2C100&amp;ssl=1 100w, https:\/\/i0.wp.com\/becooltravel.com\/wp-content\/uploads\/sites\/5\/2020\/06\/Walk_west_algarve-1.jpg?resize=140%2C140&amp;ssl=1 140w, https:\/\/i0.wp.com\/becooltravel.com\/wp-content\/uploads\/sites\/5\/2020\/06\/Walk_west_algarve-1.jpg?resize=500%2C500&amp;ssl=1 500w, https:\/\/i0.wp.com\/becooltravel.com\/wp-content\/uploads\/sites\/5\/2020\/06\/Walk_west_algarve-1.jpg?resize=350%2C350&amp;ssl=1 350w, https:\/\/i0.wp.com\/becooltravel.com\/wp-content\/uploads\/sites\/5\/2020\/06\/Walk_west_algarve-1.jpg?resize=300%2C300&amp;ssl=1 300w, https:\/\/i0.wp.com\/becooltravel.com\/wp-content\/uploads\/sites\/5\/2020\/06\/Walk_west_algarve-1.jpg?zoom=2&amp;resize=300%2C300&amp;ssl=1 600w, https:\/\/i0.wp.com\/becooltravel.com\/wp-content\/uploads\/sites\/5\/2020\/06\/Walk_west_algarve-1.jpg?zoom=3&amp;resize=300%2C300&amp;ssl=1 900w\" sizes=\"(max-width: 300px) 100vw, 300px\" \/><\/a>\n\t\t\t<div class=\"product-add-to-cart\" data-nectar-quickview=\"true\"><a href=\"https:\/\/becooltravel.com\/contact\/\" target=\"_blank\" class=\"button add_to_cart_button\">Consulte-nos<\/a>\t<span id=\"woocommerce_loop_add_to_cart_link_describedby_4940\" class=\"screen-reader-text\">\n\t\t\t<\/span>\n<a class=\"nectar_quick_view no-ajaxy button\" data-product-id=\"4940\"> <i class=\"normal icon-salient-m-eye\"><\/i>\n\t    <span>Olhada r\u00e1pida<\/span><\/a><\/div>\t\t   <\/div>\n\t\t\t\t\n\t  \n\n\t\t<h2 class=\"woocommerce-loop-product__title\">F\u00e9rias a p\u00e9 em Lagos, no Maravilhoso Oeste do Algarve<\/h2><h3>Caminhada em dire\u00e7\u00e3o pr\u00f3pria<\/h3><p class=\"product-duration\"><strong>Dura\u00e7\u00e3o:<\/strong> 8 dias \/ 7 noites<\/p><p class=\"product-duration availability\"><strong>Disponibilidade:<\/strong> Janeiro - dezembro<\/p><p class=\"product-duration grade\"><strong>Nota:<\/strong> Moderado (4\/8)<\/p>\n<a href=\"https:\/\/becooltravel.com\/pt\/produto\/andando-no-maravilhoso-oeste-algarve-5300sc\/\" class=\"price\">Solicitar Pre\u00e7o<\/a>\n\t\n\n\t\n<\/li>\n\t<li class=\"classic product type-product post-5091 status-publish first instock product_cat-self-drive-holidays-portugal product_cat-self-guided-sightseeing-holidays-in-portugal product_cat-self-guided-tours-portugal product_tag-algarve-coast product_tag-algarve-secluded-beaches product_tag-algarves-west-coast product_tag-alleine-reisen product_tag-atlantic-ocean product_tag-cabo-de-sao-vicente product_tag-carapateira product_tag-castle product_tag-coastal product_tag-colours product_tag-countryside product_tag-crafted-self-guided-tour product_tag-culture product_tag-delicious-food product_tag-gastronomy-and-wines product_tag-hills product_tag-historic-centre product_tag-history product_tag-individuelle-touren product_tag-lagos product_tag-landscape product_tag-lush-green-hills product_tag-market product_tag-martim-longo product_tag-monchique product_tag-natural-park product_tag-odeceixe product_tag-parapets product_tag-picturesque-landscapes product_tag-ponta-da-piedade product_tag-portimao product_tag-praia-da-luz product_tag-protected-area product_tag-querenca product_tag-sagres product_tag-salema product_tag-sao-bartolomeu-de-messines product_tag-secluded-beaches product_tag-sejour-en-liberte product_tag-self-drive-holiday product_tag-self-guided product_tag-self-guided-holiday product_tag-self-guided-sightseeing product_tag-sightseeing product_tag-silves product_tag-slave-market-lagos product_tag-solo-reisen product_tag-tours-autoguidees product_tag-traditions product_tag-undulating-plains product_tag-valleys product_tag-village product_tag-voyage-en-liberte product_tag-voyages-en-autonomie product_tag-western-algarve product_tag-white-washed-houses product_tag-wines has-post-thumbnail virtual product-type-simple\" >\n\n\n\t\n\n\t\t\t   <div class=\"product-wrap\">\n\t\t\t<a href=\"https:\/\/becooltravel.com\/pt\/produto\/lagos-o-surpreendente-oeste-algarve-56000sc\/\" aria-label=\"F\u00e9rias em auto-carro em Lagos Oeste do Algarve\"><img decoding=\"async\" width=\"300\" height=\"300\" src=\"https:\/\/i0.wp.com\/becooltravel.com\/wp-content\/uploads\/sites\/5\/2020\/06\/West_Algarve_tour.jpg?resize=300%2C300&amp;ssl=1\" class=\"attachment-woocommerce_thumbnail size-woocommerce_thumbnail\" alt=\"\u00c0 descoberta das surpresas do Oeste Algarve\" srcset=\"https:\/\/i0.wp.com\/becooltravel.com\/wp-content\/uploads\/sites\/5\/2020\/06\/West_Algarve_tour.jpg?resize=150%2C150&amp;ssl=1 150w, https:\/\/i0.wp.com\/becooltravel.com\/wp-content\/uploads\/sites\/5\/2020\/06\/West_Algarve_tour.jpg?resize=100%2C100&amp;ssl=1 100w, https:\/\/i0.wp.com\/becooltravel.com\/wp-content\/uploads\/sites\/5\/2020\/06\/West_Algarve_tour.jpg?resize=140%2C140&amp;ssl=1 140w, https:\/\/i0.wp.com\/becooltravel.com\/wp-content\/uploads\/sites\/5\/2020\/06\/West_Algarve_tour.jpg?resize=500%2C500&amp;ssl=1 500w, https:\/\/i0.wp.com\/becooltravel.com\/wp-content\/uploads\/sites\/5\/2020\/06\/West_Algarve_tour.jpg?resize=350%2C350&amp;ssl=1 350w, https:\/\/i0.wp.com\/becooltravel.com\/wp-content\/uploads\/sites\/5\/2020\/06\/West_Algarve_tour.jpg?resize=800%2C800&amp;ssl=1 800w, https:\/\/i0.wp.com\/becooltravel.com\/wp-content\/uploads\/sites\/5\/2020\/06\/West_Algarve_tour.jpg?resize=300%2C300&amp;ssl=1 300w, https:\/\/i0.wp.com\/becooltravel.com\/wp-content\/uploads\/sites\/5\/2020\/06\/West_Algarve_tour.jpg?zoom=2&amp;resize=300%2C300&amp;ssl=1 600w, https:\/\/i0.wp.com\/becooltravel.com\/wp-content\/uploads\/sites\/5\/2020\/06\/West_Algarve_tour.jpg?zoom=3&amp;resize=300%2C300&amp;ssl=1 900w\" sizes=\"(max-width: 300px) 100vw, 300px\" \/><\/a>\n\t\t\t<div class=\"product-add-to-cart\" data-nectar-quickview=\"true\"><a href=\"https:\/\/becooltravel.com\/contact\/\" target=\"_blank\" class=\"button add_to_cart_button\">Consulte-nos<\/a>\t<span id=\"woocommerce_loop_add_to_cart_link_describedby_5091\" class=\"screen-reader-text\">\n\t\t\t<\/span>\n<a class=\"nectar_quick_view no-ajaxy button\" data-product-id=\"5091\"> <i class=\"normal icon-salient-m-eye\"><\/i>\n\t    <span>Olhada r\u00e1pida<\/span><\/a><\/div>\t\t   <\/div>\n\t\t\t\t\n\t  \n\n\t\t<h2 class=\"woocommerce-loop-product__title\">F\u00e9rias em auto-carro em Lagos Oeste do Algarve<\/h2><h3>Turismo aut\u00f4nomo<\/h3><p class=\"product-duration\"><strong>Dura\u00e7\u00e3o:<\/strong> 8 dias \/ 7 noites<\/p><p class=\"product-duration availability\"><strong>Disponibilidade:<\/strong> Janeiro - dezembro<\/p><p class=\"product-duration grade\"><strong>Nota:<\/strong> Lazer (2\/8)<\/p>\n<a href=\"https:\/\/becooltravel.com\/pt\/produto\/lagos-o-surpreendente-oeste-algarve-56000sc\/\" class=\"price\">Solicitar Pre\u00e7o<\/a>\n\t\n\n\t\n<\/li>\n\t<li class=\"classic product type-product post-5239 status-publish instock product_cat-self-guided-sightseeing-holidays-in-portugal product_cat-self-guided-tours-portugal product_cat-self-guided-train-holidays-portugal product_tag-alleine-reisen product_tag-amazing-walking product_tag-ancient-trails product_tag-countryside product_tag-culture product_tag-delicious-food product_tag-faro product_tag-history product_tag-holidays-in-portugal product_tag-individual-hiking product_tag-individuelle-touren product_tag-jeronimos-monastery product_tag-lisboa product_tag-lisbon product_tag-lush-green-hills product_tag-monument product_tag-perfect-holiday product_tag-picturesque-landscapes product_tag-rail-holiday product_tag-rail-holidays product_tag-rail-routes-in-portugal product_tag-railroad product_tag-sejour-en-liberte product_tag-self-guide-tour product_tag-self-guided product_tag-self-guided-holiday product_tag-self-guided-holidays product_tag-self-guided-sightseeing product_tag-self-guided-tour product_tag-self-guided-train product_tag-self-guided-walking product_tag-self-guided-walking-holidays product_tag-self-guided-walking-tour product_tag-sightseeing-lisbon product_tag-sightseeing-tour product_tag-solo-reisen product_tag-south-portugal product_tag-tours-autoguidees product_tag-train product_tag-train-holidays product_tag-train-tour product_tag-travel-train-tour-in-portugal product_tag-voyage-en-liberte product_tag-voyages-en-autonomie product_tag-wines has-post-thumbnail virtual product-type-simple\" >\n\n\n\t\n\n\t\t\t   <div class=\"product-wrap\">\n\t\t\t<a href=\"https:\/\/becooltravel.com\/pt\/produto\/lisboa-sul-portugal-de-trem-7100st\/\" aria-label=\"Lisboa e Sul de Portugal de Comboio - F\u00e9rias Ferrovi\u00e1rias Independentes\"><img decoding=\"async\" width=\"300\" height=\"300\" src=\"https:\/\/i0.wp.com\/becooltravel.com\/wp-content\/uploads\/sites\/5\/2020\/06\/faro_train.jpeg?resize=300%2C300&amp;ssl=1\" class=\"attachment-woocommerce_thumbnail size-woocommerce_thumbnail\" alt=\"Trem em Faro, Portugal\" srcset=\"https:\/\/i0.wp.com\/becooltravel.com\/wp-content\/uploads\/sites\/5\/2020\/06\/faro_train.jpeg?resize=150%2C150&amp;ssl=1 150w, https:\/\/i0.wp.com\/becooltravel.com\/wp-content\/uploads\/sites\/5\/2020\/06\/faro_train.jpeg?resize=100%2C100&amp;ssl=1 100w, https:\/\/i0.wp.com\/becooltravel.com\/wp-content\/uploads\/sites\/5\/2020\/06\/faro_train.jpeg?resize=140%2C140&amp;ssl=1 140w, https:\/\/i0.wp.com\/becooltravel.com\/wp-content\/uploads\/sites\/5\/2020\/06\/faro_train.jpeg?resize=500%2C500&amp;ssl=1 500w, https:\/\/i0.wp.com\/becooltravel.com\/wp-content\/uploads\/sites\/5\/2020\/06\/faro_train.jpeg?resize=350%2C350&amp;ssl=1 350w, https:\/\/i0.wp.com\/becooltravel.com\/wp-content\/uploads\/sites\/5\/2020\/06\/faro_train.jpeg?resize=300%2C300&amp;ssl=1 300w, https:\/\/i0.wp.com\/becooltravel.com\/wp-content\/uploads\/sites\/5\/2020\/06\/faro_train.jpeg?zoom=2&amp;resize=300%2C300&amp;ssl=1 600w, https:\/\/i0.wp.com\/becooltravel.com\/wp-content\/uploads\/sites\/5\/2020\/06\/faro_train.jpeg?zoom=3&amp;resize=300%2C300&amp;ssl=1 900w\" sizes=\"(max-width: 300px) 100vw, 300px\" \/><\/a>\n\t\t\t<div class=\"product-add-to-cart\" data-nectar-quickview=\"true\"><a href=\"https:\/\/becooltravel.com\/pt\/produto\/lisboa-sul-portugal-de-trem-7100st\/\" aria-describedby=\"woocommerce_loop_add_to_cart_link_describedby_5239\" data-quantity=\"1\" class=\"button product_type_simple\" data-product_id=\"5239\" data-product_sku=\"\" aria-label=\"Leia mais sobre \u201cLisbon &amp; South Portugal by Train - Independent Rail Holidays\u201d\" rel=\"nofollow\" data-success_message=\"\" data-no-translation=\"\" data-trp-gettext=\"\" data-no-translation-aria-label=\"\">Consulte Mais informa\u00e7\u00e3o<\/a>\t<span id=\"woocommerce_loop_add_to_cart_link_describedby_5239\" class=\"screen-reader-text\">\n\t\t\t<\/span>\n<a class=\"nectar_quick_view no-ajaxy button\" data-product-id=\"5239\"> <i class=\"normal icon-salient-m-eye\"><\/i>\n\t    <span>Olhada r\u00e1pida<\/span><\/a><\/div>\t\t   <\/div>\n\t\t\t\t\n\t  \n\n\t\t<h2 class=\"woocommerce-loop-product__title\">Lisboa e Sul de Portugal de Comboio - Independent Rail Holidays<\/h2><h3>Turismo autoguiado de trem<\/h3><p class=\"product-duration\"><strong>Dura\u00e7\u00e3o:<\/strong> 8 dias \/ 7 noites<\/p><p class=\"product-duration availability\"><strong>Disponibilidade:<\/strong> Janeiro - dezembro<\/p>\n<a href=\"https:\/\/becooltravel.com\/pt\/produto\/lisboa-sul-portugal-de-trem-7100st\/\" class=\"price\">Solicitar Pre\u00e7o<\/a>\n\t\n\n\t\n<\/li>\n\t<li class=\"classic product type-product post-5074 status-publish instock product_cat-self-drive-holidays-portugal product_cat-self-guided-sightseeing-holidays-in-portugal product_cat-self-guided-tours-portugal product_tag-alleine-reisen product_tag-almonds product_tag-barranco-do-velho product_tag-cabanas-de-tavira product_tag-cacela-velha product_tag-cachopo product_tag-carob-trees product_tag-castro-marim product_tag-central-portugal product_tag-cork-trees product_tag-countryside product_tag-culture product_tag-delicious-food product_tag-east-algarve product_tag-eastern-algarve product_tag-ferragudo product_tag-figs product_tag-fishing-heritage product_tag-foz-de-odeleite product_tag-golden-sandy-beaches product_tag-gorges product_tag-guadiana-river product_tag-guerreiros-do-rio product_tag-history product_tag-individuelle-touren product_tag-lush-green-hills product_tag-monte-gordo product_tag-natural-park product_tag-olives product_tag-palm-trees product_tag-picturesque-landscapes product_tag-protected-area product_tag-santa-rita product_tag-sao-bras-de-alportel product_tag-sejour-en-liberte product_tag-self-drive-holiday product_tag-self-guide-tour product_tag-self-guided product_tag-self-guided-holiday product_tag-serra-do-caldeirao product_tag-sightseeing product_tag-solo-reisen product_tag-tavira product_tag-tavira-island product_tag-tours-autoguidees product_tag-undulating-plains product_tag-valleys product_tag-vila-do-vispo product_tag-vila-real-de-santo-antonio product_tag-voyage-en-liberte product_tag-voyages-en-autonomie product_tag-wines has-post-thumbnail virtual product-type-simple\" >\n\n\n\t\n\n\t\t\t   <div class=\"product-wrap\">\n\t\t\t<a href=\"https:\/\/becooltravel.com\/pt\/produto\/tavira-the-east-algarve-culture-heritage-54000sc\/\" aria-label=\"F\u00e9rias Auto-Drive em Tavira: A Cultura e o Patrim\u00f3nio do Sotavento Algarvio\"><img decoding=\"async\" width=\"300\" height=\"300\" src=\"https:\/\/i0.wp.com\/becooltravel.com\/wp-content\/uploads\/sites\/5\/2020\/05\/Colourful-fishing-boat-in-Santa-Luzia-walking-tour.jpg?resize=300%2C300&amp;ssl=1\" class=\"attachment-woocommerce_thumbnail size-woocommerce_thumbnail\" alt=\"Barco de pesca colorido em Santa Luzia\" srcset=\"https:\/\/i0.wp.com\/becooltravel.com\/wp-content\/uploads\/sites\/5\/2020\/05\/Colourful-fishing-boat-in-Santa-Luzia-walking-tour.jpg?resize=150%2C150&amp;ssl=1 150w, https:\/\/i0.wp.com\/becooltravel.com\/wp-content\/uploads\/sites\/5\/2020\/05\/Colourful-fishing-boat-in-Santa-Luzia-walking-tour.jpg?resize=100%2C100&amp;ssl=1 100w, https:\/\/i0.wp.com\/becooltravel.com\/wp-content\/uploads\/sites\/5\/2020\/05\/Colourful-fishing-boat-in-Santa-Luzia-walking-tour.jpg?resize=140%2C140&amp;ssl=1 140w, https:\/\/i0.wp.com\/becooltravel.com\/wp-content\/uploads\/sites\/5\/2020\/05\/Colourful-fishing-boat-in-Santa-Luzia-walking-tour.jpg?resize=500%2C500&amp;ssl=1 500w, https:\/\/i0.wp.com\/becooltravel.com\/wp-content\/uploads\/sites\/5\/2020\/05\/Colourful-fishing-boat-in-Santa-Luzia-walking-tour.jpg?resize=350%2C350&amp;ssl=1 350w, https:\/\/i0.wp.com\/becooltravel.com\/wp-content\/uploads\/sites\/5\/2020\/05\/Colourful-fishing-boat-in-Santa-Luzia-walking-tour.jpg?resize=800%2C800&amp;ssl=1 800w, https:\/\/i0.wp.com\/becooltravel.com\/wp-content\/uploads\/sites\/5\/2020\/05\/Colourful-fishing-boat-in-Santa-Luzia-walking-tour.jpg?resize=300%2C300&amp;ssl=1 300w, https:\/\/i0.wp.com\/becooltravel.com\/wp-content\/uploads\/sites\/5\/2020\/05\/Colourful-fishing-boat-in-Santa-Luzia-walking-tour.jpg?zoom=2&amp;resize=300%2C300&amp;ssl=1 600w, https:\/\/i0.wp.com\/becooltravel.com\/wp-content\/uploads\/sites\/5\/2020\/05\/Colourful-fishing-boat-in-Santa-Luzia-walking-tour.jpg?zoom=3&amp;resize=300%2C300&amp;ssl=1 900w\" sizes=\"(max-width: 300px) 100vw, 300px\" \/><\/a>\n\t\t\t<div class=\"product-add-to-cart\" data-nectar-quickview=\"true\"><a href=\"https:\/\/becooltravel.com\/contact\/\" target=\"_blank\" class=\"button add_to_cart_button\">Consulte-nos<\/a>\t<span id=\"woocommerce_loop_add_to_cart_link_describedby_5074\" class=\"screen-reader-text\">\n\t\t\t<\/span>\n<a class=\"nectar_quick_view no-ajaxy button\" data-product-id=\"5074\"> <i class=\"normal icon-salient-m-eye\"><\/i>\n\t    <span>Olhada r\u00e1pida<\/span><\/a><\/div>\t\t   <\/div>\n\t\t\t\t\n\t  \n\n\t\t<h2 class=\"woocommerce-loop-product__title\">Tavira Self-Drive Holidays: A cultura e patrim\u00f3nio do Sotavento Algarvio<\/h2><h3>Turismo aut\u00f4nomo<\/h3><p class=\"product-duration\"><strong>Dura\u00e7\u00e3o:<\/strong> 8 dias \/ 7 noites<\/p><p class=\"product-duration availability\"><strong>Disponibilidade:<\/strong> Janeiro - dezembro<\/p><p class=\"product-duration grade\"><strong>Nota:<\/strong> Lazer (2\/8)<\/p>\n<a href=\"https:\/\/becooltravel.com\/pt\/produto\/tavira-the-east-algarve-culture-heritage-54000sc\/\" class=\"price\">Solicitar Pre\u00e7o<\/a>\n\t\n\n\t\n<\/li>\n\t<li class=\"classic product type-product post-4938 status-publish last instock product_cat-self-drive-holidays-portugal product_cat-self-guided-tours-portugal product_cat-self-guided-walking-holidays product_tag-alcoutim product_tag-algarve product_tag-alleine-reisen product_tag-almond-tree product_tag-birdwatching product_tag-carobs product_tag-circular-walks product_tag-cork-oaks product_tag-cork-trees product_tag-countryside product_tag-culture product_tag-delicious-food product_tag-fly-drive product_tag-guadiana product_tag-guadiana-grand-route product_tag-guadiana-river product_tag-hiking product_tag-historic-centre product_tag-history product_tag-holidays product_tag-hotel-museu product_tag-individual-hiking product_tag-individuelle-touren product_tag-individuelle-trekkingreisen product_tag-individuelle-wandern product_tag-individuelle-wanderreisen product_tag-individuelle-wandertouren product_tag-inland-algarve product_tag-local-fauna product_tag-local-fauna-and-flora product_tag-local-poulation product_tag-lush-green-hills product_tag-mertola product_tag-mina-de-sao-domingos product_tag-mining product_tag-natural-scenery product_tag-natural-surroundings product_tag-nature-hikes product_tag-nature-observation product_tag-nature-walks product_tag-olives product_tag-oranges product_tag-orchards product_tag-ore product_tag-paths product_tag-pituresque-landscapes product_tag-portugal product_tag-protected-area product_tag-quartzite-elevations product_tag-rando-autoguidee product_tag-rando-liberte product_tag-randonnee-autoguidee product_tag-randonnee-en-liberte product_tag-randonnee-liberte product_tag-rent-a-car product_tag-river-beach product_tag-river-guadiana product_tag-sejour-en-liberte product_tag-self-drive-holiday product_tag-self-guided product_tag-self-guided-holiday product_tag-self-guided-holidays product_tag-self-guided-tours product_tag-self-guided-walking-tours product_tag-sightseeing product_tag-solo-reisen product_tag-solo-wandern product_tag-tours-autoguidees product_tag-tours-in-portugal product_tag-trails product_tag-trek-en-liberte product_tag-trek-solo product_tag-trekking-solo product_tag-undulating-plains product_tag-vacations product_tag-voyage-en-liberte product_tag-voyages-a-pied-en-liberte product_tag-voyages-en-autonomie product_tag-walking-tours product_tag-walking-trails product_tag-walks product_tag-wines has-post-thumbnail virtual product-type-simple\" >\n\n\n\t\n\n\t\t\t   <div class=\"product-wrap\">\n\t\t\t<a href=\"https:\/\/becooltravel.com\/pt\/produto\/the-tranquil-guadiana-grand-route-5900sc\/\" aria-label=\"F\u00e9rias em um carro aut\u00f4nomo, caminhando pela tranquila Grande Rota do Guadiana\"><img decoding=\"async\" width=\"300\" height=\"300\" src=\"https:\/\/i0.wp.com\/becooltravel.com\/wp-content\/uploads\/sites\/5\/2020\/05\/Guadiana_Alcoutim.jpg?resize=300%2C300&amp;ssl=1\" class=\"attachment-woocommerce_thumbnail size-woocommerce_thumbnail\" alt=\"Guadiana Alcoutim\" srcset=\"https:\/\/i0.wp.com\/becooltravel.com\/wp-content\/uploads\/sites\/5\/2020\/05\/Guadiana_Alcoutim.jpg?resize=150%2C150&amp;ssl=1 150w, https:\/\/i0.wp.com\/becooltravel.com\/wp-content\/uploads\/sites\/5\/2020\/05\/Guadiana_Alcoutim.jpg?resize=100%2C100&amp;ssl=1 100w, https:\/\/i0.wp.com\/becooltravel.com\/wp-content\/uploads\/sites\/5\/2020\/05\/Guadiana_Alcoutim.jpg?resize=140%2C140&amp;ssl=1 140w, https:\/\/i0.wp.com\/becooltravel.com\/wp-content\/uploads\/sites\/5\/2020\/05\/Guadiana_Alcoutim.jpg?resize=500%2C500&amp;ssl=1 500w, https:\/\/i0.wp.com\/becooltravel.com\/wp-content\/uploads\/sites\/5\/2020\/05\/Guadiana_Alcoutim.jpg?resize=350%2C350&amp;ssl=1 350w, https:\/\/i0.wp.com\/becooltravel.com\/wp-content\/uploads\/sites\/5\/2020\/05\/Guadiana_Alcoutim.jpg?resize=800%2C800&amp;ssl=1 800w, https:\/\/i0.wp.com\/becooltravel.com\/wp-content\/uploads\/sites\/5\/2020\/05\/Guadiana_Alcoutim.jpg?resize=300%2C300&amp;ssl=1 300w, https:\/\/i0.wp.com\/becooltravel.com\/wp-content\/uploads\/sites\/5\/2020\/05\/Guadiana_Alcoutim.jpg?zoom=2&amp;resize=300%2C300&amp;ssl=1 600w, https:\/\/i0.wp.com\/becooltravel.com\/wp-content\/uploads\/sites\/5\/2020\/05\/Guadiana_Alcoutim.jpg?zoom=3&amp;resize=300%2C300&amp;ssl=1 900w\" sizes=\"(max-width: 300px) 100vw, 300px\" \/><\/a>\n\t\t\t<div class=\"product-add-to-cart\" data-nectar-quickview=\"true\"><a href=\"https:\/\/becooltravel.com\/contact\/\" target=\"_blank\" class=\"button add_to_cart_button\">Consulte-nos<\/a>\t<span id=\"woocommerce_loop_add_to_cart_link_describedby_4938\" class=\"screen-reader-text\">\n\t\t\t<\/span>\n<a class=\"nectar_quick_view no-ajaxy button\" data-product-id=\"4938\"> <i class=\"normal icon-salient-m-eye\"><\/i>\n\t    <span>Olhada r\u00e1pida<\/span><\/a><\/div>\t\t   <\/div>\n\t\t\t\t\n\t  \n\n\t\t<h2 class=\"woocommerce-loop-product__title\">F\u00e9rias em um carro aut\u00f4nomo, caminhando pela tranquila Grande Rota do Guadiana<\/h2><h3>Caminhada em dire\u00e7\u00e3o pr\u00f3pria<\/h3><p class=\"product-duration\"><strong>Dura\u00e7\u00e3o:<\/strong> 8 dias \/ 7 noites<\/p><p class=\"product-duration availability\"><strong>Disponibilidade:<\/strong> Janeiro - dezembro<\/p><p class=\"product-duration grade\"><strong>Nota:<\/strong> Moderado (4\/8)<\/p>\n<a href=\"https:\/\/becooltravel.com\/pt\/produto\/the-tranquil-guadiana-grand-route-5900sc\/\" class=\"price\">Solicitar Pre\u00e7o<\/a>\n\t\n\n\t\n<\/li>\n\t<li class=\"classic product type-product post-3758 status-publish first instock product_cat-self-guided-tours-portugal product_cat-self-guided-walking-holidays product_tag-activities-algarve product_tag-algarve product_tag-algarve-sightseeing-tours product_tag-algarve-way product_tag-alleine-reisen product_tag-azores product_tag-beaches product_tag-bird-watching-holidays product_tag-bird-watching-tours product_tag-birdwatching-algarve product_tag-birdwatching-portugal product_tag-cape-st-vincent-day-tours product_tag-caves product_tag-cliffs product_tag-coastal-east-algarve product_tag-culture product_tag-delicious-food product_tag-douro product_tag-east-algarve product_tag-east-to-west product_tag-europe product_tag-excursions product_tag-faro product_tag-fishermen product_tag-flamingos product_tag-food-wine-tours product_tag-gastronomy-holidays product_tag-grottoes product_tag-hiking product_tag-historic-buildings product_tag-holiday-activities-walking-guides product_tag-holidays product_tag-individual-hiking product_tag-individuelle-touren product_tag-individuelle-trekkingreisen product_tag-individuelle-wandern product_tag-individuelle-wanderreisen product_tag-individuelle-wandertouren product_tag-lagos product_tag-limestone-rocks product_tag-lisbon product_tag-madeira product_tag-meia-praia product_tag-nature-holidays product_tag-nature-tour product_tag-nature-walks product_tag-oporto product_tag-perfect-walking-holiday product_tag-picturesque-landscapes product_tag-portimao product_tag-portugal product_tag-portugal-great-food-and-wine product_tag-portugal-tours product_tag-private-excursions product_tag-private-tours product_tag-private-tours-algarve product_tag-rambling product_tag-rando-autoguidee product_tag-rando-liberte product_tag-randonnee-autoguidee product_tag-randonnee-en-liberte product_tag-randonnee-liberte product_tag-ria-formosa product_tag-ria-formosa-natural-park product_tag-ria-formosa-nature-reserve product_tag-river-arade product_tag-sagres product_tag-sardine-fishing product_tag-sejour-en-liberte product_tag-self-guided-walking product_tag-self-guided-walking-holidays product_tag-self-guided-walking-tours product_tag-sightseeing product_tag-sightseeing-tours product_tag-sir-francis-drake product_tag-solo-reisen product_tag-solo-wandern product_tag-special-interest product_tag-spectacular-coastal-scenarios product_tag-summer-breaks product_tag-tavira product_tag-tour product_tag-tour-algarve product_tag-tour-of-algarve product_tag-tour-of-the-algarve product_tag-tours product_tag-tours-algarve product_tag-tours-autoguidees product_tag-tours-in-portugal product_tag-tours-portugal product_tag-tours-town product_tag-traditional-fishing-boats product_tag-travel-algarve product_tag-travel-train-tour-in-portugal product_tag-trek-en-liberte product_tag-trek-solo product_tag-trekking-solo product_tag-vacations product_tag-via-algarviana product_tag-vicentina product_tag-visit-algarve product_tag-voyage-en-liberte product_tag-voyages-a-pied-en-liberte product_tag-voyages-en-autonomie product_tag-walking product_tag-walking-holidays product_tag-walking-tours product_tag-walking-trails product_tag-west-algarve product_tag-west-algarve-coast product_tag-wildlife product_tag-wines has-post-thumbnail virtual product-type-simple\" >\n\n\n\t\n\n\t\t\t   <div class=\"product-wrap\">\n\t\t\t<a href=\"https:\/\/becooltravel.com\/pt\/produto\/ultimate-coast-algarve-walk-1800\/\" aria-label=\"The Ultimate Coastal Algarve Walk\"><img decoding=\"async\" width=\"300\" height=\"300\" src=\"https:\/\/i0.wp.com\/becooltravel.com\/wp-content\/uploads\/sites\/5\/2020\/05\/Algarve_Coastal_selfguided_walk.jpg?resize=300%2C300&amp;ssl=1\" class=\"attachment-woocommerce_thumbnail size-woocommerce_thumbnail\" alt=\"Passeio autoguiado pela costa do Algarve\" srcset=\"https:\/\/i0.wp.com\/becooltravel.com\/wp-content\/uploads\/sites\/5\/2020\/05\/Algarve_Coastal_selfguided_walk.jpg?resize=150%2C150&amp;ssl=1 150w, https:\/\/i0.wp.com\/becooltravel.com\/wp-content\/uploads\/sites\/5\/2020\/05\/Algarve_Coastal_selfguided_walk.jpg?resize=100%2C100&amp;ssl=1 100w, https:\/\/i0.wp.com\/becooltravel.com\/wp-content\/uploads\/sites\/5\/2020\/05\/Algarve_Coastal_selfguided_walk.jpg?resize=140%2C140&amp;ssl=1 140w, https:\/\/i0.wp.com\/becooltravel.com\/wp-content\/uploads\/sites\/5\/2020\/05\/Algarve_Coastal_selfguided_walk.jpg?resize=500%2C500&amp;ssl=1 500w, https:\/\/i0.wp.com\/becooltravel.com\/wp-content\/uploads\/sites\/5\/2020\/05\/Algarve_Coastal_selfguided_walk.jpg?resize=350%2C350&amp;ssl=1 350w, https:\/\/i0.wp.com\/becooltravel.com\/wp-content\/uploads\/sites\/5\/2020\/05\/Algarve_Coastal_selfguided_walk.jpg?resize=800%2C800&amp;ssl=1 800w, https:\/\/i0.wp.com\/becooltravel.com\/wp-content\/uploads\/sites\/5\/2020\/05\/Algarve_Coastal_selfguided_walk.jpg?resize=300%2C300&amp;ssl=1 300w, https:\/\/i0.wp.com\/becooltravel.com\/wp-content\/uploads\/sites\/5\/2020\/05\/Algarve_Coastal_selfguided_walk.jpg?zoom=2&amp;resize=300%2C300&amp;ssl=1 600w, https:\/\/i0.wp.com\/becooltravel.com\/wp-content\/uploads\/sites\/5\/2020\/05\/Algarve_Coastal_selfguided_walk.jpg?zoom=3&amp;resize=300%2C300&amp;ssl=1 900w\" sizes=\"(max-width: 300px) 100vw, 300px\" \/><\/a>\n\t\t\t<div class=\"product-add-to-cart\" data-nectar-quickview=\"true\"><a href=\"https:\/\/becooltravel.com\/contact\/\" target=\"_blank\" class=\"button add_to_cart_button\">Consulte-nos<\/a>\t<span id=\"woocommerce_loop_add_to_cart_link_describedby_3758\" class=\"screen-reader-text\">\n\t\t\t<\/span>\n<a class=\"nectar_quick_view no-ajaxy button\" data-product-id=\"3758\"> <i class=\"normal icon-salient-m-eye\"><\/i>\n\t    <span>Olhada r\u00e1pida<\/span><\/a><\/div>\t\t   <\/div>\n\t\t\t\t\n\t  \n\n\t\t<h2 class=\"woocommerce-loop-product__title\">The Ultimate Coastal Algarve Walk<\/h2><h3>Caminhada autoguiada<\/h3><p class=\"product-duration\"><strong>Dura\u00e7\u00e3o:<\/strong> 8 dias \/ 7 noites<\/p><p class=\"product-duration availability\"><strong>Disponibilidade:<\/strong> Janeiro - dezembro<\/p><p class=\"product-duration grade\"><strong>Nota:<\/strong> Lazer (3\/8)<\/p>\n<a href=\"https:\/\/becooltravel.com\/pt\/produto\/ultimate-coast-algarve-walk-1800\/\" class=\"price\">Solicitar Pre\u00e7o<\/a>\n\t\n\n\t\n<\/li>\n\t<li class=\"classic product type-product post-3759 status-publish instock product_cat-self-guided-tours-portugal product_cat-self-guided-walking-holidays product_tag-alcoutim product_tag-alentejo-landscape product_tag-alleine-reisen product_tag-almonds product_tag-birdwatching product_tag-carobs product_tag-cork-oaks product_tag-cork-trees product_tag-countryside product_tag-culture product_tag-delicious-food product_tag-guadiana product_tag-guadiana-estuary product_tag-guadiana-grand-route product_tag-guadiana-river product_tag-guadiana-valley product_tag-harmony-with-nature product_tag-hiking product_tag-historic product_tag-history product_tag-hotel-museum product_tag-individual-hiking product_tag-individuelle-touren product_tag-individuelle-trekkingreisen product_tag-individuelle-wandern product_tag-individuelle-wanderreisen product_tag-individuelle-wandertouren product_tag-inland-algarve product_tag-local-fauna product_tag-local-fauna-and-flora product_tag-local-poulation product_tag-lush-green-hills product_tag-mertola product_tag-natural-park product_tag-natural-reserves product_tag-natural-scenery product_tag-nature-hikes product_tag-nature-holidays product_tag-nature-paradise product_tag-olives product_tag-oranges product_tag-orchards product_tag-paths product_tag-protected-area product_tag-quartzite-elevations product_tag-rando-autoguidee product_tag-rando-liberte product_tag-randonnee-autoguidee product_tag-randonnee-en-liberte product_tag-randonnee-liberte product_tag-river-beach product_tag-river-guadiana product_tag-sejour-en-liberte product_tag-self-guided-walking product_tag-self-guided-walking-holiday product_tag-sightseeing product_tag-solo-reisen product_tag-solo-wandern product_tag-tours-autoguidees product_tag-trails product_tag-trek-en-liberte product_tag-trek-solo product_tag-trekking-solo product_tag-valleys product_tag-voyage-en-liberte product_tag-voyages-a-pied-en-liberte product_tag-voyages-en-autonomie product_tag-walking-holidays product_tag-walking-program product_tag-walking-tour product_tag-walking-trails product_tag-walks product_tag-wines has-post-thumbnail virtual product-type-simple\" >\n\n\n\t\n\n\t\t\t   <div class=\"product-wrap\">\n\t\t\t<a href=\"https:\/\/becooltravel.com\/pt\/produto\/guadiana-grand-route-1700\/\" aria-label=\"F\u00e9rias Pedestres na Grande Rota do Guadiana (GR 15) Portugal\"><img decoding=\"async\" width=\"300\" height=\"300\" src=\"https:\/\/i0.wp.com\/becooltravel.com\/wp-content\/uploads\/sites\/5\/2020\/05\/self-guided-holidays-1.jpg?resize=300%2C300&amp;ssl=1\" class=\"attachment-woocommerce_thumbnail size-woocommerce_thumbnail\" alt=\"Explore no seu pr\u00f3prio ritmo\" srcset=\"https:\/\/i0.wp.com\/becooltravel.com\/wp-content\/uploads\/sites\/5\/2020\/05\/self-guided-holidays-1.jpg?resize=150%2C150&amp;ssl=1 150w, https:\/\/i0.wp.com\/becooltravel.com\/wp-content\/uploads\/sites\/5\/2020\/05\/self-guided-holidays-1.jpg?resize=100%2C100&amp;ssl=1 100w, https:\/\/i0.wp.com\/becooltravel.com\/wp-content\/uploads\/sites\/5\/2020\/05\/self-guided-holidays-1.jpg?resize=140%2C140&amp;ssl=1 140w, https:\/\/i0.wp.com\/becooltravel.com\/wp-content\/uploads\/sites\/5\/2020\/05\/self-guided-holidays-1.jpg?resize=500%2C500&amp;ssl=1 500w, https:\/\/i0.wp.com\/becooltravel.com\/wp-content\/uploads\/sites\/5\/2020\/05\/self-guided-holidays-1.jpg?resize=350%2C350&amp;ssl=1 350w, https:\/\/i0.wp.com\/becooltravel.com\/wp-content\/uploads\/sites\/5\/2020\/05\/self-guided-holidays-1.jpg?resize=800%2C800&amp;ssl=1 800w, https:\/\/i0.wp.com\/becooltravel.com\/wp-content\/uploads\/sites\/5\/2020\/05\/self-guided-holidays-1.jpg?resize=300%2C300&amp;ssl=1 300w, https:\/\/i0.wp.com\/becooltravel.com\/wp-content\/uploads\/sites\/5\/2020\/05\/self-guided-holidays-1.jpg?zoom=2&amp;resize=300%2C300&amp;ssl=1 600w, https:\/\/i0.wp.com\/becooltravel.com\/wp-content\/uploads\/sites\/5\/2020\/05\/self-guided-holidays-1.jpg?zoom=3&amp;resize=300%2C300&amp;ssl=1 900w\" sizes=\"(max-width: 300px) 100vw, 300px\" \/><\/a>\n\t\t\t<div class=\"product-add-to-cart\" data-nectar-quickview=\"true\"><a href=\"https:\/\/becooltravel.com\/contact\/\" target=\"_blank\" class=\"button add_to_cart_button\">Consulte-nos<\/a>\t<span id=\"woocommerce_loop_add_to_cart_link_describedby_3759\" class=\"screen-reader-text\">\n\t\t\t<\/span>\n<a class=\"nectar_quick_view no-ajaxy button\" data-product-id=\"3759\"> <i class=\"normal icon-salient-m-eye\"><\/i>\n\t    <span>Olhada r\u00e1pida<\/span><\/a><\/div>\t\t   <\/div>\n\t\t\t\t\n\t  \n\n\t\t<h2 class=\"woocommerce-loop-product__title\">F\u00e9rias Pedestres na Grande Rota do Guadiana (GR 15) Portugal<\/h2><h3>Caminhada autoguiada<\/h3><p class=\"product-duration\"><strong>Dura\u00e7\u00e3o:<\/strong> 8 dias \/ 7 noites<\/p><p class=\"product-duration availability\"><strong>Disponibilidade:<\/strong> Janeiro - dezembro<\/p><p class=\"product-duration grade\"><strong>Nota:<\/strong> Moderado (4\/8)<\/p>\n<a href=\"https:\/\/becooltravel.com\/pt\/produto\/guadiana-grand-route-1700\/\" class=\"price\">Solicitar Pre\u00e7o<\/a>\n\t\n\n\t\n<\/li>\n\t<li class=\"classic product type-product post-5081 status-publish instock product_cat-self-drive-holidays-portugal product_cat-self-guided-sightseeing-holidays-in-portugal product_cat-self-guided-tours-portugal product_tag-albufeira product_tag-albufeira-beautiful-historic-centre product_tag-algarve-coast product_tag-alleine-reisen product_tag-beaches-of-albufeira product_tag-beautiful-landscapes-albufeira product_tag-central-algarve product_tag-cerro-de-sao-miguel product_tag-coastal product_tag-colours product_tag-countryside product_tag-crafted-self-guided-tour product_tag-culture product_tag-delicious-food product_tag-ferreiras product_tag-fly-drive product_tag-hills product_tag-historic-centre product_tag-history product_tag-individuelle-touren product_tag-landscape product_tag-lush-green-hills product_tag-market product_tag-moncarapacho product_tag-natural-park product_tag-parapets product_tag-picturesque-landscapes product_tag-protected-area product_tag-quartzite-elevations product_tag-quinta-de-marim product_tag-relaxation-albufeira product_tag-rocha-da-pena-querenca product_tag-secluded-beaches product_tag-sejour-en-liberte product_tag-self-drive-holiday product_tag-self-guided product_tag-self-guided-holiday product_tag-self-guided-holidays product_tag-self-guided-sightseeing product_tag-self-guided-tours product_tag-sightseeing product_tag-solo-reisen product_tag-tours-autoguidees product_tag-traditions product_tag-undulating-plains product_tag-valleys product_tag-vilamoura product_tag-village product_tag-voyage-en-liberte product_tag-voyages-en-autonomie product_tag-white-washed-houses product_tag-wines has-post-thumbnail virtual product-type-simple\" >\n\n\n\t\n\n\t\t\t   <div class=\"product-wrap\">\n\t\t\t<a href=\"https:\/\/becooltravel.com\/pt\/produto\/albufeira-do-charme-centro-algarve-55001sc\/\" aria-label=\"F\u00e9rias Self-Drive em Albufeira Central Algarve\"><img decoding=\"async\" width=\"300\" height=\"300\" src=\"https:\/\/i0.wp.com\/becooltravel.com\/wp-content\/uploads\/sites\/5\/2020\/06\/Albufeira_lovely_beaches.jpg?resize=300%2C300&amp;ssl=1\" class=\"attachment-woocommerce_thumbnail size-woocommerce_thumbnail\" alt=\"As diferentes paisagens do centro do Algarve.\" srcset=\"https:\/\/i0.wp.com\/becooltravel.com\/wp-content\/uploads\/sites\/5\/2020\/06\/Albufeira_lovely_beaches.jpg?resize=150%2C150&amp;ssl=1 150w, https:\/\/i0.wp.com\/becooltravel.com\/wp-content\/uploads\/sites\/5\/2020\/06\/Albufeira_lovely_beaches.jpg?resize=100%2C100&amp;ssl=1 100w, https:\/\/i0.wp.com\/becooltravel.com\/wp-content\/uploads\/sites\/5\/2020\/06\/Albufeira_lovely_beaches.jpg?resize=140%2C140&amp;ssl=1 140w, https:\/\/i0.wp.com\/becooltravel.com\/wp-content\/uploads\/sites\/5\/2020\/06\/Albufeira_lovely_beaches.jpg?resize=500%2C500&amp;ssl=1 500w, https:\/\/i0.wp.com\/becooltravel.com\/wp-content\/uploads\/sites\/5\/2020\/06\/Albufeira_lovely_beaches.jpg?resize=350%2C350&amp;ssl=1 350w, https:\/\/i0.wp.com\/becooltravel.com\/wp-content\/uploads\/sites\/5\/2020\/06\/Albufeira_lovely_beaches.jpg?resize=1000%2C1000&amp;ssl=1 1000w, https:\/\/i0.wp.com\/becooltravel.com\/wp-content\/uploads\/sites\/5\/2020\/06\/Albufeira_lovely_beaches.jpg?resize=800%2C800&amp;ssl=1 800w, https:\/\/i0.wp.com\/becooltravel.com\/wp-content\/uploads\/sites\/5\/2020\/06\/Albufeira_lovely_beaches.jpg?resize=300%2C300&amp;ssl=1 300w, https:\/\/i0.wp.com\/becooltravel.com\/wp-content\/uploads\/sites\/5\/2020\/06\/Albufeira_lovely_beaches.jpg?zoom=2&amp;resize=300%2C300&amp;ssl=1 600w, https:\/\/i0.wp.com\/becooltravel.com\/wp-content\/uploads\/sites\/5\/2020\/06\/Albufeira_lovely_beaches.jpg?zoom=3&amp;resize=300%2C300&amp;ssl=1 900w\" sizes=\"(max-width: 300px) 100vw, 300px\" \/><\/a>\n\t\t\t<div class=\"product-add-to-cart\" data-nectar-quickview=\"true\"><a href=\"https:\/\/becooltravel.com\/contact\/\" target=\"_blank\" class=\"button add_to_cart_button\">Consulte-nos<\/a>\t<span id=\"woocommerce_loop_add_to_cart_link_describedby_5081\" class=\"screen-reader-text\">\n\t\t\t<\/span>\n<a class=\"nectar_quick_view no-ajaxy button\" data-product-id=\"5081\"> <i class=\"normal icon-salient-m-eye\"><\/i>\n\t    <span>Olhada r\u00e1pida<\/span><\/a><\/div>\t\t   <\/div>\n\t\t\t\t\n\t  \n\n\t\t<h2 class=\"woocommerce-loop-product__title\">F\u00e9rias Self-Drive em Albufeira Central Algarve<\/h2><h3>Turismo aut\u00f4nomo<\/h3><p class=\"product-duration\"><strong>Dura\u00e7\u00e3o:<\/strong> 5 dias \/ 4 noites<\/p><p class=\"product-duration availability\"><strong>Disponibilidade:<\/strong> Janeiro - dezembro<\/p><p class=\"product-duration grade\"><strong>Nota:<\/strong> Lazer (2\/8)<\/p>\n<a href=\"https:\/\/becooltravel.com\/pt\/produto\/albufeira-do-charme-centro-algarve-55001sc\/\" class=\"price\">Solicitar Pre\u00e7o<\/a>\n\t\n\n\t\n<\/li>\n\t<li class=\"classic product type-product post-3768 status-publish last instock product_cat-self-guided-tours-portugal product_cat-self-guided-walking-holidays product_tag-adventure product_tag-alleine-reisen product_tag-ancient-buildings product_tag-ancient-churches product_tag-ancient-villages-and-castles product_tag-beautiful-landscapes product_tag-biodiversity product_tag-bridges product_tag-castle product_tag-castro-laboreiro product_tag-countryside-villages product_tag-cultural-heritage product_tag-culture product_tag-farmers product_tag-green-landscape product_tag-heritage product_tag-individual-hiking product_tag-individuelle-touren product_tag-individuelle-trekkingreisen product_tag-individuelle-wandern product_tag-individuelle-wanderreisen product_tag-individuelle-wandertouren product_tag-lifestyle product_tag-local-fauna-and-flora product_tag-local-gastronomy product_tag-magnificent-landscape product_tag-megalithic-monuments product_tag-mountain product_tag-natural product_tag-natural-park product_tag-natural-pools product_tag-natural-scenery product_tag-nature product_tag-north-of-portugal product_tag-northern-portugal product_tag-panoramic-views-in-portugal product_tag-peneda product_tag-peneda-geres product_tag-peneda-geres-national-park product_tag-peneda-geres-walking product_tag-picturesque-landscapes product_tag-private-tour product_tag-rando-autoguidee product_tag-rando-liberte product_tag-randonnee-autoguidee product_tag-randonnee-en-liberte product_tag-randonnee-liberte product_tag-roman-vestiges product_tag-sejour-en-liberte product_tag-self-guide-tour product_tag-self-guided product_tag-self-guided-walking product_tag-self-guided-walking-holiday product_tag-self-guided-walking-tour product_tag-self-guided-walks product_tag-solo-reisen product_tag-solo-wandern product_tag-tours-autoguidees product_tag-traditions product_tag-trek-en-liberte product_tag-trek-solo product_tag-trekking-solo product_tag-valleys product_tag-voyage-en-liberte product_tag-voyages-a-pied-en-liberte product_tag-voyages-en-autonomie product_tag-walking-tour product_tag-waterfalls product_tag-wild-portugal product_tag-wildlife has-post-thumbnail virtual product-type-simple\" >\n\n\n\t\n\n\t\t\t   <div class=\"product-wrap\">\n\t\t\t<a href=\"https:\/\/becooltravel.com\/pt\/produto\/geres-the-wild-portugal-castro-laboreiro-1401s\/\" aria-label=\"F\u00e9rias Pedestres no Ger\u00eas e Castro Laboreiro: O Portugal Selvagem\"><img decoding=\"async\" width=\"300\" height=\"300\" src=\"https:\/\/i0.wp.com\/becooltravel.com\/wp-content\/uploads\/sites\/5\/2020\/05\/Geres-2.jpg?resize=300%2C300&amp;ssl=1\" class=\"attachment-woocommerce_thumbnail size-woocommerce_thumbnail\" alt=\"Geres\" srcset=\"https:\/\/i0.wp.com\/becooltravel.com\/wp-content\/uploads\/sites\/5\/2020\/05\/Geres-2.jpg?resize=150%2C150&amp;ssl=1 150w, https:\/\/i0.wp.com\/becooltravel.com\/wp-content\/uploads\/sites\/5\/2020\/05\/Geres-2.jpg?resize=100%2C100&amp;ssl=1 100w, https:\/\/i0.wp.com\/becooltravel.com\/wp-content\/uploads\/sites\/5\/2020\/05\/Geres-2.jpg?resize=140%2C140&amp;ssl=1 140w, https:\/\/i0.wp.com\/becooltravel.com\/wp-content\/uploads\/sites\/5\/2020\/05\/Geres-2.jpg?resize=500%2C500&amp;ssl=1 500w, https:\/\/i0.wp.com\/becooltravel.com\/wp-content\/uploads\/sites\/5\/2020\/05\/Geres-2.jpg?resize=350%2C350&amp;ssl=1 350w, https:\/\/i0.wp.com\/becooltravel.com\/wp-content\/uploads\/sites\/5\/2020\/05\/Geres-2.jpg?resize=300%2C300&amp;ssl=1 300w, https:\/\/i0.wp.com\/becooltravel.com\/wp-content\/uploads\/sites\/5\/2020\/05\/Geres-2.jpg?zoom=2&amp;resize=300%2C300&amp;ssl=1 600w, https:\/\/i0.wp.com\/becooltravel.com\/wp-content\/uploads\/sites\/5\/2020\/05\/Geres-2.jpg?zoom=3&amp;resize=300%2C300&amp;ssl=1 900w\" sizes=\"(max-width: 300px) 100vw, 300px\" \/><\/a>\n\t\t\t<div class=\"product-add-to-cart\" data-nectar-quickview=\"true\"><a href=\"https:\/\/becooltravel.com\/contact\/\" target=\"_blank\" class=\"button add_to_cart_button\">Consulte-nos<\/a>\t<span id=\"woocommerce_loop_add_to_cart_link_describedby_3768\" class=\"screen-reader-text\">\n\t\t\t<\/span>\n<a class=\"nectar_quick_view no-ajaxy button\" data-product-id=\"3768\"> <i class=\"normal icon-salient-m-eye\"><\/i>\n\t    <span>Olhada r\u00e1pida<\/span><\/a><\/div>\t\t   <\/div>\n\t\t\t\t\n\t  \n\n\t\t<h2 class=\"woocommerce-loop-product__title\">F\u00e9rias Pedestres no Ger\u00eas e Castro Laboreiro: O Portugal Selvagem<\/h2><h3>Caminhada autoguiada<\/h3><p class=\"product-duration\"><strong>Dura\u00e7\u00e3o:<\/strong> 8 dias \/ 7 noites<\/p><p class=\"product-duration availability\"><strong>Disponibilidade:<\/strong> Janeiro - dezembro<\/p><p class=\"product-duration grade\"><strong>Nota:<\/strong> Dif\u00edcil (6\/8)<\/p>\n<a href=\"https:\/\/becooltravel.com\/pt\/produto\/geres-the-wild-portugal-castro-laboreiro-1401s\/\" class=\"price\">Solicitar Pre\u00e7o<\/a>\n\t\n\n\t\n<\/li>\n\t<li class=\"classic product type-product post-3756 status-publish first instock product_cat-self-drive-holidays-portugal product_cat-portugal-self-guided-birdwatching-holidays product_cat-self-guided-tours-portugal product_tag-algarve product_tag-alleine-reisen product_tag-avocets product_tag-best-birding-spots product_tag-bird-watching product_tag-birding product_tag-birds product_tag-birdwatchers-paradise product_tag-birdwatching product_tag-black-kite product_tag-black-tern product_tag-black-tailed-godwits product_tag-black-winged-kite product_tag-black-winged-stilts product_tag-blackheaded-weaver product_tag-booted-eagles product_tag-castro-marim-nature-reserve product_tag-castro-verde product_tag-collared-pratincole product_tag-european-bee-eater product_tag-ferruginous-duck product_tag-flamingos product_tag-fly-drive product_tag-great-bustard product_tag-greenshanks product_tag-holidays product_tag-individuelle-touren product_tag-kentish-plover product_tag-kingfisher product_tag-lesser-black-backs product_tag-little-bittern product_tag-little-stints product_tag-little-tern product_tag-marsh-harriers product_tag-migration-times product_tag-nature-observation product_tag-nature-walks product_tag-olhao product_tag-penduline-tits product_tag-portugal product_tag-purple-heron product_tag-purple-swamp-hen product_tag-ramsar product_tag-red-crested-pochard product_tag-red-necked-nightjar product_tag-ria-formosa product_tag-ria-formosa-natural-park product_tag-ria-formosa-natural-reserve product_tag-ringed-plovers product_tag-salt-pans product_tag-saltmarsh product_tag-santa-luzia product_tag-sejour-en-liberte product_tag-self-drive-holiday product_tag-self-guided product_tag-self-guided-birdwatching product_tag-self-guided-holidays product_tag-self-guided-tours product_tag-solo-reisen product_tag-southern-grey-shrikes product_tag-spoonbills product_tag-sunny-winters product_tag-tavira product_tag-tours-autoguidees product_tag-tours-in-portugal product_tag-vacations product_tag-voyage-en-liberte product_tag-voyages-en-autonomie product_tag-wintering-birds product_tag-woodchat has-post-thumbnail virtual product-type-simple\" >\n\n\n\t\n\n\t\t\t   <div class=\"product-wrap\">\n\t\t\t<a href=\"https:\/\/becooltravel.com\/pt\/produto\/assistindo-o-ceu-azul-de-monte-gordo-fly-drive-3200s\/\" aria-label=\"F\u00e9rias de observa\u00e7\u00e3o de p\u00e1ssaros no c\u00e9u azul de Monte Gordo\"><img decoding=\"async\" width=\"300\" height=\"300\" src=\"https:\/\/i0.wp.com\/becooltravel.com\/wp-content\/uploads\/sites\/5\/2020\/05\/Birdwatching-Ria-Formosa-marshes.jpg?resize=300%2C300&amp;ssl=1\" class=\"attachment-woocommerce_thumbnail size-woocommerce_thumbnail\" alt=\"Observa\u00e7\u00e3o de p\u00e1ssaros nos p\u00e2ntanos da Ria Formosa\" srcset=\"https:\/\/i0.wp.com\/becooltravel.com\/wp-content\/uploads\/sites\/5\/2020\/05\/Birdwatching-Ria-Formosa-marshes.jpg?resize=150%2C150&amp;ssl=1 150w, https:\/\/i0.wp.com\/becooltravel.com\/wp-content\/uploads\/sites\/5\/2020\/05\/Birdwatching-Ria-Formosa-marshes.jpg?resize=100%2C100&amp;ssl=1 100w, https:\/\/i0.wp.com\/becooltravel.com\/wp-content\/uploads\/sites\/5\/2020\/05\/Birdwatching-Ria-Formosa-marshes.jpg?resize=140%2C140&amp;ssl=1 140w, https:\/\/i0.wp.com\/becooltravel.com\/wp-content\/uploads\/sites\/5\/2020\/05\/Birdwatching-Ria-Formosa-marshes.jpg?resize=500%2C500&amp;ssl=1 500w, https:\/\/i0.wp.com\/becooltravel.com\/wp-content\/uploads\/sites\/5\/2020\/05\/Birdwatching-Ria-Formosa-marshes.jpg?resize=350%2C350&amp;ssl=1 350w, https:\/\/i0.wp.com\/becooltravel.com\/wp-content\/uploads\/sites\/5\/2020\/05\/Birdwatching-Ria-Formosa-marshes.jpg?resize=800%2C800&amp;ssl=1 800w, https:\/\/i0.wp.com\/becooltravel.com\/wp-content\/uploads\/sites\/5\/2020\/05\/Birdwatching-Ria-Formosa-marshes.jpg?resize=300%2C300&amp;ssl=1 300w, https:\/\/i0.wp.com\/becooltravel.com\/wp-content\/uploads\/sites\/5\/2020\/05\/Birdwatching-Ria-Formosa-marshes.jpg?zoom=2&amp;resize=300%2C300&amp;ssl=1 600w, https:\/\/i0.wp.com\/becooltravel.com\/wp-content\/uploads\/sites\/5\/2020\/05\/Birdwatching-Ria-Formosa-marshes.jpg?zoom=3&amp;resize=300%2C300&amp;ssl=1 900w\" sizes=\"(max-width: 300px) 100vw, 300px\" \/><\/a>\n\t\t\t<div class=\"product-add-to-cart\" data-nectar-quickview=\"true\"><a href=\"https:\/\/becooltravel.com\/pt\/produto\/assistindo-o-ceu-azul-de-monte-gordo-fly-drive-3200s\/\" aria-describedby=\"woocommerce_loop_add_to_cart_link_describedby_3756\" data-quantity=\"1\" class=\"button product_type_simple\" data-product_id=\"3756\" data-product_sku=\"\" aria-label=\"Leia mais sobre \u201cWatching The Blue Skies Of Monte Gordo Birdwatching Holiday\u201d\" rel=\"nofollow\" data-success_message=\"\" data-no-translation=\"\" data-trp-gettext=\"\" data-no-translation-aria-label=\"\">Consulte Mais informa\u00e7\u00e3o<\/a>\t<span id=\"woocommerce_loop_add_to_cart_link_describedby_3756\" class=\"screen-reader-text\">\n\t\t\t<\/span>\n<a class=\"nectar_quick_view no-ajaxy button\" data-product-id=\"3756\"> <i class=\"normal icon-salient-m-eye\"><\/i>\n\t    <span>Olhada r\u00e1pida<\/span><\/a><\/div>\t\t   <\/div>\n\t\t\t\t\n\t  \n\n\t\t<h2 class=\"woocommerce-loop-product__title\">F\u00e9rias de observa\u00e7\u00e3o de p\u00e1ssaros no c\u00e9u azul de Monte Gordo<\/h2><h3>Observa\u00e7\u00e3o de p\u00e1ssaros autodirigida<\/h3><p class=\"product-duration\"><strong>Dura\u00e7\u00e3o:<\/strong> 5 dias \/ 4 noites<\/p><p class=\"product-duration availability\"><strong>Disponibilidade:<\/strong> Janeiro - dezembro<\/p>\n<a href=\"https:\/\/becooltravel.com\/pt\/produto\/assistindo-o-ceu-azul-de-monte-gordo-fly-drive-3200s\/\" class=\"price\">Solicitar Pre\u00e7o<\/a>\n\t\n\n\t\n<\/li>\n\t<li class=\"classic product type-product post-3757 status-publish instock product_cat-self-drive-holidays-portugal product_cat-portugal-self-guided-birdwatching-holidays product_cat-self-guided-tours-portugal product_tag-algarve product_tag-alleine-reisen product_tag-best-birding-spots product_tag-best-of-the-algarvian-bird-life product_tag-bird-watching product_tag-birding product_tag-birding-algarve product_tag-birdwatchers-paradise product_tag-birdwatching product_tag-black-tailed-godwits product_tag-black-winged-kite product_tag-blackheaded-weaver product_tag-booted-eagles product_tag-collared-pratincole product_tag-european-bee-eater product_tag-ferruginous-duck product_tag-fly-drive product_tag-holidays product_tag-individuelle-touren product_tag-kentish-plover product_tag-little-bittern product_tag-little-stints product_tag-little-tern product_tag-marsh-harriers product_tag-nature-observation product_tag-nature-walks product_tag-penduline-tits product_tag-portugal product_tag-purple-heron product_tag-purple-swamp-hen product_tag-ramsar product_tag-red-crested-pochard product_tag-red-necked-nightjar product_tag-resident-and-migrant-birds product_tag-ria-formosa product_tag-ria-formosa-natural-park product_tag-ringed-plovers product_tag-sejour-en-liberte product_tag-self-guided product_tag-self-guided-birdwatching product_tag-self-guided-holidays product_tag-self-guided-tours product_tag-solo-reisen product_tag-southern-grey-shrikes product_tag-sunny-winters product_tag-top-class-birding product_tag-tours-autoguidees product_tag-tours-in-portugal product_tag-vacations product_tag-voyage-en-liberte product_tag-voyages-en-autonomie product_tag-wintering-birds product_tag-woodchat has-post-thumbnail virtual product-type-simple\" >\n\n\n\t\n\n\t\t\t   <div class=\"product-wrap\">\n\t\t\t<a href=\"https:\/\/becooltravel.com\/pt\/produto\/birdwatching-and-wildlife-tour-in-the-ria-formosa-fly-drive-3100s\/\" aria-label=\"Observa\u00e7\u00e3o de Aves e F\u00e9rias na Vida Selvagem na Ria Formosa\"><img decoding=\"async\" width=\"300\" height=\"300\" src=\"https:\/\/i0.wp.com\/becooltravel.com\/wp-content\/uploads\/sites\/5\/2020\/05\/Birdwatching-Ria-Formosa.jpg?resize=300%2C300&amp;ssl=1\" class=\"attachment-woocommerce_thumbnail size-woocommerce_thumbnail\" alt=\"Observa\u00e7\u00e3o de p\u00e1ssaros no Algarve\" srcset=\"https:\/\/i0.wp.com\/becooltravel.com\/wp-content\/uploads\/sites\/5\/2020\/05\/Birdwatching-Ria-Formosa.jpg?resize=150%2C150&amp;ssl=1 150w, https:\/\/i0.wp.com\/becooltravel.com\/wp-content\/uploads\/sites\/5\/2020\/05\/Birdwatching-Ria-Formosa.jpg?resize=100%2C100&amp;ssl=1 100w, https:\/\/i0.wp.com\/becooltravel.com\/wp-content\/uploads\/sites\/5\/2020\/05\/Birdwatching-Ria-Formosa.jpg?resize=140%2C140&amp;ssl=1 140w, https:\/\/i0.wp.com\/becooltravel.com\/wp-content\/uploads\/sites\/5\/2020\/05\/Birdwatching-Ria-Formosa.jpg?resize=500%2C500&amp;ssl=1 500w, https:\/\/i0.wp.com\/becooltravel.com\/wp-content\/uploads\/sites\/5\/2020\/05\/Birdwatching-Ria-Formosa.jpg?resize=350%2C350&amp;ssl=1 350w, https:\/\/i0.wp.com\/becooltravel.com\/wp-content\/uploads\/sites\/5\/2020\/05\/Birdwatching-Ria-Formosa.jpg?resize=800%2C800&amp;ssl=1 800w, https:\/\/i0.wp.com\/becooltravel.com\/wp-content\/uploads\/sites\/5\/2020\/05\/Birdwatching-Ria-Formosa.jpg?resize=300%2C300&amp;ssl=1 300w, https:\/\/i0.wp.com\/becooltravel.com\/wp-content\/uploads\/sites\/5\/2020\/05\/Birdwatching-Ria-Formosa.jpg?zoom=2&amp;resize=300%2C300&amp;ssl=1 600w, https:\/\/i0.wp.com\/becooltravel.com\/wp-content\/uploads\/sites\/5\/2020\/05\/Birdwatching-Ria-Formosa.jpg?zoom=3&amp;resize=300%2C300&amp;ssl=1 900w\" sizes=\"(max-width: 300px) 100vw, 300px\" \/><\/a>\n\t\t\t<div class=\"product-add-to-cart\" data-nectar-quickview=\"true\"><a href=\"https:\/\/becooltravel.com\/pt\/produto\/birdwatching-and-wildlife-tour-in-the-ria-formosa-fly-drive-3100s\/\" aria-describedby=\"woocommerce_loop_add_to_cart_link_describedby_3757\" data-quantity=\"1\" class=\"button product_type_simple\" data-product_id=\"3757\" data-product_sku=\"\" aria-label=\"Leia mais sobre \u201cBirdwatching and Wildlife Holidays in the Ria Formosa\u201d\" rel=\"nofollow\" data-success_message=\"\" data-no-translation=\"\" data-trp-gettext=\"\" data-no-translation-aria-label=\"\">Consulte Mais informa\u00e7\u00e3o<\/a>\t<span id=\"woocommerce_loop_add_to_cart_link_describedby_3757\" class=\"screen-reader-text\">\n\t\t\t<\/span>\n<a class=\"nectar_quick_view no-ajaxy button\" data-product-id=\"3757\"> <i class=\"normal icon-salient-m-eye\"><\/i>\n\t    <span>Olhada r\u00e1pida<\/span><\/a><\/div>\t\t   <\/div>\n\t\t\t\t\n\t  \n\n\t\t<h2 class=\"woocommerce-loop-product__title\">Observa\u00e7\u00e3o de Aves e F\u00e9rias na Vida Selvagem na Ria Formosa<\/h2><h3>Observa\u00e7\u00e3o de p\u00e1ssaros autodirigida<\/h3><p class=\"product-duration\"><strong>Dura\u00e7\u00e3o:<\/strong> 8 dias \/ 7 noites<\/p><p class=\"product-duration availability\"><strong>Disponibilidade:<\/strong> Janeiro - dezembro<\/p>\n<a href=\"https:\/\/becooltravel.com\/pt\/produto\/birdwatching-and-wildlife-tour-in-the-ria-formosa-fly-drive-3100s\/\" class=\"price\">Solicitar Pre\u00e7o<\/a>\n\t\n\n\t\n<\/li>\n\t<li class=\"classic product type-product post-3754 status-publish instock product_cat-self-drive-holidays-portugal product_cat-portugal-self-guided-birdwatching-holidays product_cat-self-guided-tours-portugal product_tag-algarve product_tag-alleine-reisen product_tag-best-birding-spots product_tag-bird-watching product_tag-birding product_tag-birdwatching product_tag-birdwatching-algarve product_tag-birdwatching-portugal product_tag-birdwatching-tour-in-the-algarve product_tag-black-tailed-godwits product_tag-black-winged-kite product_tag-blackheaded-weaver product_tag-booted-eagles product_tag-collared-pratincole product_tag-european-bee-eater product_tag-ferruginous-duck product_tag-fly-drive product_tag-holidays product_tag-individuelle-touren product_tag-kentish-plover product_tag-little-bittern product_tag-little-stints product_tag-little-tern product_tag-marsh-harriers product_tag-nature-observation product_tag-nature-walks product_tag-penduline-tits product_tag-portugal product_tag-purple-heron product_tag-purple-swamp-hen product_tag-ramsar product_tag-red-crested-pochard product_tag-red-necked-nightjar product_tag-ria-formosa product_tag-ria-formosa-natural-park product_tag-ringed-plovers product_tag-sejour-en-liberte product_tag-self-guided product_tag-self-guided-birdwatching product_tag-self-guided-holidays product_tag-self-guided-tours product_tag-solo-reisen product_tag-southern-grey-shrikes product_tag-sunny-winters product_tag-tavira product_tag-tours-autoguidees product_tag-tours-in-portugal product_tag-vacations product_tag-voyage-en-liberte product_tag-voyages-en-autonomie product_tag-wintering-birds product_tag-woodchat has-post-thumbnail virtual product-type-simple\" >\n\n\n\t\n\n\t\t\t   <div class=\"product-wrap\">\n\t\t\t<a href=\"https:\/\/becooltravel.com\/pt\/produto\/birding-in-tavira-and-the-ria-formosa-fly-drive-3300s\/\" aria-label=\"F\u00e9rias de Observa\u00e7\u00e3o de P\u00e1ssaros em Tavira e na Ria Formosa - O Seu Nemesis Bird Destination\"><img decoding=\"async\" width=\"300\" height=\"300\" src=\"https:\/\/i0.wp.com\/becooltravel.com\/wp-content\/uploads\/sites\/5\/2020\/05\/riaformosa_nemesis_bird_destination.jpg?resize=300%2C300&amp;ssl=1\" class=\"attachment-woocommerce_thumbnail size-woocommerce_thumbnail\" alt=\"Observa\u00e7\u00e3o de p\u00e1ssaros na Ria Formosa\" srcset=\"https:\/\/i0.wp.com\/becooltravel.com\/wp-content\/uploads\/sites\/5\/2020\/05\/riaformosa_nemesis_bird_destination.jpg?resize=150%2C150&amp;ssl=1 150w, https:\/\/i0.wp.com\/becooltravel.com\/wp-content\/uploads\/sites\/5\/2020\/05\/riaformosa_nemesis_bird_destination.jpg?resize=100%2C100&amp;ssl=1 100w, https:\/\/i0.wp.com\/becooltravel.com\/wp-content\/uploads\/sites\/5\/2020\/05\/riaformosa_nemesis_bird_destination.jpg?resize=140%2C140&amp;ssl=1 140w, https:\/\/i0.wp.com\/becooltravel.com\/wp-content\/uploads\/sites\/5\/2020\/05\/riaformosa_nemesis_bird_destination.jpg?resize=500%2C500&amp;ssl=1 500w, https:\/\/i0.wp.com\/becooltravel.com\/wp-content\/uploads\/sites\/5\/2020\/05\/riaformosa_nemesis_bird_destination.jpg?resize=350%2C350&amp;ssl=1 350w, https:\/\/i0.wp.com\/becooltravel.com\/wp-content\/uploads\/sites\/5\/2020\/05\/riaformosa_nemesis_bird_destination.jpg?resize=800%2C800&amp;ssl=1 800w, https:\/\/i0.wp.com\/becooltravel.com\/wp-content\/uploads\/sites\/5\/2020\/05\/riaformosa_nemesis_bird_destination.jpg?resize=300%2C300&amp;ssl=1 300w, https:\/\/i0.wp.com\/becooltravel.com\/wp-content\/uploads\/sites\/5\/2020\/05\/riaformosa_nemesis_bird_destination.jpg?zoom=2&amp;resize=300%2C300&amp;ssl=1 600w, https:\/\/i0.wp.com\/becooltravel.com\/wp-content\/uploads\/sites\/5\/2020\/05\/riaformosa_nemesis_bird_destination.jpg?zoom=3&amp;resize=300%2C300&amp;ssl=1 900w\" sizes=\"(max-width: 300px) 100vw, 300px\" \/><\/a>\n\t\t\t<div class=\"product-add-to-cart\" data-nectar-quickview=\"true\"><a href=\"https:\/\/becooltravel.com\/pt\/produto\/birding-in-tavira-and-the-ria-formosa-fly-drive-3300s\/\" aria-describedby=\"woocommerce_loop_add_to_cart_link_describedby_3754\" data-quantity=\"1\" class=\"button product_type_simple\" data-product_id=\"3754\" data-product_sku=\"\" aria-label=\"Leia mais sobre \u201cBirding Holiday in Tavira and the Ria Formosa - Your Nemesis Bird Destination\u201d\" rel=\"nofollow\" data-success_message=\"\" data-no-translation=\"\" data-trp-gettext=\"\" data-no-translation-aria-label=\"\">Consulte Mais informa\u00e7\u00e3o<\/a>\t<span id=\"woocommerce_loop_add_to_cart_link_describedby_3754\" class=\"screen-reader-text\">\n\t\t\t<\/span>\n<a class=\"nectar_quick_view no-ajaxy button\" data-product-id=\"3754\"> <i class=\"normal icon-salient-m-eye\"><\/i>\n\t    <span>Olhada r\u00e1pida<\/span><\/a><\/div>\t\t   <\/div>\n\t\t\t\t\n\t  \n\n\t\t<h2 class=\"woocommerce-loop-product__title\">F\u00e9rias de observa\u00e7\u00e3o de p\u00e1ssaros em Tavira e na Ria Formosa - o seu destino para p\u00e1ssaros n\u00eamesis<\/h2><h3>Observa\u00e7\u00e3o de p\u00e1ssaros autodirigida<\/h3><p class=\"product-duration\"><strong>Dura\u00e7\u00e3o:<\/strong> 5 dias \/ 4 noites<\/p><p class=\"product-duration availability\"><strong>Disponibilidade:<\/strong> Janeiro - dezembro<\/p>\n<a href=\"https:\/\/becooltravel.com\/pt\/produto\/birding-in-tavira-and-the-ria-formosa-fly-drive-3300s\/\" class=\"price\">Solicitar Pre\u00e7o<\/a>\n\t\n\n\t\n<\/li>\n\t<li class=\"classic product type-product post-3722 status-publish last instock product_cat-self-guided-cycling-holidays-portugal product_cat-self-guided-tours-portugal product_tag-algarve-coastal-strip product_tag-algarve-cycle-tracks product_tag-algarve-cycling-holiday product_tag-algarve-glorious-countryside product_tag-algarve-sand-islands product_tag-alleine-reisen product_tag-ayamonte product_tag-clear-crystal-waters product_tag-coastal-algarve product_tag-cycle product_tag-cycle-tracks product_tag-east-algarve product_tag-electrical-bike product_tag-flamingos product_tag-green-countryside product_tag-hybrid-bicycle product_tag-individuelle-touren product_tag-marismas-da-isla-cristina product_tag-monte-gordo product_tag-natural-scenery product_tag-nature-reserve-of-castro-marim product_tag-portugal product_tag-portugal-great-food-and-wine product_tag-ria-formosa-natural-park product_tag-river-gilao product_tag-river-guadiana product_tag-salt-pans product_tag-sejour-en-liberte product_tag-solo-reisen product_tag-tavira product_tag-tours-autoguidees product_tag-vila-real-sto-antonio product_tag-voyage-en-liberte product_tag-voyages-en-autonomie product_tag-water-birds product_tag-western-europe product_tag-wild-flowers product_tag-wonderful-rides has-post-thumbnail virtual product-type-simple\" >\n\n\n\t\n\n\t\t\t   <div class=\"product-wrap\">\n\t\t\t<a href=\"https:\/\/becooltravel.com\/pt\/produto\/ciclismo-no-leste-algarve-2100s\/\" aria-label=\"Monte Gordo: F\u00e9rias de bicicleta independentes no Sotavento Algarvio e Sul de Espanha\"><img decoding=\"async\" width=\"300\" height=\"300\" src=\"https:\/\/i0.wp.com\/becooltravel.com\/wp-content\/uploads\/sites\/5\/2020\/06\/Cycling_tour_east_algarve.jpg?resize=300%2C300&amp;ssl=1\" class=\"attachment-woocommerce_thumbnail size-woocommerce_thumbnail\" alt=\"Rota de Bicicleta Sotavento Algarvio\" srcset=\"https:\/\/i0.wp.com\/becooltravel.com\/wp-content\/uploads\/sites\/5\/2020\/06\/Cycling_tour_east_algarve.jpg?resize=150%2C150&amp;ssl=1 150w, https:\/\/i0.wp.com\/becooltravel.com\/wp-content\/uploads\/sites\/5\/2020\/06\/Cycling_tour_east_algarve.jpg?resize=100%2C100&amp;ssl=1 100w, https:\/\/i0.wp.com\/becooltravel.com\/wp-content\/uploads\/sites\/5\/2020\/06\/Cycling_tour_east_algarve.jpg?resize=140%2C140&amp;ssl=1 140w, https:\/\/i0.wp.com\/becooltravel.com\/wp-content\/uploads\/sites\/5\/2020\/06\/Cycling_tour_east_algarve.jpg?resize=500%2C500&amp;ssl=1 500w, https:\/\/i0.wp.com\/becooltravel.com\/wp-content\/uploads\/sites\/5\/2020\/06\/Cycling_tour_east_algarve.jpg?resize=350%2C350&amp;ssl=1 350w, https:\/\/i0.wp.com\/becooltravel.com\/wp-content\/uploads\/sites\/5\/2020\/06\/Cycling_tour_east_algarve.jpg?resize=800%2C800&amp;ssl=1 800w, https:\/\/i0.wp.com\/becooltravel.com\/wp-content\/uploads\/sites\/5\/2020\/06\/Cycling_tour_east_algarve.jpg?resize=300%2C300&amp;ssl=1 300w, https:\/\/i0.wp.com\/becooltravel.com\/wp-content\/uploads\/sites\/5\/2020\/06\/Cycling_tour_east_algarve.jpg?zoom=2&amp;resize=300%2C300&amp;ssl=1 600w, https:\/\/i0.wp.com\/becooltravel.com\/wp-content\/uploads\/sites\/5\/2020\/06\/Cycling_tour_east_algarve.jpg?zoom=3&amp;resize=300%2C300&amp;ssl=1 900w\" sizes=\"(max-width: 300px) 100vw, 300px\" \/><\/a>\n\t\t\t<div class=\"product-add-to-cart\" data-nectar-quickview=\"true\"><a href=\"https:\/\/becooltravel.com\/pt\/produto\/ciclismo-no-leste-algarve-2100s\/\" aria-describedby=\"woocommerce_loop_add_to_cart_link_describedby_3722\" data-quantity=\"1\" class=\"button product_type_simple\" data-product_id=\"3722\" data-product_sku=\"\" aria-label=\"Leia mais sobre \u201cMonte Gordo: Independent Cycle Holidays in the East Algarve &amp; South of Spain\u201d\" rel=\"nofollow\" data-success_message=\"\" data-no-translation=\"\" data-trp-gettext=\"\" data-no-translation-aria-label=\"\">Consulte Mais informa\u00e7\u00e3o<\/a>\t<span id=\"woocommerce_loop_add_to_cart_link_describedby_3722\" class=\"screen-reader-text\">\n\t\t\t<\/span>\n<a class=\"nectar_quick_view no-ajaxy button\" data-product-id=\"3722\"> <i class=\"normal icon-salient-m-eye\"><\/i>\n\t    <span>Olhada r\u00e1pida<\/span><\/a><\/div>\t\t   <\/div>\n\t\t\t\t\n\t  \n\n\t\t<h2 class=\"woocommerce-loop-product__title\">Monte Gordo: F\u00e9rias de Ciclo Independentes no Sotavento Algarvio e Sul de Espanha<\/h2><h3>Ciclismo Autoguiado<\/h3><p class=\"product-duration\"><strong>Dura\u00e7\u00e3o:<\/strong> 8 dias \/ 7 noites<\/p><p class=\"product-duration availability\"><strong>Disponibilidade:<\/strong> Janeiro - dezembro<\/p><p class=\"product-duration grade\"><strong>Nota:<\/strong> Moderado (4\/8)<\/p>\n<a href=\"https:\/\/becooltravel.com\/pt\/produto\/ciclismo-no-leste-algarve-2100s\/\" class=\"price\">Solicitar Pre\u00e7o<\/a>\n\t\n\n\t\n<\/li>\n\t<li class=\"classic product type-product post-7830 status-publish first instock product_cat-self-guided-tours-portugal product_cat-self-guided-walking-holidays product_tag-algarve product_tag-alleine-reisen product_tag-coastal-algarve product_tag-east-algarve product_tag-europe product_tag-food-and-wines-are-tasty product_tag-individual-hiking product_tag-individuelle-touren product_tag-individuelle-trekkingreisen product_tag-individuelle-wandern product_tag-individuelle-wanderreisen product_tag-individuelle-wandertouren product_tag-olive-groves product_tag-orange product_tag-portugal product_tag-portugal-great-food-and-wine product_tag-rando-autoguidee product_tag-rando-liberte product_tag-randonnee-autoguidee product_tag-randonnee-en-liberte product_tag-randonnee-liberte product_tag-ria-formosa-natural-park product_tag-sandy-beaches product_tag-sejour-en-liberte product_tag-self-guided product_tag-self-guided-walks product_tag-solo-reisen product_tag-solo-wandern product_tag-tavira product_tag-the-algarve product_tag-tours-autoguidees product_tag-trek-en-liberte product_tag-trek-solo product_tag-trekking-solo product_tag-typical-fishing-villages product_tag-undisturbed-places-in-portugal product_tag-voyage-en-liberte product_tag-voyages-a-pied-en-liberte product_tag-voyages-en-autonomie product_tag-wading-birds product_tag-walking-holidays product_tag-walking-program product_tag-walking-tours product_tag-water-birds product_tag-western-europe product_tag-whitewashed-villages product_tag-wild-flowers product_tag-wildlife-and-history has-post-thumbnail virtual product-type-simple\" >\n\n\n\t\n\n\t\t\t   <div class=\"product-wrap\">\n\t\t\t<a href=\"https:\/\/becooltravel.com\/pt\/produto\/tavira-the-venice-of-algarve-1200s\/\" aria-label=\"F\u00e9rias Pedestres em Tavira, a Veneza do Algarve\"><img decoding=\"async\" width=\"300\" height=\"300\" src=\"https:\/\/i0.wp.com\/becooltravel.com\/wp-content\/uploads\/sites\/5\/2020\/05\/Walking_East_Algarve_Coast.jpg?resize=300%2C300&amp;ssl=1\" class=\"attachment-woocommerce_thumbnail size-woocommerce_thumbnail\" alt=\"Caminhando na Costa Leste do Algarve\" srcset=\"https:\/\/i0.wp.com\/becooltravel.com\/wp-content\/uploads\/sites\/5\/2020\/05\/Walking_East_Algarve_Coast.jpg?resize=150%2C150&amp;ssl=1 150w, https:\/\/i0.wp.com\/becooltravel.com\/wp-content\/uploads\/sites\/5\/2020\/05\/Walking_East_Algarve_Coast.jpg?resize=100%2C100&amp;ssl=1 100w, https:\/\/i0.wp.com\/becooltravel.com\/wp-content\/uploads\/sites\/5\/2020\/05\/Walking_East_Algarve_Coast.jpg?resize=140%2C140&amp;ssl=1 140w, https:\/\/i0.wp.com\/becooltravel.com\/wp-content\/uploads\/sites\/5\/2020\/05\/Walking_East_Algarve_Coast.jpg?resize=500%2C500&amp;ssl=1 500w, https:\/\/i0.wp.com\/becooltravel.com\/wp-content\/uploads\/sites\/5\/2020\/05\/Walking_East_Algarve_Coast.jpg?resize=350%2C350&amp;ssl=1 350w, https:\/\/i0.wp.com\/becooltravel.com\/wp-content\/uploads\/sites\/5\/2020\/05\/Walking_East_Algarve_Coast.jpg?resize=800%2C800&amp;ssl=1 800w, https:\/\/i0.wp.com\/becooltravel.com\/wp-content\/uploads\/sites\/5\/2020\/05\/Walking_East_Algarve_Coast.jpg?resize=300%2C300&amp;ssl=1 300w, https:\/\/i0.wp.com\/becooltravel.com\/wp-content\/uploads\/sites\/5\/2020\/05\/Walking_East_Algarve_Coast.jpg?zoom=2&amp;resize=300%2C300&amp;ssl=1 600w, https:\/\/i0.wp.com\/becooltravel.com\/wp-content\/uploads\/sites\/5\/2020\/05\/Walking_East_Algarve_Coast.jpg?zoom=3&amp;resize=300%2C300&amp;ssl=1 900w\" sizes=\"(max-width: 300px) 100vw, 300px\" \/><\/a>\n\t\t\t<div class=\"product-add-to-cart\" data-nectar-quickview=\"true\"><a href=\"https:\/\/becooltravel.com\/pt\/produto\/tavira-the-venice-of-algarve-1200s\/\" aria-describedby=\"woocommerce_loop_add_to_cart_link_describedby_7830\" data-quantity=\"1\" class=\"button product_type_simple\" data-product_id=\"7830\" data-product_sku=\"\" aria-label=\"Leia mais sobre \u201cWalking Holidays in Tavira, the Venice of Algarve\u201d\" rel=\"nofollow\" data-success_message=\"\" data-no-translation=\"\" data-trp-gettext=\"\" data-no-translation-aria-label=\"\">Consulte Mais informa\u00e7\u00e3o<\/a>\t<span id=\"woocommerce_loop_add_to_cart_link_describedby_7830\" class=\"screen-reader-text\">\n\t\t\t<\/span>\n<a class=\"nectar_quick_view no-ajaxy button\" data-product-id=\"7830\"> <i class=\"normal icon-salient-m-eye\"><\/i>\n\t    <span>Olhada r\u00e1pida<\/span><\/a><\/div>\t\t   <\/div>\n\t\t\t\t\n\t  \n\n\t\t<h2 class=\"woocommerce-loop-product__title\">F\u00e9rias Pedestres em Tavira, a Veneza do Algarve<\/h2>\n<a href=\"https:\/\/becooltravel.com\/pt\/produto\/tavira-the-venice-of-algarve-1200s\/\" class=\"price\">Solicitar Pre\u00e7o<\/a>\n\t\n\n\t\n<\/li>\n\t<li class=\"classic product type-product post-7831 status-publish instock product_cat-self-drive-holidays-portugal product_cat-portugal-self-guided-birdwatching-holidays product_cat-self-guided-tours-portugal product_tag-algarve product_tag-alleine-reisen product_tag-bee-eater product_tag-best-birding-spots product_tag-best-of-the-algarvian-bird-life product_tag-bird-species product_tag-bird-watching-holidays product_tag-bird-watching product_tag-birding-algarve product_tag-birdwatchers-paradise product_tag-birdwatching-algarve product_tag-birdwatching-portugal product_tag-black-winged-kite product_tag-blackheaded-weaver product_tag-booted-eagles product_tag-caspian-terns product_tag-ferruginous-duck product_tag-fresh-fish-and-seafood product_tag-freshwater-lagoons product_tag-gastronomy-and-wines product_tag-greater-flamingos product_tag-grey-shrikes product_tag-individuelle-touren product_tag-kentish-plover product_tag-little-bittern product_tag-little-tern product_tag-marsh-harriers product_tag-nature-observation product_tag-penduline-tits product_tag-purple-heron product_tag-purple-swamp-hen product_tag-red-necked-nightjar product_tag-ria-formosa product_tag-ria-formosa-birdwatching product_tag-ria-formosa-natural-park product_tag-sejour-en-liberte product_tag-solo-reisen product_tag-spoonbills product_tag-tours-autoguidees product_tag-voyage-en-liberte product_tag-voyages-en-autonomie product_tag-woodchat has-post-thumbnail virtual product-type-simple\" >\n\n\n\t\n\n\t\t\t   <div class=\"product-wrap\">\n\t\t\t<a href=\"https:\/\/becooltravel.com\/pt\/produto\/ria-formosa-natural-park-a-birdwatchers-paradise-fly-drive-3301s\/\" aria-label=\"Observa\u00e7\u00e3o de p\u00e1ssaros no Parque Natural da Ria Formosa: um para\u00edso para os observadores de p\u00e1ssaros\"><img decoding=\"async\" width=\"300\" height=\"300\" src=\"https:\/\/i0.wp.com\/becooltravel.com\/wp-content\/uploads\/sites\/5\/2020\/05\/Selfguided_birding_ria_formosa.jpg?resize=300%2C300&amp;ssl=1\" class=\"attachment-woocommerce_thumbnail size-woocommerce_thumbnail\" alt=\"observa\u00e7\u00e3o de p\u00e1ssaros na Ria Formosa\" srcset=\"https:\/\/i0.wp.com\/becooltravel.com\/wp-content\/uploads\/sites\/5\/2020\/05\/Selfguided_birding_ria_formosa.jpg?resize=150%2C150&amp;ssl=1 150w, https:\/\/i0.wp.com\/becooltravel.com\/wp-content\/uploads\/sites\/5\/2020\/05\/Selfguided_birding_ria_formosa.jpg?resize=100%2C100&amp;ssl=1 100w, https:\/\/i0.wp.com\/becooltravel.com\/wp-content\/uploads\/sites\/5\/2020\/05\/Selfguided_birding_ria_formosa.jpg?resize=140%2C140&amp;ssl=1 140w, https:\/\/i0.wp.com\/becooltravel.com\/wp-content\/uploads\/sites\/5\/2020\/05\/Selfguided_birding_ria_formosa.jpg?resize=500%2C500&amp;ssl=1 500w, https:\/\/i0.wp.com\/becooltravel.com\/wp-content\/uploads\/sites\/5\/2020\/05\/Selfguided_birding_ria_formosa.jpg?resize=350%2C350&amp;ssl=1 350w, https:\/\/i0.wp.com\/becooltravel.com\/wp-content\/uploads\/sites\/5\/2020\/05\/Selfguided_birding_ria_formosa.jpg?resize=300%2C300&amp;ssl=1 300w, https:\/\/i0.wp.com\/becooltravel.com\/wp-content\/uploads\/sites\/5\/2020\/05\/Selfguided_birding_ria_formosa.jpg?zoom=2&amp;resize=300%2C300&amp;ssl=1 600w, https:\/\/i0.wp.com\/becooltravel.com\/wp-content\/uploads\/sites\/5\/2020\/05\/Selfguided_birding_ria_formosa.jpg?zoom=3&amp;resize=300%2C300&amp;ssl=1 900w\" sizes=\"(max-width: 300px) 100vw, 300px\" \/><\/a>\n\t\t\t<div class=\"product-add-to-cart\" data-nectar-quickview=\"true\"><a href=\"https:\/\/becooltravel.com\/pt\/produto\/ria-formosa-natural-park-a-birdwatchers-paradise-fly-drive-3301s\/\" aria-describedby=\"woocommerce_loop_add_to_cart_link_describedby_7831\" data-quantity=\"1\" class=\"button product_type_simple\" data-product_id=\"7831\" data-product_sku=\"\" aria-label=\"Leia mais sobre \u201cBirdwatching in Ria Formosa Natural Park: A Birdwatcher\u2019s Paradise\u201d\" rel=\"nofollow\" data-success_message=\"\" data-no-translation=\"\" data-trp-gettext=\"\" data-no-translation-aria-label=\"\">Consulte Mais informa\u00e7\u00e3o<\/a>\t<span id=\"woocommerce_loop_add_to_cart_link_describedby_7831\" class=\"screen-reader-text\">\n\t\t\t<\/span>\n<a class=\"nectar_quick_view no-ajaxy button\" data-product-id=\"7831\"> <i class=\"normal icon-salient-m-eye\"><\/i>\n\t    <span>Olhada r\u00e1pida<\/span><\/a><\/div>\t\t   <\/div>\n\t\t\t\t\n\t  \n\n\t\t<h2 class=\"woocommerce-loop-product__title\">Observa\u00e7\u00e3o de p\u00e1ssaros no Parque Natural da Ria Formosa: um para\u00edso para os observadores de p\u00e1ssaros<\/h2>\n<a href=\"https:\/\/becooltravel.com\/pt\/produto\/ria-formosa-natural-park-a-birdwatchers-paradise-fly-drive-3301s\/\" class=\"price\">Solicitar Pre\u00e7o<\/a>\n\t\n\n\t\n<\/li>\n\t<li class=\"classic product type-product post-7832 status-publish instock product_cat-self-drive-holidays-portugal product_cat-portugal-self-guided-birdwatching-holidays product_cat-self-guided-tours-portugal product_tag-algarve product_tag-alleine-reisen product_tag-best-birding-spots product_tag-best-of-the-algarvian-bird-life product_tag-bird-watching-tours product_tag-bird-watching product_tag-birding product_tag-birdwatching product_tag-birdwatching-algarve product_tag-black-tailed-godwits product_tag-black-winged-kite product_tag-blackheaded-weaver product_tag-booted-eagles product_tag-collared-pratincole product_tag-european-bee-eater product_tag-ferruginous-duck product_tag-fly-drive product_tag-great-bustard product_tag-holidays product_tag-individuelle-touren product_tag-kentish-plover product_tag-little-bittern product_tag-little-stints product_tag-little-tern product_tag-marsh-harriers product_tag-nature-observation product_tag-nature-walks product_tag-observe-birds product_tag-penduline-tits product_tag-portugal product_tag-purple-heron product_tag-purple-swamp-hen product_tag-ramsar product_tag-red-crested-pochard product_tag-red-necked-nightjar product_tag-ria-formosa product_tag-ria-formosa-natural-park product_tag-ringed-plovers product_tag-sejour-en-liberte product_tag-self-guided product_tag-self-guided-birdwatching product_tag-self-guided-holidays product_tag-self-guided-tours product_tag-solo-reisen product_tag-southern-grey-shrikes product_tag-sunny-winters product_tag-top-class-birding product_tag-tours-autoguidees product_tag-tours-in-portugal product_tag-vacations product_tag-voyage-en-liberte product_tag-voyages-en-autonomie product_tag-wintering-birds product_tag-woodchat has-post-thumbnail virtual product-type-simple\" >\n\n\n\t\n\n\t\t\t   <div class=\"product-wrap\">\n\t\t\t<a href=\"https:\/\/becooltravel.com\/pt\/produto\/birding-under-blue-skyes-the-big-bustard-adventure-fly-drive-3201s\/\" aria-label=\"F\u00e9rias de observa\u00e7\u00e3o de p\u00e1ssaros sob o c\u00e9u azul: a grande aventura do abetarda\"><img decoding=\"async\" width=\"300\" height=\"300\" src=\"https:\/\/i0.wp.com\/becooltravel.com\/wp-content\/uploads\/sites\/5\/2020\/05\/Great_bustard_birdwatching.jpg?resize=300%2C300&amp;ssl=1\" class=\"attachment-woocommerce_thumbnail size-woocommerce_thumbnail\" alt=\"Birdwatching Castro Verde\" srcset=\"https:\/\/i0.wp.com\/becooltravel.com\/wp-content\/uploads\/sites\/5\/2020\/05\/Great_bustard_birdwatching.jpg?resize=150%2C150&amp;ssl=1 150w, https:\/\/i0.wp.com\/becooltravel.com\/wp-content\/uploads\/sites\/5\/2020\/05\/Great_bustard_birdwatching.jpg?resize=100%2C100&amp;ssl=1 100w, https:\/\/i0.wp.com\/becooltravel.com\/wp-content\/uploads\/sites\/5\/2020\/05\/Great_bustard_birdwatching.jpg?resize=140%2C140&amp;ssl=1 140w, https:\/\/i0.wp.com\/becooltravel.com\/wp-content\/uploads\/sites\/5\/2020\/05\/Great_bustard_birdwatching.jpg?resize=500%2C500&amp;ssl=1 500w, https:\/\/i0.wp.com\/becooltravel.com\/wp-content\/uploads\/sites\/5\/2020\/05\/Great_bustard_birdwatching.jpg?resize=350%2C350&amp;ssl=1 350w, https:\/\/i0.wp.com\/becooltravel.com\/wp-content\/uploads\/sites\/5\/2020\/05\/Great_bustard_birdwatching.jpg?resize=300%2C300&amp;ssl=1 300w, https:\/\/i0.wp.com\/becooltravel.com\/wp-content\/uploads\/sites\/5\/2020\/05\/Great_bustard_birdwatching.jpg?zoom=2&amp;resize=300%2C300&amp;ssl=1 600w, https:\/\/i0.wp.com\/becooltravel.com\/wp-content\/uploads\/sites\/5\/2020\/05\/Great_bustard_birdwatching.jpg?zoom=3&amp;resize=300%2C300&amp;ssl=1 900w\" sizes=\"(max-width: 300px) 100vw, 300px\" \/><\/a>\n\t\t\t<div class=\"product-add-to-cart\" data-nectar-quickview=\"true\"><a href=\"https:\/\/becooltravel.com\/pt\/produto\/birding-under-blue-skyes-the-big-bustard-adventure-fly-drive-3201s\/\" aria-describedby=\"woocommerce_loop_add_to_cart_link_describedby_7832\" data-quantity=\"1\" class=\"button product_type_simple\" data-product_id=\"7832\" data-product_sku=\"\" aria-label=\"Leia mais sobre \u201cBirding Holidays Under Blue Skyes: The Great Bustard Adventure\u201d\" rel=\"nofollow\" data-success_message=\"\" data-no-translation=\"\" data-trp-gettext=\"\" data-no-translation-aria-label=\"\">Consulte Mais informa\u00e7\u00e3o<\/a>\t<span id=\"woocommerce_loop_add_to_cart_link_describedby_7832\" class=\"screen-reader-text\">\n\t\t\t<\/span>\n<a class=\"nectar_quick_view no-ajaxy button\" data-product-id=\"7832\"> <i class=\"normal icon-salient-m-eye\"><\/i>\n\t    <span>Olhada r\u00e1pida<\/span><\/a><\/div>\t\t   <\/div>\n\t\t\t\t\n\t  \n\n\t\t<h2 class=\"woocommerce-loop-product__title\">F\u00e9rias de observa\u00e7\u00e3o de p\u00e1ssaros sob o c\u00e9u azul: a grande aventura do abetarda<\/h2>\n<a href=\"https:\/\/becooltravel.com\/pt\/produto\/birding-under-blue-skyes-the-big-bustard-adventure-fly-drive-3201s\/\" class=\"price\">Solicitar Pre\u00e7o<\/a>\n\t\n\n\t\n<\/li><\/ul>\n<\/div>\n\t\t\t<\/div> \n\t\t<\/div>\n\t<\/div> \n<\/div><\/div>","protected":false},"excerpt":{"rendered":"Categories SELF-GUIDED TOURS Self-Guided Walking Self-Guided Cycling Self-Guided Birdwatching Self-Drive Self-Guided Train Tours Self-Guided Sun &#038; Beach Self-Guided Sightseeing HOLIDAY PACKS Escape\u2026 (4 days pack)...","protected":false},"author":198,"featured_media":4904,"parent":0,"menu_order":0,"comment_status":"closed","ping_status":"closed","template":"","meta":{"_acf_changed":false,"inline_featured_image":false,"footnotes":""},"class_list":["post-7400","page","type-page","status-publish","has-post-thumbnail"],"acf":[],"yoast_head":"<!-- This site is optimized with the Yoast SEO Premium plugin v26.8 (Yoast SEO v27.5) - https:\/\/yoast.com\/product\/yoast-seo-premium-wordpress\/ -->\n<title>Self-guided Tours - BeCool Travel<\/title>\n<meta name=\"robots\" content=\"index, follow, max-snippet:-1, max-image-preview:large, max-video-preview:-1\" \/>\n<link rel=\"canonical\" href=\"https:\/\/becooltravel.com\/pt\/passeios-autoguiados-2\/\" \/>\n<meta property=\"og:locale\" content=\"pt_PT\" \/>\n<meta property=\"og:type\" content=\"article\" \/>\n<meta property=\"og:title\" content=\"Self-guided Tours\" \/>\n<meta property=\"og:url\" content=\"https:\/\/becooltravel.com\/pt\/passeios-autoguiados-2\/\" \/>\n<meta property=\"og:site_name\" content=\"BeCool Travel\" \/>\n<meta property=\"article:publisher\" content=\"https:\/\/www.facebook.com\/becooltravelagency\/\" \/>\n<meta property=\"article:modified_time\" content=\"2026-03-18T15:09:54+00:00\" \/>\n<meta property=\"og:image\" content=\"https:\/\/becooltravel.com\/wp-content\/uploads\/sites\/5\/2020\/05\/self-guided-holidays-1.jpg\" \/>\n\t<meta property=\"og:image:width\" content=\"1195\" \/>\n\t<meta property=\"og:image:height\" content=\"800\" \/>\n\t<meta property=\"og:image:type\" content=\"image\/jpeg\" \/>\n<meta name=\"twitter:card\" content=\"summary_large_image\" \/>\n<meta name=\"twitter:site\" content=\"@becool_travel\" \/>\n<meta name=\"twitter:label1\" content=\"Tempo estimado de leitura\" \/>\n\t<meta name=\"twitter:data1\" content=\"1 minuto\" \/>\n<script type=\"application\/ld+json\" class=\"yoast-schema-graph\">{\"@context\":\"https:\\\/\\\/schema.org\",\"@graph\":[{\"@type\":\"WebPage\",\"@id\":\"https:\\\/\\\/becooltravel.com\\\/self-guided-tours-2\\\/\",\"url\":\"https:\\\/\\\/becooltravel.com\\\/self-guided-tours-2\\\/\",\"name\":\"Self-guided Tours - BeCool Travel\",\"isPartOf\":{\"@id\":\"https:\\\/\\\/becooltravel.com\\\/#website\"},\"primaryImageOfPage\":{\"@id\":\"https:\\\/\\\/becooltravel.com\\\/self-guided-tours-2\\\/#primaryimage\"},\"image\":{\"@id\":\"https:\\\/\\\/becooltravel.com\\\/self-guided-tours-2\\\/#primaryimage\"},\"thumbnailUrl\":\"https:\\\/\\\/i0.wp.com\\\/becooltravel.com\\\/wp-content\\\/uploads\\\/sites\\\/5\\\/2020\\\/05\\\/self-guided-holidays-1.jpg?fit=1195%2C800&ssl=1\",\"datePublished\":\"2024-11-04T22:54:31+00:00\",\"dateModified\":\"2026-03-18T15:09:54+00:00\",\"breadcrumb\":{\"@id\":\"https:\\\/\\\/becooltravel.com\\\/self-guided-tours-2\\\/#breadcrumb\"},\"inLanguage\":\"pt-PT\",\"potentialAction\":[{\"@type\":\"ReadAction\",\"target\":[\"https:\\\/\\\/becooltravel.com\\\/self-guided-tours-2\\\/\"]}]},{\"@type\":\"ImageObject\",\"inLanguage\":\"pt-PT\",\"@id\":\"https:\\\/\\\/becooltravel.com\\\/self-guided-tours-2\\\/#primaryimage\",\"url\":\"https:\\\/\\\/i0.wp.com\\\/becooltravel.com\\\/wp-content\\\/uploads\\\/sites\\\/5\\\/2020\\\/05\\\/self-guided-holidays-1.jpg?fit=1195%2C800&ssl=1\",\"contentUrl\":\"https:\\\/\\\/i0.wp.com\\\/becooltravel.com\\\/wp-content\\\/uploads\\\/sites\\\/5\\\/2020\\\/05\\\/self-guided-holidays-1.jpg?fit=1195%2C800&ssl=1\",\"width\":1195,\"height\":800,\"caption\":\"self-guided holidays algarve\"},{\"@type\":\"BreadcrumbList\",\"@id\":\"https:\\\/\\\/becooltravel.com\\\/self-guided-tours-2\\\/#breadcrumb\",\"itemListElement\":[{\"@type\":\"ListItem\",\"position\":1,\"name\":\"Home\",\"item\":\"https:\\\/\\\/becooltravel.com\\\/\"},{\"@type\":\"ListItem\",\"position\":2,\"name\":\"Self-guided Tours\"}]},{\"@type\":\"WebSite\",\"@id\":\"https:\\\/\\\/becooltravel.com\\\/#website\",\"url\":\"https:\\\/\\\/becooltravel.com\\\/\",\"name\":\"BeCool Travel\",\"description\":\"Sustainable holidays in Portugal for independent travelers\",\"publisher\":{\"@id\":\"https:\\\/\\\/becooltravel.com\\\/#organization\"},\"potentialAction\":[{\"@type\":\"SearchAction\",\"target\":{\"@type\":\"EntryPoint\",\"urlTemplate\":\"https:\\\/\\\/becooltravel.com\\\/?s={search_term_string}\"},\"query-input\":{\"@type\":\"PropertyValueSpecification\",\"valueRequired\":true,\"valueName\":\"search_term_string\"}}],\"inLanguage\":\"pt-PT\"},{\"@type\":\"Organization\",\"@id\":\"https:\\\/\\\/becooltravel.com\\\/#organization\",\"name\":\"BecoolTravel. com- Portugal\",\"url\":\"https:\\\/\\\/becooltravel.com\\\/\",\"logo\":{\"@type\":\"ImageObject\",\"inLanguage\":\"pt-PT\",\"@id\":\"https:\\\/\\\/becooltravel.com\\\/#\\\/schema\\\/logo\\\/image\\\/\",\"url\":\"https:\\\/\\\/becooltravel.com\\\/wp-content\\\/uploads\\\/sites\\\/5\\\/2020\\\/03\\\/Logo_BeCool.jpg\",\"contentUrl\":\"https:\\\/\\\/becooltravel.com\\\/wp-content\\\/uploads\\\/sites\\\/5\\\/2020\\\/03\\\/Logo_BeCool.jpg\",\"width\":534,\"height\":534,\"caption\":\"BecoolTravel. com- Portugal\"},\"image\":{\"@id\":\"https:\\\/\\\/becooltravel.com\\\/#\\\/schema\\\/logo\\\/image\\\/\"},\"sameAs\":[\"https:\\\/\\\/www.facebook.com\\\/becooltravelagency\\\/\",\"https:\\\/\\\/x.com\\\/becool_travel\",\"https:\\\/\\\/www.instagram.com\\\/becooltravel_com\\\/\",\"https:\\\/\\\/www.linkedin.com\\\/company\\\/becool-travel\\\/\",\"https:\\\/\\\/www.youtube.com\\\/channel\\\/UCE7zRU3EVG1PgfXwQo-5uJw\"]}]}<\/script>\n<!-- \/ Yoast SEO Premium plugin. -->","yoast_head_json":{"title":"Visitas autoguiadas - BeCool Travel","robots":{"index":"index","follow":"follow","max-snippet":"max-snippet:-1","max-image-preview":"max-image-preview:large","max-video-preview":"max-video-preview:-1"},"canonical":"https:\/\/becooltravel.com\/pt\/passeios-autoguiados-2\/","og_locale":"pt_PT","og_type":"article","og_title":"Self-guided Tours","og_url":"https:\/\/becooltravel.com\/pt\/passeios-autoguiados-2\/","og_site_name":"BeCool Travel","article_publisher":"https:\/\/www.facebook.com\/becooltravelagency\/","article_modified_time":"2026-03-18T15:09:54+00:00","og_image":[{"width":1195,"height":800,"url":"https:\/\/becooltravel.com\/wp-content\/uploads\/sites\/5\/2020\/05\/self-guided-holidays-1.jpg","type":"image\/jpeg"}],"twitter_card":"summary_large_image","twitter_site":"@becool_travel","twitter_misc":{"Tempo estimado de leitura":"1 minuto"},"schema":{"@context":"https:\/\/schema.org","@graph":[{"@type":"WebPage","@id":"https:\/\/becooltravel.com\/self-guided-tours-2\/","url":"https:\/\/becooltravel.com\/self-guided-tours-2\/","name":"Visitas autoguiadas - BeCool Travel","isPartOf":{"@id":"https:\/\/becooltravel.com\/#website"},"primaryImageOfPage":{"@id":"https:\/\/becooltravel.com\/self-guided-tours-2\/#primaryimage"},"image":{"@id":"https:\/\/becooltravel.com\/self-guided-tours-2\/#primaryimage"},"thumbnailUrl":"https:\/\/i0.wp.com\/becooltravel.com\/wp-content\/uploads\/sites\/5\/2020\/05\/self-guided-holidays-1.jpg?fit=1195%2C800&ssl=1","datePublished":"2024-11-04T22:54:31+00:00","dateModified":"2026-03-18T15:09:54+00:00","breadcrumb":{"@id":"https:\/\/becooltravel.com\/self-guided-tours-2\/#breadcrumb"},"inLanguage":"pt-PT","potentialAction":[{"@type":"ReadAction","target":["https:\/\/becooltravel.com\/self-guided-tours-2\/"]}]},{"@type":"ImageObject","inLanguage":"pt-PT","@id":"https:\/\/becooltravel.com\/self-guided-tours-2\/#primaryimage","url":"https:\/\/i0.wp.com\/becooltravel.com\/wp-content\/uploads\/sites\/5\/2020\/05\/self-guided-holidays-1.jpg?fit=1195%2C800&ssl=1","contentUrl":"https:\/\/i0.wp.com\/becooltravel.com\/wp-content\/uploads\/sites\/5\/2020\/05\/self-guided-holidays-1.jpg?fit=1195%2C800&ssl=1","width":1195,"height":800,"caption":"self-guided holidays algarve"},{"@type":"BreadcrumbList","@id":"https:\/\/becooltravel.com\/self-guided-tours-2\/#breadcrumb","itemListElement":[{"@type":"ListItem","position":1,"name":"Home","item":"https:\/\/becooltravel.com\/"},{"@type":"ListItem","position":2,"name":"Self-guided Tours"}]},{"@type":"WebSite","@id":"https:\/\/becooltravel.com\/#website","url":"https:\/\/becooltravel.com\/","name":"BeCool Travel","description":"F\u00e9rias sustent\u00e1veis em Portugal para viajantes independentes","publisher":{"@id":"https:\/\/becooltravel.com\/#organization"},"potentialAction":[{"@type":"SearchAction","target":{"@type":"EntryPoint","urlTemplate":"https:\/\/becooltravel.com\/?s={search_term_string}"},"query-input":{"@type":"PropertyValueSpecification","valueRequired":true,"valueName":"search_term_string"}}],"inLanguage":"pt-PT"},{"@type":"Organization","@id":"https:\/\/becooltravel.com\/#organization","name":"BecoolTravel. com Portugal","url":"https:\/\/becooltravel.com\/","logo":{"@type":"ImageObject","inLanguage":"pt-PT","@id":"https:\/\/becooltravel.com\/#\/schema\/logo\/image\/","url":"https:\/\/becooltravel.com\/wp-content\/uploads\/sites\/5\/2020\/03\/Logo_BeCool.jpg","contentUrl":"https:\/\/becooltravel.com\/wp-content\/uploads\/sites\/5\/2020\/03\/Logo_BeCool.jpg","width":534,"height":534,"caption":"BecoolTravel. com- Portugal"},"image":{"@id":"https:\/\/becooltravel.com\/#\/schema\/logo\/image\/"},"sameAs":["https:\/\/www.facebook.com\/becooltravelagency\/","https:\/\/x.com\/becool_travel","https:\/\/www.instagram.com\/becooltravel_com\/","https:\/\/www.linkedin.com\/company\/becool-travel\/","https:\/\/www.youtube.com\/channel\/UCE7zRU3EVG1PgfXwQo-5uJw"]}]}},"jetpack_sharing_enabled":true,"_links":{"self":[{"href":"https:\/\/becooltravel.com\/pt\/wp-json\/wp\/v2\/pages\/7400","targetHints":{"allow":["GET"]}}],"collection":[{"href":"https:\/\/becooltravel.com\/pt\/wp-json\/wp\/v2\/pages"}],"about":[{"href":"https:\/\/becooltravel.com\/pt\/wp-json\/wp\/v2\/types\/page"}],"author":[{"embeddable":true,"href":"https:\/\/becooltravel.com\/pt\/wp-json\/wp\/v2\/users\/198"}],"replies":[{"embeddable":true,"href":"https:\/\/becooltravel.com\/pt\/wp-json\/wp\/v2\/comments?post=7400"}],"version-history":[{"count":7,"href":"https:\/\/becooltravel.com\/pt\/wp-json\/wp\/v2\/pages\/7400\/revisions"}],"predecessor-version":[{"id":7972,"href":"https:\/\/becooltravel.com\/pt\/wp-json\/wp\/v2\/pages\/7400\/revisions\/7972"}],"wp:featuredmedia":[{"embeddable":true,"href":"https:\/\/becooltravel.com\/pt\/wp-json\/wp\/v2\/media\/4904"}],"wp:attachment":[{"href":"https:\/\/becooltravel.com\/pt\/wp-json\/wp\/v2\/media?parent=7400"}],"curies":[{"name":"wp","href":"https:\/\/api.w.org\/{rel}","templated":true}]}}