{"id":5228,"date":"2020-06-16T13:28:54","date_gmt":"2020-06-16T13:28:54","guid":{"rendered":"https:\/\/becooltravel.com\/product\/porto-trendy-and-charming-6200s\/"},"modified":"2026-03-18T12:16:27","modified_gmt":"2026-03-18T12:16:27","slug":"porto-trendy-and-charming-6200s","status":"publish","type":"product","link":"https:\/\/becooltravel.com\/sv\/produkt\/porto-trendig-och-charmig-6200s\/","title":{"rendered":"Semester i Porto, trendigt och charmigt"},"content":{"rendered":"<p>Porto reser sig i sl\u00e5ende f\u00e4rger fr\u00e5n Douroflodens strand och f\u00f6rf\u00f6r ett gr\u00e4ndv\u00e4vt historiskt centrum, imponerande offentlig konst och banbrytande arkitektur.<\/p>\n<p>Det \u00e4r dock stadens sj\u00e4lfullhet som g\u00f6r den riktigt speciell, med de karismatiska lokalbefolkningen, kulturen och den uts\u00f6kta maten och vinet.<\/p>\n<p>V\u00e5r sj\u00e4lvguidade stadsresa kommer att introducera dig till Portugals andra stad, med den extra bonusen av en resa i Dourodalen!<\/p>\n<div id=\"attachment_2529\" style=\"width: 1034px\" class=\"wp-caption alignnone\"><img data-recalc-dims=\"1\" decoding=\"async\" aria-describedby=\"caption-attachment-2529\" class=\"wp-image-2529 size-large\" title=\"Ribeira kaf\u00e9er i Porto Douros mynning\" src=\"https:\/\/i0.wp.com\/legendatours.net\/wp-content\/uploads\/2020\/06\/Ribeira_cafes-1024x768.jpg?resize=1024%2C768&#038;ssl=1\" alt=\"Ribeira kaf\u00e9er i Porto Douros mynning\" width=\"1024\" height=\"768\" \/><p id=\"caption-attachment-2529\" class=\"wp-caption-text\">Ribeira-kaf\u00e9er i Porto-flodens Douros mynning, koppla av p\u00e5 ett gatukaf\u00e9 l\u00e4ngs floden och beundra portvinsk\u00e4llarnas v\u00e4lordnade tak\u00e5sar.<\/p><\/div>\n<p>Dramatiskt uppflugen p\u00e5 Douroflodens branta str\u00e4nder \u00e4r Portugals norra p\u00e4rla en av de mest eklektiska destinationerna i Europa, full av kultur, trendiga restauranger, barer, hantverksbutiker och en m\u00e4ngd coola platser att bes\u00f6ka och se!<\/p>\n<p>I hela staden hittar du bleka belle \u00e9poque-byggnader, charmiga gula sp\u00e5rvagnar och fantastiska azulejos (bl\u00e5tt och vitt kakel).<\/p>\n<p>S\u00e3o Bentos t\u00e5gstation \u00e4r s\u00e4rskilt minnesv\u00e4rd, med azulejos upp till taket som visar viktiga \u00f6gonblick i Portugals historia. Ett annat fint exempel p\u00e5 en kaklad fasad \u00e4r Igreja da Misericordia.<\/p>\n<p>Den f\u00e4rgglada h\u00e4rvan av medeltida gator i det historiska Ribeira, ett distrikt klassat som ett Unescos v\u00e4rldsarv, \u00e4r idealiskt att uppt\u00e4cka till fots.<\/p>\n<div id=\"attachment_2535\" style=\"width: 610px\" class=\"wp-caption alignnone\"><img data-recalc-dims=\"1\" decoding=\"async\" aria-describedby=\"caption-attachment-2535\" class=\"wp-image-2535 size-full\" src=\"https:\/\/i0.wp.com\/legendatours.net\/wp-content\/uploads\/2020\/06\/window_door_porto.jpg?resize=600%2C1200&#038;ssl=1\" alt=\"F\u00f6nster Porto\" width=\"600\" height=\"1200\" \/><p id=\"caption-attachment-2535\" class=\"wp-caption-text\">F\u00f6nster Porto, hus i Portos historiska centrum.<\/p><\/div>\n<p>\u00c4ven om det \u00e4r kuperat \u00e4r det ett n\u00f6je att hitta \u00f6verraskningarna g\u00f6mda i slutet av de mystiska stegen och bakgr\u00e4nderna.<\/p>\n<p>Gl\u00f6m inte att bes\u00f6ka den livliga Rua das Flores, med sina coola butiker, butiker och trendiga kaf\u00e9er.<\/p>\n<p>Fr\u00e5n toppen av Torre dos Clerigos 225-stegs spiraltrappa kan du ha den b\u00e4sta utsikten \u00f6ver hela staden.<\/p>\n<p>P\u00e5 den motsatta stranden, i Vila Nova de Gaia, lockar enorma m\u00e4rkesskyltar dig till de ikoniska hamnlodgen. Korsa den natursk\u00f6na Ponte de Dom Lu\u00eds I f\u00f6r att komma dit och njuta av en hamn medan du njuter av utsikten.<\/p>\n<div id=\"attachment_2536\" style=\"width: 1034px\" class=\"wp-caption alignnone\"><img data-recalc-dims=\"1\" decoding=\"async\" aria-describedby=\"caption-attachment-2536\" class=\"wp-image-2536 size-large\" title=\"Rio Douro i hj\u00e4rtat av den avgr\u00e4nsade portvinregionen.\" src=\"https:\/\/i0.wp.com\/legendatours.net\/wp-content\/uploads\/2020\/06\/River_douro-1024x640.jpg?resize=1024%2C640&#038;ssl=1\" alt=\"Rio Douro i hj\u00e4rtat av den avgr\u00e4nsade portvinregionen.\" width=\"1024\" height=\"640\" \/><p id=\"caption-attachment-2536\" class=\"wp-caption-text\">Rio Douro ligger i hj\u00e4rtat av den avgr\u00e4nsade portvinregionen.<\/p><\/div>\n<p>Under denna turn\u00e9 har du ocks\u00e5 m\u00f6jlighet att njuta av en fantastisk flodkryssning, fr\u00e5n Porto till R\u00e9gua. Travel lugnt uppf\u00f6r floden, genom det hisnande landskapet med m\u00f6nstrade ving\u00e5rdar och dramatiska klippor i Dourodalen.<\/p>\n<p>Resan tillbaka \u00e4r en natursk\u00f6n t\u00e5gresa.<\/p>\n<p>Erbjuder en \u00f6vertygande syntes av antika och samtida attraktioner, det \u00e4r en fr\u00f6jd att uppleva den trendiga och charmiga staden Porto!<\/p>\n<div class=\"row\" style=\"display: flex;\">\n<div class=\"column\" style=\"flex: 45%;\">\n<p><iframe title=\"Porto och norra som aldrig sett f\u00f6rut\" width=\"1080\" height=\"608\" src=\"https:\/\/www.youtube.com\/embed\/47k8DRF7_-M?feature=oembed\" frameborder=\"0\" allow=\"accelerometer; autoplay; clipboard-write; encrypted-media; gyroscope; picture-in-picture; web-share\" referrerpolicy=\"strict-origin-when-cross-origin\" allowfullscreen><\/iframe><\/p>\n<\/div>\n<div class=\"column\" style=\"flex: 10%;\"><\/div>\n<div class=\"column\" style=\"flex: 45%;\">\n<p><iframe title=\"LOVE Portugal - Remembering (smygtitt)\" width=\"1080\" height=\"608\" src=\"https:\/\/www.youtube.com\/embed\/6FRekZRFX1s?feature=oembed\" frameborder=\"0\" allow=\"accelerometer; autoplay; clipboard-write; encrypted-media; gyroscope; picture-in-picture; web-share\" referrerpolicy=\"strict-origin-when-cross-origin\" allowfullscreen><\/iframe><\/p>\n<\/div>\n<\/div>","protected":false},"excerpt":{"rendered":"<p>Porto reser sig i sl\u00e5ende f\u00e4rger fr\u00e5n Douroflodens strand och f\u00f6rf\u00f6r ett gr\u00e4ndv\u00e4vt historiskt centrum, imponerande offentlig konst och banbrytande arkitektur.<\/p>\n<p>Det \u00e4r dock stadens sj\u00e4lfullhet som g\u00f6r den riktigt speciell, med de karismatiska lokalbefolkningen, kulturen och den uts\u00f6kta maten och vinet.<\/p>\n<p>V\u00e5r sj\u00e4lvguidade stadsresa kommer att introducera dig till Portugals andra stad, med den extra bonusen av en resa i Dourodalen!<\/p>","protected":false},"featured_media":5213,"comment_status":"closed","ping_status":"closed","template":"","meta":{"_acf_changed":false,"inline_featured_image":false},"product_brand":[],"product_cat":[336,327],"product_tag":[228,1053,913,744,593,113,1094,1054,1064,678,1095,1113,189,755,1281,595,143,144,757,914,915,145,916,361,1055,720,909,910,917,918,1056,1057,925,778,709,1058,1059,363,1125],"class_list":["post-5228","product","type-product","status-publish","has-post-thumbnail","product_cat-self-guided-sightseeing-holidays-in-portugal","product_cat-self-guided-tours-portugal","product_tag-a-port-wine-cellar","product_tag-alleine-reisen","product_tag-clerigos-tower","product_tag-douro","product_tag-douro-river","product_tag-douro-valley","product_tag-historic-monuments-in-porto","product_tag-individuelle-touren","product_tag-individuelle-wandertouren","product_tag-lello-bookshop","product_tag-major-cities-of-portugal","product_tag-narrow-winding-streets","product_tag-northern-portugal","product_tag-oporto","product_tag-port","product_tag-port-lodges","product_tag-port-wine","product_tag-porto","product_tag-porto-bridges","product_tag-porto-holidays","product_tag-porto-world-heritage","product_tag-portos-old-town","product_tag-ribeira","product_tag-river-douro","product_tag-sejour-en-liberte","product_tag-self-guided-holidays","product_tag-self-guided-sightseeing","product_tag-self-guided-tour","product_tag-shopping-in-porto","product_tag-sightseeing-porto","product_tag-solo-reisen","product_tag-tours-autoguidees","product_tag-train-holidays","product_tag-travel-train-tour-in-portugal","product_tag-vintage-trams","product_tag-voyage-en-liberte","product_tag-voyages-en-autonomie","product_tag-walks-porto","product_tag-world-heritage-sites","first","instock","virtual","product-type-simple"],"acf":[],"yoast_head":"<!-- This site is optimized with the Yoast SEO Premium plugin v28.0 (Yoast SEO v28.4) - https:\/\/yoast.com\/product\/yoast-seo-premium-wordpress\/ -->\n<title>Holidays in Porto, Trendy and Charming<\/title>\n<meta name=\"description\" content=\"Self-guided city trip will introduce you to Portugal\u2019s second city Porto, with the added bonus of a Douro valley trip! of the Douro River\" \/>\n<meta name=\"robots\" content=\"index, follow, max-snippet:-1, max-image-preview:large, max-video-preview:-1\" \/>\n<link rel=\"canonical\" href=\"https:\/\/becooltravel.com\/sv\/produkt\/porto-trendig-och-charmig-6200s\/\" \/>\n<meta property=\"og:locale\" content=\"sv_SE\" \/>\n<meta property=\"og:type\" content=\"article\" \/>\n<meta property=\"og:title\" content=\"self-guided city trip to Portugal\u2019s Porto city\" \/>\n<meta property=\"og:description\" content=\"The colourful tangle of medieval streets of the historic Ribeira, a district classified as a Unesco World Heritage Site, is ideally to be discovered on foot.Although hilly, it\u2019s a pleasure to find the surprises hidden at the end of those mysterious steps and back alleys.Don\u2019t forget to visit the bustling Rua das Flores, with its cool shops, boutiques, and trendy cafes.From the top of Torre dos Clerigos\u2019 225-step spiral staircase, you can have the best view of all over the city.\" \/>\n<meta property=\"og:url\" content=\"https:\/\/becooltravel.com\/sv\/produkt\/porto-trendig-och-charmig-6200s\/\" \/>\n<meta property=\"og:site_name\" content=\"BeCool Travel\" \/>\n<meta property=\"article:publisher\" content=\"https:\/\/www.facebook.com\/becooltravelagency\/\" \/>\n<meta property=\"article:modified_time\" content=\"2026-03-18T12:16:27+00:00\" \/>\n<meta property=\"og:image\" content=\"https:\/\/becooltravel.com\/wp-content\/uploads\/sites\/5\/2020\/05\/Art-deco-facade-Porto.jpg\" \/>\n\t<meta property=\"og:image:width\" content=\"1200\" \/>\n\t<meta property=\"og:image:height\" content=\"800\" \/>\n\t<meta property=\"og:image:type\" content=\"image\/jpeg\" \/>\n<meta name=\"twitter:card\" content=\"summary_large_image\" \/>\n<meta name=\"twitter:title\" content=\"self-guided city trip to Portugal\u2019s Porto city\" \/>\n<meta name=\"twitter:description\" content=\"Douro River, Porto seduces with an alley-woven historic centre, impressive public art, and cutting-edge architecture.However, it\u2019s the city\u2019s soulfulness that makes it really special, with the charismatic locals, the culture, and the exquisite food and wine.Our self-guided city trip will introduce you to Portugal\u2019s second city, with the added bonus of a Douro valley trip!\" \/>\n<meta name=\"twitter:image\" content=\"https:\/\/i0.wp.com\/becooltravel.com\/wp-content\/uploads\/sites\/5\/2020\/05\/Art-deco-facade-Porto.jpg?fit=1200%2C800&ssl=1\" \/>\n<meta name=\"twitter:site\" content=\"@becool_travel\" \/>\n<meta name=\"twitter:label1\" content=\"Ber\u00e4knad l\u00e4stid\" \/>\n\t<meta name=\"twitter:data1\" content=\"3 minuter\" \/>\n<script type=\"application\/ld+json\" class=\"yoast-schema-graph\">{\"@context\":\"https:\\\/\\\/schema.org\",\"@graph\":[{\"@type\":\"WebPage\",\"@id\":\"https:\\\/\\\/becooltravel.com\\\/product\\\/porto-trendy-and-charming-6200s\\\/\",\"url\":\"https:\\\/\\\/becooltravel.com\\\/product\\\/porto-trendy-and-charming-6200s\\\/\",\"name\":\"Holidays in Porto, Trendy and Charming\",\"isPartOf\":{\"@id\":\"https:\\\/\\\/becooltravel.com\\\/#website\"},\"primaryImageOfPage\":{\"@id\":\"https:\\\/\\\/becooltravel.com\\\/product\\\/porto-trendy-and-charming-6200s\\\/#primaryimage\"},\"image\":{\"@id\":\"https:\\\/\\\/becooltravel.com\\\/product\\\/porto-trendy-and-charming-6200s\\\/#primaryimage\"},\"thumbnailUrl\":\"https:\\\/\\\/i0.wp.com\\\/becooltravel.com\\\/wp-content\\\/uploads\\\/sites\\\/5\\\/2020\\\/06\\\/Rabelo_boats_porto.jpg?fit=1200%2C800&ssl=1\",\"datePublished\":\"2020-06-16T13:28:54+00:00\",\"dateModified\":\"2026-03-18T12:16:27+00:00\",\"description\":\"Self-guided city trip will introduce you to Portugal\u2019s second city Porto, with the added bonus of a Douro valley trip! of the Douro River\",\"breadcrumb\":{\"@id\":\"https:\\\/\\\/becooltravel.com\\\/product\\\/porto-trendy-and-charming-6200s\\\/#breadcrumb\"},\"inLanguage\":\"sv-SE\",\"potentialAction\":[{\"@type\":\"ReadAction\",\"target\":[\"https:\\\/\\\/becooltravel.com\\\/product\\\/porto-trendy-and-charming-6200s\\\/\"]}]},{\"@type\":\"ImageObject\",\"inLanguage\":\"sv-SE\",\"@id\":\"https:\\\/\\\/becooltravel.com\\\/product\\\/porto-trendy-and-charming-6200s\\\/#primaryimage\",\"url\":\"https:\\\/\\\/i0.wp.com\\\/becooltravel.com\\\/wp-content\\\/uploads\\\/sites\\\/5\\\/2020\\\/06\\\/Rabelo_boats_porto.jpg?fit=1200%2C800&ssl=1\",\"contentUrl\":\"https:\\\/\\\/i0.wp.com\\\/becooltravel.com\\\/wp-content\\\/uploads\\\/sites\\\/5\\\/2020\\\/06\\\/Rabelo_boats_porto.jpg?fit=1200%2C800&ssl=1\",\"width\":1200,\"height\":800,\"caption\":\"Rabelo boats in Douro River\"},{\"@type\":\"BreadcrumbList\",\"@id\":\"https:\\\/\\\/becooltravel.com\\\/product\\\/porto-trendy-and-charming-6200s\\\/#breadcrumb\",\"itemListElement\":[{\"@type\":\"ListItem\",\"position\":1,\"name\":\"Home\",\"item\":\"https:\\\/\\\/becooltravel.com\\\/\"},{\"@type\":\"ListItem\",\"position\":2,\"name\":\"Shop\",\"item\":\"https:\\\/\\\/becooltravel.com\\\/?page_id=5\"},{\"@type\":\"ListItem\",\"position\":3,\"name\":\"Tours and holidays that include a visit to a Port wine cellar.\",\"item\":\"https:\\\/\\\/becooltravel.com\\\/product-tag\\\/a-port-wine-cellar\\\/\"},{\"@type\":\"ListItem\",\"position\":4,\"name\":\"self-guided city trip will introduce you to Portugal\u2019s second city, with the added bonus of a Douro valley trip!\"}]},{\"@type\":\"WebSite\",\"@id\":\"https:\\\/\\\/becooltravel.com\\\/#website\",\"url\":\"https:\\\/\\\/becooltravel.com\\\/\",\"name\":\"BeCool Travel\",\"description\":\"Sustainable holidays in Portugal for independent travelers\",\"publisher\":{\"@id\":\"https:\\\/\\\/becooltravel.com\\\/#organization\"},\"potentialAction\":[{\"@type\":\"SearchAction\",\"target\":{\"@type\":\"EntryPoint\",\"urlTemplate\":\"https:\\\/\\\/becooltravel.com\\\/?s={search_term_string}\"},\"query-input\":{\"@type\":\"PropertyValueSpecification\",\"valueRequired\":true,\"valueName\":\"search_term_string\"}}],\"inLanguage\":\"sv-SE\"},{\"@type\":\"Organization\",\"@id\":\"https:\\\/\\\/becooltravel.com\\\/#organization\",\"name\":\"BecoolTravel. com- Portugal\",\"url\":\"https:\\\/\\\/becooltravel.com\\\/\",\"logo\":{\"@type\":\"ImageObject\",\"inLanguage\":\"sv-SE\",\"@id\":\"https:\\\/\\\/becooltravel.com\\\/#\\\/schema\\\/logo\\\/image\\\/\",\"url\":\"https:\\\/\\\/becooltravel.com\\\/wp-content\\\/uploads\\\/sites\\\/5\\\/2020\\\/03\\\/Logo_BeCool.jpg\",\"contentUrl\":\"https:\\\/\\\/becooltravel.com\\\/wp-content\\\/uploads\\\/sites\\\/5\\\/2020\\\/03\\\/Logo_BeCool.jpg\",\"width\":534,\"height\":534,\"caption\":\"BecoolTravel. com- Portugal\"},\"image\":{\"@id\":\"https:\\\/\\\/becooltravel.com\\\/#\\\/schema\\\/logo\\\/image\\\/\"},\"sameAs\":[\"https:\\\/\\\/www.facebook.com\\\/becooltravelagency\\\/\",\"https:\\\/\\\/x.com\\\/becool_travel\",\"https:\\\/\\\/www.instagram.com\\\/becooltravel_com\\\/\",\"https:\\\/\\\/www.linkedin.com\\\/company\\\/becool-travel\\\/\",\"https:\\\/\\\/www.youtube.com\\\/channel\\\/UCE7zRU3EVG1PgfXwQo-5uJw\"]}]}<\/script>\n<!-- \/ Yoast SEO Premium plugin. -->","yoast_head_json":{"title":"Semester i Porto, trendigt och charmigt","description":"Sj\u00e4lvguidad stadsresa introducerar dig till Portugals andra stad Porto, med den extra bonusen av en resa i Dourodalen! av floden Douro","robots":{"index":"index","follow":"follow","max-snippet":"max-snippet:-1","max-image-preview":"max-image-preview:large","max-video-preview":"max-video-preview:-1"},"canonical":"https:\/\/becooltravel.com\/sv\/produkt\/porto-trendig-och-charmig-6200s\/","og_locale":"sv_SE","og_type":"article","og_title":"self-guided city trip to Portugal\u2019s Porto city","og_description":"The colourful tangle of medieval streets of the historic Ribeira, a district classified as a Unesco World Heritage Site, is ideally to be discovered on foot.Although hilly, it\u2019s a pleasure to find the surprises hidden at the end of those mysterious steps and back alleys.Don\u2019t forget to visit the bustling Rua das Flores, with its cool shops, boutiques, and trendy cafes.From the top of Torre dos Clerigos\u2019 225-step spiral staircase, you can have the best view of all over the city.","og_url":"https:\/\/becooltravel.com\/sv\/produkt\/porto-trendig-och-charmig-6200s\/","og_site_name":"BeCool Travel","article_publisher":"https:\/\/www.facebook.com\/becooltravelagency\/","article_modified_time":"2026-03-18T12:16:27+00:00","og_image":[{"width":1200,"height":800,"url":"https:\/\/becooltravel.com\/wp-content\/uploads\/sites\/5\/2020\/05\/Art-deco-facade-Porto.jpg","type":"image\/jpeg"}],"twitter_card":"summary_large_image","twitter_title":"self-guided city trip to Portugal\u2019s Porto city","twitter_description":"Douro River, Porto seduces with an alley-woven historic centre, impressive public art, and cutting-edge architecture.However, it\u2019s the city\u2019s soulfulness that makes it really special, with the charismatic locals, the culture, and the exquisite food and wine.Our self-guided city trip will introduce you to Portugal\u2019s second city, with the added bonus of a Douro valley trip!","twitter_image":"https:\/\/i0.wp.com\/becooltravel.com\/wp-content\/uploads\/sites\/5\/2020\/05\/Art-deco-facade-Porto.jpg?fit=1200%2C800&ssl=1","twitter_site":"@becool_travel","twitter_misc":{"Ber\u00e4knad l\u00e4stid":"3 minuter"},"schema":{"@context":"https:\/\/schema.org","@graph":[{"@type":"WebPage","@id":"https:\/\/becooltravel.com\/product\/porto-trendy-and-charming-6200s\/","url":"https:\/\/becooltravel.com\/product\/porto-trendy-and-charming-6200s\/","name":"Semester i Porto, trendigt och charmigt","isPartOf":{"@id":"https:\/\/becooltravel.com\/#website"},"primaryImageOfPage":{"@id":"https:\/\/becooltravel.com\/product\/porto-trendy-and-charming-6200s\/#primaryimage"},"image":{"@id":"https:\/\/becooltravel.com\/product\/porto-trendy-and-charming-6200s\/#primaryimage"},"thumbnailUrl":"https:\/\/i0.wp.com\/becooltravel.com\/wp-content\/uploads\/sites\/5\/2020\/06\/Rabelo_boats_porto.jpg?fit=1200%2C800&ssl=1","datePublished":"2020-06-16T13:28:54+00:00","dateModified":"2026-03-18T12:16:27+00:00","description":"Sj\u00e4lvguidad stadsresa introducerar dig till Portugals andra stad Porto, med den extra bonusen av en resa i Dourodalen! av floden Douro","breadcrumb":{"@id":"https:\/\/becooltravel.com\/product\/porto-trendy-and-charming-6200s\/#breadcrumb"},"inLanguage":"sv-SE","potentialAction":[{"@type":"ReadAction","target":["https:\/\/becooltravel.com\/product\/porto-trendy-and-charming-6200s\/"]}]},{"@type":"ImageObject","inLanguage":"sv-SE","@id":"https:\/\/becooltravel.com\/product\/porto-trendy-and-charming-6200s\/#primaryimage","url":"https:\/\/i0.wp.com\/becooltravel.com\/wp-content\/uploads\/sites\/5\/2020\/06\/Rabelo_boats_porto.jpg?fit=1200%2C800&ssl=1","contentUrl":"https:\/\/i0.wp.com\/becooltravel.com\/wp-content\/uploads\/sites\/5\/2020\/06\/Rabelo_boats_porto.jpg?fit=1200%2C800&ssl=1","width":1200,"height":800,"caption":"Rabelo boats in Douro River"},{"@type":"BreadcrumbList","@id":"https:\/\/becooltravel.com\/product\/porto-trendy-and-charming-6200s\/#breadcrumb","itemListElement":[{"@type":"ListItem","position":1,"name":"Home","item":"https:\/\/becooltravel.com\/"},{"@type":"ListItem","position":2,"name":"Shop","item":"https:\/\/becooltravel.com\/?page_id=5"},{"@type":"ListItem","position":3,"name":"Tours and holidays that include a visit to a Port wine cellar.","item":"https:\/\/becooltravel.com\/product-tag\/a-port-wine-cellar\/"},{"@type":"ListItem","position":4,"name":"self-guided city trip will introduce you to Portugal\u2019s second city, with the added bonus of a Douro valley trip!"}]},{"@type":"WebSite","@id":"https:\/\/becooltravel.com\/#website","url":"https:\/\/becooltravel.com\/","name":"BeCool Travel","description":"H\u00e5llbar semester i Portugal f\u00f6r oberoende resen\u00e4rer","publisher":{"@id":"https:\/\/becooltravel.com\/#organization"},"potentialAction":[{"@type":"SearchAction","target":{"@type":"EntryPoint","urlTemplate":"https:\/\/becooltravel.com\/?s={search_term_string}"},"query-input":{"@type":"PropertyValueSpecification","valueRequired":true,"valueName":"search_term_string"}}],"inLanguage":"sv-SE"},{"@type":"Organization","@id":"https:\/\/becooltravel.com\/#organization","name":"BecoolTravel. com- Portugal","url":"https:\/\/becooltravel.com\/","logo":{"@type":"ImageObject","inLanguage":"sv-SE","@id":"https:\/\/becooltravel.com\/#\/schema\/logo\/image\/","url":"https:\/\/becooltravel.com\/wp-content\/uploads\/sites\/5\/2020\/03\/Logo_BeCool.jpg","contentUrl":"https:\/\/becooltravel.com\/wp-content\/uploads\/sites\/5\/2020\/03\/Logo_BeCool.jpg","width":534,"height":534,"caption":"BecoolTravel. com- Portugal"},"image":{"@id":"https:\/\/becooltravel.com\/#\/schema\/logo\/image\/"},"sameAs":["https:\/\/www.facebook.com\/becooltravelagency\/","https:\/\/x.com\/becool_travel","https:\/\/www.instagram.com\/becooltravel_com\/","https:\/\/www.linkedin.com\/company\/becool-travel\/","https:\/\/www.youtube.com\/channel\/UCE7zRU3EVG1PgfXwQo-5uJw"]}]}},"jetpack_sharing_enabled":true,"_links":{"self":[{"href":"https:\/\/becooltravel.com\/sv\/wp-json\/wp\/v2\/product\/5228","targetHints":{"allow":["GET"]}}],"collection":[{"href":"https:\/\/becooltravel.com\/sv\/wp-json\/wp\/v2\/product"}],"about":[{"href":"https:\/\/becooltravel.com\/sv\/wp-json\/wp\/v2\/types\/product"}],"replies":[{"embeddable":true,"href":"https:\/\/becooltravel.com\/sv\/wp-json\/wp\/v2\/comments?post=5228"}],"wp:featuredmedia":[{"embeddable":true,"href":"https:\/\/becooltravel.com\/sv\/wp-json\/wp\/v2\/media\/5213"}],"wp:attachment":[{"href":"https:\/\/becooltravel.com\/sv\/wp-json\/wp\/v2\/media?parent=5228"}],"wp:term":[{"taxonomy":"product_brand","embeddable":true,"href":"https:\/\/becooltravel.com\/sv\/wp-json\/wp\/v2\/product_brand?post=5228"},{"taxonomy":"product_cat","embeddable":true,"href":"https:\/\/becooltravel.com\/sv\/wp-json\/wp\/v2\/product_cat?post=5228"},{"taxonomy":"product_tag","embeddable":true,"href":"https:\/\/becooltravel.com\/sv\/wp-json\/wp\/v2\/product_tag?post=5228"}],"curies":[{"name":"wp","href":"https:\/\/api.w.org\/{rel}","templated":true}]}}