{"id":5445,"date":"2020-07-09T14:43:16","date_gmt":"2020-07-09T14:43:16","guid":{"rendered":"https:\/\/becooltravel.com\/?post_type=product&#038;p=5445"},"modified":"2022-08-14T12:33:38","modified_gmt":"2022-08-14T12:33:38","slug":"the-ribatejo-experience-discover-abrantes-nazare-12800g","status":"publish","type":"product","link":"https:\/\/becooltravel.com\/sv\/produkt\/the-ribatejo-experience-discover-abrantes-nazare-12800g\/","title":{"rendered":"Ribatejo Walking Experience: Uppt\u00e4ck Abrantes &amp; Nazar\u00e9"},"content":{"rendered":"<p><strong>Grupper accepteras med minst 6 personer.<\/strong><\/p>\n<p>&nbsp;<\/p>\n<p>V\u00e5r nydesignade semester bes\u00f6ker tv\u00e5 av Portugals \u00e4ldsta och mest fascinerande regioner, i det b\u00f6rdiga omr\u00e5det Ribatejo.<\/p>\n<p>I \u00e5rhundraden har Ribatejo varit hj\u00e4rtat av ving\u00e5rdarna, veteodlingen och silkesproduktionen. Det \u00e4r k\u00e4nt numera f\u00f6r boskap och h\u00e4stuppf\u00f6dning, vilket ger det rykte om &quot;vilda v\u00e4ster om Portugal&quot;.<\/p>\n<div id=\"attachment_2651\" style=\"width: 1034px\" class=\"wp-caption alignnone\"><img data-recalc-dims=\"1\" decoding=\"async\" aria-describedby=\"caption-attachment-2651\" class=\"wp-image-2651 size-large\" src=\"https:\/\/i0.wp.com\/legendatours.net\/wp-content\/uploads\/2020\/06\/Nazare_cliff-1024x638.jpg?resize=1024%2C638&#038;ssl=1\" alt=\"Nazares klippa\" width=\"1024\" height=\"638\" \/><p id=\"caption-attachment-2651\" class=\"wp-caption-text\">Nazare cliff, Underbar klipptopp utsikt \u00f6ver Nazare och str\u00e4nder.<\/p><\/div>\n<p>V\u00e5rt f\u00f6rsta centrum \u00e4r den vackra staden Abrantes. Dess slott, som reser sig \u00f6ver floden Tejo, blickar s\u00f6derut \u00f6ver sl\u00e4tterna p\u00e5 Tejos s\u00f6dra strand. I norr reser sig de gr\u00f6nskande b\u00f6ljande kullarna f\u00f6r att skydda den.<\/p>\n<p>Full av historia fr\u00e5n keltisk och romersk tid, den blev favorit bland de portugisiska kungarna som gav den n\u00e5gra av sina finaste byggnader, Abrantes speglar en full och m\u00e5ngsidig historia.<\/p>\n<p>Idag \u00e4r det en blomstrande men \u00e4nd\u00e5 fridfull stad, d\u00e4r det \u00e4r v\u00e4rt att ta en promenad runt de vitkalkade husen och kullerstensgatorna som anses ha den rikaste blomsterdekorationen i hela landet.<\/p>\n<div id=\"attachment_2887\" style=\"width: 1034px\" class=\"wp-caption alignnone\"><img data-recalc-dims=\"1\" decoding=\"async\" aria-describedby=\"caption-attachment-2887\" class=\"wp-image-2887 size-large\" title=\"Alcoba\u00e7a Monestary Church\" src=\"https:\/\/i0.wp.com\/legendatours.net\/wp-content\/uploads\/2020\/07\/mosteiro_alcobaca-1024x683.jpg?resize=1024%2C683&#038;ssl=1\" alt=\"Alcoba\u00e7a Monestary Church\" width=\"1024\" height=\"683\" \/><p id=\"caption-attachment-2887\" class=\"wp-caption-text\">Alcoba\u00e7a-klostret. Alcoba\u00e7a-klostret \u00e4r ett romersk-katolsk klosterkomplex bel\u00e4get i staden Alcoba\u00e7a, i centrala Portugal.<\/p><\/div>\n<p>H\u00e4rifr\u00e5n flyttar vi till Silver Coast, &quot;Costa da Prata&quot;, uppkallad efter sina silverstr\u00e4nder, prickad med &quot;sjungande&quot; v\u00e4derkvarnar och traditionella fiskebyar - som Nazar\u00e9.<\/p>\n<p>Nazar\u00e9 \u00e4r en av de mest k\u00e4nda fiskebyarna i Portugal!<\/p>\n<div id=\"attachment_2889\" style=\"width: 1034px\" class=\"wp-caption alignnone\"><img data-recalc-dims=\"1\" decoding=\"async\" aria-describedby=\"caption-attachment-2889\" class=\"wp-image-2889 size-full\" src=\"https:\/\/i0.wp.com\/legendatours.net\/wp-content\/uploads\/2020\/07\/sao_martinho_porto.jpg?resize=1024%2C768&#038;ssl=1\" alt=\"S\u00e3o Martinho Porto-sj\u00f6n\" width=\"1024\" height=\"768\" \/><p id=\"caption-attachment-2889\" class=\"wp-caption-text\">Sao Martinho do Porto, Havet h\u00e4r \u00e4r praktiskt taget alltid lugnt eftersom bukten \u00e4r mycket skyddad (motsatsen till den n\u00e4rliggande rivaliserande semesterorten Nazare).<\/p><\/div>\n<p>P\u00e5 midsommaren flockas turister till dess spektakul\u00e4ra str\u00e4nder, men under l\u00e5gs\u00e4song \u00e5terv\u00e4nder den till den autentiska fiskeby den en g\u00e5ng var.<\/p>\n<p>Vackert bel\u00e4get mellan den halvm\u00e5neformade sandstranden p\u00e5 ena sidan och den steniga udden av Sit\u00edo p\u00e5 den andra, har Nazar\u00e9 n\u00e5gra av de \u00e4ldsta fisketraditionerna i Portugal.<\/p>\n<p>Vi kommer fortfarande att se den autentiska fiskebyn som Nazar\u00e9 en g\u00e5ng var och njuta av den unika atmosf\u00e4ren som fortfarande finns d\u00e4r. Njut av de f\u00e4rgglada, tr\u00e4 och eleganta fiskeb\u00e5tar som fortfarande anv\u00e4nds idag med sina typiska b\u00f6jda f\u00f6rst\u00e4var uppdragna p\u00e5 sandstranden bland torkningsn\u00e4ten.<\/p>\n<p>Norr om stranden stiger det steniga udde S\u00edtio d\u00e4r en linbana leder uppf\u00f6r backen till denna forntida bos\u00e4ttning.<\/p>\n<p>H\u00e4r har vi ett annorlunda perspektiv, d\u00e4r bild-vykort kustn\u00e4ra vyer utvecklas fr\u00e5n klipporna till norr och s\u00f6der.<\/p>\n<div class=\"row\" style=\"display: flex;\">\n<div class=\"column\" style=\"flex: 45%;\">\n<p><iframe title=\"Abrantes - Tudo Incluido - Centro Historico - ENG\" width=\"1080\" height=\"608\" src=\"https:\/\/www.youtube.com\/embed\/XYhDwTKUJmo?feature=oembed\" frameborder=\"0\" allow=\"accelerometer; autoplay; clipboard-write; encrypted-media; gyroscope; picture-in-picture\" allowfullscreen><\/iframe><\/p>\n<\/div>\n<div class=\"column\" style=\"flex: 10%;\"><\/div>\n<div class=\"column\" style=\"flex: 45%;\">\n<p><iframe title=\"Nazar\u00e9 - Entre a Terra eo Mar\" width=\"1080\" height=\"608\" src=\"https:\/\/www.youtube.com\/embed\/GHY6O6dp5BE?list=PLEjTB2bxuHjT3jhRero_RIduykEauebzg\" frameborder=\"0\" allow=\"accelerometer; autoplay; clipboard-write; encrypted-media; gyroscope; picture-in-picture\" allowfullscreen><\/iframe><\/p>\n<\/div>\n<\/div>","protected":false},"excerpt":{"rendered":"<p>V\u00e5r nydesignade semester bes\u00f6ker tv\u00e5 av Portugals \u00e4ldsta och mest fascinerande regioner, i det b\u00f6rdiga omr\u00e5det Ribatejo.<\/p>\n<p>I \u00e5rhundraden har Ribatejo varit hj\u00e4rtat av ving\u00e5rdarna, veteodlingen och silkesproduktionen. Det \u00e4r k\u00e4nt numera f\u00f6r boskap och h\u00e4stuppf\u00f6dning, vilket ger det rykte om &quot;vilda v\u00e4ster om Portugal&quot;.<\/p>","protected":false},"featured_media":5602,"comment_status":"closed","ping_status":"closed","template":"","meta":{"_acf_changed":false,"inline_featured_image":false},"product_brand":[],"product_cat":[343,340,342,344,355],"product_tag":[1003,1181,1182,1183,254,203,1184,1185,656,579,55,815,827,459,260,1186,1187,1188,975,1189,548,264,1104,980,1190,591,1191,1192,1193,1194,86,307,581,310],"class_list":{"0":"post-5445","1":"product","2":"type-product","3":"status-publish","4":"has-post-thumbnail","6":"product_cat-cultural-tours-and-holidays-in-portugal","7":"product_cat-guided-group-tours","8":"product_cat-portugal-guided-historical-holidays","9":"product_cat-guided-sightseeing-holidays-portugal","10":"product_cat-guided-walking-holidays-in-portugal","11":"product_tag-abrantes","12":"product_tag-abundance-of-flowers","13":"product_tag-adrift-boats","14":"product_tag-alm-blue-waters","15":"product_tag-ancient-buildings","16":"product_tag-beautiful-landscapes","17":"product_tag-common-kestrel","18":"product_tag-eurasian-buzzard","19":"product_tag-fishing-village","20":"product_tag-green-landscape","21":"product_tag-guided-walking-holidays","22":"product_tag-historic","23":"product_tag-historic-centre","24":"product_tag-historic-town","25":"product_tag-history-and-heritage","26":"product_tag-lady-of-nazare","27":"product_tag-luxurious-riverbanks","28":"product_tag-mediterranean-flora-island","29":"product_tag-nazare","30":"product_tag-pine-woodlands","31":"product_tag-portugal-perfect-walking-holiday","32":"product_tag-ribatejo","33":"product_tag-river-nabao","34":"product_tag-roman-vestiges","35":"product_tag-s-martinho-do-porto","36":"product_tag-sandy-beaches","37":"product_tag-sardoal-walk","38":"product_tag-sellium","39":"product_tag-tamarama","40":"product_tag-tejo-river","41":"product_tag-tomar","42":"product_tag-traditional-fishing-boats","43":"product_tag-traditional-villages","44":"product_tag-wildlife","46":"first","47":"instock","48":"virtual","49":"sold-individually","50":"product-type-booking"},"acf":[],"yoast_head":"<!-- This site is optimized with the Yoast SEO Premium plugin v26.8 (Yoast SEO v27.4) - https:\/\/yoast.com\/product\/yoast-seo-premium-wordpress\/ -->\n<title>The Ribatejo Walking Experience: Discover Abrantes &amp; Nazar\u00e9<\/title>\n<meta name=\"description\" content=\"Walking holiday visits two of Portugal\u2019s most ancient &amp; fascinating regions, in the fertile area of Ribatejo. has been the heart of the wine estates.\" \/>\n<meta name=\"robots\" content=\"index, follow, max-snippet:-1, max-image-preview:large, max-video-preview:-1\" \/>\n<link rel=\"canonical\" href=\"https:\/\/becooltravel.com\/sv\/produkt\/the-ribatejo-experience-discover-abrantes-nazare-12800g\/\" \/>\n<meta property=\"og:locale\" content=\"sv_SE\" \/>\n<meta property=\"og:type\" content=\"article\" \/>\n<meta property=\"og:title\" content=\"The Ribatejo Experience: Discover Abrantes &amp; Nazar\u00e9\" \/>\n<meta property=\"og:description\" content=\"For centuries, the Ribatejo has been the heart of the wine estates, wheat growing and silk production. It is famous nowadays for cattle &amp; horse raising giving it the reputation of the \u201cwild west of Portugal\u201d.\" \/>\n<meta property=\"og:url\" content=\"https:\/\/becooltravel.com\/sv\/produkt\/the-ribatejo-experience-discover-abrantes-nazare-12800g\/\" \/>\n<meta property=\"og:site_name\" content=\"BeCool Travel\" \/>\n<meta property=\"article:publisher\" content=\"https:\/\/www.facebook.com\/becooltravelagency\/\" \/>\n<meta property=\"article:modified_time\" content=\"2022-08-14T12:33:38+00:00\" \/>\n<meta property=\"og:image\" content=\"https:\/\/i0.wp.com\/becooltravel.com\/wp-content\/uploads\/sites\/5\/2020\/07\/nazare_beach.jpg?fit=1157%2C768&ssl=1\" \/>\n\t<meta property=\"og:image:width\" content=\"1157\" \/>\n\t<meta property=\"og:image:height\" content=\"768\" \/>\n\t<meta property=\"og:image:type\" content=\"image\/jpeg\" \/>\n<meta name=\"twitter:card\" content=\"summary_large_image\" \/>\n<meta name=\"twitter:title\" content=\"Walking The Ribatejo Experience: Discover Abrantes &amp; Nazar\u00e9\" \/>\n<meta name=\"twitter:description\" content=\"For centuries, the Ribatejo has been the heart of the wine estates, wheat growing and silk production. It is famous nowadays for cattle &amp; horse raising giving it the reputation of the \u201cwild west of Portugal\u201d.\" \/>\n<meta name=\"twitter:image\" content=\"https:\/\/i0.wp.com\/becooltravel.com\/wp-content\/uploads\/sites\/5\/2020\/07\/nazare_beach.jpg?fit=1157%2C768&ssl=1\" \/>\n<meta name=\"twitter:site\" content=\"@becool_travel\" \/>\n<meta name=\"twitter:label1\" content=\"Ber\u00e4knad l\u00e4stid\" \/>\n\t<meta name=\"twitter:data1\" content=\"3 minuter\" \/>\n<script type=\"application\/ld+json\" class=\"yoast-schema-graph\">{\"@context\":\"https:\\\/\\\/schema.org\",\"@graph\":[{\"@type\":[\"WebPage\",\"ItemPage\"],\"@id\":\"https:\\\/\\\/becooltravel.com\\\/product\\\/the-ribatejo-experience-discover-abrantes-nazare-12800g\\\/\",\"url\":\"https:\\\/\\\/becooltravel.com\\\/product\\\/the-ribatejo-experience-discover-abrantes-nazare-12800g\\\/\",\"name\":\"The Ribatejo Walking Experience: Discover Abrantes &amp; Nazar\u00e9\",\"isPartOf\":{\"@id\":\"https:\\\/\\\/becooltravel.com\\\/#website\"},\"primaryImageOfPage\":{\"@id\":\"https:\\\/\\\/becooltravel.com\\\/product\\\/the-ribatejo-experience-discover-abrantes-nazare-12800g\\\/#primaryimage\"},\"image\":{\"@id\":\"https:\\\/\\\/becooltravel.com\\\/product\\\/the-ribatejo-experience-discover-abrantes-nazare-12800g\\\/#primaryimage\"},\"thumbnailUrl\":\"https:\\\/\\\/i0.wp.com\\\/becooltravel.com\\\/wp-content\\\/uploads\\\/sites\\\/5\\\/2020\\\/07\\\/nazare_beach.jpg?fit=1157%2C768&ssl=1\",\"datePublished\":\"2020-07-09T14:43:16+00:00\",\"dateModified\":\"2022-08-14T12:33:38+00:00\",\"description\":\"Walking holiday visits two of Portugal\u2019s most ancient & fascinating regions, in the fertile area of Ribatejo. has been the heart of the wine estates.\",\"breadcrumb\":{\"@id\":\"https:\\\/\\\/becooltravel.com\\\/product\\\/the-ribatejo-experience-discover-abrantes-nazare-12800g\\\/#breadcrumb\"},\"inLanguage\":\"sv-SE\",\"potentialAction\":[{\"@type\":\"ReadAction\",\"target\":[\"https:\\\/\\\/becooltravel.com\\\/product\\\/the-ribatejo-experience-discover-abrantes-nazare-12800g\\\/\"]}]},{\"@type\":\"ImageObject\",\"inLanguage\":\"sv-SE\",\"@id\":\"https:\\\/\\\/becooltravel.com\\\/product\\\/the-ribatejo-experience-discover-abrantes-nazare-12800g\\\/#primaryimage\",\"url\":\"https:\\\/\\\/i0.wp.com\\\/becooltravel.com\\\/wp-content\\\/uploads\\\/sites\\\/5\\\/2020\\\/07\\\/nazare_beach.jpg?fit=1157%2C768&ssl=1\",\"contentUrl\":\"https:\\\/\\\/i0.wp.com\\\/becooltravel.com\\\/wp-content\\\/uploads\\\/sites\\\/5\\\/2020\\\/07\\\/nazare_beach.jpg?fit=1157%2C768&ssl=1\",\"width\":1157,\"height\":768,\"caption\":\"Nazare\"},{\"@type\":\"BreadcrumbList\",\"@id\":\"https:\\\/\\\/becooltravel.com\\\/product\\\/the-ribatejo-experience-discover-abrantes-nazare-12800g\\\/#breadcrumb\",\"itemListElement\":[{\"@type\":\"ListItem\",\"position\":1,\"name\":\"Home\",\"item\":\"https:\\\/\\\/becooltravel.com\\\/\"},{\"@type\":\"ListItem\",\"position\":2,\"name\":\"Shop\",\"item\":\"https:\\\/\\\/becooltravel.com\\\/?page_id=5\"},{\"@type\":\"ListItem\",\"position\":3,\"name\":\"Abrantes lies in a central enclave within the Portuguese\",\"item\":\"https:\\\/\\\/becooltravel.com\\\/product-tag\\\/abrantes\\\/\"},{\"@type\":\"ListItem\",\"position\":4,\"name\":\"The Ribatejo Experience: Discover Abrantes & Nazar\u00e9\"}]},{\"@type\":\"WebSite\",\"@id\":\"https:\\\/\\\/becooltravel.com\\\/#website\",\"url\":\"https:\\\/\\\/becooltravel.com\\\/\",\"name\":\"BeCool Travel\",\"description\":\"Sustainable holidays in Portugal for independent travelers\",\"publisher\":{\"@id\":\"https:\\\/\\\/becooltravel.com\\\/#organization\"},\"potentialAction\":[{\"@type\":\"SearchAction\",\"target\":{\"@type\":\"EntryPoint\",\"urlTemplate\":\"https:\\\/\\\/becooltravel.com\\\/?s={search_term_string}\"},\"query-input\":{\"@type\":\"PropertyValueSpecification\",\"valueRequired\":true,\"valueName\":\"search_term_string\"}}],\"inLanguage\":\"sv-SE\"},{\"@type\":\"Organization\",\"@id\":\"https:\\\/\\\/becooltravel.com\\\/#organization\",\"name\":\"BecoolTravel. com- Portugal\",\"url\":\"https:\\\/\\\/becooltravel.com\\\/\",\"logo\":{\"@type\":\"ImageObject\",\"inLanguage\":\"sv-SE\",\"@id\":\"https:\\\/\\\/becooltravel.com\\\/#\\\/schema\\\/logo\\\/image\\\/\",\"url\":\"https:\\\/\\\/becooltravel.com\\\/wp-content\\\/uploads\\\/sites\\\/5\\\/2020\\\/03\\\/Logo_BeCool.jpg\",\"contentUrl\":\"https:\\\/\\\/becooltravel.com\\\/wp-content\\\/uploads\\\/sites\\\/5\\\/2020\\\/03\\\/Logo_BeCool.jpg\",\"width\":534,\"height\":534,\"caption\":\"BecoolTravel. com- Portugal\"},\"image\":{\"@id\":\"https:\\\/\\\/becooltravel.com\\\/#\\\/schema\\\/logo\\\/image\\\/\"},\"sameAs\":[\"https:\\\/\\\/www.facebook.com\\\/becooltravelagency\\\/\",\"https:\\\/\\\/x.com\\\/becool_travel\",\"https:\\\/\\\/www.instagram.com\\\/becooltravel_com\\\/\",\"https:\\\/\\\/www.linkedin.com\\\/company\\\/becool-travel\\\/\",\"https:\\\/\\\/www.youtube.com\\\/channel\\\/UCE7zRU3EVG1PgfXwQo-5uJw\"]}]}<\/script>\n<!-- \/ Yoast SEO Premium plugin. -->","yoast_head_json":{"title":"Ribatejo Walking Experience: Uppt\u00e4ck Abrantes &amp; Nazar\u00e9","description":"Vandringssemester bes\u00f6ker tv\u00e5 av Portugals \u00e4ldsta och mest fascinerande regioner, i det b\u00f6rdiga omr\u00e5det Ribatejo. har varit hj\u00e4rtat i ving\u00e5rdarna.","robots":{"index":"index","follow":"follow","max-snippet":"max-snippet:-1","max-image-preview":"max-image-preview:large","max-video-preview":"max-video-preview:-1"},"canonical":"https:\/\/becooltravel.com\/sv\/produkt\/the-ribatejo-experience-discover-abrantes-nazare-12800g\/","og_locale":"sv_SE","og_type":"article","og_title":"The Ribatejo Experience: Discover Abrantes & Nazar\u00e9","og_description":"For centuries, the Ribatejo has been the heart of the wine estates, wheat growing and silk production. It is famous nowadays for cattle & horse raising giving it the reputation of the \u201cwild west of Portugal\u201d.","og_url":"https:\/\/becooltravel.com\/sv\/produkt\/the-ribatejo-experience-discover-abrantes-nazare-12800g\/","og_site_name":"BeCool Travel","article_publisher":"https:\/\/www.facebook.com\/becooltravelagency\/","article_modified_time":"2022-08-14T12:33:38+00:00","og_image":[{"width":1157,"height":768,"url":"https:\/\/i0.wp.com\/becooltravel.com\/wp-content\/uploads\/sites\/5\/2020\/07\/nazare_beach.jpg?fit=1157%2C768&ssl=1","type":"image\/jpeg"}],"twitter_card":"summary_large_image","twitter_title":"Walking The Ribatejo Experience: Discover Abrantes & Nazar\u00e9","twitter_description":"For centuries, the Ribatejo has been the heart of the wine estates, wheat growing and silk production. It is famous nowadays for cattle & horse raising giving it the reputation of the \u201cwild west of Portugal\u201d.","twitter_image":"https:\/\/i0.wp.com\/becooltravel.com\/wp-content\/uploads\/sites\/5\/2020\/07\/nazare_beach.jpg?fit=1157%2C768&ssl=1","twitter_site":"@becool_travel","twitter_misc":{"Ber\u00e4knad l\u00e4stid":"3 minuter"},"schema":{"@context":"https:\/\/schema.org","@graph":[{"@type":["WebPage","ItemPage"],"@id":"https:\/\/becooltravel.com\/product\/the-ribatejo-experience-discover-abrantes-nazare-12800g\/","url":"https:\/\/becooltravel.com\/product\/the-ribatejo-experience-discover-abrantes-nazare-12800g\/","name":"Ribatejo Walking Experience: Uppt\u00e4ck Abrantes &amp; Nazar\u00e9","isPartOf":{"@id":"https:\/\/becooltravel.com\/#website"},"primaryImageOfPage":{"@id":"https:\/\/becooltravel.com\/product\/the-ribatejo-experience-discover-abrantes-nazare-12800g\/#primaryimage"},"image":{"@id":"https:\/\/becooltravel.com\/product\/the-ribatejo-experience-discover-abrantes-nazare-12800g\/#primaryimage"},"thumbnailUrl":"https:\/\/i0.wp.com\/becooltravel.com\/wp-content\/uploads\/sites\/5\/2020\/07\/nazare_beach.jpg?fit=1157%2C768&ssl=1","datePublished":"2020-07-09T14:43:16+00:00","dateModified":"2022-08-14T12:33:38+00:00","description":"Vandringssemester bes\u00f6ker tv\u00e5 av Portugals \u00e4ldsta och mest fascinerande regioner, i det b\u00f6rdiga omr\u00e5det Ribatejo. har varit hj\u00e4rtat i ving\u00e5rdarna.","breadcrumb":{"@id":"https:\/\/becooltravel.com\/product\/the-ribatejo-experience-discover-abrantes-nazare-12800g\/#breadcrumb"},"inLanguage":"sv-SE","potentialAction":[{"@type":"ReadAction","target":["https:\/\/becooltravel.com\/product\/the-ribatejo-experience-discover-abrantes-nazare-12800g\/"]}]},{"@type":"ImageObject","inLanguage":"sv-SE","@id":"https:\/\/becooltravel.com\/product\/the-ribatejo-experience-discover-abrantes-nazare-12800g\/#primaryimage","url":"https:\/\/i0.wp.com\/becooltravel.com\/wp-content\/uploads\/sites\/5\/2020\/07\/nazare_beach.jpg?fit=1157%2C768&ssl=1","contentUrl":"https:\/\/i0.wp.com\/becooltravel.com\/wp-content\/uploads\/sites\/5\/2020\/07\/nazare_beach.jpg?fit=1157%2C768&ssl=1","width":1157,"height":768,"caption":"Nazare"},{"@type":"BreadcrumbList","@id":"https:\/\/becooltravel.com\/product\/the-ribatejo-experience-discover-abrantes-nazare-12800g\/#breadcrumb","itemListElement":[{"@type":"ListItem","position":1,"name":"Home","item":"https:\/\/becooltravel.com\/"},{"@type":"ListItem","position":2,"name":"Shop","item":"https:\/\/becooltravel.com\/?page_id=5"},{"@type":"ListItem","position":3,"name":"Abrantes lies in a central enclave within the Portuguese","item":"https:\/\/becooltravel.com\/product-tag\/abrantes\/"},{"@type":"ListItem","position":4,"name":"The Ribatejo Experience: Discover Abrantes & Nazar\u00e9"}]},{"@type":"WebSite","@id":"https:\/\/becooltravel.com\/#website","url":"https:\/\/becooltravel.com\/","name":"BeCool Travel","description":"H\u00e5llbar semester i Portugal f\u00f6r oberoende resen\u00e4rer","publisher":{"@id":"https:\/\/becooltravel.com\/#organization"},"potentialAction":[{"@type":"SearchAction","target":{"@type":"EntryPoint","urlTemplate":"https:\/\/becooltravel.com\/?s={search_term_string}"},"query-input":{"@type":"PropertyValueSpecification","valueRequired":true,"valueName":"search_term_string"}}],"inLanguage":"sv-SE"},{"@type":"Organization","@id":"https:\/\/becooltravel.com\/#organization","name":"BecoolTravel. com- Portugal","url":"https:\/\/becooltravel.com\/","logo":{"@type":"ImageObject","inLanguage":"sv-SE","@id":"https:\/\/becooltravel.com\/#\/schema\/logo\/image\/","url":"https:\/\/becooltravel.com\/wp-content\/uploads\/sites\/5\/2020\/03\/Logo_BeCool.jpg","contentUrl":"https:\/\/becooltravel.com\/wp-content\/uploads\/sites\/5\/2020\/03\/Logo_BeCool.jpg","width":534,"height":534,"caption":"BecoolTravel. com- Portugal"},"image":{"@id":"https:\/\/becooltravel.com\/#\/schema\/logo\/image\/"},"sameAs":["https:\/\/www.facebook.com\/becooltravelagency\/","https:\/\/x.com\/becool_travel","https:\/\/www.instagram.com\/becooltravel_com\/","https:\/\/www.linkedin.com\/company\/becool-travel\/","https:\/\/www.youtube.com\/channel\/UCE7zRU3EVG1PgfXwQo-5uJw"]}]}},"jetpack_sharing_enabled":true,"_links":{"self":[{"href":"https:\/\/becooltravel.com\/sv\/wp-json\/wp\/v2\/product\/5445","targetHints":{"allow":["GET"]}}],"collection":[{"href":"https:\/\/becooltravel.com\/sv\/wp-json\/wp\/v2\/product"}],"about":[{"href":"https:\/\/becooltravel.com\/sv\/wp-json\/wp\/v2\/types\/product"}],"replies":[{"embeddable":true,"href":"https:\/\/becooltravel.com\/sv\/wp-json\/wp\/v2\/comments?post=5445"}],"wp:featuredmedia":[{"embeddable":true,"href":"https:\/\/becooltravel.com\/sv\/wp-json\/wp\/v2\/media\/5602"}],"wp:attachment":[{"href":"https:\/\/becooltravel.com\/sv\/wp-json\/wp\/v2\/media?parent=5445"}],"wp:term":[{"taxonomy":"product_brand","embeddable":true,"href":"https:\/\/becooltravel.com\/sv\/wp-json\/wp\/v2\/product_brand?post=5445"},{"taxonomy":"product_cat","embeddable":true,"href":"https:\/\/becooltravel.com\/sv\/wp-json\/wp\/v2\/product_cat?post=5445"},{"taxonomy":"product_tag","embeddable":true,"href":"https:\/\/becooltravel.com\/sv\/wp-json\/wp\/v2\/product_tag?post=5445"}],"curies":[{"name":"wp","href":"https:\/\/api.w.org\/{rel}","templated":true}]}}