{"id":5446,"date":"2020-07-10T11:17:10","date_gmt":"2020-07-10T11:17:10","guid":{"rendered":"https:\/\/becooltravel.com\/?post_type=product&#038;p=5446"},"modified":"2022-08-14T12:35:47","modified_gmt":"2022-08-14T12:35:47","slug":"west-madeira-13200g","status":"publish","type":"product","link":"https:\/\/becooltravel.com\/sv\/produkt\/west-madeira-13200g\/","title":{"rendered":"Helgdagar p\u00e5 v\u00e4stra Madeira"},"content":{"rendered":"<p><strong>Grupper accepteras med minst 6 personer.<\/strong><\/p>\n<p>&nbsp;<\/p>\n<p>\u00d6n Madeira har en uppsj\u00f6 av promenader att erbjuda i sina mer avl\u00e4gsna delar, s\u00e5v\u00e4l som de exceptionella promenader som \u00e4r tillg\u00e4ngliga fr\u00e5n \u00f6ns huvudstad Funchal. Bland andra promenader kan vi utforska mindre k\u00e4nda levador, de smala bevattningskanalerna i bergen som tar vatten fr\u00e5n de norra kullarna till de s\u00f6dra terrasserna.<\/p>\n<div id=\"attachment_2835\" style=\"width: 1034px\" class=\"wp-caption alignnone\"><img data-recalc-dims=\"1\" decoding=\"async\" aria-describedby=\"caption-attachment-2835\" class=\"wp-image-2835 size-full\" title=\"Madeira typiska hus\" src=\"https:\/\/i0.wp.com\/legendatours.net\/wp-content\/uploads\/2020\/07\/typical_houses_madeira.jpg?resize=1024%2C768&#038;ssl=1\" alt=\"Madeira typiska Santana hus\" width=\"1024\" height=\"768\" \/><p id=\"caption-attachment-2835\" class=\"wp-caption-text\">Madeira typiska hus<\/p><\/div>\n<p>Vi b\u00f6rjar i Porto Moniz l\u00e4ngst ut i nordv\u00e4stra h\u00f6rnet av \u00f6n. Det \u00e4r en skyddad hamn d\u00e4r en massa spetsiga rev i lavastenarna ger naturliga badpooler.<\/p>\n<p>Avl\u00e4gsenhet \u00e4r den enda anledningen till att omr\u00e5det ser f\u00e5 bes\u00f6kare.<\/p>\n<p>Promenaden tar oss \u00f6ver branta terrasserade sluttningar, ofta med utsikt \u00f6ver kusten d\u00e4r atlantiska rullar kraschar in. Vi g\u00e5r ocks\u00e5 p\u00e5 den fridfulla Levada do Moinho med flera vattenkvarnar l\u00e4ngs dess kurs.<\/p>\n<div id=\"attachment_2736\" style=\"width: 1034px\" class=\"wp-caption alignnone\"><img data-recalc-dims=\"1\" decoding=\"async\" aria-describedby=\"caption-attachment-2736\" class=\"wp-image-2736 size-full\" src=\"https:\/\/i0.wp.com\/legendatours.net\/wp-content\/uploads\/2020\/07\/Walk_madeira_Levada_Castelejo-e1611683538923.jpg?resize=1024%2C684&#038;ssl=1\" alt=\"G\u00e5 p\u00e5 Madeira\" width=\"1024\" height=\"684\" \/><p id=\"caption-attachment-2736\" class=\"wp-caption-text\">Walk-in Madeira. Utforska de lite bes\u00f6kta byarna l\u00e4ngst nordv\u00e4st p\u00e5 Madeira.<\/p><\/div>\n<p>P\u00e5 v\u00e4g till v\u00e5rt n\u00e4sta centrum, Ponta do Sol, p\u00e5 sydkusten, g\u00e5r vi l\u00e4ngs Levada de Lombo de Mouro, en attraktiv och lite vandrad Levada som b\u00f6rjar h\u00f6gt upp n\u00e4ra \u00f6ns centrala pass vid Encumeada.<\/p>\n<p>Ponta do Sol \u00e4r en liten by, inb\u00e4ddad mellan terrasserade sluttningar d\u00e4r v\u00e5rt hotell ligger n\u00e5gra sekunder fr\u00e5n havet. Den har en vacker bergsbakgrund, men den st\u00f6rsta attraktionen \u00e4r dess vulkaniska lavapooler smakfullt f\u00f6rvandlade till ett lido, med g\u00e5ngv\u00e4gar och broar.<\/p>\n<div class=\"row\" style=\"display: flex;\">\n<div class=\"column\" style=\"flex: 45%;\">\n<p><iframe title=\"G\u00e5 p\u00e5 \u00f6n Madeira - De vackraste sp\u00e5ren i v\u00e4rlden\" width=\"1080\" height=\"608\" src=\"https:\/\/www.youtube.com\/embed\/e5InoSl1H2o?feature=oembed\" frameborder=\"0\" allow=\"accelerometer; autoplay; clipboard-write; encrypted-media; gyroscope; picture-in-picture\" allowfullscreen><\/iframe><\/p>\n<\/div>\n<div class=\"column\" style=\"flex: 10%;\"><\/div>\n<div class=\"column\" style=\"flex: 45%;\">\n<p><iframe title=\"Madeira Island | V\u00e4gen till Pico Ruivo\" width=\"1080\" height=\"608\" src=\"https:\/\/www.youtube.com\/embed\/IlpBJP0z8Kw?feature=oembed\" frameborder=\"0\" allow=\"accelerometer; autoplay; clipboard-write; encrypted-media; gyroscope; picture-in-picture\" allowfullscreen><\/iframe><\/p>\n<\/div>\n<\/div>","protected":false},"excerpt":{"rendered":"<p>\u00d6n Madeira har en uppsj\u00f6 av promenader att erbjuda i sina mer avl\u00e4gsna delar, s\u00e5v\u00e4l som de exceptionella promenader som \u00e4r tillg\u00e4ngliga fr\u00e5n \u00f6ns huvudstad Funchal. Bland andra promenader kan vi utforska mindre k\u00e4nda levador, de smala bevattningskanalerna i bergen som tar vatten fr\u00e5n de norra kullarna till de s\u00f6dra terrasserna.<\/p>","protected":false},"featured_media":5447,"comment_status":"closed","ping_status":"closed","template":"","meta":{"_acf_changed":false,"inline_featured_image":false},"product_brand":[],"product_cat":[343,340,342,344,355],"product_tag":[895,1165,203,1166,990,1167,991,579,1168,878,1169,1170,1171,1004,752,993,994,384,133,73,1172,1005,1173,1174,1175,1176,581,1177,1178,1179,1180,972],"class_list":{"0":"post-5446","1":"product","2":"type-product","3":"status-publish","4":"has-post-thumbnail","6":"product_cat-cultural-tours-and-holidays-in-portugal","7":"product_cat-guided-group-tours","8":"product_cat-portugal-guided-historical-holidays","9":"product_cat-guided-sightseeing-holidays-portugal","10":"product_cat-guided-walking-holidays-in-portugal","11":"product_tag-atlantic-ocean","12":"product_tag-banana-plantations","13":"product_tag-beautiful-landscapes","14":"product_tag-corujeira","15":"product_tag-encumeada","16":"product_tag-fontes-chao-dos-terreiros","17":"product_tag-funchal","18":"product_tag-green-landscape","19":"product_tag-lamaceiras","20":"product_tag-landscape","21":"product_tag-levada-de-lombo-de-mouro","22":"product_tag-levada-do-moinho","23":"product_tag-levada-nova-and-levada-do-moinho","24":"product_tag-levadas","25":"product_tag-madeira","26":"product_tag-madeira-island","27":"product_tag-madeira-walks","28":"product_tag-magnificent-landscape","29":"product_tag-natural-reserves","30":"product_tag-natural-scenery","31":"product_tag-ponta-do-sol","32":"product_tag-porto-moniz","33":"product_tag-rabacal","34":"product_tag-ribeira-da-janela","35":"product_tag-sub-tropical-woodland","36":"product_tag-tiny-levada","37":"product_tag-traditional-villages","38":"product_tag-ush-woodland","39":"product_tag-village-of-santa","40":"product_tag-walkways-and-bridges","41":"product_tag-waterfall-of-risco","42":"product_tag-waterfalls","44":"first","45":"instock","46":"virtual","47":"sold-individually","48":"product-type-booking"},"acf":[],"yoast_head":"<!-- This site is optimized with the Yoast SEO Premium plugin v26.8 (Yoast SEO v27.4) - https:\/\/yoast.com\/product\/yoast-seo-premium-wordpress\/ -->\n<title>Holidays Walking in West Madeira<\/title>\n<meta name=\"description\" content=\"Madeira Island has a wealth of walking to offer in its more remote parts, as well as the exceptional walks accessible from the island\u2019s capital Funchal.\" \/>\n<meta name=\"robots\" content=\"index, follow, max-snippet:-1, max-image-preview:large, max-video-preview:-1\" \/>\n<link rel=\"canonical\" href=\"https:\/\/becooltravel.com\/sv\/produkt\/west-madeira-13200g\/\" \/>\n<meta property=\"og:locale\" content=\"sv_SE\" \/>\n<meta property=\"og:type\" content=\"article\" \/>\n<meta property=\"og:title\" content=\"Madeira Island has a wealth of walking to offer in its more remote parts,\" \/>\n<meta property=\"og:description\" content=\"Madeira Island has a wealth of walking to offer in its more remote parts, as well as the exceptional walks accessible from the island\u2019s capital Funchal. Amongst other walks we are able to explore less well-known levadas, the narrow mountain irrigation channels which take water from the northern hills to the southern terraces.We start in Porto Moniz in the far northwest corner of the island. It is a sheltered harbour where a mass of pointed reefs in the lava rocks provide natural bathing pools.Remoteness is the only reason the area sees few visitors.The walking takes us across steep terraced hillsides, often with views of the coast where Atlantic rollers crash in. We also walk the peaceful Levada do Moinho with several watermills along its course.On our way to our next centre, Ponta do Sol, on the south coast, we walk along the Levada de Lombo de Mouro, an attractive and little-walked levada starting high up near the island\u2019s central pass at Encumeada.\" \/>\n<meta property=\"og:url\" content=\"https:\/\/becooltravel.com\/sv\/produkt\/west-madeira-13200g\/\" \/>\n<meta property=\"og:site_name\" content=\"BeCool Travel\" \/>\n<meta property=\"article:publisher\" content=\"https:\/\/www.facebook.com\/becooltravelagency\/\" \/>\n<meta property=\"article:modified_time\" content=\"2022-08-14T12:35:47+00:00\" \/>\n<meta property=\"og:image\" content=\"https:\/\/i0.wp.com\/becooltravel.com\/wp-content\/uploads\/sites\/5\/2020\/07\/Walk_madeira_Levada_Castelejo.jpg?fit=1198%2C800&ssl=1\" \/>\n\t<meta property=\"og:image:width\" content=\"1198\" \/>\n\t<meta property=\"og:image:height\" content=\"800\" \/>\n\t<meta property=\"og:image:type\" content=\"image\/jpeg\" \/>\n<meta name=\"twitter:card\" content=\"summary_large_image\" \/>\n<meta name=\"twitter:title\" content=\"Walking Madeira Island has a wealth of walking to offer in its more remote parts,\" \/>\n<meta name=\"twitter:description\" content=\"Madeira Island has a wealth of walking to offer in its more remote parts, as well as the exceptional walks accessible from the island\u2019s capital Funchal. Amongst other walks we are able to explore less well-known levadas, the narrow mountain irrigation channels which take water from the northern hills to the southern terraces.We start in Porto Moniz in the far northwest corner of the island. It is a sheltered harbour where a mass of pointed reefs in the lava rocks provide natural bathing pools.Remoteness is the only reason the area sees few visitors.The walking takes us across steep terraced hillsides, often with views of the coast where Atlantic rollers crash in. We also walk the peaceful Levada do Moinho with several watermills along its course.On our way to our next centre, Ponta do Sol, on the south coast, we walk along the Levada de Lombo de Mouro, an attractive and little-walked levada starting high up near the island\u2019s central pass at Encumeada.\" \/>\n<meta name=\"twitter:image\" content=\"https:\/\/i0.wp.com\/becooltravel.com\/wp-content\/uploads\/sites\/5\/2020\/07\/Walk_madeira_Levada_Castelejo.jpg?fit=1198%2C800&ssl=1\" \/>\n<meta name=\"twitter:site\" content=\"@becool_travel\" \/>\n<meta name=\"twitter:label1\" content=\"Ber\u00e4knad l\u00e4stid\" \/>\n\t<meta name=\"twitter:data1\" content=\"2 minuter\" \/>\n<script type=\"application\/ld+json\" class=\"yoast-schema-graph\">{\"@context\":\"https:\\\/\\\/schema.org\",\"@graph\":[{\"@type\":[\"WebPage\",\"ItemPage\"],\"@id\":\"https:\\\/\\\/becooltravel.com\\\/product\\\/west-madeira-13200g\\\/\",\"url\":\"https:\\\/\\\/becooltravel.com\\\/product\\\/west-madeira-13200g\\\/\",\"name\":\"Holidays Walking in West Madeira\",\"isPartOf\":{\"@id\":\"https:\\\/\\\/becooltravel.com\\\/#website\"},\"primaryImageOfPage\":{\"@id\":\"https:\\\/\\\/becooltravel.com\\\/product\\\/west-madeira-13200g\\\/#primaryimage\"},\"image\":{\"@id\":\"https:\\\/\\\/becooltravel.com\\\/product\\\/west-madeira-13200g\\\/#primaryimage\"},\"thumbnailUrl\":\"https:\\\/\\\/i0.wp.com\\\/becooltravel.com\\\/wp-content\\\/uploads\\\/sites\\\/5\\\/2020\\\/07\\\/Walk_madeira_Levada_Castelejo.jpg?fit=1198%2C800&ssl=1\",\"datePublished\":\"2020-07-10T11:17:10+00:00\",\"dateModified\":\"2022-08-14T12:35:47+00:00\",\"description\":\"Madeira Island has a wealth of walking to offer in its more remote parts, as well as the exceptional walks accessible from the island\u2019s capital Funchal.\",\"breadcrumb\":{\"@id\":\"https:\\\/\\\/becooltravel.com\\\/product\\\/west-madeira-13200g\\\/#breadcrumb\"},\"inLanguage\":\"sv-SE\",\"potentialAction\":[{\"@type\":\"ReadAction\",\"target\":[\"https:\\\/\\\/becooltravel.com\\\/product\\\/west-madeira-13200g\\\/\"]}]},{\"@type\":\"ImageObject\",\"inLanguage\":\"sv-SE\",\"@id\":\"https:\\\/\\\/becooltravel.com\\\/product\\\/west-madeira-13200g\\\/#primaryimage\",\"url\":\"https:\\\/\\\/i0.wp.com\\\/becooltravel.com\\\/wp-content\\\/uploads\\\/sites\\\/5\\\/2020\\\/07\\\/Walk_madeira_Levada_Castelejo.jpg?fit=1198%2C800&ssl=1\",\"contentUrl\":\"https:\\\/\\\/i0.wp.com\\\/becooltravel.com\\\/wp-content\\\/uploads\\\/sites\\\/5\\\/2020\\\/07\\\/Walk_madeira_Levada_Castelejo.jpg?fit=1198%2C800&ssl=1\",\"width\":1198,\"height\":800,\"caption\":\"Walk in Madeira\"},{\"@type\":\"BreadcrumbList\",\"@id\":\"https:\\\/\\\/becooltravel.com\\\/product\\\/west-madeira-13200g\\\/#breadcrumb\",\"itemListElement\":[{\"@type\":\"ListItem\",\"position\":1,\"name\":\"Home\",\"item\":\"https:\\\/\\\/becooltravel.com\\\/\"},{\"@type\":\"ListItem\",\"position\":2,\"name\":\"Shop\",\"item\":\"https:\\\/\\\/becooltravel.com\\\/?page_id=5\"},{\"@type\":\"ListItem\",\"position\":3,\"name\":\"atlantic ocean\",\"item\":\"https:\\\/\\\/becooltravel.com\\\/product-tag\\\/atlantic-ocean\\\/\"},{\"@type\":\"ListItem\",\"position\":4,\"name\":\"Madeira Island has a wealth of walking to offer in its more remote parts,\"}]},{\"@type\":\"WebSite\",\"@id\":\"https:\\\/\\\/becooltravel.com\\\/#website\",\"url\":\"https:\\\/\\\/becooltravel.com\\\/\",\"name\":\"BeCool Travel\",\"description\":\"Sustainable holidays in Portugal for independent travelers\",\"publisher\":{\"@id\":\"https:\\\/\\\/becooltravel.com\\\/#organization\"},\"potentialAction\":[{\"@type\":\"SearchAction\",\"target\":{\"@type\":\"EntryPoint\",\"urlTemplate\":\"https:\\\/\\\/becooltravel.com\\\/?s={search_term_string}\"},\"query-input\":{\"@type\":\"PropertyValueSpecification\",\"valueRequired\":true,\"valueName\":\"search_term_string\"}}],\"inLanguage\":\"sv-SE\"},{\"@type\":\"Organization\",\"@id\":\"https:\\\/\\\/becooltravel.com\\\/#organization\",\"name\":\"BecoolTravel. com- Portugal\",\"url\":\"https:\\\/\\\/becooltravel.com\\\/\",\"logo\":{\"@type\":\"ImageObject\",\"inLanguage\":\"sv-SE\",\"@id\":\"https:\\\/\\\/becooltravel.com\\\/#\\\/schema\\\/logo\\\/image\\\/\",\"url\":\"https:\\\/\\\/becooltravel.com\\\/wp-content\\\/uploads\\\/sites\\\/5\\\/2020\\\/03\\\/Logo_BeCool.jpg\",\"contentUrl\":\"https:\\\/\\\/becooltravel.com\\\/wp-content\\\/uploads\\\/sites\\\/5\\\/2020\\\/03\\\/Logo_BeCool.jpg\",\"width\":534,\"height\":534,\"caption\":\"BecoolTravel. com- Portugal\"},\"image\":{\"@id\":\"https:\\\/\\\/becooltravel.com\\\/#\\\/schema\\\/logo\\\/image\\\/\"},\"sameAs\":[\"https:\\\/\\\/www.facebook.com\\\/becooltravelagency\\\/\",\"https:\\\/\\\/x.com\\\/becool_travel\",\"https:\\\/\\\/www.instagram.com\\\/becooltravel_com\\\/\",\"https:\\\/\\\/www.linkedin.com\\\/company\\\/becool-travel\\\/\",\"https:\\\/\\\/www.youtube.com\\\/channel\\\/UCE7zRU3EVG1PgfXwQo-5uJw\"]}]}<\/script>\n<!-- \/ Yoast SEO Premium plugin. -->","yoast_head_json":{"title":"Helgdagar p\u00e5 v\u00e4stra Madeira","description":"\u00d6n Madeira har en uppsj\u00f6 av promenader att erbjuda i sina mer avl\u00e4gsna delar, s\u00e5v\u00e4l som de exceptionella promenader som \u00e4r tillg\u00e4ngliga fr\u00e5n \u00f6ns huvudstad Funchal.","robots":{"index":"index","follow":"follow","max-snippet":"max-snippet:-1","max-image-preview":"max-image-preview:large","max-video-preview":"max-video-preview:-1"},"canonical":"https:\/\/becooltravel.com\/sv\/produkt\/west-madeira-13200g\/","og_locale":"sv_SE","og_type":"article","og_title":"Madeira Island has a wealth of walking to offer in its more remote parts,","og_description":"Madeira Island has a wealth of walking to offer in its more remote parts, as well as the exceptional walks accessible from the island\u2019s capital Funchal. Amongst other walks we are able to explore less well-known levadas, the narrow mountain irrigation channels which take water from the northern hills to the southern terraces.We start in Porto Moniz in the far northwest corner of the island. It is a sheltered harbour where a mass of pointed reefs in the lava rocks provide natural bathing pools.Remoteness is the only reason the area sees few visitors.The walking takes us across steep terraced hillsides, often with views of the coast where Atlantic rollers crash in. We also walk the peaceful Levada do Moinho with several watermills along its course.On our way to our next centre, Ponta do Sol, on the south coast, we walk along the Levada de Lombo de Mouro, an attractive and little-walked levada starting high up near the island\u2019s central pass at Encumeada.","og_url":"https:\/\/becooltravel.com\/sv\/produkt\/west-madeira-13200g\/","og_site_name":"BeCool Travel","article_publisher":"https:\/\/www.facebook.com\/becooltravelagency\/","article_modified_time":"2022-08-14T12:35:47+00:00","og_image":[{"width":1198,"height":800,"url":"https:\/\/i0.wp.com\/becooltravel.com\/wp-content\/uploads\/sites\/5\/2020\/07\/Walk_madeira_Levada_Castelejo.jpg?fit=1198%2C800&ssl=1","type":"image\/jpeg"}],"twitter_card":"summary_large_image","twitter_title":"Walking Madeira Island has a wealth of walking to offer in its more remote parts,","twitter_description":"Madeira Island has a wealth of walking to offer in its more remote parts, as well as the exceptional walks accessible from the island\u2019s capital Funchal. Amongst other walks we are able to explore less well-known levadas, the narrow mountain irrigation channels which take water from the northern hills to the southern terraces.We start in Porto Moniz in the far northwest corner of the island. It is a sheltered harbour where a mass of pointed reefs in the lava rocks provide natural bathing pools.Remoteness is the only reason the area sees few visitors.The walking takes us across steep terraced hillsides, often with views of the coast where Atlantic rollers crash in. We also walk the peaceful Levada do Moinho with several watermills along its course.On our way to our next centre, Ponta do Sol, on the south coast, we walk along the Levada de Lombo de Mouro, an attractive and little-walked levada starting high up near the island\u2019s central pass at Encumeada.","twitter_image":"https:\/\/i0.wp.com\/becooltravel.com\/wp-content\/uploads\/sites\/5\/2020\/07\/Walk_madeira_Levada_Castelejo.jpg?fit=1198%2C800&ssl=1","twitter_site":"@becool_travel","twitter_misc":{"Ber\u00e4knad l\u00e4stid":"2 minuter"},"schema":{"@context":"https:\/\/schema.org","@graph":[{"@type":["WebPage","ItemPage"],"@id":"https:\/\/becooltravel.com\/product\/west-madeira-13200g\/","url":"https:\/\/becooltravel.com\/product\/west-madeira-13200g\/","name":"Helgdagar p\u00e5 v\u00e4stra Madeira","isPartOf":{"@id":"https:\/\/becooltravel.com\/#website"},"primaryImageOfPage":{"@id":"https:\/\/becooltravel.com\/product\/west-madeira-13200g\/#primaryimage"},"image":{"@id":"https:\/\/becooltravel.com\/product\/west-madeira-13200g\/#primaryimage"},"thumbnailUrl":"https:\/\/i0.wp.com\/becooltravel.com\/wp-content\/uploads\/sites\/5\/2020\/07\/Walk_madeira_Levada_Castelejo.jpg?fit=1198%2C800&ssl=1","datePublished":"2020-07-10T11:17:10+00:00","dateModified":"2022-08-14T12:35:47+00:00","description":"\u00d6n Madeira har en uppsj\u00f6 av promenader att erbjuda i sina mer avl\u00e4gsna delar, s\u00e5v\u00e4l som de exceptionella promenader som \u00e4r tillg\u00e4ngliga fr\u00e5n \u00f6ns huvudstad Funchal.","breadcrumb":{"@id":"https:\/\/becooltravel.com\/product\/west-madeira-13200g\/#breadcrumb"},"inLanguage":"sv-SE","potentialAction":[{"@type":"ReadAction","target":["https:\/\/becooltravel.com\/product\/west-madeira-13200g\/"]}]},{"@type":"ImageObject","inLanguage":"sv-SE","@id":"https:\/\/becooltravel.com\/product\/west-madeira-13200g\/#primaryimage","url":"https:\/\/i0.wp.com\/becooltravel.com\/wp-content\/uploads\/sites\/5\/2020\/07\/Walk_madeira_Levada_Castelejo.jpg?fit=1198%2C800&ssl=1","contentUrl":"https:\/\/i0.wp.com\/becooltravel.com\/wp-content\/uploads\/sites\/5\/2020\/07\/Walk_madeira_Levada_Castelejo.jpg?fit=1198%2C800&ssl=1","width":1198,"height":800,"caption":"Walk in Madeira"},{"@type":"BreadcrumbList","@id":"https:\/\/becooltravel.com\/product\/west-madeira-13200g\/#breadcrumb","itemListElement":[{"@type":"ListItem","position":1,"name":"Home","item":"https:\/\/becooltravel.com\/"},{"@type":"ListItem","position":2,"name":"Shop","item":"https:\/\/becooltravel.com\/?page_id=5"},{"@type":"ListItem","position":3,"name":"atlantic ocean","item":"https:\/\/becooltravel.com\/product-tag\/atlantic-ocean\/"},{"@type":"ListItem","position":4,"name":"Madeira Island has a wealth of walking to offer in its more remote parts,"}]},{"@type":"WebSite","@id":"https:\/\/becooltravel.com\/#website","url":"https:\/\/becooltravel.com\/","name":"BeCool Travel","description":"H\u00e5llbar semester i Portugal f\u00f6r oberoende resen\u00e4rer","publisher":{"@id":"https:\/\/becooltravel.com\/#organization"},"potentialAction":[{"@type":"SearchAction","target":{"@type":"EntryPoint","urlTemplate":"https:\/\/becooltravel.com\/?s={search_term_string}"},"query-input":{"@type":"PropertyValueSpecification","valueRequired":true,"valueName":"search_term_string"}}],"inLanguage":"sv-SE"},{"@type":"Organization","@id":"https:\/\/becooltravel.com\/#organization","name":"BecoolTravel. com- Portugal","url":"https:\/\/becooltravel.com\/","logo":{"@type":"ImageObject","inLanguage":"sv-SE","@id":"https:\/\/becooltravel.com\/#\/schema\/logo\/image\/","url":"https:\/\/becooltravel.com\/wp-content\/uploads\/sites\/5\/2020\/03\/Logo_BeCool.jpg","contentUrl":"https:\/\/becooltravel.com\/wp-content\/uploads\/sites\/5\/2020\/03\/Logo_BeCool.jpg","width":534,"height":534,"caption":"BecoolTravel. com- Portugal"},"image":{"@id":"https:\/\/becooltravel.com\/#\/schema\/logo\/image\/"},"sameAs":["https:\/\/www.facebook.com\/becooltravelagency\/","https:\/\/x.com\/becool_travel","https:\/\/www.instagram.com\/becooltravel_com\/","https:\/\/www.linkedin.com\/company\/becool-travel\/","https:\/\/www.youtube.com\/channel\/UCE7zRU3EVG1PgfXwQo-5uJw"]}]}},"jetpack_sharing_enabled":true,"_links":{"self":[{"href":"https:\/\/becooltravel.com\/sv\/wp-json\/wp\/v2\/product\/5446","targetHints":{"allow":["GET"]}}],"collection":[{"href":"https:\/\/becooltravel.com\/sv\/wp-json\/wp\/v2\/product"}],"about":[{"href":"https:\/\/becooltravel.com\/sv\/wp-json\/wp\/v2\/types\/product"}],"replies":[{"embeddable":true,"href":"https:\/\/becooltravel.com\/sv\/wp-json\/wp\/v2\/comments?post=5446"}],"wp:featuredmedia":[{"embeddable":true,"href":"https:\/\/becooltravel.com\/sv\/wp-json\/wp\/v2\/media\/5447"}],"wp:attachment":[{"href":"https:\/\/becooltravel.com\/sv\/wp-json\/wp\/v2\/media?parent=5446"}],"wp:term":[{"taxonomy":"product_brand","embeddable":true,"href":"https:\/\/becooltravel.com\/sv\/wp-json\/wp\/v2\/product_brand?post=5446"},{"taxonomy":"product_cat","embeddable":true,"href":"https:\/\/becooltravel.com\/sv\/wp-json\/wp\/v2\/product_cat?post=5446"},{"taxonomy":"product_tag","embeddable":true,"href":"https:\/\/becooltravel.com\/sv\/wp-json\/wp\/v2\/product_tag?post=5446"}],"curies":[{"name":"wp","href":"https:\/\/api.w.org\/{rel}","templated":true}]}}