{"id":5650,"date":"2020-08-11T16:04:49","date_gmt":"2020-08-11T16:04:49","guid":{"rendered":"https:\/\/becooltravel.com\/?post_type=product&#038;p=5650"},"modified":"2022-04-07T16:06:33","modified_gmt":"2022-04-07T16:06:33","slug":"highlights-of-lisbon-porto-11201g","status":"publish","type":"product","link":"https:\/\/becooltravel.com\/sv\/produkt\/hojdpunkter-i-lissabon-porto-11201g\/","title":{"rendered":"H\u00f6jdpunkter i Lissabon och Porto - Gruppresor i Portugal"},"content":{"rendered":"<p><strong>Grupper accepteras med minst 6 personer.<\/strong><\/p>\n<p>&nbsp;<\/p>\n<p>Denna turn\u00e9 ger det b\u00e4sta av de tv\u00e5 stora st\u00e4derna i Portugal, b\u00e5da genomsyrade av historia, men \u00e4nd\u00e5 livliga och moderna samtidigt.<\/p>\n<p>&nbsp;<\/p>\n<p>Lissabon<\/p>\n<p>Lissabon \u00e4r s\u00e5 m\u00e5nga speciella saker; det \u00e4r ljudet av vintagesp\u00e5rvagnar som vandrar upp och ner p\u00e5 kullerstensgator, en blandning av hj\u00e4rtliga Fado-l\u00e5tar, ett friluftsgalleri med historiskt arv, en fristad f\u00f6r gratis sprit, en \u00f6verraskning f\u00f6r fashionabla shoppare och Portugals coolaste stad.<\/p>\n<div id=\"attachment_2505\" style=\"width: 1034px\" class=\"wp-caption alignnone\"><img data-recalc-dims=\"1\" decoding=\"async\" aria-describedby=\"caption-attachment-2505\" class=\"wp-image-2505 size-large\" title=\"Comercio Square, Lissabon Genomsyrad av historia och kultur\" src=\"https:\/\/i0.wp.com\/legendatours.net\/wp-content\/uploads\/2020\/03\/Comercio_square_Lisbon-1024x683.jpg?resize=1024%2C683&#038;ssl=1\" alt=\"Comercio Square, Lissabon Genomsyrad av historia och kultur\" width=\"1024\" height=\"683\" \/><p id=\"caption-attachment-2505\" class=\"wp-caption-text\">Comercio Square, Lissabon Genomsyrad av historia och kultur<\/p><\/div>\n<p>Den h\u00e4r f\u00f6rtrollande &quot;ljusstaden&quot; \u00e4r genomsyrad av historia och kultur och har en naturlig ljusstyrka och enkel charm som ingen annan i landet och har blivit ett popul\u00e4rt europeiskt resm\u00e5l f\u00f6r sin sp\u00e4nnande m\u00e5ngfald, vackra platser och avundsv\u00e4rt, soligt klimat.<\/p>\n<p>Lissabon, som markerar varje plats i staden med en touch av tradition, handlar om att bevara sk\u00f6nheten i &quot;gamla&quot;, oavsett om den f\u00f6rkroppsligas av v\u00e4nliga blomsterf\u00f6rs\u00e4ljare och kastanjf\u00f6rs\u00e4ljare p\u00e5 gatorna, dess majest\u00e4tiska azulejo-utsmyckade arkitektur och typiska konditorier eller charmiga, taverninspirerade restauranger.<\/p>\n<p>&nbsp;<\/p>\n<p>Porto<\/p>\n<p>Porto ligger dramatiskt vid mynningen av Rio Douro och har en underbar atmosf\u00e4r. Den \u00e4r full av forntida och fantastiska monument som gnuggar med portugisiska vardagen.<\/p>\n<p>Den gamla staden \u00e4r en UNESCO: s v\u00e4rldsarvslista full av historiska byggnader och enast\u00e5ende monument samt pittoreska medeltida gator.<\/p>\n<div id=\"attachment_1946\" style=\"width: 1034px\" class=\"wp-caption alignnone\"><img data-recalc-dims=\"1\" decoding=\"async\" aria-describedby=\"caption-attachment-1946\" class=\"wp-image-1946 size-large\" title=\"Rabelo-b\u00e5ten Porto ligger dramatiskt vid mynningen av Rio Douro\" src=\"https:\/\/i0.wp.com\/legendatours.net\/wp-content\/uploads\/2020\/03\/Rabelo-boat-Porto-1024x683.jpg?resize=1024%2C683&#038;ssl=1\" alt=\"Rabelo-b\u00e5ten Porto ligger dramatiskt vid mynningen av Rio Douro\" width=\"1024\" height=\"683\" \/><p id=\"caption-attachment-1946\" class=\"wp-caption-text\">Rabelo-b\u00e5ten Porto ligger dramatiskt vid mynningen av Rio Douro<\/p><\/div>\n<p>H\u00f6jdpunkterna i denna underbara stad inkluderar den formidabla Porto-katedralen, Torre dos Cl\u00e9rigos och de ber\u00f6mda portvinstugorna som dominerar sluttningen i Vila Nova de Gaia.<\/p>\n<p>Porto erbjuder en \u00f6vertygande syntes av forntida och samtida attraktioner och det \u00e4r en gl\u00e4dje att promenera f\u00f6rsiktigt genom sitt olika landskap.<\/p>\n<div class=\"row\" style=\"display: flex;\">\n<div class=\"column\" style=\"flex: 45%;\">\n<p><iframe title=\"I STEMMET F\u00d6R LISBON | Din Lissabon Travel-guide 2019 | Varf\u00f6r jag flyttade till Lissabon, Portugal \ud83c\uddf5\ud83c\uddf9\" width=\"1080\" height=\"608\" src=\"https:\/\/www.youtube.com\/embed\/Qv7CtN1mOlc?feature=oembed\" frameborder=\"0\" allow=\"accelerometer; autoplay; clipboard-write; encrypted-media; gyroscope; picture-in-picture\" allowfullscreen><\/iframe><\/p>\n<\/div>\n<div class=\"column\" style=\"flex: 10%;\"><\/div>\n<div class=\"column\" style=\"flex: 45%;\">\n<p><iframe title=\"I MODEN F\u00d6R PORTO (Ep 2) | Porto Sev\u00e4rdheter, Mat &amp; Vin | Travel-guide\" width=\"1080\" height=\"608\" src=\"https:\/\/www.youtube.com\/embed\/6PRWBBrmsOE?feature=oembed\" frameborder=\"0\" allow=\"accelerometer; autoplay; clipboard-write; encrypted-media; gyroscope; picture-in-picture\" allowfullscreen><\/iframe><\/p>\n<\/div>\n<\/div>","protected":false},"excerpt":{"rendered":"<p>Denna turn\u00e9 ger det b\u00e4sta av de tv\u00e5 stora st\u00e4derna i Portugal, b\u00e5da genomsyrade av historia, men \u00e4nd\u00e5 livliga och moderna samtidigt.<\/p>","protected":false},"featured_media":5195,"comment_status":"closed","ping_status":"closed","template":"","meta":{"_acf_changed":false,"inline_featured_image":false},"product_brand":[],"product_cat":[343,340,342,344],"product_tag":[215,694,850,204,744,593,113,851,699,1116,1117,508,958,959,907,104,815,1092,1093,459,222,953,1129,702,223,908,261,1095,224,1118,755,1015,144,915,58,1119,1037,687,265,980,911,912,922,1011,1120,226,690,724,543,886,281,87,691,709],"class_list":{"0":"post-5650","1":"product","2":"type-product","3":"status-publish","4":"has-post-thumbnail","6":"product_cat-cultural-tours-and-holidays-in-portugal","7":"product_cat-guided-group-tours","8":"product_cat-portugal-guided-historical-holidays","9":"product_cat-guided-sightseeing-holidays-portugal","10":"product_tag-alfama","11":"product_tag-belem-tower","12":"product_tag-coimbra","13":"product_tag-cultural-heritage","14":"product_tag-douro","15":"product_tag-douro-river","16":"product_tag-douro-valley","17":"product_tag-fado","18":"product_tag-fado-music","19":"product_tag-fado-songs","20":"product_tag-fashionable-shoppers","21":"product_tag-gastronomy-and-wines","22":"product_tag-guided-holidays","23":"product_tag-guided-tours","24":"product_tag-heritage-in-lisbon","25":"product_tag-hidden-landscapes","26":"product_tag-historic","27":"product_tag-historic-heritage","28":"product_tag-historic-monuments-in-lisbon","29":"product_tag-historic-town","30":"product_tag-historical-monuments-in-lisbon","31":"product_tag-historical-tour","32":"product_tag-holidays-in-portugal","33":"product_tag-jeronimos-monastery","34":"product_tag-lisbon","35":"product_tag-lisbon-holidays","36":"product_tag-local-gastronomy","37":"product_tag-major-cities-of-portugal","38":"product_tag-monastery-of-jeronimos","39":"product_tag-open-air-gallery","40":"product_tag-oporto","41":"product_tag-pasteis-de-belem","42":"product_tag-porto","43":"product_tag-porto-world-heritage","44":"product_tag-portugal","45":"product_tag-portugals-coolest-city","46":"product_tag-private-group","47":"product_tag-rio-douro","48":"product_tag-roman-and-arab-vestiges","49":"product_tag-roman-vestiges","50":"product_tag-shopping-in-lisbon","51":"product_tag-sightseeing-lisbon","52":"product_tag-sightseeing-tour","53":"product_tag-sintra","54":"product_tag-tavern-inspired-restaurants","55":"product_tag-torre-de-belem","56":"product_tag-torre-dos-clerigos","57":"product_tag-tours-in-portugal","58":"product_tag-traditional-portuguese","59":"product_tag-traditions","60":"product_tag-typical-quarters-of-lisbon","61":"product_tag-unesco-world-heritage-site","62":"product_tag-vila-nova-de-gaia","63":"product_tag-vintage-trams","65":"first","66":"instock","67":"virtual","68":"product-type-simple"},"acf":[],"yoast_head":"<!-- This site is optimized with the Yoast SEO Premium plugin v26.8 (Yoast SEO v27.5) - https:\/\/yoast.com\/product\/yoast-seo-premium-wordpress\/ -->\n<title>Highlights of Lisbon &amp; Porto - Group Sightseeing Holidays in Portugal<\/title>\n<meta name=\"description\" content=\"This Tour will give the best of the two major cities of Portugal, both steeped in history, yet vibrant and modern at the same time. Lisbon and Porto\" \/>\n<meta name=\"robots\" content=\"index, follow, max-snippet:-1, max-image-preview:large, max-video-preview:-1\" \/>\n<link rel=\"canonical\" href=\"https:\/\/becooltravel.com\/sv\/produkt\/hojdpunkter-i-lissabon-porto-11201g\/\" \/>\n<meta property=\"og:locale\" content=\"sv_SE\" \/>\n<meta property=\"og:type\" content=\"article\" \/>\n<meta property=\"og:title\" content=\"Highlights of Lisbon &amp; Porto Group Sightseeing Holidays in Portugal\" \/>\n<meta property=\"og:description\" content=\"This Tour will give the best of the two major cities of Portugal, both steeped in history, yet vibrant and modern at the same time.\" \/>\n<meta property=\"og:url\" content=\"https:\/\/becooltravel.com\/sv\/produkt\/hojdpunkter-i-lissabon-porto-11201g\/\" \/>\n<meta property=\"og:site_name\" content=\"BeCool Travel\" \/>\n<meta property=\"article:publisher\" content=\"https:\/\/www.facebook.com\/becooltravelagency\/\" \/>\n<meta property=\"article:modified_time\" content=\"2022-04-07T16:06:33+00:00\" \/>\n<meta property=\"og:image\" content=\"https:\/\/i0.wp.com\/becooltravel.com\/wp-content\/uploads\/sites\/5\/2020\/06\/jeronimos_monastery_lisbon.jpg?fit=1200%2C750&ssl=1\" \/>\n\t<meta property=\"og:image:width\" content=\"1200\" \/>\n\t<meta property=\"og:image:height\" content=\"750\" \/>\n\t<meta property=\"og:image:type\" content=\"image\/jpeg\" \/>\n<meta name=\"twitter:card\" content=\"summary_large_image\" \/>\n<meta name=\"twitter:title\" content=\"Highlights of Lisbon &amp; Porto Group Sightseeing Holidays in Portugal\" \/>\n<meta name=\"twitter:description\" content=\"This Tour will give the best of the two major cities of Portugal, both steeped in history, yet vibrant and modern at the same time.\" \/>\n<meta name=\"twitter:image\" content=\"https:\/\/i0.wp.com\/becooltravel.com\/wp-content\/uploads\/sites\/5\/2020\/06\/jeronimos_monastery_lisbon.jpg?fit=1200%2C750&ssl=1\" \/>\n<meta name=\"twitter:site\" content=\"@becool_travel\" \/>\n<meta name=\"twitter:label1\" content=\"Ber\u00e4knad l\u00e4stid\" \/>\n\t<meta name=\"twitter:data1\" content=\"2 minuter\" \/>\n<script type=\"application\/ld+json\" class=\"yoast-schema-graph\">{\"@context\":\"https:\\\/\\\/schema.org\",\"@graph\":[{\"@type\":\"WebPage\",\"@id\":\"https:\\\/\\\/becooltravel.com\\\/product\\\/highlights-of-lisbon-porto-11201g\\\/\",\"url\":\"https:\\\/\\\/becooltravel.com\\\/product\\\/highlights-of-lisbon-porto-11201g\\\/\",\"name\":\"Highlights of Lisbon &amp; Porto - Group Sightseeing Holidays in Portugal\",\"isPartOf\":{\"@id\":\"https:\\\/\\\/becooltravel.com\\\/#website\"},\"primaryImageOfPage\":{\"@id\":\"https:\\\/\\\/becooltravel.com\\\/product\\\/highlights-of-lisbon-porto-11201g\\\/#primaryimage\"},\"image\":{\"@id\":\"https:\\\/\\\/becooltravel.com\\\/product\\\/highlights-of-lisbon-porto-11201g\\\/#primaryimage\"},\"thumbnailUrl\":\"https:\\\/\\\/i0.wp.com\\\/becooltravel.com\\\/wp-content\\\/uploads\\\/sites\\\/5\\\/2020\\\/06\\\/jeronimos_monastery_lisbon.jpg?fit=1200%2C750&ssl=1\",\"datePublished\":\"2020-08-11T16:04:49+00:00\",\"dateModified\":\"2022-04-07T16:06:33+00:00\",\"description\":\"This Tour will give the best of the two major cities of Portugal, both steeped in history, yet vibrant and modern at the same time. Lisbon and Porto\",\"breadcrumb\":{\"@id\":\"https:\\\/\\\/becooltravel.com\\\/product\\\/highlights-of-lisbon-porto-11201g\\\/#breadcrumb\"},\"inLanguage\":\"sv-SE\",\"potentialAction\":[{\"@type\":\"ReadAction\",\"target\":[\"https:\\\/\\\/becooltravel.com\\\/product\\\/highlights-of-lisbon-porto-11201g\\\/\"]}]},{\"@type\":\"ImageObject\",\"inLanguage\":\"sv-SE\",\"@id\":\"https:\\\/\\\/becooltravel.com\\\/product\\\/highlights-of-lisbon-porto-11201g\\\/#primaryimage\",\"url\":\"https:\\\/\\\/i0.wp.com\\\/becooltravel.com\\\/wp-content\\\/uploads\\\/sites\\\/5\\\/2020\\\/06\\\/jeronimos_monastery_lisbon.jpg?fit=1200%2C750&ssl=1\",\"contentUrl\":\"https:\\\/\\\/i0.wp.com\\\/becooltravel.com\\\/wp-content\\\/uploads\\\/sites\\\/5\\\/2020\\\/06\\\/jeronimos_monastery_lisbon.jpg?fit=1200%2C750&ssl=1\",\"width\":1200,\"height\":750,\"caption\":\"Jeronimos Lisboa\"},{\"@type\":\"BreadcrumbList\",\"@id\":\"https:\\\/\\\/becooltravel.com\\\/product\\\/highlights-of-lisbon-porto-11201g\\\/#breadcrumb\",\"itemListElement\":[{\"@type\":\"ListItem\",\"position\":1,\"name\":\"Home\",\"item\":\"https:\\\/\\\/becooltravel.com\\\/\"},{\"@type\":\"ListItem\",\"position\":2,\"name\":\"Shop\",\"item\":\"https:\\\/\\\/becooltravel.com\\\/?page_id=5\"},{\"@type\":\"ListItem\",\"position\":3,\"name\":\"Alfama is the oldest district of Lisbon\\\/Lisboa (Portugal), spreading on the slope between the S\u00e3o Jorge Castle and the Tagus\\\/Tejo river. Its name comes from the Arabic Al-hamma, meaning \\\"hot fountains\\\" or \\\"baths\\\". It contains many important historical attractions.\",\"item\":\"https:\\\/\\\/becooltravel.com\\\/product-tag\\\/alfama\\\/\"},{\"@type\":\"ListItem\",\"position\":4,\"name\":\"Highlights of Lisbon & Porto Group Sightseeing Holidays in Portugal\"}]},{\"@type\":\"WebSite\",\"@id\":\"https:\\\/\\\/becooltravel.com\\\/#website\",\"url\":\"https:\\\/\\\/becooltravel.com\\\/\",\"name\":\"BeCool Travel\",\"description\":\"Sustainable holidays in Portugal for independent travelers\",\"publisher\":{\"@id\":\"https:\\\/\\\/becooltravel.com\\\/#organization\"},\"potentialAction\":[{\"@type\":\"SearchAction\",\"target\":{\"@type\":\"EntryPoint\",\"urlTemplate\":\"https:\\\/\\\/becooltravel.com\\\/?s={search_term_string}\"},\"query-input\":{\"@type\":\"PropertyValueSpecification\",\"valueRequired\":true,\"valueName\":\"search_term_string\"}}],\"inLanguage\":\"sv-SE\"},{\"@type\":\"Organization\",\"@id\":\"https:\\\/\\\/becooltravel.com\\\/#organization\",\"name\":\"BecoolTravel. com- Portugal\",\"url\":\"https:\\\/\\\/becooltravel.com\\\/\",\"logo\":{\"@type\":\"ImageObject\",\"inLanguage\":\"sv-SE\",\"@id\":\"https:\\\/\\\/becooltravel.com\\\/#\\\/schema\\\/logo\\\/image\\\/\",\"url\":\"https:\\\/\\\/becooltravel.com\\\/wp-content\\\/uploads\\\/sites\\\/5\\\/2020\\\/03\\\/Logo_BeCool.jpg\",\"contentUrl\":\"https:\\\/\\\/becooltravel.com\\\/wp-content\\\/uploads\\\/sites\\\/5\\\/2020\\\/03\\\/Logo_BeCool.jpg\",\"width\":534,\"height\":534,\"caption\":\"BecoolTravel. com- Portugal\"},\"image\":{\"@id\":\"https:\\\/\\\/becooltravel.com\\\/#\\\/schema\\\/logo\\\/image\\\/\"},\"sameAs\":[\"https:\\\/\\\/www.facebook.com\\\/becooltravelagency\\\/\",\"https:\\\/\\\/x.com\\\/becool_travel\",\"https:\\\/\\\/www.instagram.com\\\/becooltravel_com\\\/\",\"https:\\\/\\\/www.linkedin.com\\\/company\\\/becool-travel\\\/\",\"https:\\\/\\\/www.youtube.com\\\/channel\\\/UCE7zRU3EVG1PgfXwQo-5uJw\"]}]}<\/script>\n<!-- \/ Yoast SEO Premium plugin. -->","yoast_head_json":{"title":"H\u00f6jdpunkter i Lissabon och Porto - Gruppresor i Portugal","description":"Denna turn\u00e9 kommer att ge det b\u00e4sta av de tv\u00e5 st\u00f6rsta st\u00e4derna i Portugal, b\u00e5da genomsyrade av historia, men \u00e4nd\u00e5 livliga och moderna samtidigt. Lissabon och Porto","robots":{"index":"index","follow":"follow","max-snippet":"max-snippet:-1","max-image-preview":"max-image-preview:large","max-video-preview":"max-video-preview:-1"},"canonical":"https:\/\/becooltravel.com\/sv\/produkt\/hojdpunkter-i-lissabon-porto-11201g\/","og_locale":"sv_SE","og_type":"article","og_title":"Highlights of Lisbon & Porto Group Sightseeing Holidays in Portugal","og_description":"This Tour will give the best of the two major cities of Portugal, both steeped in history, yet vibrant and modern at the same time.","og_url":"https:\/\/becooltravel.com\/sv\/produkt\/hojdpunkter-i-lissabon-porto-11201g\/","og_site_name":"BeCool Travel","article_publisher":"https:\/\/www.facebook.com\/becooltravelagency\/","article_modified_time":"2022-04-07T16:06:33+00:00","og_image":[{"width":1200,"height":750,"url":"https:\/\/i0.wp.com\/becooltravel.com\/wp-content\/uploads\/sites\/5\/2020\/06\/jeronimos_monastery_lisbon.jpg?fit=1200%2C750&ssl=1","type":"image\/jpeg"}],"twitter_card":"summary_large_image","twitter_title":"Highlights of Lisbon & Porto Group Sightseeing Holidays in Portugal","twitter_description":"This Tour will give the best of the two major cities of Portugal, both steeped in history, yet vibrant and modern at the same time.","twitter_image":"https:\/\/i0.wp.com\/becooltravel.com\/wp-content\/uploads\/sites\/5\/2020\/06\/jeronimos_monastery_lisbon.jpg?fit=1200%2C750&ssl=1","twitter_site":"@becool_travel","twitter_misc":{"Ber\u00e4knad l\u00e4stid":"2 minuter"},"schema":{"@context":"https:\/\/schema.org","@graph":[{"@type":"WebPage","@id":"https:\/\/becooltravel.com\/product\/highlights-of-lisbon-porto-11201g\/","url":"https:\/\/becooltravel.com\/product\/highlights-of-lisbon-porto-11201g\/","name":"H\u00f6jdpunkter i Lissabon och Porto - Gruppresor i Portugal","isPartOf":{"@id":"https:\/\/becooltravel.com\/#website"},"primaryImageOfPage":{"@id":"https:\/\/becooltravel.com\/product\/highlights-of-lisbon-porto-11201g\/#primaryimage"},"image":{"@id":"https:\/\/becooltravel.com\/product\/highlights-of-lisbon-porto-11201g\/#primaryimage"},"thumbnailUrl":"https:\/\/i0.wp.com\/becooltravel.com\/wp-content\/uploads\/sites\/5\/2020\/06\/jeronimos_monastery_lisbon.jpg?fit=1200%2C750&ssl=1","datePublished":"2020-08-11T16:04:49+00:00","dateModified":"2022-04-07T16:06:33+00:00","description":"Denna turn\u00e9 kommer att ge det b\u00e4sta av de tv\u00e5 st\u00f6rsta st\u00e4derna i Portugal, b\u00e5da genomsyrade av historia, men \u00e4nd\u00e5 livliga och moderna samtidigt. Lissabon och Porto","breadcrumb":{"@id":"https:\/\/becooltravel.com\/product\/highlights-of-lisbon-porto-11201g\/#breadcrumb"},"inLanguage":"sv-SE","potentialAction":[{"@type":"ReadAction","target":["https:\/\/becooltravel.com\/product\/highlights-of-lisbon-porto-11201g\/"]}]},{"@type":"ImageObject","inLanguage":"sv-SE","@id":"https:\/\/becooltravel.com\/product\/highlights-of-lisbon-porto-11201g\/#primaryimage","url":"https:\/\/i0.wp.com\/becooltravel.com\/wp-content\/uploads\/sites\/5\/2020\/06\/jeronimos_monastery_lisbon.jpg?fit=1200%2C750&ssl=1","contentUrl":"https:\/\/i0.wp.com\/becooltravel.com\/wp-content\/uploads\/sites\/5\/2020\/06\/jeronimos_monastery_lisbon.jpg?fit=1200%2C750&ssl=1","width":1200,"height":750,"caption":"Jeronimos Lisboa"},{"@type":"BreadcrumbList","@id":"https:\/\/becooltravel.com\/product\/highlights-of-lisbon-porto-11201g\/#breadcrumb","itemListElement":[{"@type":"ListItem","position":1,"name":"Home","item":"https:\/\/becooltravel.com\/"},{"@type":"ListItem","position":2,"name":"Shop","item":"https:\/\/becooltravel.com\/?page_id=5"},{"@type":"ListItem","position":3,"name":"Alfama is the oldest district of Lisbon\/Lisboa (Portugal), spreading on the slope between the S\u00e3o Jorge Castle and the Tagus\/Tejo river. Its name comes from the Arabic Al-hamma, meaning \"hot fountains\" or \"baths\". It contains many important historical attractions.","item":"https:\/\/becooltravel.com\/product-tag\/alfama\/"},{"@type":"ListItem","position":4,"name":"Highlights of Lisbon & Porto Group Sightseeing Holidays in Portugal"}]},{"@type":"WebSite","@id":"https:\/\/becooltravel.com\/#website","url":"https:\/\/becooltravel.com\/","name":"BeCool Travel","description":"H\u00e5llbar semester i Portugal f\u00f6r oberoende resen\u00e4rer","publisher":{"@id":"https:\/\/becooltravel.com\/#organization"},"potentialAction":[{"@type":"SearchAction","target":{"@type":"EntryPoint","urlTemplate":"https:\/\/becooltravel.com\/?s={search_term_string}"},"query-input":{"@type":"PropertyValueSpecification","valueRequired":true,"valueName":"search_term_string"}}],"inLanguage":"sv-SE"},{"@type":"Organization","@id":"https:\/\/becooltravel.com\/#organization","name":"BecoolTravel. com- Portugal","url":"https:\/\/becooltravel.com\/","logo":{"@type":"ImageObject","inLanguage":"sv-SE","@id":"https:\/\/becooltravel.com\/#\/schema\/logo\/image\/","url":"https:\/\/becooltravel.com\/wp-content\/uploads\/sites\/5\/2020\/03\/Logo_BeCool.jpg","contentUrl":"https:\/\/becooltravel.com\/wp-content\/uploads\/sites\/5\/2020\/03\/Logo_BeCool.jpg","width":534,"height":534,"caption":"BecoolTravel. com- Portugal"},"image":{"@id":"https:\/\/becooltravel.com\/#\/schema\/logo\/image\/"},"sameAs":["https:\/\/www.facebook.com\/becooltravelagency\/","https:\/\/x.com\/becool_travel","https:\/\/www.instagram.com\/becooltravel_com\/","https:\/\/www.linkedin.com\/company\/becool-travel\/","https:\/\/www.youtube.com\/channel\/UCE7zRU3EVG1PgfXwQo-5uJw"]}]}},"jetpack_sharing_enabled":true,"_links":{"self":[{"href":"https:\/\/becooltravel.com\/sv\/wp-json\/wp\/v2\/product\/5650","targetHints":{"allow":["GET"]}}],"collection":[{"href":"https:\/\/becooltravel.com\/sv\/wp-json\/wp\/v2\/product"}],"about":[{"href":"https:\/\/becooltravel.com\/sv\/wp-json\/wp\/v2\/types\/product"}],"replies":[{"embeddable":true,"href":"https:\/\/becooltravel.com\/sv\/wp-json\/wp\/v2\/comments?post=5650"}],"wp:featuredmedia":[{"embeddable":true,"href":"https:\/\/becooltravel.com\/sv\/wp-json\/wp\/v2\/media\/5195"}],"wp:attachment":[{"href":"https:\/\/becooltravel.com\/sv\/wp-json\/wp\/v2\/media?parent=5650"}],"wp:term":[{"taxonomy":"product_brand","embeddable":true,"href":"https:\/\/becooltravel.com\/sv\/wp-json\/wp\/v2\/product_brand?post=5650"},{"taxonomy":"product_cat","embeddable":true,"href":"https:\/\/becooltravel.com\/sv\/wp-json\/wp\/v2\/product_cat?post=5650"},{"taxonomy":"product_tag","embeddable":true,"href":"https:\/\/becooltravel.com\/sv\/wp-json\/wp\/v2\/product_tag?post=5650"}],"curies":[{"name":"wp","href":"https:\/\/api.w.org\/{rel}","templated":true}]}}